{"id":32,"date":"2020-09-28T14:47:42","date_gmt":"2020-09-28T17:47:42","guid":{"rendered":"http:\/\/congresos.unlp.edu.ar\/xxiicac2021\/?page_id=32"},"modified":"2022-03-08T10:39:26","modified_gmt":"2022-03-08T13:39:26","slug":"sede","status":"publish","type":"page","link":"https:\/\/congresos.unlp.edu.ar\/xxiicac2021?page_id=32","title":{"rendered":"Sede"},"content":{"rendered":"<div id=\"pl-32\"  class=\"panel-layout\" ><div id=\"pg-32-0\"  class=\"panel-grid panel-no-style\" ><div id=\"pgc-32-0-0\"  class=\"panel-grid-cell\" ><div id=\"panel-32-0-0-0\" class=\"so-panel widget widget_sow-editor panel-first-child\" data-index=\"0\" ><div\n\t\t\t\n\t\t\tclass=\"so-widget-sow-editor so-widget-sow-editor-base\"\n\t\t\t\n\t\t>\n<div class=\"siteorigin-widget-tinymce textwidget\">\n\t<p>El evento se desarrollar\u00e1 en el complejo acad\u00e9mico y cultural \u201cSergio Karakachoff\u201d que se encuentra en la zona c\u00e9ntrica de la ciudad de La Plata y pertenece a la Universidad Nacional de La Plata (UNLP).<\/p>\n<p>Direcci\u00f3n: calle 48 e\/ 6 y 7<\/p>\n<p>&nbsp;<\/p>\n<p>Considerando que el complejo acad\u00e9mico y cultural \u201cSergio Karakachoff\u201d pertenece a la Universidad Nacional de La Plata (UNLP), les comunicamos que rige la <b>Resoluci\u00f3n 13\/22<\/b>\u00a0aprobada recientemente por la\u00a0<b>UNLP.<\/b>\u00a0La misma establece contar con el\u00a0<b>esquema completo de vacunaci\u00f3n contra el COVID-19<\/b>\u00a0como requisito para la participaci\u00f3n de personas mayores de 18 a\u00f1os en cualquier actividad presencial en todas sus facultades y dependencias. Asimismo, se solicitar\u00e1 a los participantes guardar las medidas de recaudo sanitario por todos conocidas, para lo cual se aclara que se facilitar\u00e1n barbijos y elementos de higiene de manos.<\/p>\n<p>&nbsp;<\/p>\n<p>&nbsp;<\/p>\n<\/div>\n<\/div><\/div><div id=\"panel-32-0-0-1\" class=\"so-panel widget widget_media_gallery\" data-index=\"1\" >\n\t\t<style>\n\t\t\t#gallery-1 {\n\t\t\t\tmargin: auto;\n\t\t\t}\n\t\t\t#gallery-1 .gallery-item {\n\t\t\t\tfloat: left;\n\t\t\t\tmargin-top: 10px;\n\t\t\t\ttext-align: center;\n\t\t\t\twidth: 33%;\n\t\t\t}\n\t\t\t#gallery-1 img {\n\t\t\t\tborder: 2px solid #cfcfcf;\n\t\t\t}\n\t\t\t#gallery-1 .gallery-caption {\n\t\t\t\tmargin-left: 0;\n\t\t\t}\n\t\t\t\/* see gallery_shortcode() in wp-includes\/media.php *\/\n\t\t<\/style>\n\t\t<div id='gallery-1' class='gallery galleryid-32 gallery-columns-3 gallery-size-thumbnail'><dl class='gallery-item'>\n\t\t\t<dt class='gallery-icon landscape'>\n\t\t\t\t<a href='https:\/\/congresos.unlp.edu.ar\/xxiicac2021?attachment_id=173'><img decoding=\"async\" width=\"150\" height=\"150\" data-src=\"https:\/\/congresos.unlp.edu.ar\/xxiicac2021\/wp-content\/uploads\/sites\/28\/2020\/09\/Edificio-Karakachoff-150x150.jpg\" class=\"attachment-thumbnail size-thumbnail lazyload\" alt=\"\" aria-describedby=\"gallery-1-173\" src=\"data:image\/svg+xml;base64,PHN2ZyB3aWR0aD0iMSIgaGVpZ2h0PSIxIiB4bWxucz0iaHR0cDovL3d3dy53My5vcmcvMjAwMC9zdmciPjwvc3ZnPg==\" style=\"--smush-placeholder-width: 150px; --smush-placeholder-aspect-ratio: 150\/150;\" \/><\/a>\n\t\t\t<\/dt>\n\t\t\t\t<dd class='wp-caption-text gallery-caption' id='gallery-1-173'>\n\t\t\t\tEdificio Karakachoff\n\t\t\t\t<\/dd><\/dl><dl class='gallery-item'>\n\t\t\t<dt class='gallery-icon landscape'>\n\t\t\t\t<a href='https:\/\/congresos.unlp.edu.ar\/xxiicac2021?attachment_id=170'><img decoding=\"async\" width=\"150\" height=\"150\" data-src=\"https:\/\/congresos.unlp.edu.ar\/xxiicac2021\/wp-content\/uploads\/sites\/28\/2020\/09\/pasillo-Karakachoff-150x150.jpg\" class=\"attachment-thumbnail size-thumbnail lazyload\" alt=\"\" aria-describedby=\"gallery-1-170\" src=\"data:image\/svg+xml;base64,PHN2ZyB3aWR0aD0iMSIgaGVpZ2h0PSIxIiB4bWxucz0iaHR0cDovL3d3dy53My5vcmcvMjAwMC9zdmciPjwvc3ZnPg==\" style=\"--smush-placeholder-width: 150px; --smush-placeholder-aspect-ratio: 150\/150;\" \/><\/a>\n\t\t\t<\/dt>\n\t\t\t\t<dd class='wp-caption-text gallery-caption' id='gallery-1-170'>\n\t\t\t\tPasillo Karakachoff\n\t\t\t\t<\/dd><\/dl><dl class='gallery-item'>\n\t\t\t<dt class='gallery-icon landscape'>\n\t\t\t\t<a href='https:\/\/congresos.unlp.edu.ar\/xxiicac2021?attachment_id=169'><img decoding=\"async\" width=\"150\" height=\"150\" data-src=\"https:\/\/congresos.unlp.edu.ar\/xxiicac2021\/wp-content\/uploads\/sites\/28\/2020\/09\/IMG_20190301_135614270_HDR-1-150x150.jpg\" class=\"attachment-thumbnail size-thumbnail lazyload\" alt=\"\" aria-describedby=\"gallery-1-169\" src=\"data:image\/svg+xml;base64,PHN2ZyB3aWR0aD0iMSIgaGVpZ2h0PSIxIiB4bWxucz0iaHR0cDovL3d3dy53My5vcmcvMjAwMC9zdmciPjwvc3ZnPg==\" style=\"--smush-placeholder-width: 150px; --smush-placeholder-aspect-ratio: 150\/150;\" \/><\/a>\n\t\t\t<\/dt>\n\t\t\t\t<dd class='wp-caption-text gallery-caption' id='gallery-1-169'>\n\t\t\t\tSala \n\t\t\t\t<\/dd><\/dl><br style=\"clear: both\" \/><dl class='gallery-item'>\n\t\t\t<dt class='gallery-icon landscape'>\n\t\t\t\t<a href='https:\/\/congresos.unlp.edu.ar\/xxiicac2021?attachment_id=166'><img decoding=\"async\" width=\"150\" height=\"150\" data-src=\"https:\/\/congresos.unlp.edu.ar\/xxiicac2021\/wp-content\/uploads\/sites\/28\/2020\/09\/IMG_20190301_135430630-1-150x150.jpg\" class=\"attachment-thumbnail size-thumbnail lazyload\" alt=\"\" aria-describedby=\"gallery-1-166\" src=\"data:image\/svg+xml;base64,PHN2ZyB3aWR0aD0iMSIgaGVpZ2h0PSIxIiB4bWxucz0iaHR0cDovL3d3dy53My5vcmcvMjAwMC9zdmciPjwvc3ZnPg==\" style=\"--smush-placeholder-width: 150px; --smush-placeholder-aspect-ratio: 150\/150;\" \/><\/a>\n\t\t\t<\/dt>\n\t\t\t\t<dd class='wp-caption-text gallery-caption' id='gallery-1-166'>\n\t\t\t\tSala\n\t\t\t\t<\/dd><\/dl><dl class='gallery-item'>\n\t\t\t<dt class='gallery-icon landscape'>\n\t\t\t\t<a href='https:\/\/congresos.unlp.edu.ar\/xxiicac2021?attachment_id=167'><img decoding=\"async\" width=\"150\" height=\"150\" data-src=\"https:\/\/congresos.unlp.edu.ar\/xxiicac2021\/wp-content\/uploads\/sites\/28\/2020\/09\/IMG_20190301_135449887-150x150.jpg\" class=\"attachment-thumbnail size-thumbnail lazyload\" alt=\"\" aria-describedby=\"gallery-1-167\" src=\"data:image\/svg+xml;base64,PHN2ZyB3aWR0aD0iMSIgaGVpZ2h0PSIxIiB4bWxucz0iaHR0cDovL3d3dy53My5vcmcvMjAwMC9zdmciPjwvc3ZnPg==\" style=\"--smush-placeholder-width: 150px; --smush-placeholder-aspect-ratio: 150\/150;\" \/><\/a>\n\t\t\t<\/dt>\n\t\t\t\t<dd class='wp-caption-text gallery-caption' id='gallery-1-167'>\n\t\t\t\tSala\n\t\t\t\t<\/dd><\/dl>\n\t\t\t<br style='clear: both' \/>\n\t\t<\/div>\n<\/div><div id=\"panel-32-0-0-2\" class=\"so-panel widget widget_sow-editor panel-last-child\" data-index=\"2\" ><div\n\t\t\t\n\t\t\tclass=\"so-widget-sow-editor so-widget-sow-editor-base\"\n\t\t\t\n\t\t>\n<div class=\"siteorigin-widget-tinymce textwidget\">\n\t<p>La cena de camarader\u00eda se realizar\u00e1 el d\u00eda jueves 17 de marzo a las 21 h. en Casa Frawens.<\/p>\n<p>Direcci\u00f3n: Diag. 74 esq. 59<\/p>\n<p>&nbsp;<\/p>\n<p>&nbsp;<\/p>\n<\/div>\n<\/div><\/div><\/div><\/div><\/div>","protected":false},"excerpt":{"rendered":"<p>El evento se desarrollar\u00e1 en el complejo acad\u00e9mico y cultural \u201cSergio Karakachoff\u201d que se encuentra en la zona c\u00e9ntrica de la ciudad de La Plata y pertenece a la Universidad Nacional de La Plata (UNLP). Direcci\u00f3n: calle 48 e\/ 6 y 7 &nbsp; Considerando que el complejo acad\u00e9mico y cultural \u201cSergio Karakachoff\u201d pertenece a la [&hellip;]<\/p>\n","protected":false},"author":69,"featured_media":0,"parent":0,"menu_order":0,"comment_status":"closed","ping_status":"closed","template":"","meta":{"advgb_blocks_editor_width":"","advgb_blocks_columns_visual_guide":"","footnotes":""},"class_list":["post-32","page","type-page","status-publish","hentry","post"],"aioseo_notices":[],"aioseo_head":"\n\t\t<!-- All in One SEO 5.0.1.1 - aioseo.com -->\n\t<meta name=\"description\" content=\"El evento se desarrollar\u00e1 en el complejo acad\u00e9mico y cultural \u201cSergio Karakachoff\u201d que se encuentra en la zona c\u00e9ntrica de la ciudad de La Plata y pertenece a la Universidad Nacional de La Plata (UNLP). Direcci\u00f3n: calle 48 e\/ 6 y 7 Considerando que el complejo acad\u00e9mico y cultural \u201cSergio Karakachoff\u201d pertenece a la\" \/>\n\t<meta name=\"robots\" content=\"max-image-preview:large\" \/>\n\t<link rel=\"canonical\" href=\"https:\/\/congresos.unlp.edu.ar\/xxiicac2021?page_id=32\" \/>\n\t<meta name=\"generator\" content=\"All in One SEO (AIOSEO) 5.0.1.1\" \/>\n\t\t<meta property=\"og:locale\" content=\"es_ES\" \/>\n\t\t<meta property=\"og:site_name\" content=\"XXII Congreso Argentino de Cat\u00e1lisis - Otro sitio m\u00e1s de Portal de Congresos de la UNLP Sitios\" \/>\n\t\t<meta property=\"og:type\" content=\"article\" \/>\n\t\t<meta property=\"og:title\" content=\"Sede - XXII Congreso Argentino de Cat\u00e1lisis\" \/>\n\t\t<meta property=\"og:description\" content=\"El evento se desarrollar\u00e1 en el complejo acad\u00e9mico y cultural \u201cSergio Karakachoff\u201d que se encuentra en la zona c\u00e9ntrica de la ciudad de La Plata y pertenece a la Universidad Nacional de La Plata (UNLP). Direcci\u00f3n: calle 48 e\/ 6 y 7 Considerando que el complejo acad\u00e9mico y cultural \u201cSergio Karakachoff\u201d pertenece a la\" \/>\n\t\t<meta property=\"og:url\" content=\"https:\/\/congresos.unlp.edu.ar\/xxiicac2021?page_id=32\" \/>\n\t\t<meta property=\"article:published_time\" content=\"2020-09-28T17:47:42+00:00\" \/>\n\t\t<meta property=\"article:modified_time\" content=\"2022-03-08T13:39:26+00:00\" \/>\n\t\t<meta name=\"twitter:card\" content=\"summary\" \/>\n\t\t<meta name=\"twitter:title\" content=\"Sede - XXII Congreso Argentino de Cat\u00e1lisis\" \/>\n\t\t<meta name=\"twitter:description\" content=\"El evento se desarrollar\u00e1 en el complejo acad\u00e9mico y cultural \u201cSergio Karakachoff\u201d que se encuentra en la zona c\u00e9ntrica de la ciudad de La Plata y pertenece a la Universidad Nacional de La Plata (UNLP). Direcci\u00f3n: calle 48 e\/ 6 y 7 Considerando que el complejo acad\u00e9mico y cultural \u201cSergio Karakachoff\u201d pertenece a la\" \/>\n\t\t<script type=\"application\/ld+json\" class=\"aioseo-schema\">\n\t\t\t{\"@context\":\"https:\\\/\\\/schema.org\",\"@graph\":[{\"@type\":\"BreadcrumbList\",\"@id\":\"https:\\\/\\\/congresos.unlp.edu.ar\\\/xxiicac2021?page_id=32#breadcrumblist\",\"itemListElement\":[{\"@type\":\"ListItem\",\"@id\":\"https:\\\/\\\/congresos.unlp.edu.ar\\\/xxiicac2021#listItem\",\"position\":1,\"name\":\"Home\",\"item\":\"https:\\\/\\\/congresos.unlp.edu.ar\\\/xxiicac2021\",\"nextItem\":{\"@type\":\"ListItem\",\"@id\":\"https:\\\/\\\/congresos.unlp.edu.ar\\\/xxiicac2021?page_id=32#listItem\",\"name\":\"Sede\"}},{\"@type\":\"ListItem\",\"@id\":\"https:\\\/\\\/congresos.unlp.edu.ar\\\/xxiicac2021?page_id=32#listItem\",\"position\":2,\"name\":\"Sede\",\"previousItem\":{\"@type\":\"ListItem\",\"@id\":\"https:\\\/\\\/congresos.unlp.edu.ar\\\/xxiicac2021#listItem\",\"name\":\"Home\"}}]},{\"@type\":\"Organization\",\"@id\":\"https:\\\/\\\/congresos.unlp.edu.ar\\\/xxiicac2021\\\/#organization\",\"name\":\"XXII Congreso Argentino de Cat\\u00e1lisis\",\"description\":\"Otro sitio m\\u00e1s de Portal de Congresos de la UNLP Sitios\",\"url\":\"https:\\\/\\\/congresos.unlp.edu.ar\\\/xxiicac2021\\\/\"},{\"@type\":\"WebPage\",\"@id\":\"https:\\\/\\\/congresos.unlp.edu.ar\\\/xxiicac2021?page_id=32#webpage\",\"url\":\"https:\\\/\\\/congresos.unlp.edu.ar\\\/xxiicac2021?page_id=32\",\"name\":\"Sede - XXII Congreso Argentino de Cat\\u00e1lisis\",\"description\":\"El evento se desarrollar\\u00e1 en el complejo acad\\u00e9mico y cultural \\u201cSergio Karakachoff\\u201d que se encuentra en la zona c\\u00e9ntrica de la ciudad de La Plata y pertenece a la Universidad Nacional de La Plata (UNLP). Direcci\\u00f3n: calle 48 e\\\/ 6 y 7 Considerando que el complejo acad\\u00e9mico y cultural \\u201cSergio Karakachoff\\u201d pertenece a la\",\"inLanguage\":\"es-AR\",\"isPartOf\":{\"@id\":\"https:\\\/\\\/congresos.unlp.edu.ar\\\/xxiicac2021\\\/#website\"},\"breadcrumb\":{\"@id\":\"https:\\\/\\\/congresos.unlp.edu.ar\\\/xxiicac2021?page_id=32#breadcrumblist\"},\"datePublished\":\"2020-09-28T14:47:42-03:00\",\"dateModified\":\"2022-03-08T10:39:26-03:00\"},{\"@type\":\"WebSite\",\"@id\":\"https:\\\/\\\/congresos.unlp.edu.ar\\\/xxiicac2021\\\/#website\",\"url\":\"https:\\\/\\\/congresos.unlp.edu.ar\\\/xxiicac2021\\\/\",\"name\":\"XXII Congreso Argentino de Cat\\u00e1lisis\",\"description\":\"Otro sitio m\\u00e1s de Portal de Congresos de la UNLP Sitios\",\"inLanguage\":\"es-AR\",\"publisher\":{\"@id\":\"https:\\\/\\\/congresos.unlp.edu.ar\\\/xxiicac2021\\\/#organization\"}}]}\n\t\t<\/script>\n\t\t<!-- All in One SEO -->\n\n","aioseo_head_json":{"title":"Sede - XXII Congreso Argentino de Cat\u00e1lisis","description":"El evento se desarrollar\u00e1 en el complejo acad\u00e9mico y cultural \u201cSergio Karakachoff\u201d que se encuentra en la zona c\u00e9ntrica de la ciudad de La Plata y pertenece a la Universidad Nacional de La Plata (UNLP). Direcci\u00f3n: calle 48 e\/ 6 y 7 Considerando que el complejo acad\u00e9mico y cultural \u201cSergio Karakachoff\u201d pertenece a la","canonical_url":"https:\/\/congresos.unlp.edu.ar\/xxiicac2021?page_id=32","robots":"max-image-preview:large","keywords":"","webmasterTools":{"miscellaneous":""},"schema":{"@context":"https:\/\/schema.org","@graph":[{"@type":"BreadcrumbList","@id":"https:\/\/congresos.unlp.edu.ar\/xxiicac2021?page_id=32#breadcrumblist","itemListElement":[{"@type":"ListItem","@id":"https:\/\/congresos.unlp.edu.ar\/xxiicac2021#listItem","position":1,"name":"Home","item":"https:\/\/congresos.unlp.edu.ar\/xxiicac2021","nextItem":{"@type":"ListItem","@id":"https:\/\/congresos.unlp.edu.ar\/xxiicac2021?page_id=32#listItem","name":"Sede"}},{"@type":"ListItem","@id":"https:\/\/congresos.unlp.edu.ar\/xxiicac2021?page_id=32#listItem","position":2,"name":"Sede","previousItem":{"@type":"ListItem","@id":"https:\/\/congresos.unlp.edu.ar\/xxiicac2021#listItem","name":"Home"}}]},{"@type":"Organization","@id":"https:\/\/congresos.unlp.edu.ar\/xxiicac2021\/#organization","name":"XXII Congreso Argentino de Cat\u00e1lisis","description":"Otro sitio m\u00e1s de Portal de Congresos de la UNLP Sitios","url":"https:\/\/congresos.unlp.edu.ar\/xxiicac2021\/"},{"@type":"WebPage","@id":"https:\/\/congresos.unlp.edu.ar\/xxiicac2021?page_id=32#webpage","url":"https:\/\/congresos.unlp.edu.ar\/xxiicac2021?page_id=32","name":"Sede - XXII Congreso Argentino de Cat\u00e1lisis","description":"El evento se desarrollar\u00e1 en el complejo acad\u00e9mico y cultural \u201cSergio Karakachoff\u201d que se encuentra en la zona c\u00e9ntrica de la ciudad de La Plata y pertenece a la Universidad Nacional de La Plata (UNLP). Direcci\u00f3n: calle 48 e\/ 6 y 7 Considerando que el complejo acad\u00e9mico y cultural \u201cSergio Karakachoff\u201d pertenece a la","inLanguage":"es-AR","isPartOf":{"@id":"https:\/\/congresos.unlp.edu.ar\/xxiicac2021\/#website"},"breadcrumb":{"@id":"https:\/\/congresos.unlp.edu.ar\/xxiicac2021?page_id=32#breadcrumblist"},"datePublished":"2020-09-28T14:47:42-03:00","dateModified":"2022-03-08T10:39:26-03:00"},{"@type":"WebSite","@id":"https:\/\/congresos.unlp.edu.ar\/xxiicac2021\/#website","url":"https:\/\/congresos.unlp.edu.ar\/xxiicac2021\/","name":"XXII Congreso Argentino de Cat\u00e1lisis","description":"Otro sitio m\u00e1s de Portal de Congresos de la UNLP Sitios","inLanguage":"es-AR","publisher":{"@id":"https:\/\/congresos.unlp.edu.ar\/xxiicac2021\/#organization"}}]},"og:locale":"es_ES","og:site_name":"XXII Congreso Argentino de Cat\u00e1lisis - Otro sitio m\u00e1s de Portal de Congresos de la UNLP Sitios","og:type":"article","og:title":"Sede - XXII Congreso Argentino de Cat\u00e1lisis","og:description":"El evento se desarrollar\u00e1 en el complejo acad\u00e9mico y cultural \u201cSergio Karakachoff\u201d que se encuentra en la zona c\u00e9ntrica de la ciudad de La Plata y pertenece a la Universidad Nacional de La Plata (UNLP). Direcci\u00f3n: calle 48 e\/ 6 y 7 Considerando que el complejo acad\u00e9mico y cultural \u201cSergio Karakachoff\u201d pertenece a la","og:url":"https:\/\/congresos.unlp.edu.ar\/xxiicac2021?page_id=32","article:published_time":"2020-09-28T17:47:42+00:00","article:modified_time":"2022-03-08T13:39:26+00:00","twitter:card":"summary","twitter:title":"Sede - XXII Congreso Argentino de Cat\u00e1lisis","twitter:description":"El evento se desarrollar\u00e1 en el complejo acad\u00e9mico y cultural \u201cSergio Karakachoff\u201d que se encuentra en la zona c\u00e9ntrica de la ciudad de La Plata y pertenece a la Universidad Nacional de La Plata (UNLP). Direcci\u00f3n: calle 48 e\/ 6 y 7 Considerando que el complejo acad\u00e9mico y cultural \u201cSergio Karakachoff\u201d pertenece a la"},"aioseo_meta_data":{"post_id":"32","title":null,"description":null,"keywords":[],"keyphrases":{"focus":{"keyphrase":"","score":0,"analysis":{"keyphraseInTitle":{"score":0,"maxScore":9,"error":1}}},"additional":[]},"primary_term":null,"canonical_url":null,"og_title":null,"og_description":null,"og_object_type":"default","og_image_type":"default","og_image_url":null,"og_image_width":null,"og_image_height":null,"og_image_custom_url":null,"og_image_custom_fields":null,"og_video":"","og_custom_url":null,"og_article_section":null,"og_article_tags":[],"twitter_use_og":false,"twitter_card":"default","twitter_image_type":"default","twitter_image_url":null,"twitter_image_custom_url":null,"twitter_image_custom_fields":null,"twitter_title":null,"twitter_description":null,"schema":{"blockGraphs":[],"customGraphs":[],"default":{"data":{"Article":[],"Course":[],"Dataset":[],"FAQPage":[],"Movie":[],"Person":[],"Product":[],"ProductReview":[],"Car":[],"Recipe":[],"Service":[],"SoftwareApplication":[],"WebPage":[]},"graphName":"","isEnabled":true},"graphs":[]},"schema_type":"default","schema_type_options":"{\"article\":{\"articleType\":\"BlogPosting\"},\"course\":{\"name\":\"\",\"description\":\"\",\"provider\":\"\"},\"faq\":{\"pages\":[]},\"product\":{\"reviews\":[]},\"recipe\":{\"ingredients\":[],\"instructions\":[],\"keywords\":[]},\"software\":{\"reviews\":[],\"operatingSystems\":[]},\"webPage\":{\"webPageType\":\"WebPage\"}}","pillar_content":false,"robots_default":true,"robots_noindex":false,"robots_noarchive":false,"robots_nosnippet":false,"robots_nofollow":false,"robots_noimageindex":false,"robots_noodp":false,"robots_notranslate":false,"robots_max_snippet":"-1","robots_max_videopreview":"-1","robots_max_imagepreview":"large","priority":null,"frequency":"default","local_seo":null,"breadcrumb_settings":null,"limit_modified_date":false,"ai":null,"created":"2022-02-21 16:17:29","updated":"2025-06-13 20:30:54","seo_analyzer_scan_date":null,"focus_keyword":null,"additional_keywords":null,"truseo_locale":null},"aioseo_breadcrumb":"<div class=\"aioseo-breadcrumbs\"><span class=\"aioseo-breadcrumb\">\n\t\t\t<a href=\"https:\/\/congresos.unlp.edu.ar\/xxiicac2021\" title=\"Home\">Home<\/a>\n\t\t<\/span><span class=\"aioseo-breadcrumb-separator\">&raquo;<\/span><span class=\"aioseo-breadcrumb\">\n\t\t\tSede\n\t\t<\/span><\/div>","aioseo_breadcrumb_json":[{"label":"Home","link":"https:\/\/congresos.unlp.edu.ar\/xxiicac2021"},{"label":"Sede","link":"https:\/\/congresos.unlp.edu.ar\/xxiicac2021?page_id=32"}],"coauthors":[],"author_meta":{"author_link":"https:\/\/congresos.unlp.edu.ar\/xxiicac2021\/?author=69","display_name":"mslegnoverde"},"relative_dates":{"created":"Posted 6 a\u00f1os ago","modified":"Updated 4 a\u00f1os ago"},"absolute_dates":{"created":"Posted on 28 septiembre, 2020","modified":"Updated on 8 marzo, 2022"},"absolute_dates_time":{"created":"Posted on 28 septiembre, 2020 2:47 pm","modified":"Updated on 8 marzo, 2022 10:39 am"},"featured_img_caption":"","featured_img":false,"series_order":"","_links":{"self":[{"href":"https:\/\/congresos.unlp.edu.ar\/xxiicac2021\/index.php?rest_route=\/wp\/v2\/pages\/32","targetHints":{"allow":["GET"]}}],"collection":[{"href":"https:\/\/congresos.unlp.edu.ar\/xxiicac2021\/index.php?rest_route=\/wp\/v2\/pages"}],"about":[{"href":"https:\/\/congresos.unlp.edu.ar\/xxiicac2021\/index.php?rest_route=\/wp\/v2\/types\/page"}],"author":[{"embeddable":true,"href":"https:\/\/congresos.unlp.edu.ar\/xxiicac2021\/index.php?rest_route=\/wp\/v2\/users\/69"}],"replies":[{"embeddable":true,"href":"https:\/\/congresos.unlp.edu.ar\/xxiicac2021\/index.php?rest_route=%2Fwp%2Fv2%2Fcomments&post=32"}],"version-history":[{"count":0,"href":"https:\/\/congresos.unlp.edu.ar\/xxiicac2021\/index.php?rest_route=\/wp\/v2\/pages\/32\/revisions"}],"wp:attachment":[{"href":"https:\/\/congresos.unlp.edu.ar\/xxiicac2021\/index.php?rest_route=%2Fwp%2Fv2%2Fmedia&parent=32"}],"curies":[{"name":"wp","href":"https:\/\/api.w.org\/{rel}","templated":true}]}}