{"id":102,"date":"2021-11-09T11:32:12","date_gmt":"2021-11-09T14:32:12","guid":{"rendered":"https:\/\/congresos.unlp.edu.ar\/xiicnec\/?page_id=102"},"modified":"2021-11-24T19:32:43","modified_gmt":"2021-11-24T22:32:43","slug":"programa","status":"publish","type":"page","link":"https:\/\/congresos.unlp.edu.ar\/xiicnec\/programa\/","title":{"rendered":"Programa"},"content":{"rendered":"<div id=\"pl-102\"  class=\"panel-layout\" ><div id=\"pg-102-0\"  class=\"panel-grid panel-no-style\" ><div id=\"pgc-102-0-0\"  class=\"panel-grid-cell\" ><div id=\"panel-102-0-0-0\" class=\"so-panel widget widget_text panel-first-child panel-last-child\" data-index=\"0\" >\t\t\t<div class=\"textwidget\"><p>Las mesas contar\u00e1n con traducci\u00f3n al idioma ingl\u00e9s<\/p>\n<\/div>\n\t\t<\/div><\/div><\/div><div id=\"pg-102-1\"  class=\"panel-grid panel-no-style\" ><div id=\"pgc-102-1-0\"  class=\"panel-grid-cell\" ><div id=\"panel-102-1-0-0\" class=\"so-panel widget widget_text panel-first-child panel-last-child\" data-index=\"1\" ><div id=\"Martes\" class=\"panel-widget-style panel-widget-style-for-102-1-0-0\" >\t\t\t<div class=\"textwidget\"><br \/>\n<h1>Martes 23 de noviembre<\/h1>\n<\/div>\n\t\t<\/div><\/div><\/div><\/div><div id=\"pg-102-2\"  class=\"panel-grid panel-no-style\" ><div id=\"pgc-102-2-0\"  class=\"panel-grid-cell\" ><div id=\"panel-102-2-0-0\" class=\"so-panel widget widget_text panel-first-child panel-last-child\" data-index=\"2\" ><div id=\"23900\" class=\"panel-widget-style panel-widget-style-for-102-2-0-0\" ><h3 class=\"widget-title\">9:00-10:30 hs<\/h3>\t\t\t<div class=\"textwidget\"><h3 style=\"color: #0000ff\">Inauguraci\u00f3n y palabras de apertura del Congreso<\/h3>\n<ul>\n<li>Embajador de la Rep\u00fablica de Corea en Argentina<br \/>\n<strong> Sr. Jang Myung-soo<\/strong><\/li>\n<li>Presidenta de la AAEC <strong><br \/>\nProf. Liliana Palacios de Cosiansi<\/strong><\/li>\n<li>Director del IRI <strong><br \/>\nProf. Norberto Consani<\/strong><\/li>\n<li>Coordinadora del Centro de Estudios Coreanos (CeCor) \u2013 IRI- Universidad Nacional de La Plata<strong><br \/>\nProf. B\u00e1rbara Bavoleo<\/strong><\/li>\n<\/ul>\n<h6><a href=\"https:\/\/us06web.zoom.us\/j\/85746258795?pwd=N1E3VGRKUEoxNFp5WWJST2ovMEJqQT09\">Entrar a la reuni\u00f3n<\/a><br \/>\nC\u00f3digo de acceso: 770495<\/h6>\n<\/div>\n\t\t<\/div><\/div><\/div><\/div><div id=\"pg-102-3\"  class=\"panel-grid panel-no-style\" ><div id=\"pgc-102-3-0\"  class=\"panel-grid-cell\" ><div id=\"panel-102-3-0-0\" class=\"so-panel widget widget_text panel-first-child panel-last-child\" data-index=\"3\" ><div id=\"231030\" class=\"panel-widget-style panel-widget-style-for-102-3-0-0\" ><h3 class=\"widget-title\">10:30 a 12:30 hs<\/h3>\t\t\t<div class=\"textwidget\"><h3 style=\"color: #ff0000\">Mesa 1: Historia<\/h3>\n<p>Modera: <strong>B\u00e1rbara Bavoleo<br \/>\n<\/strong><\/p>\n<ul>\n<li>COREA EN LOS ARCHIVOS DIPLOM\u00c1TICOS ARGENTINOS 1948-1949.<br \/>\n<strong>Dante Alejandro Anderson<\/strong>. Universidad Nacional de C\u00f3rdoba<\/li>\n<li>UN JUEGO DE IM\u00c1GENES A MEDIADOS DEL SIGLO XX: EL CONFLICTO COREANO A TRAV\u00c9S DE LA MIRADA DE LA VOZ DEL INTERIOR.<br \/>\n<strong>Miguel Antonio Candia<\/strong> y<strong> Agust\u00edn Fertonani<\/strong>. Universidad Nacional de C\u00f3rdoba.<\/li>\n<li>UN PA\u00d1UELO BLANCO EN COREA: BREVE HISTORIA DE LAS VISITAS DE LAS MADRES DE PLAZA DE MAYO A LA PEN\u00cdNSULA COREANA.<br \/>\n<strong>Luciano Lanare<\/strong>. Universidad Nacional de La Plata<\/li>\n<li>EL PAPEL DEL ANTICOMUNISMO EN LA POL\u00cdTICA EXTERIOR SURCOREANA DURANTE EL GOBIERNO DE PARK CHUNG-HEE (1961-1979).<br \/>\n<strong>Mat\u00edas Ben\u00edtez<\/strong>. Centro de Estudios Coreanos (CeCor) &#8211; IRI-UNLP. Instituto de Investigaciones Gino Germani. Universidad de Buenos Aires.<\/li>\n<li>COREA, \u00bfUNA NACI\u00d3N BUDISTA?: LA CONSTRUCCI\u00d3N DEL NACIONALISMO DURANTE LA OCUPACI\u00d3N JAPONESA.<br \/>\n<strong>Juli\u00e1n Mesas<\/strong>. Universidad Nacional del Centro de la Provincia de Buenos Aires<\/li>\n<\/ul>\n<h6><a href=\"https:\/\/us06web.zoom.us\/j\/82493551981?pwd=dG5nQXh6TVNncFpWRnBRNzNrNDFOdz09\" target=\"_blank\" rel=\"noopener\">Entrar a la reuni\u00f3n<\/a><\/h6>\n<p>C\u00f3digo de acceso: 618239<\/p>\n<h3 style=\"color: #0000ff\">Mesa 2: Literatura.<\/h3>\n<p>Modera:<strong> Ezequiel Ramoneda<\/strong><\/p>\n<ul>\n<li>SIMILITUDES, DIFERENCIAS E INTERCAMBIOS ENTRE LAS INDUSTRIAS EDITORIALES DE ARGENTINA Y DE COREA DEL SUR.<br \/>\n<strong>Luc\u00eda Rud<\/strong>. Universidad de Buenos Aires \/ Conicet.<\/li>\n<li>LA POES\u00cdA DURANTE LAS DICTADURAS MILITARES EN ARGENTINA Y COREA DEL SUR: \u201cRESISTIENDO A TRAV\u00c9S DE LAS PALABRAS\u201d.<br \/>\n<strong>Egle Natal\u00ed Centuri\u00f3n, Jaqueline Noem\u00ed Rol\u00f3n<\/strong> y <strong>Natalia Rodr\u00edguez<\/strong>. Universidad Empresarial Siglo 21, Universidad Nacional de la Plata, Universidad Nacional de Quilmes.<\/li>\n<li>DE NA HYE SEOK A JANG RYUJIN:BREVE RECORRIDO LITERARIO A TRAV\u00c9S DE LAS RUPTURAS DE CONSTRUCCIONES PERFORMATIVAS DE G\u00c9NERO LIGADAS AL CONFUCIANISMO.<br \/>\n<strong>Gonz\u00e1lez Aracelli Rosario Mariel<\/strong> Universidad Nacional de La Plata<\/li>\n<li>EL SUICIDIO EN LA LITERATURA COREANA.<br \/>\n<strong>Indira Valentina R\u00e9quiz Molina<\/strong> Universidad del Salvador<\/li>\n<li>LA IMAGEN DE COREA SEG\u00daN LAS FOTOGRAF\u00cdAS DE HESSE-WAGNER EN LA REVISTA HOJAS SELECTAS (MADRID, 1902)<br \/>\n<strong>Luis A. Botella S\u00e1nchez, Aurelia Mart\u00edn-Casares<\/strong> Universidad de M\u00e1laga<strong><br \/>\n<\/strong><\/li>\n<\/ul>\n<h6><a href=\"https:\/\/us02web.zoom.us\/j\/86543749638?pwd=cXRYUEhxNlJyYVAvZkJ6SndRU2JhZz09\" target=\"_blank\" rel=\"noopener\">Entrar a la reuni\u00f3n<\/a><br \/>\nC\u00f3digo de acceso: 313497<\/h6>\n<\/div>\n\t\t<\/div><\/div><\/div><\/div><div id=\"pg-102-4\"  class=\"panel-grid panel-no-style\" ><div id=\"pgc-102-4-0\"  class=\"panel-grid-cell\" ><div id=\"panel-102-4-0-0\" class=\"so-panel widget widget_text panel-first-child panel-last-child\" data-index=\"4\" ><div id=\"231330\" class=\"panel-widget-style panel-widget-style-for-102-4-0-0\" ><h3 class=\"widget-title\">13:30 a 15:15 hs<\/h3>\t\t\t<div class=\"textwidget\"><h3 style=\"color: #ff0000\">Mesa 3: Arte y cultura<\/h3>\n<p>Modera: <strong>Mat\u00edas Ben\u00edtez<\/strong><\/p>\n<ul>\n<li>LA INFLUENCIA DEL NEO-CONFUCIANISMO EN LA CONFORMACI\u00d3N DE LA VIDA EN GENERAL Y DE LA VIVIENDA COREANA EN PARTICULAR.<br \/>\n<strong>Sofia Sarmiento <\/strong>y<strong> Mariel Chaban<\/strong> Universidad Nacional de C\u00f3rdoba. Universidad Nacional de Tucum\u00e1n<\/li>\n<li>COREA Y EL ARTE DE LA SUBJETIVIDAD. ARTES AUDIOVISUALES- PARADIGMA-SUBJETIVIDAD-EST\u00c9TICA.<br \/>\n<strong>Camila Anabel Victorero<\/strong> Universidad de Buenos Aires.<\/li>\n<li>MOVIMIENTO DEL NUEVO TEATRO EN COREA.<br \/>\n<strong>Eun Kyung Kang y Antonio J. Dom\u00e9nech<\/strong> Universidad de M\u00e1laga.<\/li>\n<li>\u201cESCENARIO GLOBAL: EL MEDIO COMO ZONA DE ENCUENTRO Y DESENCUENTRO\u201d.<br \/>\n<strong>Manuela Pilar Gonz\u00e1lez Su\u00e1rez<\/strong> Universidad Nacional de La Plata.<\/li>\n<\/ul>\n<p><a href=\"https:\/\/us02web.zoom.us\/j\/86831936126?pwd=OXlIbnphcFlhRmdyYUN2VXRBL2QrZz09\" target=\"_blank\" rel=\"noopener\">Entrar a la reuni\u00f3n<\/a><br \/>\nC\u00f3digo de acceso: 608181<\/p>\n<\/div>\n\t\t<\/div><\/div><\/div><\/div><div id=\"pg-102-5\"  class=\"panel-grid panel-no-style\" ><div id=\"pgc-102-5-0\"  class=\"panel-grid-cell\" ><div id=\"panel-102-5-0-0\" class=\"so-panel widget widget_text panel-first-child panel-last-child\" data-index=\"5\" ><div id=\"231530\" class=\"panel-widget-style panel-widget-style-for-102-5-0-0\" ><h3 class=\"widget-title\">15:30 a 16:45 hs<\/h3>\t\t\t<div class=\"textwidget\"><h3 style=\"color: #0000ff\">Mesa 4: Cultura y educaci\u00f3n<\/h3>\n<p>Modera: <strong>Amalia Petr\u00f3ngolo<\/strong><\/p>\n<ul>\n<li>LA ASOCIACI\u00d3N ARGENTINA DE ESTUDIOS COREANOS Y SU GESTI\u00d3N EN TIEMPOS COMPLEJOS (2018-2021).<br \/>\n<strong>Liliana Palacios de Cosiansi <\/strong>y <strong>Celeste Castiglione<\/strong> Universidad Nacional de Tucum\u00e1n &#8211; Universidad Nacional de Jos\u00e9 C. Paz &#8211; Conicet<\/li>\n<li>LAS ESCUELAS PARA ESTUDIANTES CON ALTAS CAPACIDADES INTELECTUALES EN COREA DEL SUR.<br \/>\n<strong>Francisco Antonio Tita<\/strong> Universidad Nacional de C\u00f3rdoba<\/li>\n<li>TRADUCCI\u00d3N DE DE\u00cdCTICOS Y HONOR\u00cdFICOS DEL COREANO AL ESPA\u00d1OL: UN ESTUDIO DE CASO DE DOS OBRAS CONTEMPOR\u00c1NEAS. <strong>Javiera Fernanda Valdebenito Rojas<\/strong> Universidad Cat\u00f3lica de Temuco<\/li>\n<\/ul>\n<h6><a href=\"https:\/\/us06web.zoom.us\/j\/81790480536?pwd=S1daL0ZMSlJyWmNIY1RBcy8xWnVLZz09\" target=\"_blank\" rel=\"noopener\">Entrar a la reuni\u00f3n<\/a><\/h6>\n<p>C\u00f3digo de acceso: 859674<\/p>\n<\/div>\n\t\t<\/div><\/div><\/div><\/div><div id=\"pg-102-6\"  class=\"panel-grid panel-no-style\" ><div id=\"pgc-102-6-0\"  class=\"panel-grid-cell\" ><div id=\"panel-102-6-0-0\" class=\"so-panel widget widget_text panel-first-child panel-last-child\" data-index=\"6\" ><div id=\"231700\" class=\"panel-widget-style panel-widget-style-for-102-6-0-0\" ><h3 class=\"widget-title\">17:00 a 19:00 hs.<\/h3>\t\t\t<div class=\"textwidget\"><h3 style=\"color: #ff0000\">Mesa 5: Cultura y religi\u00f3n<\/h3>\n<p>Modera: <strong>Liliana Palacios de Cosiansi<\/strong><\/p>\n<ul>\n<li>TAXONOM\u00cdA Y SEMIO-ESTESIS APLICADAS A LA CULTURA FUNERARIA COREANA.<br \/>\n<strong>Nadia Victoria Wenk<\/strong>. Universidad Nacional de C\u00f3rdoba<\/li>\n<li>\u201cABORDAJE DEL SUICIDIO EN COREA DEL SUR A LA LUZ DEL CONCEPTO DE \u201cHAN \u201d.<br \/>\n<strong>Mercedes Susana Giuffr\u00e9<\/strong> Universidad Nacional de Mar del Plata<\/li>\n<li>LIDIAR CON LA MUERTE. ENCUENTROS CON UNA IGLESIA COREANA EN LA CIUDAD AUT\u00d3NOMA DE BUENOS AIRES.<br \/>\n<strong>Celeste Castiglione<\/strong> Universidad Nacional de Jos\u00e9 C. Paz &#8211; Conicet<\/li>\n<li>LA RELIGI\u00d3N E HISTORIA: SIMILITUDES Y CONTRASTES ENTRE COREA Y M\u00c9XICO Y SU CONFIGURACI\u00d3N HIST\u00d3RICA A TRAV\u00c9S DE LA RELIGI\u00d3N.<br \/>\n<strong>Mar\u00eda del Carmen Hern\u00e1ndez Cueto, Irene Rodriguez Parra, V\u00edctor Manuel Gonz\u00e1lez Bernal <\/strong>y<strong> Yun Sang Cheol<\/strong> Universidad Aut\u00f3noma de Nayarit<\/li>\n<li>PEDIR Y AGRADECER BAJO EL MISMO CIELO Y A LA MISMA TIERRA. PUNTOS DE CONEXI\u00d3N ENTRE EL GUT COREANO Y EL RITO A LA PACHAMAMA.<br \/>\n<strong>Carolina Daiana Antonella Castro<\/strong> Universidad Nacional de Jujuy<\/li>\n<\/ul>\n<h6><a href=\"https:\/\/us06web.zoom.us\/j\/82689579906?pwd=UzJOeHdsbHdvTTNoYmtLdGhjK1J0UT09\" target=\"_blank\" rel=\"noopener\">Entrar a la reuni\u00f3n<\/a><\/h6>\n<p>C\u00f3digo de acceso: 287198<\/p>\n<h3 style=\"color: #0000ff\">Mesa 6: Relaciones Internacionales<\/h3>\n<p>Modera: <strong>Desir\u00e9e Chaure<\/strong><\/p>\n<ul>\n<li>EL CAMINO SURCOREANO EN LA GOBERNANZA GLOBAL POST-COVID 19: EL NUEVO PACTO VERDE DE LA REP\u00daBLICA DE COREA.<br \/>\n<strong>Camila Giselle Baello<\/strong>. Pontificia Universidad Cat\u00f3lica Argentina<\/li>\n<li>PUENTES ENTRE AM\u00c9RICA LATINA Y LA PEN\u00cdNSULA COREANA LAS RELACIONES DE BRASIL Y ARGENTINA CON LA REP\u00daBLICA POPULAR DEMOCR\u00c1TICA DE COREA.<br \/>\n<strong>Luciano Dami\u00e1n Bolinaga<\/strong> Universidad Austral<\/li>\n<li>COREA DEL SUR ANTE EL NUEVO ESCENARIO DE DISPUTA HEGEM\u00d3NICA MUNDIAL.<br \/>\n<strong>Amalia Andrea Petr\u00f3ngolo<\/strong> Centro de Estudios Coreanos (CeCor) &#8211; IRI-Universidad Nacional de La Plata<\/li>\n<li>IMPLICANCIAS DEL VINCULO CHINO-COREANO PARA LA TRADICIONAL ALIANZA ENTRE SE\u00daL Y WASHINGTON.<br \/>\n<strong>Abril Guadalupe Trankels<\/strong>. Universidad Austral<\/li>\n<li>LA L\u00d3GICA TRIANGULAR DE LAS RELACIONES INTERCOREANAS.<br \/>\n<strong>Veronica Ortiz<\/strong>. Universidad Austral<\/li>\n<li>DEPORTE Y RELACIONES INTERNACIONALES: REVISITANDO LA DIPLOMACIA DEPORTIVA EN LA RELACI\u00d3N INTERCOREANA.<br \/>\n<strong>Sebasti\u00e1n S\u00e1nchez Gonz\u00e1lez<\/strong>. Universidad de Santiago de Chile<\/li>\n<\/ul>\n<h6><a href=\"https:\/\/us02web.zoom.us\/j\/86142562668?pwd=MktlVWRVOThGcjdyZCtkRFhsRDVBQT09\" target=\"_blank\" rel=\"noopener\">Entrar a la reuni\u00f3n<\/a><\/h6>\n<p>C\u00f3digo de acceso: 619321<\/p>\n<\/div>\n\t\t<\/div><\/div><\/div><\/div><div id=\"pg-102-7\"  class=\"panel-grid panel-no-style\" ><div id=\"pgc-102-7-0\"  class=\"panel-grid-cell\" ><div id=\"panel-102-7-0-0\" class=\"so-panel widget widget_text panel-first-child panel-last-child\" data-index=\"7\" ><div id=\"Conversa1\" class=\"panel-widget-style panel-widget-style-for-102-7-0-0\" ><h3 class=\"widget-title\">19:00 a 21:00 hs<\/h3>\t\t\t<div class=\"textwidget\"><h3 style=\"color: #ff0000\">Conversatorio 1: Argentinos en Corea del Norte: registros audiovisuales y textuales<\/h3>\n<p>Presenta: <strong>B\u00e1rbara Bavoleo<\/strong><br \/>\nModera: <strong>Mat\u00edas Ben\u00edtez<\/strong><\/p>\n<ul>\n<li><strong>Jos\u00e9 Luis Garc\u00eda<\/strong>., director de &#8220;La Chica del Sur&#8221;<\/li>\n<li><strong>Florencia Grieco<\/strong>, autora de \u201cEn Corea del Norte\u201d<\/li>\n<li><strong>Jorge Luis Ubertalli<\/strong>, autor de &#8220;La verdad y nada m\u00e1s que eso: Mi viaje a Corea Socialista&#8221;<\/li>\n<li><strong>Mar\u00eda de los \u00c1ngeles Lasa<\/strong>, autora de la muestra fotogr\u00e1fica \u201cLas \u00faltimas fronteras del socialismo\u201d<\/li>\n<\/ul>\n<p><img loading=\"lazy\" decoding=\"async\" class=\"alignnone size-medium wp-image-130\" src=\"http:\/\/congresos.unlp.edu.ar\/xiicnec\/wp-content\/uploads\/sites\/36\/2021\/11\/conversa1-300x293.png\" alt=\"\" width=\"300\" height=\"293\" srcset=\"https:\/\/congresos.unlp.edu.ar\/xiicnec\/wp-content\/uploads\/sites\/36\/2021\/11\/conversa1-300x293.png 300w, https:\/\/congresos.unlp.edu.ar\/xiicnec\/wp-content\/uploads\/sites\/36\/2021\/11\/conversa1.png 700w\" sizes=\"auto, (max-width: 300px) 100vw, 300px\" \/><\/p>\n<h6><a href=\"https:\/\/us02web.zoom.us\/j\/81577672482?pwd=ekJhc0d0SEphdHZnMW10bEFkVUZpZz09\" target=\"_blank\" rel=\"noopener\">Entrar a la reuni\u00f3n<\/a><\/h6>\n<p>C\u00f3digo de acceso: 436648<\/p>\n<\/div>\n\t\t<\/div><\/div><\/div><\/div><div id=\"pg-102-8\"  class=\"panel-grid panel-no-style\" ><div id=\"pgc-102-8-0\"  class=\"panel-grid-cell\" ><div id=\"panel-102-8-0-0\" class=\"so-panel widget widget_text panel-first-child panel-last-child\" data-index=\"8\" ><div id=\"miercoles\" class=\"panel-widget-style panel-widget-style-for-102-8-0-0\" >\t\t\t<div class=\"textwidget\"><p>&nbsp;<\/p>\n<h1>Mi\u00e9rcoles 24 de noviembre<\/h1>\n<\/div>\n\t\t<\/div><\/div><\/div><\/div><div id=\"pg-102-9\"  class=\"panel-grid panel-no-style\" ><div id=\"pgc-102-9-0\"  class=\"panel-grid-cell\" ><div id=\"panel-102-9-0-0\" class=\"so-panel widget widget_text panel-first-child panel-last-child\" data-index=\"9\" ><div id=\"conversa2\" class=\"panel-widget-style panel-widget-style-for-102-9-0-0\" ><h3 class=\"widget-title\">10:00 a 12:00 hs<\/h3>\t\t\t<div class=\"textwidget\"><h3 style=\"color: #0000ff\">Conversatorio 2: De Argentina a Corea: experiencias de\u00a0 j\u00f3venes viviendo en la pen\u00ednsula.<\/h3>\n<p>Presenta: <strong>B\u00e1rbara Bavoleo<\/strong><br \/>\nModera: <strong>Ver\u00f3nica del Valle<\/strong><\/p>\n<ul>\n<li><strong>Florencia Colavita<\/strong>, Maestr\u00eda en Microbiolog\u00eda Molecular, Universidad de Hanyang .<\/li>\n<li><strong>Julieta Salvo Rojas<\/strong>, Maestr\u00eda en Cooperaci\u00f3n Internacional, Universidad de Yonsei. Cofundadora de AMICASA, plataforma de compras online en Corea del Sur.<\/li>\n<li><strong>Lucas Erbin<\/strong>, Maestr\u00eda en Gesti\u00f3n, Finanzas y Comercio Internacional, Universidad de Yonsei. Marketing y Desarrollo de Mercado Internacional para Autowini a nivel exterior<\/li>\n<\/ul>\n<p><img decoding=\"async\" class=\"alignnone size-medium wp-image-127\" src=\"http:\/\/congresos.unlp.edu.ar\/xiicnec\/wp-content\/uploads\/sites\/36\/2021\/11\/conversa2.png\" alt=\"\" width=\"300\" \/><\/p>\n<h6><a href=\"https:\/\/us06web.zoom.us\/j\/85030234243?pwd=MlU4MlhwOG4ycnFZb2RNbmZCS2c5UT09\" target=\"_blank\" rel=\"noopener\">Entrar a la reuni\u00f3n<\/a><\/h6>\n<p>https:\/\/us06web.zoom.us\/j\/85030234243?pwd=MlU4MlhwOG4ycnFZb2RNbmZCS2c5UT09<br \/>\nC\u00f3digo de acceso: 601314<\/p>\n<\/div>\n\t\t<\/div><\/div><\/div><\/div><div id=\"pg-102-10\"  class=\"panel-grid panel-no-style\" ><div id=\"pgc-102-10-0\"  class=\"panel-grid-cell\" ><div id=\"panel-102-10-0-0\" class=\"so-panel widget widget_text panel-first-child panel-last-child\" data-index=\"10\" ><div id=\"241300\" class=\"panel-widget-style panel-widget-style-for-102-10-0-0\" ><h3 class=\"widget-title\">13:00 a 15:00 hs<\/h3>\t\t\t<div class=\"textwidget\"><h3 style=\"color: #ff0000\">Mesa 7: Pol\u00edticas p\u00fablicas<\/h3>\n<p>Modera: <strong>Mat\u00edas Ben\u00edtez<\/strong><\/p>\n<ul>\n<li>DESARROLLO SOSTENIBLE A LA COREANA: CRECIMIENTO VERDE Y DIGITALIZACI\u00d3N DE LA ECONOM\u00cdA.<br \/>\n<strong>Bernardita Mar\u00eda Gonz\u00e1lez Lustig, Arlette Bel\u00e9n Reyes Ben, Rodrigo Enrique V\u00e9liz Portuguez<\/strong> Universidad Central de Chile<\/li>\n<li>LA \u201cNUEVA POL\u00cdTICA DEL SUR\u201d DE COREA: DESAF\u00cdOS, AVANCES Y LIMITACIONES<strong><br \/>\nRoc\u00edo Milagros Renna<\/strong> Universidad Cat\u00f3lica de Santa Fe<\/li>\n<li>RE- OCCIDENTALIZACI\u00d3N O DES- OCCIDENTALIZACI\u00d3N EN EL DISCURSO DEL PRESIDENTE MOON JAE-IN DURANTE EL PRIMER A\u00d1O DE LA PANDEMIA DE COVID-19<br \/>\n<strong>Mar\u00eda Florencia Guzm\u00e1n<\/strong>. Universidad de Kookmin<\/li>\n<li>EVOLUCI\u00d3N DE LA AYUDA HUMANITARIA DE LA REP\u00daBLICA DE COREA A LA REP\u00daBLICA POPULAR DEMOCR\u00c1TICA DE COREA DESDE 1990 HASTA LA ACTUALIDAD<br \/>\n<strong>Azul Maite van Marrewijk<\/strong>. Universidad Austral<\/li>\n<li>LA TRANSICI\u00d2N ENERG\u00c9TICA EN LA REP\u00daBLICA DE COREA, AVANCES Y PERSPECTIVAS.<br \/>\n<strong>Emiliano Dic\u00f3simo<\/strong> Universidad Nacional del Centro de la Provincia de Buenos Aires<\/li>\n<li>CIUDADES SUSTENTABLES E INTELIGENTES. EL PLAN SURCOREANO DE DESARROLLO Y EXPORTACI\u00d3N DE SMART CITIES.<br \/>\n<strong>B\u00e1rbara Bavoleo<\/strong> Centro de Estudios Coreanos (CeCor) -IRI &#8211; Universidad Nacional de La Plata &#8211; Conicet<\/li>\n<\/ul>\n<h6><a href=\"https:\/\/us06web.zoom.us\/j\/87408461681?pwd=Rm96Skp3MU9jN0dFcm4xdC94RkNIdz09\">Entrar a la reuni\u00f3n<\/a><\/h6>\n<p>https:\/\/us06web.zoom.us\/j\/87408461681?pwd=Rm96Skp3MU9jN0dFcm4xdC94RkNIdz09<br \/>\nC\u00f3digo de acceso: 224434<\/p>\n<h3 style=\"color: #0000ff\">Mesa 8: Diplomacia p\u00fablica y soft power<\/h3>\n<p>Modera:\u00a0<strong>Desiree Chaure<br \/>\n<\/strong><\/p>\n<ul>\n<li>PROGRAMA E-SCHOOL: SOFT POWER SURCOREANO EN LATINOAM\u00c9RICA.<br \/>\n<strong>Nayeli Naysha, Espinoza Alfonso<\/strong>. Universidad Nacional Mayor de San Marcos<\/li>\n<li>HANSIK, RECURSO CULTURAL Y GASTRO-DIPLOMACIA. CIRCULACI\u00d3N GLOBAL Y LOCAL DE DISCURSOS SOBRE LA COCINA COREANA.<br \/>\n<strong>Romina Delmonte<\/strong>. Universidad de Buenos Aires<\/li>\n<li>LA ESTRATEGIA DE RESPONSABILIDAD SOCIAL CORPORATIVA DE SAMSUNG EN ARGENTINA COMO VENTAJA COMPETITIVA Y HERRAMIENTA DE PODER BLANDO PARA LA INTERNACIONALIZACI\u00d3N DEL DESARROLLISMO COREANO.<br \/>\n<strong>Antonela Milagros Pedroza<\/strong> Universidad Abierta Interamericana<\/li>\n<li>APROVECHAMIENTO DE LA ECONOM\u00cdA CREATIVA COMO POTENCIADOR DEL SOFT POWER COREANO.<br \/>\n<strong>Patricia Monserrat Gonz\u00e1lez de la Torre<\/strong> Universidad de Guadalajara<\/li>\n<li>RELACIONES DIPLOM\u00c1TICAS CULTURALES COREANO &#8211; ARGENTINA: UN CASO DE \u00c9XITO.<br \/>\n<strong>Marina Luzzi Santana<\/strong> Universidad de la Defensa Nacional.<\/li>\n<\/ul>\n<h6><a href=\"https:\/\/us02web.zoom.us\/j\/84091634475?pwd=NUpQNHNwMW9ZYSt0eWNUeFpVak9ydz09\">Entrar a la reuni\u00f3n<\/a><br \/>\nC\u00f3digo de acceso: 904163<\/h6>\n<\/div>\n\t\t<\/div><\/div><\/div><\/div><div id=\"pg-102-11\"  class=\"panel-grid panel-no-style\" ><div id=\"pgc-102-11-0\"  class=\"panel-grid-cell\" ><div id=\"panel-102-11-0-0\" class=\"so-panel widget widget_text panel-first-child panel-last-child\" data-index=\"11\" ><div id=\"conversa3\" class=\"panel-widget-style panel-widget-style-for-102-11-0-0\" ><h3 class=\"widget-title\">15:00 a 17:00 hs<\/h3>\t\t\t<div class=\"textwidget\"><h3 style=\"color: #ff0000\">Conversatorio 3: Programas de Estudios Coreanos en Iberoam\u00e9rica<\/h3>\n<p>Presenta: <strong>B\u00e1rbara Bavoleo<\/strong><br \/>\nModera: <strong>Cecilia Onaha<\/strong><\/p>\n<ul>\n<li><strong>Renato Balderrama<\/strong> (Universidad Aut\u00f3noma de Nuevo Le\u00f3n)<\/li>\n<li><strong>Soonbae Kim<\/strong> (Universidad Central de Chile)<\/li>\n<li><strong>Patricia Chica Morales<\/strong> (Universidad de M\u00e1laga)<\/li>\n<\/ul>\n<p><img decoding=\"async\" class=\"alignnone size-medium wp-image-127\" src=\"http:\/\/congresos.unlp.edu.ar\/xiicnec\/wp-content\/uploads\/sites\/36\/2021\/11\/conversa3.png\" alt=\"\" width=\"300\" \/><\/p>\n<h6><a href=\"https:\/\/us02web.zoom.us\/j\/84386914697?pwd=ZlVsdnBBZ0JmK0oxeWVWclcyOWttZz09\">Entrar a la reuni\u00f3n<\/a><\/h6>\n<p>https:\/\/us02web.zoom.us\/j\/84386914697?pwd=ZlVsdnBBZ0JmK0oxeWVWclcyOWttZz09<br \/>\nC\u00f3digo de acceso: 980218<\/p>\n<\/div>\n\t\t<\/div><\/div><\/div><\/div><div id=\"pg-102-12\"  class=\"panel-grid panel-no-style\" ><div id=\"pgc-102-12-0\"  class=\"panel-grid-cell\" ><div id=\"panel-102-12-0-0\" class=\"so-panel widget widget_text panel-first-child panel-last-child\" data-index=\"12\" ><div id=\"241700\" class=\"panel-widget-style panel-widget-style-for-102-12-0-0\" ><h3 class=\"widget-title\">17:00 a 19:00 hs<\/h3>\t\t\t<div class=\"textwidget\"><h3 style=\"color: #0000ff\">Mesa 9: Movimientos sociales, g\u00e9nero y diversidad.<\/h3>\n<p>Modera:\u00a0<strong> Celeste Castiglione<\/strong><\/p>\n<ul>\n<li>RECLAMANDO DERECHOS: LAS PROBLEM\u00c1TICAS DEL COLECTIVO LGBTI EN COREA DEL SUR.<br \/>\n<strong>Desiree Chaure <\/strong>Centro de Estudios Coreanos (CeCor)-IRI &#8211; Universidad Nacional de La Plata<\/li>\n<li>LA IDENTIDAD FEMENINA TRADICIONAL Y MODERNA EN COREA.<br \/>\n<strong>Irene Rodr\u00edguez Parra<\/strong> y<strong> Mar\u00eda del Carmen Hern\u00e1ndez Cueto <\/strong>Universidad Aut\u00f3noma de Nayarit<\/li>\n<li>ENTRE LO POL\u00cdTICO Y LO CULTURAL: LA MUJER COMO SUJETO DE DERECHO EN COREA.<\/li>\n<li><strong>Laura Daniela Forero, <\/strong><strong>Mar\u00eda Florencia Capriccio <\/strong>y<strong> Macarena Rocio Lapenta <\/strong>Universidad del Rosario &#8211; Universidad Nacional de C\u00f3rdoba<\/li>\n<li>S\u00d3LO SE VIVE UNA VEZ: EL FEN\u00d3MENO \u201cHONJOK\u201d EN COREA DEL SUR.<br \/>\n<strong>Ver\u00f3nica del Valle<\/strong>, Universidad Nacional de La Plata<\/li>\n<li>LAS PROTESTAS SOCIALES ESTUDIANTILES: UNA PERSPECTIVA DE DOS PA\u00cdSES; REP\u00daBLICA DE COREA Y REP\u00daBLICA DE COLOMBIA.<br \/>\n<strong>Jorge Eduardo Rodr\u00edguez Serrano, Andrea Juliana Fern\u00e1ndez Bar\u00f3n<strong> y <\/strong>Mar\u00eda Fernanda Villada Morales<\/strong> Universidad Aut\u00f3noma de Bucaramanga.<\/li>\n<\/ul>\n<h6>Entrar a la reuni\u00f3n<\/h6>\n<p>https:\/\/us06web.zoom.us\/j\/85989000325?pwd=YU1IKzZDVC9FK1FmVFZ4SC9IK0JLQT09<br \/>\nC\u00f3digo de acceso: 371814<\/p>\n<h3 style=\"color: #ff0000\">Mesa 10: Econom\u00eda<\/h3>\n<p>Modera: <strong>Ezequiel Ramoneda<\/strong><\/p>\n<ul>\n<li>LA ECONOM\u00cdA COREANA EN PANDEMIA. ALGUNAS CONSIDERACIONES.<br \/>\n<strong>Clara Luc\u00eda Calvo <\/strong>y<strong> Sergio Francisco Naessens<\/strong>. Universidad Nacional de Tucum\u00e1n.<\/li>\n<li>LAS CRISIS FINANCIERAS DE LOS EMERGING MARKETS. ALGUNAS LECCIONES DE SUS CAUSAS Y LAS RESPUESTAS DE POL\u00cdTICA ECON\u00d3MICA A PARTIR DE LA COMPARACI\u00d3N DE ARGENTINA Y COREA DEL SUR (1990-2001).<br \/>\n<strong>Ignacio Barranquero<\/strong> Univesidad de Buenos Aires<\/li>\n<li>MILAGROS COMPARADOS: LAS ECONOM\u00cdAS DE COREA DEL SUR, TAIW\u00c1N Y LA ARGENTINA EN PERSPECTIVA, SEGUNDA MITAD DEL SIGLO XX.<br \/>\n<strong>Jorge Troisi Melean<\/strong> Universidad Nacional de La Plata<\/li>\n<li>EL POSICIONAMIENTO ECON\u00d3MICO DE COREA DEL SUR EN LAS PRIMERAS D\u00c9CADAS DEL SIGLO XXI.<br \/>\n<strong>Emanuel Alberto Lopez <\/strong>y<strong> Grisel Emilse Pic\u00f3n<\/strong>\u00a0 Universidad Nacional de Tucum\u00e1n<\/li>\n<li>EL ROL DE LOS GRUPOS EMPRESARIALES COREANOS Y MEXICANOS EN LA DEFINICI\u00d3N DE INTERESES COMERCIALES PARA LA FORMALIZACI\u00d3N DE UN ACUERDO DE LIBRE COMERCIO ENTRE M\u00c9XICO Y COREA DEL SUR (2001-2020)\u201d.<br \/>\n<strong>Karla Noemi Padilla Mart\u00ednez<\/strong> Universidad de Guadalajara<\/li>\n<\/ul>\n<h6><a href=\"https:\/\/us02web.zoom.us\/j\/89146403659?pwd=aWZEeHRydEgxbzVPcG9KM1N5cjFhdz09\">Entrar a la reuni\u00f3n<\/a><\/h6>\n<p>https:\/\/us02web.zoom.us\/j\/89146403659?pwd=aWZEeHRydEgxbzVPcG9KM1N5cjFhdz09<\/p>\n<p>C\u00f3digo de acceso: 573451<\/p>\n<\/div>\n\t\t<\/div><\/div><\/div><\/div><div id=\"pg-102-13\"  class=\"panel-grid panel-no-style\" ><div id=\"pgc-102-13-0\"  class=\"panel-grid-cell\" ><div id=\"panel-102-13-0-0\" class=\"so-panel widget widget_text panel-first-child panel-last-child\" data-index=\"13\" ><div id=\"241930\" class=\"panel-widget-style panel-widget-style-for-102-13-0-0\" ><h3 class=\"widget-title\">19:30 hs<\/h3>\t\t\t<div class=\"textwidget\"><h3 style=\"color: #0000ff\">Cierre y conclusiones<\/h3>\n<ul>\n<li><strong>Dr. Norberto Consani<\/strong> Director IRI &#8211; Universidad Nacional de La Plata<\/li>\n<li><strong>Dra. B\u00e1rbara Bavoleo<\/strong> Coordinadora Centro de Estudios Coreanos (CeCor) -IRI &#8211; Universidad Nacional de La Plata<\/li>\n<li>Nuevas autoridades de la<strong> Asociaci\u00f3n Argentina de Estudios Coreanos<\/strong><\/li>\n<\/ul>\n<h6><a href=\"https:\/\/us02web.zoom.us\/j\/87511379319?pwd=OGJWaUpodFZJYzNxbmNSYTNJMk1YZz09\">Entrar a la reuni\u00f3n<\/a><\/h6>\n<p><a href=\"https:\/\/us06web.zoom.us\/j\/87660491356?pwd=blR2RE1UWWl6NFdnczAwdWNSbE53dz09\">https:\/\/us06web.zoom.us\/j\/87660491356?pwd=blR2RE1UWWl6NFdnczAwdWNSbE53dz09<\/a><br \/>\nID de reuni\u00f3n: 876 6049 1356<\/p>\n<\/div>\n\t\t<\/div><\/div><\/div><\/div><\/div>","protected":false},"excerpt":{"rendered":"<p>Las mesas contar\u00e1n con traducci\u00f3n al idioma ingl\u00e9s Martes 23 de noviembre<\/p>\n","protected":false},"author":92,"featured_media":0,"parent":0,"menu_order":0,"comment_status":"closed","ping_status":"closed","template":"","meta":{"advgb_blocks_editor_width":"","advgb_blocks_columns_visual_guide":"","footnotes":""},"class_list":["post-102","page","type-page","status-publish","hentry","post"],"aioseo_notices":[],"coauthors":[],"author_meta":{"author_link":"https:\/\/congresos.unlp.edu.ar\/xiicnec\/author\/juana\/","display_name":"juana"},"relative_dates":{"created":"Posted 4 a\u00f1os ago","modified":"Updated 4 a\u00f1os ago"},"absolute_dates":{"created":"Posted on 9 noviembre, 2021","modified":"Updated on 24 noviembre, 2021"},"absolute_dates_time":{"created":"Posted on 9 noviembre, 2021 11:32 am","modified":"Updated on 24 noviembre, 2021 7:32 pm"},"featured_img_caption":"","featured_img":false,"series_order":"","_links":{"self":[{"href":"https:\/\/congresos.unlp.edu.ar\/xiicnec\/wp-json\/wp\/v2\/pages\/102","targetHints":{"allow":["GET"]}}],"collection":[{"href":"https:\/\/congresos.unlp.edu.ar\/xiicnec\/wp-json\/wp\/v2\/pages"}],"about":[{"href":"https:\/\/congresos.unlp.edu.ar\/xiicnec\/wp-json\/wp\/v2\/types\/page"}],"author":[{"embeddable":true,"href":"https:\/\/congresos.unlp.edu.ar\/xiicnec\/wp-json\/wp\/v2\/users\/92"}],"replies":[{"embeddable":true,"href":"https:\/\/congresos.unlp.edu.ar\/xiicnec\/wp-json\/wp\/v2\/comments?post=102"}],"version-history":[{"count":0,"href":"https:\/\/congresos.unlp.edu.ar\/xiicnec\/wp-json\/wp\/v2\/pages\/102\/revisions"}],"wp:attachment":[{"href":"https:\/\/congresos.unlp.edu.ar\/xiicnec\/wp-json\/wp\/v2\/media?parent=102"}],"curies":[{"name":"wp","href":"https:\/\/api.w.org\/{rel}","templated":true}]}}