{"id":15,"date":"2023-04-25T11:29:56","date_gmt":"2023-04-25T14:29:56","guid":{"rendered":"https:\/\/congresos.unlp.edu.ar\/unifeministas\/?page_id=15"},"modified":"2023-09-22T16:18:56","modified_gmt":"2023-09-22T19:18:56","slug":"programa-general-del-encuentro","status":"publish","type":"page","link":"https:\/\/congresos.unlp.edu.ar\/unifeministas\/programa-general-del-encuentro\/","title":{"rendered":"Expositorxs"},"content":{"rendered":"<div id=\"pl-15\"  class=\"panel-layout\" ><div id=\"pg-15-0\"  class=\"panel-grid panel-has-style\" ><div class=\"so-parallax siteorigin-panels-stretch panel-row-style panel-row-style-for-15-0\" data-stretch-type=\"full-stretched\" ><img fetchpriority=\"high\" decoding=\"async\" width=\"1920\" height=\"500\" src=\"https:\/\/congresos.unlp.edu.ar\/unifeministas\/wp-content\/uploads\/sites\/69\/2023\/04\/BG-tit.jpg\" class=\"attachment-full size-full\" alt=\"\" data-siteorigin-parallax=\"true\" loading=\"eager\" srcset=\"https:\/\/congresos.unlp.edu.ar\/unifeministas\/wp-content\/uploads\/sites\/69\/2023\/04\/BG-tit.jpg 1920w, https:\/\/congresos.unlp.edu.ar\/unifeministas\/wp-content\/uploads\/sites\/69\/2023\/04\/BG-tit-300x78.jpg 300w, https:\/\/congresos.unlp.edu.ar\/unifeministas\/wp-content\/uploads\/sites\/69\/2023\/04\/BG-tit-1024x267.jpg 1024w, https:\/\/congresos.unlp.edu.ar\/unifeministas\/wp-content\/uploads\/sites\/69\/2023\/04\/BG-tit-768x200.jpg 768w, https:\/\/congresos.unlp.edu.ar\/unifeministas\/wp-content\/uploads\/sites\/69\/2023\/04\/BG-tit-1536x400.jpg 1536w\" sizes=\"(max-width: 1920px) 100vw, 1920px\" \/><div id=\"pgc-15-0-0\"  class=\"panel-grid-cell\" ><div id=\"panel-15-0-0-0\" class=\"so-panel widget widget_sow-editor panel-first-child panel-last-child\" data-index=\"0\" ><div\n\t\t\t\n\t\t\tclass=\"so-widget-sow-editor so-widget-sow-editor-base\"\n\t\t\t\n\t\t>\n<div class=\"siteorigin-widget-tinymce textwidget\">\n\t<h1 style=\"text-align: center\"><strong><span style=\"color: #00646c\">EXPOSITORXS<\/span><\/strong><\/h1>\n<\/div>\n<\/div><\/div><\/div><\/div><\/div><div id=\"pg-15-1\"  class=\"panel-grid panel-has-style\" ><div class=\"panel-row-style panel-row-style-for-15-1\" ><div id=\"pgc-15-1-0\"  class=\"panel-grid-cell\" ><div id=\"panel-15-1-0-0\" class=\"so-panel widget widget_sow-editor panel-first-child panel-last-child\" data-index=\"1\" ><div\n\t\t\t\n\t\t\tclass=\"so-widget-sow-editor so-widget-sow-editor-base\"\n\t\t\t\n\t\t>\n<div class=\"siteorigin-widget-tinymce textwidget\">\n\t<p style=\"text-align: center\"><span style=\"color: #008080\"><strong>CONFIRMARON SU PRESENCIA<\/strong><\/span><\/p>\n<p>&nbsp;<\/p>\n<p><img loading=\"lazy\" decoding=\"async\" class=\"size-medium wp-image-176 alignleft\" src=\"http:\/\/congresos.unlp.edu.ar\/unifeministas\/wp-content\/uploads\/sites\/69\/2023\/08\/20200211130824-la-ministra-estela-daz-participa-del-i-251x300.png\" alt=\"\" width=\"251\" height=\"300\" srcset=\"https:\/\/congresos.unlp.edu.ar\/unifeministas\/wp-content\/uploads\/sites\/69\/2023\/08\/20200211130824-la-ministra-estela-daz-participa-del-i-251x300.png 251w, https:\/\/congresos.unlp.edu.ar\/unifeministas\/wp-content\/uploads\/sites\/69\/2023\/08\/20200211130824-la-ministra-estela-daz-participa-del-i.png 315w\" sizes=\"auto, (max-width: 251px) 100vw, 251px\" \/><\/p>\n<p>&nbsp;<\/p>\n<p><span style=\"color: #008080\"><strong>Estela D\u00edaz<\/strong><\/span><\/p>\n<div dir=\"auto\">Ministra de las Mujeres, Pol\u00edticas de G\u00e9nero y Diversidad Sexual de la Provincia de Buenos Aires. Militante social, sindical y feminista. Integra la Mesa Nacional de la CTA (Central de Trabajadores de la Argentina)<\/div>\n<p>&nbsp;<\/p>\n<p>&nbsp;<\/p>\n<p>&nbsp;<\/p>\n<p>&nbsp;<\/p>\n<p>&nbsp;<\/p>\n<p style=\"text-align: left\"><img loading=\"lazy\" decoding=\"async\" class=\"wp-image-163 alignleft\" src=\"http:\/\/congresos.unlp.edu.ar\/unifeministas\/wp-content\/uploads\/sites\/69\/2023\/08\/Andrea-Varela-300x300.jpg\" alt=\"\" width=\"249\" height=\"249\" \/><\/p>\n<p>&nbsp;<\/p>\n<p style=\"text-align: left\"><span style=\"color: #008080\"><strong>Andrea Varela<\/strong><\/span><\/p>\n<p>Dra. en Comunicaci\u00f3n (UNLP). Vicepresidenta Institucional de la Universidad Nacional de La Plata<\/p>\n<p><span style=\"font-weight: 400\">\u00a0 \u00a0 \u00a0 \u00a0 \u00a0 \u00a0 \u00a0 \u00a0 \u00a0 \u00a0<\/span><\/p>\n<p>&nbsp;<\/p>\n<p>&nbsp;<\/p>\n<p>&nbsp;<\/p>\n<p><img loading=\"lazy\" decoding=\"async\" class=\"wp-image-164 alignleft\" src=\"http:\/\/congresos.unlp.edu.ar\/unifeministas\/wp-content\/uploads\/sites\/69\/2023\/08\/sandratorlucci-300x300.png\" alt=\"\" width=\"247\" height=\"247\" srcset=\"https:\/\/congresos.unlp.edu.ar\/unifeministas\/wp-content\/uploads\/sites\/69\/2023\/08\/sandratorlucci-300x300.png 300w, https:\/\/congresos.unlp.edu.ar\/unifeministas\/wp-content\/uploads\/sites\/69\/2023\/08\/sandratorlucci-150x150.png 150w, https:\/\/congresos.unlp.edu.ar\/unifeministas\/wp-content\/uploads\/sites\/69\/2023\/08\/sandratorlucci.png 432w\" sizes=\"auto, (max-width: 247px) 100vw, 247px\" \/><\/p>\n<p>&nbsp;<\/p>\n<p><span style=\"color: #008080\"><strong>Sandra Torlucci<\/strong><\/span><\/p>\n<p><span style=\"font-weight: 400\">Prof. en Letras (UNLZ). <\/span>Rectora de la Universidad de las Artes y Rectora Coordinadora Red RUGE-CiN<\/p>\n<p>&nbsp;<\/p>\n<p>&nbsp;<\/p>\n<p>&nbsp;<\/p>\n<p>&nbsp;<\/p>\n<p><img loading=\"lazy\" decoding=\"async\" class=\"wp-image-167 alignleft\" src=\"http:\/\/congresos.unlp.edu.ar\/unifeministas\/wp-content\/uploads\/sites\/69\/2023\/08\/Natalia-Zaracho_1200-x-800-e1691073448473-242x300.png\" alt=\"\" width=\"247\" height=\"306\" srcset=\"https:\/\/congresos.unlp.edu.ar\/unifeministas\/wp-content\/uploads\/sites\/69\/2023\/08\/Natalia-Zaracho_1200-x-800-e1691073448473-242x300.png 242w, https:\/\/congresos.unlp.edu.ar\/unifeministas\/wp-content\/uploads\/sites\/69\/2023\/08\/Natalia-Zaracho_1200-x-800-e1691073448473.png 411w\" sizes=\"auto, (max-width: 247px) 100vw, 247px\" \/><\/p>\n<p>&nbsp;<\/p>\n<p><span style=\"color: #008080\"><strong>Natalia Zaracho<\/strong><\/span><\/p>\n<p><span style=\"font-weight: 400\">Legisladora y referenta popular. <\/span><span style=\"font-weight: 400\">Activista social y pol\u00edtica<\/span><\/p>\n<p>&nbsp;<\/p>\n<p>&nbsp;<\/p>\n<p>&nbsp;<\/p>\n<p>&nbsp;<\/p>\n<p>&nbsp;<\/p>\n<p>&nbsp;<\/p>\n<p><img loading=\"lazy\" decoding=\"async\" class=\" wp-image-171 alignleft\" src=\"http:\/\/congresos.unlp.edu.ar\/unifeministas\/wp-content\/uploads\/sites\/69\/2023\/08\/dorabarrancos-1-300x294.png\" alt=\"\" width=\"249\" height=\"244\" srcset=\"https:\/\/congresos.unlp.edu.ar\/unifeministas\/wp-content\/uploads\/sites\/69\/2023\/08\/dorabarrancos-1-300x294.png 300w, https:\/\/congresos.unlp.edu.ar\/unifeministas\/wp-content\/uploads\/sites\/69\/2023\/08\/dorabarrancos-1.png 421w\" sizes=\"auto, (max-width: 249px) 100vw, 249px\" \/><\/p>\n<p>&nbsp;<\/p>\n<p><span style=\"color: #008080\"><strong>Dora Barrancos<\/strong><\/span><\/p>\n<p><span style=\"font-weight: 400\">Dra. en Historia por el Instituto de Filosof\u00eda y Ciencias Humanas (UNICAMP). <\/span><span style=\"font-weight: 400\">Investigadora Principal CONICET. Ha sido Directora del CONICET en representaci\u00f3n de las Ciencias Sociales y Humanas (2010-2019) y del Instituto Interdisciplinario de Estudios de G\u00e9nero (IIEGE) de la FFyL (UBA)<\/span><\/p>\n<p>&nbsp;<\/p>\n<p>&nbsp;<\/p>\n<p>&nbsp;<\/p>\n<p><img loading=\"lazy\" decoding=\"async\" class=\"wp-image-172 alignleft\" src=\"http:\/\/congresos.unlp.edu.ar\/unifeministas\/wp-content\/uploads\/sites\/69\/2023\/08\/dianamaffia-e1691075928759-282x300.jpg\" alt=\"\" width=\"248\" height=\"264\" srcset=\"https:\/\/congresos.unlp.edu.ar\/unifeministas\/wp-content\/uploads\/sites\/69\/2023\/08\/dianamaffia-e1691075928759-282x300.jpg 282w, https:\/\/congresos.unlp.edu.ar\/unifeministas\/wp-content\/uploads\/sites\/69\/2023\/08\/dianamaffia-e1691075928759.jpg 681w\" sizes=\"auto, (max-width: 248px) 100vw, 248px\" \/><\/p>\n<p>&nbsp;<\/p>\n<p><span style=\"color: #008080\"><strong>Diana Maff\u00eda<\/strong><\/span><\/p>\n<p>Dra. en Filosof\u00eda (UBA). Docente en UBA e investigadora del IIEGE-UBA. Directora del Observatorio de G\u00e9nero en la Justicia, Consejo de la Magistratura de CABA<\/p>\n<p>&nbsp;<\/p>\n<p>&nbsp;<\/p>\n<p>&nbsp;<\/p>\n<p>&nbsp;<\/p>\n<p>&nbsp;<\/p>\n<p><img loading=\"lazy\" decoding=\"async\" class=\"size-medium wp-image-178 alignleft\" src=\"http:\/\/congresos.unlp.edu.ar\/unifeministas\/wp-content\/uploads\/sites\/69\/2023\/08\/Veronica-Gago-1-233x300.png\" alt=\"\" width=\"233\" height=\"300\" srcset=\"https:\/\/congresos.unlp.edu.ar\/unifeministas\/wp-content\/uploads\/sites\/69\/2023\/08\/Veronica-Gago-1-233x300.png 233w, https:\/\/congresos.unlp.edu.ar\/unifeministas\/wp-content\/uploads\/sites\/69\/2023\/08\/Veronica-Gago-1.png 268w\" sizes=\"auto, (max-width: 233px) 100vw, 233px\" \/><\/p>\n<p>&nbsp;<\/p>\n<p><span style=\"color: #008080\"><strong>Ver\u00f3nica Gago<\/strong><\/span><\/p>\n<p><span style=\"font-weight: 400\">Dra. en Ciencias Sociales (UBA). Lic. en Ciencia Pol\u00edtica (UBA). <\/span><span style=\"font-weight: 400\">Docente investigadora (UBA-UNSAM). <\/span><span style=\"font-weight: 400\">Investigadora del Colectivo Situaciones. <\/span><span style=\"font-weight: 400\">Integrante del Colectivo <em>NiUnaMenos<\/em><\/span><\/p>\n<p>&nbsp;<\/p>\n<p>&nbsp;<\/p>\n<p>&nbsp;<\/p>\n<p>&nbsp;<\/p>\n<p>&nbsp;<\/p>\n<p><img loading=\"lazy\" decoding=\"async\" class=\"size-medium wp-image-179 alignleft\" src=\"http:\/\/congresos.unlp.edu.ar\/unifeministas\/wp-content\/uploads\/sites\/69\/2023\/08\/rovetto-edit-241x300.png\" alt=\"\" width=\"241\" height=\"300\" srcset=\"https:\/\/congresos.unlp.edu.ar\/unifeministas\/wp-content\/uploads\/sites\/69\/2023\/08\/rovetto-edit-241x300.png 241w, https:\/\/congresos.unlp.edu.ar\/unifeministas\/wp-content\/uploads\/sites\/69\/2023\/08\/rovetto-edit.png 264w\" sizes=\"auto, (max-width: 241px) 100vw, 241px\" \/><\/p>\n<p>&nbsp;<\/p>\n<p><span style=\"color: #008080\"><strong>Florencia Rovetto<\/strong><\/span><\/p>\n<p><span style=\"font-weight: 400\">Dra. en Periodismo y Ciencias de la Comunicaci\u00f3n (UAB). Investigadora CONICET. Secretaria del \u00c1rea de G\u00e9nero y Sexualidades (UNR). Docente e investigadora en UNR<\/span><\/p>\n<p>&nbsp;<\/p>\n<p>&nbsp;<\/p>\n<p>&nbsp;<\/p>\n<p>&nbsp;<\/p>\n<p>&nbsp;<\/p>\n<p><img loading=\"lazy\" decoding=\"async\" class=\"wp-image-180 alignleft\" src=\"http:\/\/congresos.unlp.edu.ar\/unifeministas\/wp-content\/uploads\/sites\/69\/2023\/08\/ceciliavarela.jpeg\" alt=\"\" width=\"241\" height=\"259\" \/><\/p>\n<p>&nbsp;<\/p>\n<p><span style=\"color: #008080\"><strong>Cecilia Varela<\/strong><\/span><\/p>\n<p>Dra. en Antropolog\u00eda (UBA). Docente investigadora (UBA-CONICET)<\/p>\n<p>&nbsp;<\/p>\n<p>&nbsp;<\/p>\n<p>&nbsp;<\/p>\n<p>&nbsp;<\/p>\n<p>&nbsp;<\/p>\n<p><img loading=\"lazy\" decoding=\"async\" class=\"wp-image-182 alignleft\" src=\"http:\/\/congresos.unlp.edu.ar\/unifeministas\/wp-content\/uploads\/sites\/69\/2023\/08\/Manu-Mireles-1.png\" alt=\"\" width=\"241\" height=\"259\" \/><\/p>\n<p>&nbsp;<\/p>\n<p><span style=\"color: #008080\"><strong>Manu Mireles<\/strong><\/span><\/p>\n<p><span style=\"font-weight: 400\">Doctoranda en Estudios y Pol\u00edticas de G\u00e9nero (UNTREF). Docente e Investigadora en UBA y UNTREF. Activista de Derechos Humanos LGBTIQ+<\/span><\/p>\n<p>&nbsp;<\/p>\n<p>&nbsp;<\/p>\n<p>&nbsp;<\/p>\n<p>&nbsp;<\/p>\n<p>&nbsp;<\/p>\n<p><img loading=\"lazy\" decoding=\"async\" class=\"wp-image-184 alignleft\" src=\"http:\/\/congresos.unlp.edu.ar\/unifeministas\/wp-content\/uploads\/sites\/69\/2023\/08\/Vanesa-Vazquez-Laba-RUGE-CIN-768x625-1-256x300.png\" alt=\"\" width=\"241\" height=\"283\" srcset=\"https:\/\/congresos.unlp.edu.ar\/unifeministas\/wp-content\/uploads\/sites\/69\/2023\/08\/Vanesa-Vazquez-Laba-RUGE-CIN-768x625-1-256x300.png 256w, https:\/\/congresos.unlp.edu.ar\/unifeministas\/wp-content\/uploads\/sites\/69\/2023\/08\/Vanesa-Vazquez-Laba-RUGE-CIN-768x625-1.png 295w\" sizes=\"auto, (max-width: 241px) 100vw, 241px\" \/><\/p>\n<p>&nbsp;<\/p>\n<p><span style=\"color: #008080\"><strong>VanesaVazquez Laba<\/strong><\/span><\/p>\n<p><span style=\"font-weight: 400\">Dra. en Ciencias Sociales (UBA) Secretaria de Igualdad, Derechos y Diversidad (UNA). Investigadora CONICET<\/span><\/p>\n<p>&nbsp;<\/p>\n<p>&nbsp;<\/p>\n<p>&nbsp;<\/p>\n<p>&nbsp;<\/p>\n<p>&nbsp;<\/p>\n<p><img loading=\"lazy\" decoding=\"async\" class=\"wp-image-183 alignleft\" src=\"http:\/\/congresos.unlp.edu.ar\/unifeministas\/wp-content\/uploads\/sites\/69\/2023\/08\/alicia-luna3-e1691093155636-264x300.jpeg\" alt=\"\" width=\"241\" height=\"274\" srcset=\"https:\/\/congresos.unlp.edu.ar\/unifeministas\/wp-content\/uploads\/sites\/69\/2023\/08\/alicia-luna3-e1691093155636-264x300.jpeg 264w, https:\/\/congresos.unlp.edu.ar\/unifeministas\/wp-content\/uploads\/sites\/69\/2023\/08\/alicia-luna3-e1691093155636.jpeg 502w\" sizes=\"auto, (max-width: 241px) 100vw, 241px\" \/><\/p>\n<p>&nbsp;<\/p>\n<p><span style=\"color: #008080\"><strong>Alicia Luna<\/strong><\/span><\/p>\n<p><span style=\"font-weight: 400\">Secretaria General de ATUR y Secretaria de G\u00e9nero de la FATUN<\/span><\/p>\n<p>&nbsp;<\/p>\n<p>&nbsp;<\/p>\n<p>&nbsp;<\/p>\n<p>&nbsp;<\/p>\n<p>&nbsp;<\/p>\n<p><img loading=\"lazy\" decoding=\"async\" class=\"wp-image-187 alignleft\" src=\"http:\/\/congresos.unlp.edu.ar\/unifeministas\/wp-content\/uploads\/sites\/69\/2023\/08\/E575cCHWYAEsNFh-263x300.png\" alt=\"\" width=\"242\" height=\"276\" srcset=\"https:\/\/congresos.unlp.edu.ar\/unifeministas\/wp-content\/uploads\/sites\/69\/2023\/08\/E575cCHWYAEsNFh-263x300.png 263w, https:\/\/congresos.unlp.edu.ar\/unifeministas\/wp-content\/uploads\/sites\/69\/2023\/08\/E575cCHWYAEsNFh.png 427w\" sizes=\"auto, (max-width: 242px) 100vw, 242px\" \/><\/p>\n<p>&nbsp;<\/p>\n<p><span style=\"color: #008080\"><strong>Michelle Vargas Lobo<\/strong><\/span><\/p>\n<p><span style=\"font-weight: 400\">Lic. en Enfermer\u00eda (UNR). <\/span><span style=\"font-weight: 400\">Activista por los DDHH de personas travesti trans<\/span><\/p>\n<p>&nbsp;<\/p>\n<p>&nbsp;<\/p>\n<p>&nbsp;<\/p>\n<p>&nbsp;<\/p>\n<p>&nbsp;<\/p>\n<p><img loading=\"lazy\" decoding=\"async\" class=\"wp-image-185 alignleft\" src=\"http:\/\/congresos.unlp.edu.ar\/unifeministas\/wp-content\/uploads\/sites\/69\/2023\/08\/mabelcampagnoli.png\" alt=\"\" width=\"243\" height=\"291\" \/><\/p>\n<p>&nbsp;<\/p>\n<p><span style=\"color: #008080\"><strong>Mabel Campagnoli<\/strong><\/span><\/p>\n<p>Dra. en Filosof\u00eda (UPO). Post-doctora en Estudios de G\u00e9nero (UCES). Subdirectora del Centro Interdisciplinario de Investigaciones en G\u00e9nero (IdIHCS-UNLP-CONICET)<\/p>\n<p>&nbsp;<\/p>\n<p>&nbsp;<\/p>\n<p>&nbsp;<\/p>\n<p>&nbsp;<\/p>\n<p>&nbsp;<\/p>\n<p><img loading=\"lazy\" decoding=\"async\" class=\"wp-image-190 alignleft\" src=\"http:\/\/congresos.unlp.edu.ar\/unifeministas\/wp-content\/uploads\/sites\/69\/2023\/08\/UubVuiVzH0XuVA9V-270x300.png\" alt=\"\" width=\"243\" height=\"270\" srcset=\"https:\/\/congresos.unlp.edu.ar\/unifeministas\/wp-content\/uploads\/sites\/69\/2023\/08\/UubVuiVzH0XuVA9V-270x300.png 270w, https:\/\/congresos.unlp.edu.ar\/unifeministas\/wp-content\/uploads\/sites\/69\/2023\/08\/UubVuiVzH0XuVA9V.png 375w\" sizes=\"auto, (max-width: 243px) 100vw, 243px\" \/><\/p>\n<p>&nbsp;<\/p>\n<p><span style=\"color: #008080\"><strong>Irma Colanzi<\/strong><\/span><\/p>\n<p>Dra. en Ciencias Sociales (UNLP). Doctoranda en Psicolog\u00eda y docente (UNLP)<\/p>\n<p>&nbsp;<\/p>\n<p>&nbsp;<\/p>\n<p>&nbsp;<\/p>\n<p>&nbsp;<\/p>\n<p>&nbsp;<\/p>\n<p><img loading=\"lazy\" decoding=\"async\" class=\"wp-image-193 alignleft\" src=\"http:\/\/congresos.unlp.edu.ar\/unifeministas\/wp-content\/uploads\/sites\/69\/2023\/08\/16753368068_fd6935834e_b-300x294.png\" alt=\"\" width=\"241\" height=\"236\" srcset=\"https:\/\/congresos.unlp.edu.ar\/unifeministas\/wp-content\/uploads\/sites\/69\/2023\/08\/16753368068_fd6935834e_b-300x294.png 300w, https:\/\/congresos.unlp.edu.ar\/unifeministas\/wp-content\/uploads\/sites\/69\/2023\/08\/16753368068_fd6935834e_b.png 472w\" sizes=\"auto, (max-width: 241px) 100vw, 241px\" \/><\/p>\n<p>&nbsp;<\/p>\n<p><span style=\"color: #008080\"><strong>Valeria Sardi<\/strong><\/span><\/p>\n<p><span style=\"font-weight: 400\">Dra. en Letras (UNLP). Docente en la FaHCE UNLP e investigadora del CInIG-FaHCE- IdIHCS UNLP. Docente en la Diplomatura de Extensi\u00f3n en Educaci\u00f3n Sexual Integral (FFyL-UBA)<\/span><\/p>\n<p>&nbsp;<\/p>\n<p>&nbsp;<\/p>\n<p>&nbsp;<\/p>\n<p>&nbsp;<\/p>\n<p><img loading=\"lazy\" decoding=\"async\" class=\"wp-image-217 alignleft\" src=\"http:\/\/congresos.unlp.edu.ar\/unifeministas\/wp-content\/uploads\/sites\/69\/2023\/08\/giseganbernarsino.png\" alt=\"\" width=\"243\" height=\"262\" \/><\/p>\n<p><span style=\"color: #008080\"><strong>Gisela Giambernardino<\/strong><\/span><\/p>\n<p><span style=\"font-weight: 400\">Dra. en Sociolog\u00eda de los fen\u00f3menos internacionales, del territorio y el Trabajo Social (Universit\u00e1 degli Studi di Trieste, Italia). <\/span><span style=\"font-weight: 400\">Dir. de Pol\u00edticas de G\u00e9nero (UNICEN). <\/span><span style=\"font-weight: 400\">Coordinadora CPRES Bonaerense, RUGE-CiN<\/span><\/p>\n<p>&nbsp;<\/p>\n<p>&nbsp;<\/p>\n<p>&nbsp;<\/p>\n<p>&nbsp;<\/p>\n<p>&nbsp;<\/p>\n<p><img loading=\"lazy\" decoding=\"async\" class=\"wp-image-192 alignleft\" src=\"http:\/\/congresos.unlp.edu.ar\/unifeministas\/wp-content\/uploads\/sites\/69\/2023\/08\/gastonsemeria-1.png\" alt=\"\" width=\"241\" height=\"277\" \/><\/p>\n<p>&nbsp;<\/p>\n<p><span style=\"color: #008080\"><strong>Gonzalo Gast\u00f3n Semer\u00eda<\/strong><\/span><\/p>\n<p><span style=\"font-weight: 400\">Abogado (UBA). <\/span><span style=\"font-weight: 400\">Docente investigador (UNA-UNPaz)<\/span><br \/>\n&nbsp;<\/p>\n<p>&nbsp;<\/p>\n<p>&nbsp;<br \/>\n&nbsp;<\/p>\n<p>&nbsp;<\/p>\n<p>&nbsp;<\/p>\n<p><img loading=\"lazy\" decoding=\"async\" class=\"wp-image-192 size-full alignleft\" src=\"http:\/\/congresos.unlp.edu.ar\/unifeministas\/wp-content\/uploads\/sites\/69\/2023\/09\/Valeria-Thus.jpg\" alt=\"\" width=\"241\" height=\"277\" \/><\/p>\n<p>&nbsp;<\/p>\n<p><span style=\"color: #008080\"><strong>Valeria Thus<\/strong><\/span><\/p>\n<p><span style=\"font-weight: 400\">Dra. en Derecho Penal. Mag. en Derecho Internacional de los Derechos Humanos. Docente a investigadora (UBA). Directora de Derechos Humanos (UBA).<\/span><span style=\"font-weight: 400\">Docente investigador (UNA-UNPaz)<\/span><br \/>\n&nbsp;<\/p>\n<p>&nbsp;<\/p>\n<p>&nbsp;<br \/>\n&nbsp;<\/p>\n<p>&nbsp;<\/p>\n<p><img loading=\"lazy\" decoding=\"async\" class=\"wp-image-413 size-full alignleft\" src=\"http:\/\/congresos.unlp.edu.ar\/unifeministas\/wp-content\/uploads\/sites\/69\/2023\/09\/sandraHoyos.jpg\" alt=\"\" width=\"241\" height=\"277\" \/><\/p>\n<p>&nbsp;<\/p>\n<p><span style=\"color: #008080\"><strong>Sandra Hoyos<\/strong><\/span><\/p>\n<p>Lic. Politica Social y Diplomada en G\u00e9neros (UNGS). Docente e investigadora en UNGS Y UNPAZ. Activista feminista y antirracista en Integrante del Colectivo Identidad Marron.<\/p>\n<\/div>\n<\/div><\/div><\/div><\/div><\/div><\/div>","protected":false},"excerpt":{"rendered":"<p>EXPOSITORXS CONFIRMARON SU PRESENCIA &nbsp; &nbsp; Estela D\u00edaz Ministra de las Mujeres, Pol\u00edticas de G\u00e9nero y Diversidad Sexual de la Provincia de Buenos Aires. Militante social, sindical y feminista. Integra la Mesa Nacional de la CTA (Central de Trabajadores de la Argentina) &nbsp; &nbsp; &nbsp; &nbsp; &nbsp; &nbsp; Andrea Varela Dra. en Comunicaci\u00f3n (UNLP). Vicepresidenta [&hellip;]<\/p>\n","protected":false},"author":2,"featured_media":0,"parent":0,"menu_order":0,"comment_status":"closed","ping_status":"closed","template":"","meta":{"advgb_blocks_editor_width":"","advgb_blocks_columns_visual_guide":"","footnotes":""},"class_list":["post-15","page","type-page","status-publish","hentry","post"],"aioseo_notices":[],"aioseo_head":"\n\t\t<!-- All in One SEO 5.0.1 - aioseo.com -->\n\t<meta name=\"description\" content=\"EXPOSITORXS CONFIRMARON SU PRESENCIA Estela D\u00edaz Ministra de las Mujeres, Pol\u00edticas de G\u00e9nero y Diversidad Sexual de la Provincia de Buenos Aires. Militante social, sindical y feminista. Integra la Mesa Nacional de la CTA (Central de Trabajadores de la Argentina) Andrea Varela Dra. en Comunicaci\u00f3n (UNLP). Vicepresidenta\" \/>\n\t<meta name=\"robots\" content=\"max-image-preview:large\" \/>\n\t<link rel=\"canonical\" href=\"https:\/\/congresos.unlp.edu.ar\/unifeministas\/programa-general-del-encuentro\/\" \/>\n\t<meta name=\"generator\" content=\"All in One SEO (AIOSEO) 5.0.1\" \/>\n\t\t<meta property=\"og:locale\" content=\"es_ES\" \/>\n\t\t<meta property=\"og:site_name\" content=\"II Jornadas Nacionales. Haciendo Universidades Feministas -\" \/>\n\t\t<meta property=\"og:type\" content=\"article\" \/>\n\t\t<meta property=\"og:title\" content=\"Expositorxs - II Jornadas Nacionales. Haciendo Universidades Feministas\" \/>\n\t\t<meta property=\"og:description\" content=\"EXPOSITORXS CONFIRMARON SU PRESENCIA Estela D\u00edaz Ministra de las Mujeres, Pol\u00edticas de G\u00e9nero y Diversidad Sexual de la Provincia de Buenos Aires. Militante social, sindical y feminista. Integra la Mesa Nacional de la CTA (Central de Trabajadores de la Argentina) Andrea Varela Dra. en Comunicaci\u00f3n (UNLP). Vicepresidenta\" \/>\n\t\t<meta property=\"og:url\" content=\"https:\/\/congresos.unlp.edu.ar\/unifeministas\/programa-general-del-encuentro\/\" \/>\n\t\t<meta property=\"article:published_time\" content=\"2023-04-25T14:29:56+00:00\" \/>\n\t\t<meta property=\"article:modified_time\" content=\"2023-09-22T19:18:56+00:00\" \/>\n\t\t<meta name=\"twitter:card\" content=\"summary_large_image\" \/>\n\t\t<meta name=\"twitter:title\" content=\"Expositorxs - II Jornadas Nacionales. Haciendo Universidades Feministas\" \/>\n\t\t<meta name=\"twitter:description\" content=\"EXPOSITORXS CONFIRMARON SU PRESENCIA Estela D\u00edaz Ministra de las Mujeres, Pol\u00edticas de G\u00e9nero y Diversidad Sexual de la Provincia de Buenos Aires. Militante social, sindical y feminista. Integra la Mesa Nacional de la CTA (Central de Trabajadores de la Argentina) Andrea Varela Dra. en Comunicaci\u00f3n (UNLP). Vicepresidenta\" \/>\n\t\t<script type=\"application\/ld+json\" class=\"aioseo-schema\">\n\t\t\t{\"@context\":\"https:\\\/\\\/schema.org\",\"@graph\":[{\"@type\":\"BreadcrumbList\",\"@id\":\"https:\\\/\\\/congresos.unlp.edu.ar\\\/unifeministas\\\/programa-general-del-encuentro\\\/#breadcrumblist\",\"itemListElement\":[{\"@type\":\"ListItem\",\"@id\":\"https:\\\/\\\/congresos.unlp.edu.ar\\\/unifeministas#listItem\",\"position\":1,\"name\":\"Home\",\"item\":\"https:\\\/\\\/congresos.unlp.edu.ar\\\/unifeministas\",\"nextItem\":{\"@type\":\"ListItem\",\"@id\":\"https:\\\/\\\/congresos.unlp.edu.ar\\\/unifeministas\\\/programa-general-del-encuentro\\\/#listItem\",\"name\":\"Expositorxs\"}},{\"@type\":\"ListItem\",\"@id\":\"https:\\\/\\\/congresos.unlp.edu.ar\\\/unifeministas\\\/programa-general-del-encuentro\\\/#listItem\",\"position\":2,\"name\":\"Expositorxs\",\"previousItem\":{\"@type\":\"ListItem\",\"@id\":\"https:\\\/\\\/congresos.unlp.edu.ar\\\/unifeministas#listItem\",\"name\":\"Home\"}}]},{\"@type\":\"Organization\",\"@id\":\"https:\\\/\\\/congresos.unlp.edu.ar\\\/unifeministas\\\/#organization\",\"name\":\"II Jornadas Nacionales. Haciendo Universidades Feministas\",\"url\":\"https:\\\/\\\/congresos.unlp.edu.ar\\\/unifeministas\\\/\"},{\"@type\":\"WebPage\",\"@id\":\"https:\\\/\\\/congresos.unlp.edu.ar\\\/unifeministas\\\/programa-general-del-encuentro\\\/#webpage\",\"url\":\"https:\\\/\\\/congresos.unlp.edu.ar\\\/unifeministas\\\/programa-general-del-encuentro\\\/\",\"name\":\"Expositorxs - II Jornadas Nacionales. Haciendo Universidades Feministas\",\"description\":\"EXPOSITORXS CONFIRMARON SU PRESENCIA Estela D\\u00edaz Ministra de las Mujeres, Pol\\u00edticas de G\\u00e9nero y Diversidad Sexual de la Provincia de Buenos Aires. Militante social, sindical y feminista. Integra la Mesa Nacional de la CTA (Central de Trabajadores de la Argentina) Andrea Varela Dra. en Comunicaci\\u00f3n (UNLP). Vicepresidenta\",\"inLanguage\":\"es-AR\",\"isPartOf\":{\"@id\":\"https:\\\/\\\/congresos.unlp.edu.ar\\\/unifeministas\\\/#website\"},\"breadcrumb\":{\"@id\":\"https:\\\/\\\/congresos.unlp.edu.ar\\\/unifeministas\\\/programa-general-del-encuentro\\\/#breadcrumblist\"},\"datePublished\":\"2023-04-25T11:29:56-03:00\",\"dateModified\":\"2023-09-22T16:18:56-03:00\"},{\"@type\":\"WebSite\",\"@id\":\"https:\\\/\\\/congresos.unlp.edu.ar\\\/unifeministas\\\/#website\",\"url\":\"https:\\\/\\\/congresos.unlp.edu.ar\\\/unifeministas\\\/\",\"name\":\"II Jornadas Nacionales. Haciendo Universidades Feministas\",\"inLanguage\":\"es-AR\",\"publisher\":{\"@id\":\"https:\\\/\\\/congresos.unlp.edu.ar\\\/unifeministas\\\/#organization\"}}]}\n\t\t<\/script>\n\t\t<!-- All in One SEO -->\n\n","aioseo_head_json":{"title":"Expositorxs - II Jornadas Nacionales. Haciendo Universidades Feministas","description":"EXPOSITORXS CONFIRMARON SU PRESENCIA Estela D\u00edaz Ministra de las Mujeres, Pol\u00edticas de G\u00e9nero y Diversidad Sexual de la Provincia de Buenos Aires. Militante social, sindical y feminista. Integra la Mesa Nacional de la CTA (Central de Trabajadores de la Argentina) Andrea Varela Dra. en Comunicaci\u00f3n (UNLP). Vicepresidenta","canonical_url":"https:\/\/congresos.unlp.edu.ar\/unifeministas\/programa-general-del-encuentro\/","robots":"max-image-preview:large","keywords":"","webmasterTools":{"miscellaneous":""},"schema":{"@context":"https:\/\/schema.org","@graph":[{"@type":"BreadcrumbList","@id":"https:\/\/congresos.unlp.edu.ar\/unifeministas\/programa-general-del-encuentro\/#breadcrumblist","itemListElement":[{"@type":"ListItem","@id":"https:\/\/congresos.unlp.edu.ar\/unifeministas#listItem","position":1,"name":"Home","item":"https:\/\/congresos.unlp.edu.ar\/unifeministas","nextItem":{"@type":"ListItem","@id":"https:\/\/congresos.unlp.edu.ar\/unifeministas\/programa-general-del-encuentro\/#listItem","name":"Expositorxs"}},{"@type":"ListItem","@id":"https:\/\/congresos.unlp.edu.ar\/unifeministas\/programa-general-del-encuentro\/#listItem","position":2,"name":"Expositorxs","previousItem":{"@type":"ListItem","@id":"https:\/\/congresos.unlp.edu.ar\/unifeministas#listItem","name":"Home"}}]},{"@type":"Organization","@id":"https:\/\/congresos.unlp.edu.ar\/unifeministas\/#organization","name":"II Jornadas Nacionales. Haciendo Universidades Feministas","url":"https:\/\/congresos.unlp.edu.ar\/unifeministas\/"},{"@type":"WebPage","@id":"https:\/\/congresos.unlp.edu.ar\/unifeministas\/programa-general-del-encuentro\/#webpage","url":"https:\/\/congresos.unlp.edu.ar\/unifeministas\/programa-general-del-encuentro\/","name":"Expositorxs - II Jornadas Nacionales. Haciendo Universidades Feministas","description":"EXPOSITORXS CONFIRMARON SU PRESENCIA Estela D\u00edaz Ministra de las Mujeres, Pol\u00edticas de G\u00e9nero y Diversidad Sexual de la Provincia de Buenos Aires. Militante social, sindical y feminista. Integra la Mesa Nacional de la CTA (Central de Trabajadores de la Argentina) Andrea Varela Dra. en Comunicaci\u00f3n (UNLP). Vicepresidenta","inLanguage":"es-AR","isPartOf":{"@id":"https:\/\/congresos.unlp.edu.ar\/unifeministas\/#website"},"breadcrumb":{"@id":"https:\/\/congresos.unlp.edu.ar\/unifeministas\/programa-general-del-encuentro\/#breadcrumblist"},"datePublished":"2023-04-25T11:29:56-03:00","dateModified":"2023-09-22T16:18:56-03:00"},{"@type":"WebSite","@id":"https:\/\/congresos.unlp.edu.ar\/unifeministas\/#website","url":"https:\/\/congresos.unlp.edu.ar\/unifeministas\/","name":"II Jornadas Nacionales. Haciendo Universidades Feministas","inLanguage":"es-AR","publisher":{"@id":"https:\/\/congresos.unlp.edu.ar\/unifeministas\/#organization"}}]},"og:locale":"es_ES","og:site_name":"II Jornadas Nacionales. Haciendo Universidades Feministas -","og:type":"article","og:title":"Expositorxs - II Jornadas Nacionales. Haciendo Universidades Feministas","og:description":"EXPOSITORXS CONFIRMARON SU PRESENCIA Estela D\u00edaz Ministra de las Mujeres, Pol\u00edticas de G\u00e9nero y Diversidad Sexual de la Provincia de Buenos Aires. Militante social, sindical y feminista. Integra la Mesa Nacional de la CTA (Central de Trabajadores de la Argentina) Andrea Varela Dra. en Comunicaci\u00f3n (UNLP). Vicepresidenta","og:url":"https:\/\/congresos.unlp.edu.ar\/unifeministas\/programa-general-del-encuentro\/","article:published_time":"2023-04-25T14:29:56+00:00","article:modified_time":"2023-09-22T19:18:56+00:00","twitter:card":"summary_large_image","twitter:title":"Expositorxs - II Jornadas Nacionales. Haciendo Universidades Feministas","twitter:description":"EXPOSITORXS CONFIRMARON SU PRESENCIA Estela D\u00edaz Ministra de las Mujeres, Pol\u00edticas de G\u00e9nero y Diversidad Sexual de la Provincia de Buenos Aires. Militante social, sindical y feminista. Integra la Mesa Nacional de la CTA (Central de Trabajadores de la Argentina) Andrea Varela Dra. en Comunicaci\u00f3n (UNLP). Vicepresidenta"},"aioseo_meta_data":{"post_id":"15","title":null,"description":null,"keywords":[],"keyphrases":{"focus":{"keyphrase":"","score":0,"analysis":{"keyphraseInTitle":{"score":0,"maxScore":9,"error":1}}},"additional":[]},"primary_term":null,"canonical_url":null,"og_title":null,"og_description":null,"og_object_type":"default","og_image_type":"default","og_image_url":null,"og_image_width":null,"og_image_height":null,"og_image_custom_url":null,"og_image_custom_fields":null,"og_video":"","og_custom_url":null,"og_article_section":null,"og_article_tags":[],"twitter_use_og":false,"twitter_card":"default","twitter_image_type":"default","twitter_image_url":null,"twitter_image_custom_url":null,"twitter_image_custom_fields":null,"twitter_title":null,"twitter_description":null,"schema":{"blockGraphs":[],"customGraphs":[],"default":{"data":{"Article":[],"Course":[],"Dataset":[],"FAQPage":[],"Movie":[],"Person":[],"Product":[],"ProductReview":[],"Car":[],"Recipe":[],"Service":[],"SoftwareApplication":[],"WebPage":[]},"graphName":"WebPage","isEnabled":true},"graphs":[]},"schema_type":"default","schema_type_options":null,"pillar_content":false,"robots_default":true,"robots_noindex":false,"robots_noarchive":false,"robots_nosnippet":false,"robots_nofollow":false,"robots_noimageindex":false,"robots_noodp":false,"robots_notranslate":false,"robots_max_snippet":"-1","robots_max_videopreview":"-1","robots_max_imagepreview":"large","priority":null,"frequency":"default","local_seo":null,"breadcrumb_settings":null,"limit_modified_date":false,"created":"2023-04-25 14:38:59","updated":"2025-06-13 17:02:12","ai":null,"seo_analyzer_scan_date":null,"focus_keyword":null,"additional_keywords":null,"truseo_locale":null},"aioseo_breadcrumb":"<div class=\"aioseo-breadcrumbs\"><span class=\"aioseo-breadcrumb\">\n\t\t\t<a href=\"https:\/\/congresos.unlp.edu.ar\/unifeministas\" title=\"Home\">Home<\/a>\n\t\t<\/span><span class=\"aioseo-breadcrumb-separator\">&raquo;<\/span><span class=\"aioseo-breadcrumb\">\n\t\t\tExpositorxs\n\t\t<\/span><\/div>","aioseo_breadcrumb_json":[{"label":"Home","link":"https:\/\/congresos.unlp.edu.ar\/unifeministas"},{"label":"Expositorxs","link":"https:\/\/congresos.unlp.edu.ar\/unifeministas\/programa-general-del-encuentro\/"}],"coauthors":[],"author_meta":{"author_link":"https:\/\/congresos.unlp.edu.ar\/unifeministas\/author\/congresos\/","display_name":"congresos"},"relative_dates":{"created":"Posted 3 a\u00f1os ago","modified":"Updated 3 a\u00f1os ago"},"absolute_dates":{"created":"Posted on 25 abril, 2023","modified":"Updated on 22 septiembre, 2023"},"absolute_dates_time":{"created":"Posted on 25 abril, 2023 11:29 am","modified":"Updated on 22 septiembre, 2023 4:18 pm"},"featured_img_caption":"","featured_img":false,"series_order":"","_links":{"self":[{"href":"https:\/\/congresos.unlp.edu.ar\/unifeministas\/wp-json\/wp\/v2\/pages\/15","targetHints":{"allow":["GET"]}}],"collection":[{"href":"https:\/\/congresos.unlp.edu.ar\/unifeministas\/wp-json\/wp\/v2\/pages"}],"about":[{"href":"https:\/\/congresos.unlp.edu.ar\/unifeministas\/wp-json\/wp\/v2\/types\/page"}],"author":[{"embeddable":true,"href":"https:\/\/congresos.unlp.edu.ar\/unifeministas\/wp-json\/wp\/v2\/users\/2"}],"replies":[{"embeddable":true,"href":"https:\/\/congresos.unlp.edu.ar\/unifeministas\/wp-json\/wp\/v2\/comments?post=15"}],"version-history":[{"count":0,"href":"https:\/\/congresos.unlp.edu.ar\/unifeministas\/wp-json\/wp\/v2\/pages\/15\/revisions"}],"wp:attachment":[{"href":"https:\/\/congresos.unlp.edu.ar\/unifeministas\/wp-json\/wp\/v2\/media?parent=15"}],"curies":[{"name":"wp","href":"https:\/\/api.w.org\/{rel}","templated":true}]}}