{"id":100,"date":"2023-04-27T23:10:44","date_gmt":"2023-04-28T02:10:44","guid":{"rendered":"https:\/\/congresos.unlp.edu.ar\/unifeministas\/?page_id=100"},"modified":"2023-05-12T21:26:31","modified_gmt":"2023-05-13T00:26:31","slug":"ejes-de-las-jornadas","status":"publish","type":"page","link":"https:\/\/congresos.unlp.edu.ar\/unifeministas\/ejes-de-las-jornadas\/","title":{"rendered":"Ejes de las jornadas"},"content":{"rendered":"<div id=\"pl-100\"  class=\"panel-layout\" ><div id=\"pg-100-0\"  class=\"panel-grid panel-has-style\" ><div class=\"so-parallax siteorigin-panels-stretch panel-row-style panel-row-style-for-100-0\" data-stretch-type=\"full-stretched\" ><img fetchpriority=\"high\" decoding=\"async\" width=\"1920\" height=\"500\" src=\"https:\/\/congresos.unlp.edu.ar\/unifeministas\/wp-content\/uploads\/sites\/69\/2023\/04\/BG-tit.jpg\" class=\"attachment-full size-full\" alt=\"\" data-siteorigin-parallax=\"true\" loading=\"eager\" srcset=\"https:\/\/congresos.unlp.edu.ar\/unifeministas\/wp-content\/uploads\/sites\/69\/2023\/04\/BG-tit.jpg 1920w, https:\/\/congresos.unlp.edu.ar\/unifeministas\/wp-content\/uploads\/sites\/69\/2023\/04\/BG-tit-300x78.jpg 300w, https:\/\/congresos.unlp.edu.ar\/unifeministas\/wp-content\/uploads\/sites\/69\/2023\/04\/BG-tit-1024x267.jpg 1024w, https:\/\/congresos.unlp.edu.ar\/unifeministas\/wp-content\/uploads\/sites\/69\/2023\/04\/BG-tit-768x200.jpg 768w, https:\/\/congresos.unlp.edu.ar\/unifeministas\/wp-content\/uploads\/sites\/69\/2023\/04\/BG-tit-1536x400.jpg 1536w\" sizes=\"(max-width: 1920px) 100vw, 1920px\" \/><div id=\"pgc-100-0-0\"  class=\"panel-grid-cell\" ><div id=\"panel-100-0-0-0\" class=\"so-panel widget widget_sow-editor panel-first-child panel-last-child\" data-index=\"0\" ><div\n\t\t\t\n\t\t\tclass=\"so-widget-sow-editor so-widget-sow-editor-base\"\n\t\t\t\n\t\t>\n<div class=\"siteorigin-widget-tinymce textwidget\">\n\t<h1 style=\"text-align: center\"><strong><span style=\"color: #00646c\">EJES DE LAS JORNADAS<\/span><\/strong><\/h1>\n<\/div>\n<\/div><\/div><\/div><\/div><\/div><div id=\"pg-100-1\"  class=\"panel-grid panel-has-style\" ><div class=\"panel-row-style panel-row-style-for-100-1\" ><div id=\"pgc-100-1-0\"  class=\"panel-grid-cell\" ><div id=\"panel-100-1-0-0\" class=\"so-panel widget widget_sow-editor panel-first-child panel-last-child\" data-index=\"1\" ><div class=\"panel-widget-style panel-widget-style-for-100-1-0-0\" ><div\n\t\t\t\n\t\t\tclass=\"so-widget-sow-editor so-widget-sow-editor-base\"\n\t\t\t\n\t\t>\n<div class=\"siteorigin-widget-tinymce textwidget\">\n\t<p><span style=\"font-weight: 300\">Las Jornadas se desarrollar\u00e1n a partir de los siguientes seis ejes tem\u00e1ticos:<\/span><\/p>\n<ol>\n<li><span style=\"color: #008080\"><b> Pol\u00edticas y estrategias de abordaje de las violencias sexistas.<\/b><\/span><\/li>\n<\/ol>\n<p><span style=\"font-weight: 300\">Este eje procura reflexionar acerca de experiencias y dispositivos institucionales de abordaje de las violencias sexistas en el campo universitario, teniendo en cuenta la particularidad del trabajo de intervenci\u00f3n, acompa\u00f1amiento y orientaci\u00f3n que se despliega al respecto.\u00a0<\/span><\/p>\n<ol start=\"2\">\n<li><span style=\"color: #008080\"><b> Pol\u00edticas de diversidad sexo-gen\u00e9ricas.<\/b><\/span><\/li>\n<\/ol>\n<p><span style=\"font-weight: 300\">Este eje procura reflexionar acerca de los procesos institucionales que cada universidad viene desarrollando en pos de transformar las l\u00f3gicas instituidas, fuertemente atravesadas por binarismos e invisibilizaciones, interrogando silencios y ausencias y que al naturalizarlas y reproducirlas, devienen en expresiones de violencias institucionales.<\/span><\/p>\n<ol start=\"3\">\n<li><span style=\"color: #008080\"><b> Pol\u00edticas institucionales de cuidado.<\/b><\/span><\/li>\n<\/ol>\n<p><span style=\"font-weight: 300\">Este eje procura reflexionar acerca de la persistencia de las desigualdades sexo-gen\u00e9ricas en la organizaci\u00f3n social y sexual del cuidado, impactando diferencialmente en mujeres e identidades disidentes. Sit\u00faa la importancia y necesidad de analizar esos vectores de desigualaci\u00f3n y generar mecanismos formativos, normativos, de servicios y presupuestarios para transformar esas tramas y fortalecer\u00a0 marcos institucionales de\u00a0 cuidado para trabajdorxs y estudiantes .<\/span><\/p>\n<ol start=\"4\">\n<li><span style=\"color: #008080\"><b> Pol\u00edticas de formaci\u00f3n permanente en g\u00e9nero, en vinculaci\u00f3n con la Ley \u201cMicaela\u201d.<\/b><\/span><\/li>\n<\/ol>\n<p><span style=\"font-weight: 300\">Este eje procura generar un intercambio a partir de las experiencias de formaci\u00f3n en g\u00e9nero y sexualidades desplegadas en el marco de la implementaci\u00f3n de la Ley Micaela, con el prop\u00f3sito de propiciar el efectivo reconocimiento y ejercicio de los derechos de las mujeres y disidencias, analizando sus alcances en t\u00e9rminos pol\u00edtico-pedag\u00f3gicos e institucionales.<\/span><\/p>\n<ol start=\"5\">\n<li><span style=\"color: #008080\"><b> Pol\u00edticas de transversalizaci\u00f3n de la perspectiva de g\u00e9nero en la educaci\u00f3n superior.<\/b><\/span><\/li>\n<\/ol>\n<p><span style=\"font-weight: 300\">Este eje propone reflexionar acerca de las implicancias de fortalecer transversalmente la institucionalizaci\u00f3n de la perspectiva de g\u00e9nero como dimensi\u00f3n que sustenta la vida democr\u00e1tica y constituye una referencia ineludible para consolidar lo p\u00fablico, poni\u00e9ndose en juego en la docencia, en la investigaci\u00f3n, en la extensi\u00f3n y en la gesti\u00f3n universitaria.<\/span><\/p>\n<ol start=\"6\">\n<li><span style=\"color: #008080\"><b> Pol\u00edticas de producci\u00f3n de conocimiento, sistematizaci\u00f3n y an\u00e1lisis de datos.<\/b><\/span><\/li>\n<\/ol>\n<p><span style=\"font-weight: 300\">Este eje busca promover intercambios acerca de la construcci\u00f3n de sistemas de registro, sistematizaci\u00f3n y an\u00e1lisis de datos que permitan parametrizar tipos de situaciones atendidas, de consultas receptadas,\u00a0 y de medidas y pol\u00edticas adoptadas por las universidades, reconociendo la centralidad de la producci\u00f3n de conocimientos para dar cuenta de la modalidad de las violencias, as\u00ed como de su crecimiento o disminuci\u00f3n; y para evaluar y reorientar las pol\u00edticas institucionales en materia de g\u00e9neros, diversidades y feminismos. <\/span><\/p>\n<\/div>\n<\/div><\/div><\/div><\/div><\/div><\/div><\/div>","protected":false},"excerpt":{"rendered":"<p>EJES DE LAS JORNADAS Las Jornadas se desarrollar\u00e1n a partir de los siguientes seis ejes tem\u00e1ticos: Pol\u00edticas y estrategias de abordaje de las violencias sexistas. Este eje procura reflexionar acerca de experiencias y dispositivos institucionales de abordaje de las violencias sexistas en el campo universitario, teniendo en cuenta la particularidad del trabajo de intervenci\u00f3n, acompa\u00f1amiento [&hellip;]<\/p>\n","protected":false},"author":49,"featured_media":0,"parent":0,"menu_order":0,"comment_status":"closed","ping_status":"closed","template":"","meta":{"advgb_blocks_editor_width":"","advgb_blocks_columns_visual_guide":"","footnotes":""},"class_list":["post-100","page","type-page","status-publish","hentry","post"],"aioseo_notices":[],"aioseo_head":"\n\t\t<!-- All in One SEO 5.0.1 - aioseo.com -->\n\t<meta name=\"description\" content=\"EJES DE LAS JORNADAS Las Jornadas se desarrollar\u00e1n a partir de los siguientes seis ejes tem\u00e1ticos: Pol\u00edticas y estrategias de abordaje de las violencias sexistas. Este eje procura reflexionar acerca de experiencias y dispositivos institucionales de abordaje de las violencias sexistas en el campo universitario, teniendo en cuenta la particularidad del trabajo de intervenci\u00f3n, acompa\u00f1amiento\" \/>\n\t<meta name=\"robots\" content=\"max-image-preview:large\" \/>\n\t<link rel=\"canonical\" href=\"https:\/\/congresos.unlp.edu.ar\/unifeministas\/ejes-de-las-jornadas\/\" \/>\n\t<meta name=\"generator\" content=\"All in One SEO (AIOSEO) 5.0.1\" \/>\n\t\t<meta property=\"og:locale\" content=\"es_ES\" \/>\n\t\t<meta property=\"og:site_name\" content=\"II Jornadas Nacionales. Haciendo Universidades Feministas -\" \/>\n\t\t<meta property=\"og:type\" content=\"article\" \/>\n\t\t<meta property=\"og:title\" content=\"Ejes de las jornadas - II Jornadas Nacionales. Haciendo Universidades Feministas\" \/>\n\t\t<meta property=\"og:description\" content=\"EJES DE LAS JORNADAS Las Jornadas se desarrollar\u00e1n a partir de los siguientes seis ejes tem\u00e1ticos: Pol\u00edticas y estrategias de abordaje de las violencias sexistas. Este eje procura reflexionar acerca de experiencias y dispositivos institucionales de abordaje de las violencias sexistas en el campo universitario, teniendo en cuenta la particularidad del trabajo de intervenci\u00f3n, acompa\u00f1amiento\" \/>\n\t\t<meta property=\"og:url\" content=\"https:\/\/congresos.unlp.edu.ar\/unifeministas\/ejes-de-las-jornadas\/\" \/>\n\t\t<meta property=\"article:published_time\" content=\"2023-04-28T02:10:44+00:00\" \/>\n\t\t<meta property=\"article:modified_time\" content=\"2023-05-13T00:26:31+00:00\" \/>\n\t\t<meta name=\"twitter:card\" content=\"summary_large_image\" \/>\n\t\t<meta name=\"twitter:title\" content=\"Ejes de las jornadas - II Jornadas Nacionales. Haciendo Universidades Feministas\" \/>\n\t\t<meta name=\"twitter:description\" content=\"EJES DE LAS JORNADAS Las Jornadas se desarrollar\u00e1n a partir de los siguientes seis ejes tem\u00e1ticos: Pol\u00edticas y estrategias de abordaje de las violencias sexistas. Este eje procura reflexionar acerca de experiencias y dispositivos institucionales de abordaje de las violencias sexistas en el campo universitario, teniendo en cuenta la particularidad del trabajo de intervenci\u00f3n, acompa\u00f1amiento\" \/>\n\t\t<script type=\"application\/ld+json\" class=\"aioseo-schema\">\n\t\t\t{\"@context\":\"https:\\\/\\\/schema.org\",\"@graph\":[{\"@type\":\"BreadcrumbList\",\"@id\":\"https:\\\/\\\/congresos.unlp.edu.ar\\\/unifeministas\\\/ejes-de-las-jornadas\\\/#breadcrumblist\",\"itemListElement\":[{\"@type\":\"ListItem\",\"@id\":\"https:\\\/\\\/congresos.unlp.edu.ar\\\/unifeministas#listItem\",\"position\":1,\"name\":\"Home\",\"item\":\"https:\\\/\\\/congresos.unlp.edu.ar\\\/unifeministas\",\"nextItem\":{\"@type\":\"ListItem\",\"@id\":\"https:\\\/\\\/congresos.unlp.edu.ar\\\/unifeministas\\\/ejes-de-las-jornadas\\\/#listItem\",\"name\":\"Ejes de las jornadas\"}},{\"@type\":\"ListItem\",\"@id\":\"https:\\\/\\\/congresos.unlp.edu.ar\\\/unifeministas\\\/ejes-de-las-jornadas\\\/#listItem\",\"position\":2,\"name\":\"Ejes de las jornadas\",\"previousItem\":{\"@type\":\"ListItem\",\"@id\":\"https:\\\/\\\/congresos.unlp.edu.ar\\\/unifeministas#listItem\",\"name\":\"Home\"}}]},{\"@type\":\"Organization\",\"@id\":\"https:\\\/\\\/congresos.unlp.edu.ar\\\/unifeministas\\\/#organization\",\"name\":\"II Jornadas Nacionales. Haciendo Universidades Feministas\",\"url\":\"https:\\\/\\\/congresos.unlp.edu.ar\\\/unifeministas\\\/\"},{\"@type\":\"WebPage\",\"@id\":\"https:\\\/\\\/congresos.unlp.edu.ar\\\/unifeministas\\\/ejes-de-las-jornadas\\\/#webpage\",\"url\":\"https:\\\/\\\/congresos.unlp.edu.ar\\\/unifeministas\\\/ejes-de-las-jornadas\\\/\",\"name\":\"Ejes de las jornadas - II Jornadas Nacionales. Haciendo Universidades Feministas\",\"description\":\"EJES DE LAS JORNADAS Las Jornadas se desarrollar\\u00e1n a partir de los siguientes seis ejes tem\\u00e1ticos: Pol\\u00edticas y estrategias de abordaje de las violencias sexistas. Este eje procura reflexionar acerca de experiencias y dispositivos institucionales de abordaje de las violencias sexistas en el campo universitario, teniendo en cuenta la particularidad del trabajo de intervenci\\u00f3n, acompa\\u00f1amiento\",\"inLanguage\":\"es-AR\",\"isPartOf\":{\"@id\":\"https:\\\/\\\/congresos.unlp.edu.ar\\\/unifeministas\\\/#website\"},\"breadcrumb\":{\"@id\":\"https:\\\/\\\/congresos.unlp.edu.ar\\\/unifeministas\\\/ejes-de-las-jornadas\\\/#breadcrumblist\"},\"datePublished\":\"2023-04-27T23:10:44-03:00\",\"dateModified\":\"2023-05-12T21:26:31-03:00\"},{\"@type\":\"WebSite\",\"@id\":\"https:\\\/\\\/congresos.unlp.edu.ar\\\/unifeministas\\\/#website\",\"url\":\"https:\\\/\\\/congresos.unlp.edu.ar\\\/unifeministas\\\/\",\"name\":\"II Jornadas Nacionales. Haciendo Universidades Feministas\",\"inLanguage\":\"es-AR\",\"publisher\":{\"@id\":\"https:\\\/\\\/congresos.unlp.edu.ar\\\/unifeministas\\\/#organization\"}}]}\n\t\t<\/script>\n\t\t<!-- All in One SEO -->\n\n","aioseo_head_json":{"title":"Ejes de las jornadas - II Jornadas Nacionales. Haciendo Universidades Feministas","description":"EJES DE LAS JORNADAS Las Jornadas se desarrollar\u00e1n a partir de los siguientes seis ejes tem\u00e1ticos: Pol\u00edticas y estrategias de abordaje de las violencias sexistas. Este eje procura reflexionar acerca de experiencias y dispositivos institucionales de abordaje de las violencias sexistas en el campo universitario, teniendo en cuenta la particularidad del trabajo de intervenci\u00f3n, acompa\u00f1amiento","canonical_url":"https:\/\/congresos.unlp.edu.ar\/unifeministas\/ejes-de-las-jornadas\/","robots":"max-image-preview:large","keywords":"","webmasterTools":{"miscellaneous":""},"schema":{"@context":"https:\/\/schema.org","@graph":[{"@type":"BreadcrumbList","@id":"https:\/\/congresos.unlp.edu.ar\/unifeministas\/ejes-de-las-jornadas\/#breadcrumblist","itemListElement":[{"@type":"ListItem","@id":"https:\/\/congresos.unlp.edu.ar\/unifeministas#listItem","position":1,"name":"Home","item":"https:\/\/congresos.unlp.edu.ar\/unifeministas","nextItem":{"@type":"ListItem","@id":"https:\/\/congresos.unlp.edu.ar\/unifeministas\/ejes-de-las-jornadas\/#listItem","name":"Ejes de las jornadas"}},{"@type":"ListItem","@id":"https:\/\/congresos.unlp.edu.ar\/unifeministas\/ejes-de-las-jornadas\/#listItem","position":2,"name":"Ejes de las jornadas","previousItem":{"@type":"ListItem","@id":"https:\/\/congresos.unlp.edu.ar\/unifeministas#listItem","name":"Home"}}]},{"@type":"Organization","@id":"https:\/\/congresos.unlp.edu.ar\/unifeministas\/#organization","name":"II Jornadas Nacionales. Haciendo Universidades Feministas","url":"https:\/\/congresos.unlp.edu.ar\/unifeministas\/"},{"@type":"WebPage","@id":"https:\/\/congresos.unlp.edu.ar\/unifeministas\/ejes-de-las-jornadas\/#webpage","url":"https:\/\/congresos.unlp.edu.ar\/unifeministas\/ejes-de-las-jornadas\/","name":"Ejes de las jornadas - II Jornadas Nacionales. Haciendo Universidades Feministas","description":"EJES DE LAS JORNADAS Las Jornadas se desarrollar\u00e1n a partir de los siguientes seis ejes tem\u00e1ticos: Pol\u00edticas y estrategias de abordaje de las violencias sexistas. Este eje procura reflexionar acerca de experiencias y dispositivos institucionales de abordaje de las violencias sexistas en el campo universitario, teniendo en cuenta la particularidad del trabajo de intervenci\u00f3n, acompa\u00f1amiento","inLanguage":"es-AR","isPartOf":{"@id":"https:\/\/congresos.unlp.edu.ar\/unifeministas\/#website"},"breadcrumb":{"@id":"https:\/\/congresos.unlp.edu.ar\/unifeministas\/ejes-de-las-jornadas\/#breadcrumblist"},"datePublished":"2023-04-27T23:10:44-03:00","dateModified":"2023-05-12T21:26:31-03:00"},{"@type":"WebSite","@id":"https:\/\/congresos.unlp.edu.ar\/unifeministas\/#website","url":"https:\/\/congresos.unlp.edu.ar\/unifeministas\/","name":"II Jornadas Nacionales. Haciendo Universidades Feministas","inLanguage":"es-AR","publisher":{"@id":"https:\/\/congresos.unlp.edu.ar\/unifeministas\/#organization"}}]},"og:locale":"es_ES","og:site_name":"II Jornadas Nacionales. Haciendo Universidades Feministas -","og:type":"article","og:title":"Ejes de las jornadas - II Jornadas Nacionales. Haciendo Universidades Feministas","og:description":"EJES DE LAS JORNADAS Las Jornadas se desarrollar\u00e1n a partir de los siguientes seis ejes tem\u00e1ticos: Pol\u00edticas y estrategias de abordaje de las violencias sexistas. Este eje procura reflexionar acerca de experiencias y dispositivos institucionales de abordaje de las violencias sexistas en el campo universitario, teniendo en cuenta la particularidad del trabajo de intervenci\u00f3n, acompa\u00f1amiento","og:url":"https:\/\/congresos.unlp.edu.ar\/unifeministas\/ejes-de-las-jornadas\/","article:published_time":"2023-04-28T02:10:44+00:00","article:modified_time":"2023-05-13T00:26:31+00:00","twitter:card":"summary_large_image","twitter:title":"Ejes de las jornadas - II Jornadas Nacionales. Haciendo Universidades Feministas","twitter:description":"EJES DE LAS JORNADAS Las Jornadas se desarrollar\u00e1n a partir de los siguientes seis ejes tem\u00e1ticos: Pol\u00edticas y estrategias de abordaje de las violencias sexistas. Este eje procura reflexionar acerca de experiencias y dispositivos institucionales de abordaje de las violencias sexistas en el campo universitario, teniendo en cuenta la particularidad del trabajo de intervenci\u00f3n, acompa\u00f1amiento"},"aioseo_meta_data":{"post_id":"100","title":null,"description":null,"keywords":[],"keyphrases":{"focus":{"keyphrase":"","score":0,"analysis":{"keyphraseInTitle":{"score":0,"maxScore":9,"error":1}}},"additional":[]},"primary_term":null,"canonical_url":null,"og_title":null,"og_description":null,"og_object_type":"default","og_image_type":"default","og_image_url":null,"og_image_width":null,"og_image_height":null,"og_image_custom_url":null,"og_image_custom_fields":null,"og_video":"","og_custom_url":null,"og_article_section":null,"og_article_tags":[],"twitter_use_og":false,"twitter_card":"default","twitter_image_type":"default","twitter_image_url":null,"twitter_image_custom_url":null,"twitter_image_custom_fields":null,"twitter_title":null,"twitter_description":null,"schema":{"blockGraphs":[],"customGraphs":[],"default":{"data":{"Article":[],"Course":[],"Dataset":[],"FAQPage":[],"Movie":[],"Person":[],"Product":[],"ProductReview":[],"Car":[],"Recipe":[],"Service":[],"SoftwareApplication":[],"WebPage":[]},"graphName":"","isEnabled":true},"graphs":[]},"schema_type":"default","schema_type_options":null,"pillar_content":false,"robots_default":true,"robots_noindex":false,"robots_noarchive":false,"robots_nosnippet":false,"robots_nofollow":false,"robots_noimageindex":false,"robots_noodp":false,"robots_notranslate":false,"robots_max_snippet":"-1","robots_max_videopreview":"-1","robots_max_imagepreview":"large","priority":null,"frequency":"default","local_seo":null,"breadcrumb_settings":null,"limit_modified_date":false,"created":"2023-04-28 02:10:44","updated":"2025-06-13 17:02:12","ai":null,"seo_analyzer_scan_date":null,"focus_keyword":null,"additional_keywords":null,"truseo_locale":null},"aioseo_breadcrumb":"<div class=\"aioseo-breadcrumbs\"><span class=\"aioseo-breadcrumb\">\n\t\t\t<a href=\"https:\/\/congresos.unlp.edu.ar\/unifeministas\" title=\"Home\">Home<\/a>\n\t\t<\/span><span class=\"aioseo-breadcrumb-separator\">&raquo;<\/span><span class=\"aioseo-breadcrumb\">\n\t\t\tEjes de las jornadas\n\t\t<\/span><\/div>","aioseo_breadcrumb_json":[{"label":"Home","link":"https:\/\/congresos.unlp.edu.ar\/unifeministas"},{"label":"Ejes de las jornadas","link":"https:\/\/congresos.unlp.edu.ar\/unifeministas\/ejes-de-las-jornadas\/"}],"coauthors":[],"author_meta":{"author_link":"https:\/\/congresos.unlp.edu.ar\/unifeministas\/author\/agustina\/","display_name":"agustina"},"relative_dates":{"created":"Posted 3 a\u00f1os ago","modified":"Updated 3 a\u00f1os ago"},"absolute_dates":{"created":"Posted on 27 abril, 2023","modified":"Updated on 12 mayo, 2023"},"absolute_dates_time":{"created":"Posted on 27 abril, 2023 11:10 pm","modified":"Updated on 12 mayo, 2023 9:26 pm"},"featured_img_caption":"","featured_img":false,"series_order":"","_links":{"self":[{"href":"https:\/\/congresos.unlp.edu.ar\/unifeministas\/wp-json\/wp\/v2\/pages\/100","targetHints":{"allow":["GET"]}}],"collection":[{"href":"https:\/\/congresos.unlp.edu.ar\/unifeministas\/wp-json\/wp\/v2\/pages"}],"about":[{"href":"https:\/\/congresos.unlp.edu.ar\/unifeministas\/wp-json\/wp\/v2\/types\/page"}],"author":[{"embeddable":true,"href":"https:\/\/congresos.unlp.edu.ar\/unifeministas\/wp-json\/wp\/v2\/users\/49"}],"replies":[{"embeddable":true,"href":"https:\/\/congresos.unlp.edu.ar\/unifeministas\/wp-json\/wp\/v2\/comments?post=100"}],"version-history":[{"count":0,"href":"https:\/\/congresos.unlp.edu.ar\/unifeministas\/wp-json\/wp\/v2\/pages\/100\/revisions"}],"wp:attachment":[{"href":"https:\/\/congresos.unlp.edu.ar\/unifeministas\/wp-json\/wp\/v2\/media?parent=100"}],"curies":[{"name":"wp","href":"https:\/\/api.w.org\/{rel}","templated":true}]}}