{"id":112,"date":"2023-09-26T17:40:18","date_gmt":"2023-09-26T20:40:18","guid":{"rendered":"https:\/\/congresos.unlp.edu.ar\/jornadas-icj2023\/?page_id=112"},"modified":"2023-09-26T19:26:35","modified_gmt":"2023-09-26T22:26:35","slug":"mesa-10","status":"publish","type":"page","link":"https:\/\/congresos.unlp.edu.ar\/jornadas-icj2023\/mesas-de-trabajo\/mesa-10\/","title":{"rendered":"Mesa 10"},"content":{"rendered":"<p><b>Ense\u00f1anza del derecho con perspectiva de g\u00e9nero y diversidad sexual. Estrategias, experiencias y desaf\u00edos.<\/b><span style=\"font-weight: 400\"> (Julieta Cano y Karina Andriola).<\/span><\/p>\n<p><span style=\"font-weight: 400\"><strong>Contacto<\/strong>: <\/span><a href=\"mailto:Com10jornadasICJ@gmail.com\"><span style=\"font-weight: 400\">Com10jornadasICJ@gmail.com<\/span><\/a><span style=\"font-weight: 400\">\u00a0\u00a0<\/span><\/p>\n<p><span style=\"font-weight: 400\">Esta mesa se propone como un espacio para dialogar sobre la necesidad de que la formaci\u00f3n jur\u00eddica se deje atravesar por la perspectiva de g\u00e9nero y diversidad sexual (en adelante PdGyDS). Asumiendo que una de las demandas de la Reforma Judicial Feminista tiene que ver con la demanda por la inclusi\u00f3n de la PdGyDS en la actividad judicial y jurisdiccional, el debate debe abarcar tambi\u00e9n a las facultades de derecho a traves tanto de la educaci\u00f3n de grado como de postgrado enfocado en la formaci\u00f3n de nuevos\/as\/es profesionales asi como tambi\u00e9n en la actualizaci\u00f3n (\u00bfy\/o deconstrucci\u00f3n) de graduados\/as\/es. Ello, no s\u00f3lo por ser el espacio privilegiado para adquirir los conocimientos para el ejercicio profesional (en cualquiera de sus variantes), sino porque es el lugar en donde se aprende el <\/span><i><span style=\"font-weight: 400\">habitus<\/span><\/i><span style=\"font-weight: 400\"> (en t\u00e9rminos de Bourdieu).<\/span><\/p>\n<p><span style=\"font-weight: 400\">Son interrogantes que inspiran la constituci\u00f3n de esta mesa: \u00bfQu\u00e9 significa incluir la PdGySD en el curriculum de las facultades de derecho? \u00bfQu\u00e9 lugar ocupa espec\u00edficamente la perspectiva de diversidad sexual? \u00bfCu\u00e1les son las estrategias que se despliegan en el aula para trabajar los contenidos? \u00bfQu\u00e9 pr\u00e1cticas \u00e1ulicas se podr\u00edan caracterizar por tener PdGyDS? \u00bfQu\u00e9 experiencias concretas podemos compartir sobre la inclusi\u00f3n de la PdGyDS en la ense\u00f1anza del derecho? \u00bfQu\u00e9 resistencias -institucionales y vinculares- podemos identificar?\u00a0<\/span><\/p>\n<p>&nbsp;<\/p>\n","protected":false},"excerpt":{"rendered":"<p>Ense\u00f1anza del derecho con perspectiva de g\u00e9nero y diversidad sexual. Estrategias, experiencias y desaf\u00edos. (Julieta Cano y Karina Andriola). Contacto: Com10jornadasICJ@gmail.com\u00a0\u00a0 Esta mesa se propone como un espacio para dialogar sobre la necesidad de que la formaci\u00f3n jur\u00eddica se deje atravesar por la perspectiva de g\u00e9nero y diversidad sexual (en adelante PdGyDS). Asumiendo que una [&hellip;]<\/p>\n","protected":false},"author":24,"featured_media":0,"parent":6,"menu_order":0,"comment_status":"closed","ping_status":"closed","template":"","meta":{"advgb_blocks_editor_width":"","advgb_blocks_columns_visual_guide":"","footnotes":""},"class_list":["post-112","page","type-page","status-publish","hentry","post"],"aioseo_notices":[],"aioseo_head":"\n\t\t<!-- All in One SEO 5.0.1 - aioseo.com -->\n\t<meta name=\"description\" content=\"Ense\u00f1anza del derecho con perspectiva de g\u00e9nero y diversidad sexual. Estrategias, experiencias y desaf\u00edos. (Julieta Cano y Karina Andriola). Contacto: Com10jornadasICJ@gmail.com Esta mesa se propone como un espacio para dialogar sobre la necesidad de que la formaci\u00f3n jur\u00eddica se deje atravesar por la perspectiva de g\u00e9nero y diversidad sexual (en adelante PdGyDS). Asumiendo que una\" \/>\n\t<meta name=\"robots\" content=\"max-image-preview:large\" \/>\n\t<link rel=\"canonical\" href=\"https:\/\/congresos.unlp.edu.ar\/jornadas-icj2023\/mesas-de-trabajo\/mesa-10\/\" \/>\n\t<meta name=\"generator\" content=\"All in One SEO (AIOSEO) 5.0.1\" \/>\n\t\t<meta property=\"og:locale\" content=\"es_ES\" \/>\n\t\t<meta property=\"og:site_name\" content=\"IV Jornadas Nacionales del Instituto de Cultura Jur\u00eddica -\" \/>\n\t\t<meta property=\"og:type\" content=\"article\" \/>\n\t\t<meta property=\"og:title\" content=\"Mesa 10 - IV Jornadas Nacionales del Instituto de Cultura Jur\u00eddica\" \/>\n\t\t<meta property=\"og:description\" content=\"Ense\u00f1anza del derecho con perspectiva de g\u00e9nero y diversidad sexual. Estrategias, experiencias y desaf\u00edos. (Julieta Cano y Karina Andriola). Contacto: Com10jornadasICJ@gmail.com Esta mesa se propone como un espacio para dialogar sobre la necesidad de que la formaci\u00f3n jur\u00eddica se deje atravesar por la perspectiva de g\u00e9nero y diversidad sexual (en adelante PdGyDS). Asumiendo que una\" \/>\n\t\t<meta property=\"og:url\" content=\"https:\/\/congresos.unlp.edu.ar\/jornadas-icj2023\/mesas-de-trabajo\/mesa-10\/\" \/>\n\t\t<meta property=\"article:published_time\" content=\"2023-09-26T20:40:18+00:00\" \/>\n\t\t<meta property=\"article:modified_time\" content=\"2023-09-26T22:26:35+00:00\" \/>\n\t\t<meta name=\"twitter:card\" content=\"summary_large_image\" \/>\n\t\t<meta name=\"twitter:title\" content=\"Mesa 10 - IV Jornadas Nacionales del Instituto de Cultura Jur\u00eddica\" \/>\n\t\t<meta name=\"twitter:description\" content=\"Ense\u00f1anza del derecho con perspectiva de g\u00e9nero y diversidad sexual. Estrategias, experiencias y desaf\u00edos. (Julieta Cano y Karina Andriola). Contacto: Com10jornadasICJ@gmail.com Esta mesa se propone como un espacio para dialogar sobre la necesidad de que la formaci\u00f3n jur\u00eddica se deje atravesar por la perspectiva de g\u00e9nero y diversidad sexual (en adelante PdGyDS). Asumiendo que una\" \/>\n\t\t<script type=\"application\/ld+json\" class=\"aioseo-schema\">\n\t\t\t{\"@context\":\"https:\\\/\\\/schema.org\",\"@graph\":[{\"@type\":\"BreadcrumbList\",\"@id\":\"https:\\\/\\\/congresos.unlp.edu.ar\\\/jornadas-icj2023\\\/mesas-de-trabajo\\\/mesa-10\\\/#breadcrumblist\",\"itemListElement\":[{\"@type\":\"ListItem\",\"@id\":\"https:\\\/\\\/congresos.unlp.edu.ar\\\/jornadas-icj2023#listItem\",\"position\":1,\"name\":\"Home\",\"item\":\"https:\\\/\\\/congresos.unlp.edu.ar\\\/jornadas-icj2023\",\"nextItem\":{\"@type\":\"ListItem\",\"@id\":\"https:\\\/\\\/congresos.unlp.edu.ar\\\/jornadas-icj2023\\\/mesas-de-trabajo\\\/#listItem\",\"name\":\"Mesas de trabajo\"}},{\"@type\":\"ListItem\",\"@id\":\"https:\\\/\\\/congresos.unlp.edu.ar\\\/jornadas-icj2023\\\/mesas-de-trabajo\\\/#listItem\",\"position\":2,\"name\":\"Mesas de trabajo\",\"item\":\"https:\\\/\\\/congresos.unlp.edu.ar\\\/jornadas-icj2023\\\/mesas-de-trabajo\\\/\",\"nextItem\":{\"@type\":\"ListItem\",\"@id\":\"https:\\\/\\\/congresos.unlp.edu.ar\\\/jornadas-icj2023\\\/mesas-de-trabajo\\\/mesa-10\\\/#listItem\",\"name\":\"Mesa 10\"},\"previousItem\":{\"@type\":\"ListItem\",\"@id\":\"https:\\\/\\\/congresos.unlp.edu.ar\\\/jornadas-icj2023#listItem\",\"name\":\"Home\"}},{\"@type\":\"ListItem\",\"@id\":\"https:\\\/\\\/congresos.unlp.edu.ar\\\/jornadas-icj2023\\\/mesas-de-trabajo\\\/mesa-10\\\/#listItem\",\"position\":3,\"name\":\"Mesa 10\",\"previousItem\":{\"@type\":\"ListItem\",\"@id\":\"https:\\\/\\\/congresos.unlp.edu.ar\\\/jornadas-icj2023\\\/mesas-de-trabajo\\\/#listItem\",\"name\":\"Mesas de trabajo\"}}]},{\"@type\":\"Organization\",\"@id\":\"https:\\\/\\\/congresos.unlp.edu.ar\\\/jornadas-icj2023\\\/#organization\",\"name\":\"IV Jornadas Nacionales del Instituto de Cultura Jur\\u00eddica\",\"url\":\"https:\\\/\\\/congresos.unlp.edu.ar\\\/jornadas-icj2023\\\/\"},{\"@type\":\"WebPage\",\"@id\":\"https:\\\/\\\/congresos.unlp.edu.ar\\\/jornadas-icj2023\\\/mesas-de-trabajo\\\/mesa-10\\\/#webpage\",\"url\":\"https:\\\/\\\/congresos.unlp.edu.ar\\\/jornadas-icj2023\\\/mesas-de-trabajo\\\/mesa-10\\\/\",\"name\":\"Mesa 10 - IV Jornadas Nacionales del Instituto de Cultura Jur\\u00eddica\",\"description\":\"Ense\\u00f1anza del derecho con perspectiva de g\\u00e9nero y diversidad sexual. Estrategias, experiencias y desaf\\u00edos. (Julieta Cano y Karina Andriola). Contacto: Com10jornadasICJ@gmail.com Esta mesa se propone como un espacio para dialogar sobre la necesidad de que la formaci\\u00f3n jur\\u00eddica se deje atravesar por la perspectiva de g\\u00e9nero y diversidad sexual (en adelante PdGyDS). Asumiendo que una\",\"inLanguage\":\"es-AR\",\"isPartOf\":{\"@id\":\"https:\\\/\\\/congresos.unlp.edu.ar\\\/jornadas-icj2023\\\/#website\"},\"breadcrumb\":{\"@id\":\"https:\\\/\\\/congresos.unlp.edu.ar\\\/jornadas-icj2023\\\/mesas-de-trabajo\\\/mesa-10\\\/#breadcrumblist\"},\"datePublished\":\"2023-09-26T17:40:18-03:00\",\"dateModified\":\"2023-09-26T19:26:35-03:00\"},{\"@type\":\"WebSite\",\"@id\":\"https:\\\/\\\/congresos.unlp.edu.ar\\\/jornadas-icj2023\\\/#website\",\"url\":\"https:\\\/\\\/congresos.unlp.edu.ar\\\/jornadas-icj2023\\\/\",\"name\":\"IV Jornadas Nacionales del Instituto de Cultura Jur\\u00eddica\",\"inLanguage\":\"es-AR\",\"publisher\":{\"@id\":\"https:\\\/\\\/congresos.unlp.edu.ar\\\/jornadas-icj2023\\\/#organization\"}}]}\n\t\t<\/script>\n\t\t<!-- All in One SEO -->\n\n","aioseo_head_json":{"title":"Mesa 10 - IV Jornadas Nacionales del Instituto de Cultura Jur\u00eddica","description":"Ense\u00f1anza del derecho con perspectiva de g\u00e9nero y diversidad sexual. Estrategias, experiencias y desaf\u00edos. (Julieta Cano y Karina Andriola). Contacto: Com10jornadasICJ@gmail.com Esta mesa se propone como un espacio para dialogar sobre la necesidad de que la formaci\u00f3n jur\u00eddica se deje atravesar por la perspectiva de g\u00e9nero y diversidad sexual (en adelante PdGyDS). Asumiendo que una","canonical_url":"https:\/\/congresos.unlp.edu.ar\/jornadas-icj2023\/mesas-de-trabajo\/mesa-10\/","robots":"max-image-preview:large","keywords":"","webmasterTools":{"miscellaneous":""},"schema":{"@context":"https:\/\/schema.org","@graph":[{"@type":"BreadcrumbList","@id":"https:\/\/congresos.unlp.edu.ar\/jornadas-icj2023\/mesas-de-trabajo\/mesa-10\/#breadcrumblist","itemListElement":[{"@type":"ListItem","@id":"https:\/\/congresos.unlp.edu.ar\/jornadas-icj2023#listItem","position":1,"name":"Home","item":"https:\/\/congresos.unlp.edu.ar\/jornadas-icj2023","nextItem":{"@type":"ListItem","@id":"https:\/\/congresos.unlp.edu.ar\/jornadas-icj2023\/mesas-de-trabajo\/#listItem","name":"Mesas de trabajo"}},{"@type":"ListItem","@id":"https:\/\/congresos.unlp.edu.ar\/jornadas-icj2023\/mesas-de-trabajo\/#listItem","position":2,"name":"Mesas de trabajo","item":"https:\/\/congresos.unlp.edu.ar\/jornadas-icj2023\/mesas-de-trabajo\/","nextItem":{"@type":"ListItem","@id":"https:\/\/congresos.unlp.edu.ar\/jornadas-icj2023\/mesas-de-trabajo\/mesa-10\/#listItem","name":"Mesa 10"},"previousItem":{"@type":"ListItem","@id":"https:\/\/congresos.unlp.edu.ar\/jornadas-icj2023#listItem","name":"Home"}},{"@type":"ListItem","@id":"https:\/\/congresos.unlp.edu.ar\/jornadas-icj2023\/mesas-de-trabajo\/mesa-10\/#listItem","position":3,"name":"Mesa 10","previousItem":{"@type":"ListItem","@id":"https:\/\/congresos.unlp.edu.ar\/jornadas-icj2023\/mesas-de-trabajo\/#listItem","name":"Mesas de trabajo"}}]},{"@type":"Organization","@id":"https:\/\/congresos.unlp.edu.ar\/jornadas-icj2023\/#organization","name":"IV Jornadas Nacionales del Instituto de Cultura Jur\u00eddica","url":"https:\/\/congresos.unlp.edu.ar\/jornadas-icj2023\/"},{"@type":"WebPage","@id":"https:\/\/congresos.unlp.edu.ar\/jornadas-icj2023\/mesas-de-trabajo\/mesa-10\/#webpage","url":"https:\/\/congresos.unlp.edu.ar\/jornadas-icj2023\/mesas-de-trabajo\/mesa-10\/","name":"Mesa 10 - IV Jornadas Nacionales del Instituto de Cultura Jur\u00eddica","description":"Ense\u00f1anza del derecho con perspectiva de g\u00e9nero y diversidad sexual. Estrategias, experiencias y desaf\u00edos. (Julieta Cano y Karina Andriola). Contacto: Com10jornadasICJ@gmail.com Esta mesa se propone como un espacio para dialogar sobre la necesidad de que la formaci\u00f3n jur\u00eddica se deje atravesar por la perspectiva de g\u00e9nero y diversidad sexual (en adelante PdGyDS). Asumiendo que una","inLanguage":"es-AR","isPartOf":{"@id":"https:\/\/congresos.unlp.edu.ar\/jornadas-icj2023\/#website"},"breadcrumb":{"@id":"https:\/\/congresos.unlp.edu.ar\/jornadas-icj2023\/mesas-de-trabajo\/mesa-10\/#breadcrumblist"},"datePublished":"2023-09-26T17:40:18-03:00","dateModified":"2023-09-26T19:26:35-03:00"},{"@type":"WebSite","@id":"https:\/\/congresos.unlp.edu.ar\/jornadas-icj2023\/#website","url":"https:\/\/congresos.unlp.edu.ar\/jornadas-icj2023\/","name":"IV Jornadas Nacionales del Instituto de Cultura Jur\u00eddica","inLanguage":"es-AR","publisher":{"@id":"https:\/\/congresos.unlp.edu.ar\/jornadas-icj2023\/#organization"}}]},"og:locale":"es_ES","og:site_name":"IV Jornadas Nacionales del Instituto de Cultura Jur\u00eddica -","og:type":"article","og:title":"Mesa 10 - IV Jornadas Nacionales del Instituto de Cultura Jur\u00eddica","og:description":"Ense\u00f1anza del derecho con perspectiva de g\u00e9nero y diversidad sexual. Estrategias, experiencias y desaf\u00edos. (Julieta Cano y Karina Andriola). Contacto: Com10jornadasICJ@gmail.com Esta mesa se propone como un espacio para dialogar sobre la necesidad de que la formaci\u00f3n jur\u00eddica se deje atravesar por la perspectiva de g\u00e9nero y diversidad sexual (en adelante PdGyDS). Asumiendo que una","og:url":"https:\/\/congresos.unlp.edu.ar\/jornadas-icj2023\/mesas-de-trabajo\/mesa-10\/","article:published_time":"2023-09-26T20:40:18+00:00","article:modified_time":"2023-09-26T22:26:35+00:00","twitter:card":"summary_large_image","twitter:title":"Mesa 10 - IV Jornadas Nacionales del Instituto de Cultura Jur\u00eddica","twitter:description":"Ense\u00f1anza del derecho con perspectiva de g\u00e9nero y diversidad sexual. Estrategias, experiencias y desaf\u00edos. (Julieta Cano y Karina Andriola). Contacto: Com10jornadasICJ@gmail.com Esta mesa se propone como un espacio para dialogar sobre la necesidad de que la formaci\u00f3n jur\u00eddica se deje atravesar por la perspectiva de g\u00e9nero y diversidad sexual (en adelante PdGyDS). Asumiendo que una"},"aioseo_meta_data":{"post_id":"112","title":null,"description":null,"keywords":[],"keyphrases":{"focus":{"keyphrase":"","score":0,"analysis":{"keyphraseInTitle":{"score":0,"maxScore":9,"error":1}}},"additional":[]},"primary_term":null,"canonical_url":null,"og_title":null,"og_description":null,"og_object_type":"default","og_image_type":"default","og_image_url":null,"og_image_width":null,"og_image_height":null,"og_image_custom_url":null,"og_image_custom_fields":null,"og_video":"","og_custom_url":null,"og_article_section":null,"og_article_tags":[],"twitter_use_og":false,"twitter_card":"default","twitter_image_type":"default","twitter_image_url":null,"twitter_image_custom_url":null,"twitter_image_custom_fields":null,"twitter_title":null,"twitter_description":null,"schema":{"blockGraphs":[],"customGraphs":[],"default":{"data":{"Article":[],"Course":[],"Dataset":[],"FAQPage":[],"Movie":[],"Person":[],"Product":[],"ProductReview":[],"Car":[],"Recipe":[],"Service":[],"SoftwareApplication":[],"WebPage":[]},"graphName":"WebPage","isEnabled":true},"graphs":[]},"schema_type":"default","schema_type_options":null,"pillar_content":false,"robots_default":true,"robots_noindex":false,"robots_noarchive":false,"robots_nosnippet":false,"robots_nofollow":false,"robots_noimageindex":false,"robots_noodp":false,"robots_notranslate":false,"robots_max_snippet":"-1","robots_max_videopreview":"-1","robots_max_imagepreview":"large","priority":null,"frequency":"default","local_seo":null,"breadcrumb_settings":null,"limit_modified_date":false,"ai":null,"created":"2023-09-26 20:40:18","updated":"2025-06-13 19:47:09","seo_analyzer_scan_date":null,"focus_keyword":null,"additional_keywords":null,"truseo_locale":null},"aioseo_breadcrumb":"<div class=\"aioseo-breadcrumbs\"><span class=\"aioseo-breadcrumb\">\n\t\t\t<a href=\"https:\/\/congresos.unlp.edu.ar\/jornadas-icj2023\" title=\"Home\">Home<\/a>\n\t\t<\/span><span class=\"aioseo-breadcrumb-separator\">&raquo;<\/span><span class=\"aioseo-breadcrumb\">\n\t\t\t<a href=\"https:\/\/congresos.unlp.edu.ar\/jornadas-icj2023\/mesas-de-trabajo\/\" title=\"Mesas de trabajo\">Mesas de trabajo<\/a>\n\t\t<\/span><span class=\"aioseo-breadcrumb-separator\">&raquo;<\/span><span class=\"aioseo-breadcrumb\">\n\t\t\tMesa 10\n\t\t<\/span><\/div>","aioseo_breadcrumb_json":[{"label":"Home","link":"https:\/\/congresos.unlp.edu.ar\/jornadas-icj2023"},{"label":"Mesas de trabajo","link":"https:\/\/congresos.unlp.edu.ar\/jornadas-icj2023\/mesas-de-trabajo\/"},{"label":"Mesa 10","link":"https:\/\/congresos.unlp.edu.ar\/jornadas-icj2023\/mesas-de-trabajo\/mesa-10\/"}],"coauthors":[],"author_meta":{"author_link":"https:\/\/congresos.unlp.edu.ar\/jornadas-icj2023\/author\/batista-alejandro\/","display_name":"batista.alejandro"},"relative_dates":{"created":"Posted 3 a\u00f1os ago","modified":"Updated 3 a\u00f1os ago"},"absolute_dates":{"created":"Posted on 26 septiembre, 2023","modified":"Updated on 26 septiembre, 2023"},"absolute_dates_time":{"created":"Posted on 26 septiembre, 2023 5:40 pm","modified":"Updated on 26 septiembre, 2023 7:26 pm"},"featured_img_caption":"","featured_img":false,"series_order":"","_links":{"self":[{"href":"https:\/\/congresos.unlp.edu.ar\/jornadas-icj2023\/wp-json\/wp\/v2\/pages\/112","targetHints":{"allow":["GET"]}}],"collection":[{"href":"https:\/\/congresos.unlp.edu.ar\/jornadas-icj2023\/wp-json\/wp\/v2\/pages"}],"about":[{"href":"https:\/\/congresos.unlp.edu.ar\/jornadas-icj2023\/wp-json\/wp\/v2\/types\/page"}],"author":[{"embeddable":true,"href":"https:\/\/congresos.unlp.edu.ar\/jornadas-icj2023\/wp-json\/wp\/v2\/users\/24"}],"replies":[{"embeddable":true,"href":"https:\/\/congresos.unlp.edu.ar\/jornadas-icj2023\/wp-json\/wp\/v2\/comments?post=112"}],"version-history":[{"count":0,"href":"https:\/\/congresos.unlp.edu.ar\/jornadas-icj2023\/wp-json\/wp\/v2\/pages\/112\/revisions"}],"up":[{"embeddable":true,"href":"https:\/\/congresos.unlp.edu.ar\/jornadas-icj2023\/wp-json\/wp\/v2\/pages\/6"}],"wp:attachment":[{"href":"https:\/\/congresos.unlp.edu.ar\/jornadas-icj2023\/wp-json\/wp\/v2\/media?parent=112"}],"curies":[{"name":"wp","href":"https:\/\/api.w.org\/{rel}","templated":true}]}}