{"id":97,"date":"2022-06-06T22:39:17","date_gmt":"2022-06-07T01:39:17","guid":{"rendered":"https:\/\/congresos.unlp.edu.ar\/jeatef\/?page_id=97"},"modified":"2022-06-06T22:45:08","modified_gmt":"2022-06-07T01:45:08","slug":"sobre-roman","status":"publish","type":"page","link":"https:\/\/congresos.unlp.edu.ar\/jeatef\/sobre-roman\/","title":{"rendered":"Sobre Rom\u00e1n"},"content":{"rendered":"<h1><b>Carta de Osvaldo en memoria a nuestro compa\u00f1ero Rom\u00e1n Segovia<\/b><\/h1>\n<p><i>Enviada a la lista de correos del equipo docente, el Martes 16 de Junio del 2020 a las 18hs<\/i><\/p>\n<p>Estoy escribiendo desde el coraz\u00f3n&#8230;<\/p>\n<p>Esta ma\u00f1ana me llam\u00f3 Santi para avisarme y me golpe\u00f3 la noticia, aunque el a\u00f1o pasado present\u00ed esto. Por eso quise quedarme con su imagen en el aula, en nuestras reuniones, en los asados, en las aulas paralelas, en cada discusi\u00f3n, en cada dramatizaci\u00f3n, en cada uno de nosotros.<\/p>\n<p>Me golpe\u00f3 porque se nos fue un pedazo grande de la historia del TEF (o CATEF como \u00e9l sol\u00eda llamarlo en muchas ocasiones).<\/p>\n<p>Se nos fue la rebeld\u00eda sin formas, se nos fueron los planteos provocadores imprescindibles si se quiere construir algo que se la pel\u00e9e al sistema dominante. Se nos fue tambi\u00e9n su impertinencia que, a veces, rozaba la desubicaci\u00f3n pero que en tantas ocasiones sirvi\u00f3 como disparador de tantas ideas conmocionantes, audaces, antisistema&#8230;<\/p>\n<p>Lo recuerdo cuando nos vimos por primera vez, \u00e9l en su rol de alumno (paleoalumno, seg\u00fan su propia definici\u00f3n&#8230;) y yo en el de ayudante. Al inicio, cuando todav\u00eda no habia TEF, cuando compart\u00edamos unas horas en una de las comisiones, cada uno en su rol. Me acuerdo de su gesto inquieto y de desagrado, me acuerdo sus dificultades para rendir y c\u00f3mo modific\u00f3 eso cuando, pasado casi un a\u00f1o, se incorpor\u00f3 al naciente equipo de docentes y estudiantes. Aprendi\u00f3 muy r\u00e1pido y de todo porque su inquietud no reconoc\u00eda l\u00edmites, su b\u00fasqueda fue hacia todas las direcciones. Sab\u00eda f\u00edsica, sab\u00eda did\u00e1ctica, sab\u00eda filosof\u00eda, sab\u00eda m\u00fasica, sab\u00eda geolog\u00eda&#8230;<\/p>\n<p>Pero lo m\u00e1s importante: fue un ROM\u00c1N aut\u00e9ntico&#8230;<\/p>\n<p><img loading=\"lazy\" decoding=\"async\" class=\"alignnone size-medium wp-image-80\" src=\"http:\/\/congresos.unlp.edu.ar\/jeatef\/wp-content\/uploads\/sites\/51\/2022\/05\/Roman_el_musico-212x300.jpeg\" alt=\"\" width=\"212\" height=\"300\" srcset=\"https:\/\/congresos.unlp.edu.ar\/jeatef\/wp-content\/uploads\/sites\/51\/2022\/05\/Roman_el_musico-212x300.jpeg 212w, https:\/\/congresos.unlp.edu.ar\/jeatef\/wp-content\/uploads\/sites\/51\/2022\/05\/Roman_el_musico-722x1024.jpeg 722w, https:\/\/congresos.unlp.edu.ar\/jeatef\/wp-content\/uploads\/sites\/51\/2022\/05\/Roman_el_musico-768x1089.jpeg 768w, https:\/\/congresos.unlp.edu.ar\/jeatef\/wp-content\/uploads\/sites\/51\/2022\/05\/Roman_el_musico.jpeg 903w\" sizes=\"auto, (max-width: 212px) 100vw, 212px\" \/><\/p>\n<p>Rom\u00e1n Segovia &#8211; 2 de Enero 1948 &#8211; 15 de Junio de 2020<\/p>\n","protected":false},"excerpt":{"rendered":"<p>Carta de Osvaldo en memoria a nuestro compa\u00f1ero Rom\u00e1n Segovia Enviada a la lista de correos del equipo docente, el Martes 16 de Junio del 2020 a las 18hs Estoy escribiendo desde el coraz\u00f3n&#8230; Esta ma\u00f1ana me llam\u00f3 Santi para avisarme y me golpe\u00f3 la noticia, aunque el a\u00f1o pasado present\u00ed esto. Por eso quise [&hellip;]<\/p>\n","protected":false},"author":138,"featured_media":0,"parent":0,"menu_order":0,"comment_status":"closed","ping_status":"closed","template":"","meta":{"advgb_blocks_editor_width":"","advgb_blocks_columns_visual_guide":"","footnotes":""},"class_list":["post-97","page","type-page","status-publish","hentry","post"],"aioseo_notices":[],"coauthors":[],"author_meta":{"author_link":"https:\/\/congresos.unlp.edu.ar\/jeatef\/author\/sebastiancabrera\/","display_name":"sebastiancabrera"},"relative_dates":{"created":"Posted 4 a\u00f1os ago","modified":"Updated 4 a\u00f1os ago"},"absolute_dates":{"created":"Posted on 6 junio, 2022","modified":"Updated on 6 junio, 2022"},"absolute_dates_time":{"created":"Posted on 6 junio, 2022 10:39 pm","modified":"Updated on 6 junio, 2022 10:45 pm"},"featured_img_caption":"","featured_img":false,"series_order":"","_links":{"self":[{"href":"https:\/\/congresos.unlp.edu.ar\/jeatef\/wp-json\/wp\/v2\/pages\/97","targetHints":{"allow":["GET"]}}],"collection":[{"href":"https:\/\/congresos.unlp.edu.ar\/jeatef\/wp-json\/wp\/v2\/pages"}],"about":[{"href":"https:\/\/congresos.unlp.edu.ar\/jeatef\/wp-json\/wp\/v2\/types\/page"}],"author":[{"embeddable":true,"href":"https:\/\/congresos.unlp.edu.ar\/jeatef\/wp-json\/wp\/v2\/users\/138"}],"replies":[{"embeddable":true,"href":"https:\/\/congresos.unlp.edu.ar\/jeatef\/wp-json\/wp\/v2\/comments?post=97"}],"version-history":[{"count":0,"href":"https:\/\/congresos.unlp.edu.ar\/jeatef\/wp-json\/wp\/v2\/pages\/97\/revisions"}],"wp:attachment":[{"href":"https:\/\/congresos.unlp.edu.ar\/jeatef\/wp-json\/wp\/v2\/media?parent=97"}],"curies":[{"name":"wp","href":"https:\/\/api.w.org\/{rel}","templated":true}]}}