{"id":23,"date":"2023-11-06T10:58:02","date_gmt":"2023-11-06T13:58:02","guid":{"rendered":"https:\/\/congresos.unlp.edu.ar\/escom12\/?page_id=23"},"modified":"2024-06-30T17:54:05","modified_gmt":"2024-06-30T20:54:05","slug":"programa","status":"publish","type":"page","link":"https:\/\/congresos.unlp.edu.ar\/escom12?page_id=23","title":{"rendered":"Programa"},"content":{"rendered":"<p><a href=\"https:\/\/congresos.unlp.edu.ar\/escom12\/wp-content\/uploads\/sites\/80\/2024\/06\/programa-ESCOM12-LP-JAID2-1.pdf\"><img loading=\"lazy\" decoding=\"async\" class=\"alignleft wp-image-292\" src=\"https:\/\/congresos.unlp.edu.ar\/escom12\/wp-content\/uploads\/sites\/80\/2024\/06\/programa-preview2.jpg\" alt=\"\" width=\"202\" height=\"401\" srcset=\"https:\/\/congresos.unlp.edu.ar\/escom12\/wp-content\/uploads\/sites\/80\/2024\/06\/programa-preview2.jpg 274w, https:\/\/congresos.unlp.edu.ar\/escom12\/wp-content\/uploads\/sites\/80\/2024\/06\/programa-preview2-151x300.jpg 151w\" sizes=\"auto, (max-width: 202px) 100vw, 202px\" \/><\/a>&#8211;<\/p>\n<p>.<\/p>\n<h2>Descargar el Programa de la Conferencia<\/h2>\n<p><a href=\"https:\/\/congresos.unlp.edu.ar\/escom12\/wp-content\/uploads\/sites\/80\/2024\/06\/programa-ESCOM12-LP-JAID2-1.pdf\">Archivo PDF<\/a><\/p>\n<p>.<\/p>\n<p>.<\/p>\n<p>.<\/p>\n<p>&#8211;<\/p>\n<p>&#8211;<\/p>\n<p>&nbsp;<\/p>\n<p><strong>&#8211;<\/strong><\/p>\n<p><strong>La Plata<\/strong><\/p>\n<p>Conferencista principal<\/p>\n<p><b><img loading=\"lazy\" decoding=\"async\" class=\"size-medium wp-image-173 alignleft\" src=\"http:\/\/congresos.unlp.edu.ar\/escom12\/wp-content\/uploads\/sites\/80\/2024\/04\/flyer-redes-300x300.jpg\" alt=\"\" width=\"300\" height=\"300\" srcset=\"https:\/\/congresos.unlp.edu.ar\/escom12\/wp-content\/uploads\/sites\/80\/2024\/04\/flyer-redes-300x300.jpg 300w, https:\/\/congresos.unlp.edu.ar\/escom12\/wp-content\/uploads\/sites\/80\/2024\/04\/flyer-redes-1024x1024.jpg 1024w, https:\/\/congresos.unlp.edu.ar\/escom12\/wp-content\/uploads\/sites\/80\/2024\/04\/flyer-redes-150x150.jpg 150w, https:\/\/congresos.unlp.edu.ar\/escom12\/wp-content\/uploads\/sites\/80\/2024\/04\/flyer-redes-768x768.jpg 768w, https:\/\/congresos.unlp.edu.ar\/escom12\/wp-content\/uploads\/sites\/80\/2024\/04\/flyer-redes.jpg 1500w\" sizes=\"auto, (max-width: 300px) 100vw, 300px\" \/><\/b><em>Bruno Mesz<\/em><\/p>\n<p><b>Correspondencias crosmodales con la m\u00fasica: predicci\u00f3n de emociones musicales a partir de formas y materiales visuales, la m\u00fasica de los perfumes y la experiencia gastros\u00f3nica del caf\u00e9<\/b><\/p>\n<p><span style=\"font-weight: 400\">Las correspondencias crosmodales han sido definidas como \u00ablas sorprendentes conexiones que la mayor\u00eda de las personas comparten entre est\u00edmulos aparentemente no relacionados presentados en distintas modalidades sensoriales\u00bb. En la actualidad existen numerosas investigaciones sobre las correspondencias crosmodales entre est\u00edmulos musicales complejos y colores, formas, olores, gustos\/sabores y sensaciones t\u00e1ctiles. Tras repasar algunas ideas te\u00f3ricas sobre la tipolog\u00eda y los mecanismos subyacentes, analizar\u00e9 tres estudios recientes que plantean interrogantes sobre el papel de las emociones musicales y muestran la existencia de diferentes correspondencias entre determinados grupos de personas. En primer lugar, analizar\u00e9 la predictibilidad de las emociones inducidas por la m\u00fasica bas\u00e1ndome en la asociaci\u00f3n de la m\u00fasica con formas y materiales visuales. A continuaci\u00f3n, el segundo estudio muestra que diferentes dimensiones odor\u00edferas como c\u00e1lido\/fresco, masculino\/femenino y alcanforado o trigeminal se asocian con par\u00e1metros musicales distintivos, pero los participantes se dividen en dos grupos que establecen diferentes conexiones crosmodales. Por \u00faltimo, el tercer estudio muestra que la m\u00fasica puede tener un impacto en la din\u00e1mica de la percepci\u00f3n y las emociones cambiantes en la experiencia multisensorial del caf\u00e9.<\/span><\/p>\n<p>&nbsp;<\/p>\n<p><strong>Bio<\/strong><\/p>\n<p><span style=\"font-weight: 400\"><img loading=\"lazy\" decoding=\"async\" class=\"alignright wp-image-175\" src=\"http:\/\/congresos.unlp.edu.ar\/escom12\/wp-content\/uploads\/sites\/80\/2024\/04\/Bruno-Mesz-300x300.jpg\" alt=\"\" width=\"201\" height=\"201\" srcset=\"https:\/\/congresos.unlp.edu.ar\/escom12\/wp-content\/uploads\/sites\/80\/2024\/04\/Bruno-Mesz-300x300.jpg 300w, https:\/\/congresos.unlp.edu.ar\/escom12\/wp-content\/uploads\/sites\/80\/2024\/04\/Bruno-Mesz-150x150.jpg 150w, https:\/\/congresos.unlp.edu.ar\/escom12\/wp-content\/uploads\/sites\/80\/2024\/04\/Bruno-Mesz.jpg 512w\" sizes=\"auto, (max-width: 201px) 100vw, 201px\" \/>B<\/span><span style=\"font-weight: 400\">runo Mesz es un cient\u00edfico del arte con formaci\u00f3n en m\u00fasica, matem\u00e1ticas y ciencias cognitivas. Es profesor e investigador en arte y psicolog\u00eda cognitiva en el Departamento de Artes Electr\u00f3nicas y el Instituto de Investigaci\u00f3n en Arte y Cultura (IIAC) de la Universidad Nacional de Tres de Febrero, Argentina. Su investigaci\u00f3n se centra en estudiar la interacci\u00f3n de la m\u00fasica con los sentidos qu\u00edmicos, el tacto y la visi\u00f3n, y en la aplicaci\u00f3n de esta investigaci\u00f3n al dise\u00f1o sensorial y el arte. Ha investigado las correspondencias crosmodales entre la m\u00fasica y los rasgos del gusto, y tambi\u00e9n entre la m\u00fasica y el olfato, y entre las emociones musicales y los rasgos visuales\/t\u00e1ctiles, como las formas y los materiales. Tambi\u00e9n ha investigado c\u00f3mo la m\u00fasica modula percepciones gustativas complejas (como las del caf\u00e9 y el vino), la est\u00e9tica de experiencias multisensoriales en realidad virtual y el impacto de las caracter\u00edsticas visuales en la evaluaci\u00f3n de emociones musicales. Ha dise\u00f1ado objetos como copas de vino interactivas que emiten sonidos al beber, y vajillas inspiradas en emociones musicales que incluyen tabletas para crear atm\u00f3sferas audiovisuales congruentes o contrastadas con un determinado plato. Ha presentado performances multisensoriales e instalaciones art\u00edsticas inspiradas en esta investigaci\u00f3n en museos, teatros y espacios de arte en Argentina, Espa\u00f1a, EE.UU., Reino Unido, Francia, Finlandia, Alemania y Noruega, y coorganizado Brain and Wine, el primer simposio de neurociencia sobre el vino, junto con la Universidad de Oxford y elBulli Lab. Tambi\u00e9n es pianista, especializado en m\u00fasica contempor\u00e1nea. Ha actuado en Argentina y en el extranjero, como solista y con conjuntos como NKA Berlin, Ensemble Modern y Perceum.<\/span><\/p>\n<p><a href=\"https:\/\/www.brunomesz.com\/\">https:\/\/www.brunomesz.com\/<\/a><\/p>\n","protected":false},"excerpt":{"rendered":"<p>&#8211; . Descargar el Programa de la Conferencia Archivo PDF . . . &#8211; &#8211; &nbsp; &#8211; La Plata Conferencista principal Bruno Mesz Correspondencias crosmodales con la m\u00fasica: predicci\u00f3n de emociones musicales a partir de formas y materiales visuales, la m\u00fasica de los perfumes y la experiencia gastros\u00f3nica del caf\u00e9 Las correspondencias crosmodales han sido [&hellip;]<\/p>\n","protected":false},"author":2,"featured_media":0,"parent":0,"menu_order":0,"comment_status":"closed","ping_status":"closed","template":"","meta":{"advgb_blocks_editor_width":"","advgb_blocks_columns_visual_guide":"","footnotes":""},"class_list":["post-23","page","type-page","status-publish","hentry","post"],"aioseo_notices":[],"coauthors":[],"author_meta":{"author_link":"https:\/\/congresos.unlp.edu.ar\/escom12\/?author=2","display_name":"congresos"},"relative_dates":{"created":"Publicado 2 a\u00f1os hace","modified":"Actualizado 2 a\u00f1os hace"},"absolute_dates":{"created":"Publicado el 6 noviembre, 2023","modified":"Actualizado el 30 junio, 2024"},"absolute_dates_time":{"created":"Publicado el 6 noviembre, 2023 10:58 am","modified":"Actualizado el 30 junio, 2024 5:54 pm"},"featured_img_caption":"","featured_img":false,"series_order":"","_links":{"self":[{"href":"https:\/\/congresos.unlp.edu.ar\/escom12\/index.php?rest_route=\/wp\/v2\/pages\/23","targetHints":{"allow":["GET"]}}],"collection":[{"href":"https:\/\/congresos.unlp.edu.ar\/escom12\/index.php?rest_route=\/wp\/v2\/pages"}],"about":[{"href":"https:\/\/congresos.unlp.edu.ar\/escom12\/index.php?rest_route=\/wp\/v2\/types\/page"}],"author":[{"embeddable":true,"href":"https:\/\/congresos.unlp.edu.ar\/escom12\/index.php?rest_route=\/wp\/v2\/users\/2"}],"replies":[{"embeddable":true,"href":"https:\/\/congresos.unlp.edu.ar\/escom12\/index.php?rest_route=%2Fwp%2Fv2%2Fcomments&post=23"}],"version-history":[{"count":0,"href":"https:\/\/congresos.unlp.edu.ar\/escom12\/index.php?rest_route=\/wp\/v2\/pages\/23\/revisions"}],"wp:attachment":[{"href":"https:\/\/congresos.unlp.edu.ar\/escom12\/index.php?rest_route=%2Fwp%2Fv2%2Fmedia&parent=23"}],"curies":[{"name":"wp","href":"https:\/\/api.w.org\/{rel}","templated":true}]}}