{"id":643,"date":"2022-10-18T09:29:45","date_gmt":"2022-10-18T12:29:45","guid":{"rendered":"https:\/\/congresos.unlp.edu.ar\/enddhhyes\/?page_id=643"},"modified":"2022-11-02T05:47:55","modified_gmt":"2022-11-02T08:47:55","slug":"circuitos-de-memoria","status":"publish","type":"page","link":"https:\/\/congresos.unlp.edu.ar\/enddhhyes\/circuitos-de-memoria\/","title":{"rendered":"Circuitos de Memoria"},"content":{"rendered":"<div id=\"pl-643\"  class=\"panel-layout\" ><div id=\"pg-643-0\"  class=\"panel-grid panel-has-style\" ><div class=\"siteorigin-panels-stretch panel-row-style panel-row-style-for-643-0\" data-stretch-type=\"full-stretched\" ><div id=\"pgc-643-0-0\"  class=\"panel-grid-cell\" ><div id=\"panel-643-0-0-0\" class=\"so-panel widget widget_sow-editor panel-first-child panel-last-child\" data-index=\"0\" ><div class=\"panel-widget-style panel-widget-style-for-643-0-0-0\" ><div\n\t\t\t\n\t\t\tclass=\"so-widget-sow-editor so-widget-sow-editor-base\"\n\t\t\t\n\t\t>\n<div class=\"siteorigin-widget-tinymce textwidget\">\n\t<h1 style=\"text-align: center\"><span style=\"color: #ffffff\">CIRCUITOS GUIADOS A SITIOS DE MEMORIA<\/span><\/h1>\n<\/div>\n<\/div><\/div><\/div><\/div><\/div><\/div><div id=\"pg-643-1\"  class=\"panel-grid panel-no-style\" ><div id=\"pgc-643-1-0\"  class=\"panel-grid-cell\" ><div id=\"panel-643-1-0-0\" class=\"so-panel widget widget_sow-editor panel-first-child panel-last-child\" data-index=\"1\" ><div class=\"panel-widget-style panel-widget-style-for-643-1-0-0\" ><div\n\t\t\t\n\t\t\tclass=\"so-widget-sow-editor so-widget-sow-editor-base\"\n\t\t\t\n\t\t>\n<div class=\"siteorigin-widget-tinymce textwidget\">\n\t<p style=\"text-align: center\">Las siguientes actividades est\u00e1n reservadas para les participantes del Segundo Encuentro Nacional de Derechos Humanos y Educaci\u00f3n Superior. Se requiere inscripci\u00f3n previa v\u00eda formulario.<\/p>\n<\/div>\n<\/div><\/div><\/div><\/div><\/div><div id=\"pg-643-2\"  class=\"panel-grid panel-has-style\" ><div class=\"so-rounded panel-row-style panel-row-style-for-643-2\" ><div id=\"pgc-643-2-0\"  class=\"panel-grid-cell\" ><div id=\"panel-643-2-0-0\" class=\"so-panel widget widget_sow-image panel-first-child panel-last-child\" data-index=\"2\" ><div\n\t\t\t\n\t\t\tclass=\"so-widget-sow-image so-widget-sow-image-default-c67d20f9f743-643\"\n\t\t\t\n\t\t>\n<div class=\"sow-image-container\">\n\t\t<img \n\tsrc=\"https:\/\/congresos.unlp.edu.ar\/enddhhyes\/wp-content\/uploads\/sites\/23\/2022\/10\/fonseca.jpg\" width=\"507\" height=\"507\" srcset=\"https:\/\/congresos.unlp.edu.ar\/enddhhyes\/wp-content\/uploads\/sites\/23\/2022\/10\/fonseca.jpg 507w, https:\/\/congresos.unlp.edu.ar\/enddhhyes\/wp-content\/uploads\/sites\/23\/2022\/10\/fonseca-300x300.jpg 300w, https:\/\/congresos.unlp.edu.ar\/enddhhyes\/wp-content\/uploads\/sites\/23\/2022\/10\/fonseca-150x150.jpg 150w\" sizes=\"(max-width: 507px) 100vw, 507px\" alt=\"\" \t\tclass=\"so-widget-image\"\/>\n\t<\/div>\n\n<\/div><\/div><\/div><div id=\"pgc-643-2-1\"  class=\"panel-grid-cell\" ><div id=\"panel-643-2-1-0\" class=\"so-panel widget widget_sow-editor panel-first-child\" data-index=\"3\" ><div class=\"panel-widget-style panel-widget-style-for-643-2-1-0\" ><div\n\t\t\t\n\t\t\tclass=\"so-widget-sow-editor so-widget-sow-editor-base\"\n\t\t\t\n\t\t>\n<div class=\"siteorigin-widget-tinymce textwidget\">\n\t<h3 style=\"text-align: left\"><span style=\"color: #008080\"><strong>Circuito Ex-Distrito Militar <\/strong>(Actual sede FDA-FTS-BBA)<\/span><\/h3>\n<blockquote>\n<p><strong>Cupo M\u00e1ximo:<\/strong> 40 personas<br \/>\n<strong>Fecha y Hora:<\/strong> Jueves 3 de Noviembre - 14:00hs.<br \/>\n<b>Punto de Inicio: <\/b>Facultad de Artes (Sede Fonseca) - Calle 62 y Diag 78 e\/9 y 10<\/p>\n<\/blockquote>\n<p>Breve encuadre hist\u00f3rico, funci\u00f3n y funcionamiento del sitio. B\u00fasqueda de indicios del antiguo edificio, lo preservado, la se\u00f1alizaci\u00f3n, las huellas del pasado - las marcas m\u00e1s recientes, recolecci\u00f3n de datos. El distrito durante la \u00faltima dictadura c\u00edvico- militar. Resignificaciones del presente. Se utilizar\u00e1 un dispositivo de c\u00f3digos QR.<\/p>\n<\/div>\n<\/div><\/div><\/div><div id=\"panel-643-2-1-1\" class=\"so-panel widget widget_sow-button panel-last-child\" data-index=\"4\" ><div class=\"panel-widget-style panel-widget-style-for-643-2-1-1\" ><div\n\t\t\t\n\t\t\tclass=\"so-widget-sow-button so-widget-sow-button-flat-13756040c2bc-643\"\n\t\t\t\n\t\t><div class=\"ow-button-base ow-button-align-left\"\n>\n\t\t\t<a\n\t\t\t\t\thref=\"https:\/\/forms.gle\/6Ba4sqhbnpPY6gU5A\"\n\t\t\t\t\tclass=\"sowb-button ow-icon-placement-left ow-button-hover\" target=\"_blank\" rel=\"noopener noreferrer\" \t>\n\t\t<span>\n\t\t\t<span class=\"sow-icon-fontawesome sow-far\" data-sow-icon=\"&#xf274;\"\n\t\tstyle=\"color: #ffffff\" \n\t\taria-hidden=\"true\"><\/span>\n\t\t\tINSCRIPCI\u00d3N\t\t<\/span>\n\t\t\t<\/a>\n\t<\/div>\n<\/div><\/div><\/div><\/div><\/div><\/div><div id=\"pg-643-3\"  class=\"panel-grid panel-has-style\" ><div class=\"so-rounded panel-row-style panel-row-style-for-643-3\" ><div id=\"pgc-643-3-0\"  class=\"panel-grid-cell\" ><div id=\"panel-643-3-0-0\" class=\"so-panel widget widget_sow-image panel-first-child panel-last-child\" data-index=\"5\" ><div\n\t\t\t\n\t\t\tclass=\"so-widget-sow-image so-widget-sow-image-default-c67d20f9f743-643\"\n\t\t\t\n\t\t>\n<div class=\"sow-image-container\">\n\t\t<img \n\tsrc=\"https:\/\/congresos.unlp.edu.ar\/enddhhyes\/wp-content\/uploads\/sites\/23\/2022\/10\/alejandroKorn.jpg\" width=\"507\" height=\"507\" srcset=\"https:\/\/congresos.unlp.edu.ar\/enddhhyes\/wp-content\/uploads\/sites\/23\/2022\/10\/alejandroKorn.jpg 507w, https:\/\/congresos.unlp.edu.ar\/enddhhyes\/wp-content\/uploads\/sites\/23\/2022\/10\/alejandroKorn-300x300.jpg 300w, https:\/\/congresos.unlp.edu.ar\/enddhhyes\/wp-content\/uploads\/sites\/23\/2022\/10\/alejandroKorn-150x150.jpg 150w\" sizes=\"(max-width: 507px) 100vw, 507px\" alt=\"\" \t\tclass=\"so-widget-image\"\/>\n\t<\/div>\n\n<\/div><\/div><\/div><div id=\"pgc-643-3-1\"  class=\"panel-grid-cell\" ><div id=\"panel-643-3-1-0\" class=\"so-panel widget widget_sow-editor panel-first-child\" data-index=\"6\" ><div class=\"panel-widget-style panel-widget-style-for-643-3-1-0\" ><div\n\t\t\t\n\t\t\tclass=\"so-widget-sow-editor so-widget-sow-editor-base\"\n\t\t\t\n\t\t>\n<div class=\"siteorigin-widget-tinymce textwidget\">\n\t<h3 style=\"text-align: left\"><span style=\"color: #008080\"><strong>Circuito Archivo Hist\u00f3rico del Hospital Dr. Alejandro Korn<\/strong><\/span><\/h3>\n<blockquote>\n<p><strong>Cupo M\u00e1ximo:<\/strong> 20 personas<br \/>\n<strong>Fecha y Hora:<\/strong> Jueves 3 de Noviembre - 13:00hs<br \/>\n<strong>Punto de Inicio:<\/strong> Ubicaci\u00f3n 520 y 175<\/p>\n<\/blockquote>\n<p>La propuesta invita a recorrer un breve recorrido hist\u00f3rico del \u201cmanicomio de Romero\u201d. Desde un enfoque de derechos Humanos, enfocado en las V\u00edctimas del mismo. Se podr\u00e1 acceder a una Muestra fotogr\u00e1fica y de diversos documentos que dan cuenta de las modalidades de atenci\u00f3n a lo largo de la historia y el impacto arrasador en las subjetividades de quienes padecieron el encierro. As\u00ed como un recorrido por la arquitectura que acompa\u00f1a este proceso. Tambi\u00e9n se abordar\u00e1 la actualidad signada por procesos de adecuaci\u00f3n, transformaci\u00f3n y cierre del manicomio. Breve recorrido por el predio donde se proyecta la apertura comunitaria.<\/p>\n<\/div>\n<\/div><\/div><\/div><div id=\"panel-643-3-1-1\" class=\"so-panel widget widget_sow-button panel-last-child\" data-index=\"7\" ><div class=\"panel-widget-style panel-widget-style-for-643-3-1-1\" ><div\n\t\t\t\n\t\t\tclass=\"so-widget-sow-button so-widget-sow-button-flat-13756040c2bc-643\"\n\t\t\t\n\t\t><div class=\"ow-button-base ow-button-align-left\"\n>\n\t\t\t<a\n\t\t\t\t\thref=\"https:\/\/forms.gle\/JRnC81CoRMpAMPPq6\"\n\t\t\t\t\tclass=\"sowb-button ow-icon-placement-left ow-button-hover\" target=\"_blank\" rel=\"noopener noreferrer\" \t>\n\t\t<span>\n\t\t\t<span class=\"sow-icon-fontawesome sow-far\" data-sow-icon=\"&#xf274;\"\n\t\tstyle=\"color: #ffffff\" \n\t\taria-hidden=\"true\"><\/span>\n\t\t\tINSCRIPCI\u00d3N\t\t<\/span>\n\t\t\t<\/a>\n\t<\/div>\n<\/div><\/div><\/div><\/div><\/div><\/div><div id=\"pg-643-4\"  class=\"panel-grid panel-has-style\" ><div class=\"so-rounded panel-row-style panel-row-style-for-643-4\" ><div id=\"pgc-643-4-0\"  class=\"panel-grid-cell\" ><div id=\"panel-643-4-0-0\" class=\"so-panel widget widget_sow-image panel-first-child panel-last-child\" data-index=\"8\" ><div\n\t\t\t\n\t\t\tclass=\"so-widget-sow-image so-widget-sow-image-default-c67d20f9f743-643\"\n\t\t\t\n\t\t>\n<div class=\"sow-image-container\">\n\t\t<img \n\tsrc=\"https:\/\/congresos.unlp.edu.ar\/enddhhyes\/wp-content\/uploads\/sites\/23\/2022\/10\/MAM.jpg\" width=\"507\" height=\"507\" srcset=\"https:\/\/congresos.unlp.edu.ar\/enddhhyes\/wp-content\/uploads\/sites\/23\/2022\/10\/MAM.jpg 507w, https:\/\/congresos.unlp.edu.ar\/enddhhyes\/wp-content\/uploads\/sites\/23\/2022\/10\/MAM-300x300.jpg 300w, https:\/\/congresos.unlp.edu.ar\/enddhhyes\/wp-content\/uploads\/sites\/23\/2022\/10\/MAM-150x150.jpg 150w\" sizes=\"(max-width: 507px) 100vw, 507px\" alt=\"\" \t\tclass=\"so-widget-image\"\/>\n\t<\/div>\n\n<\/div><\/div><\/div><div id=\"pgc-643-4-1\"  class=\"panel-grid-cell\" ><div id=\"panel-643-4-1-0\" class=\"so-panel widget widget_sow-editor panel-first-child\" data-index=\"9\" ><div class=\"panel-widget-style panel-widget-style-for-643-4-1-0\" ><div\n\t\t\t\n\t\t\tclass=\"so-widget-sow-editor so-widget-sow-editor-base\"\n\t\t\t\n\t\t>\n<div class=\"siteorigin-widget-tinymce textwidget\">\n\t<h3 style=\"text-align: left\"><span style=\"color: #008080\"><strong>Circuito Museo de Arte y Memoria \u2013 CPM<\/strong><\/span><\/h3>\n<blockquote>\n<p><strong>Cupo M\u00e1ximo:<\/strong> 30 personas por visita<br \/>\n<strong>Fecha y Hora:<\/strong> Jueves 3 de Noviembre - 15:30hs | Viernes 4 de Noviembre - 15:30hs<br \/>\n<strong>Punto de Inicio:<\/strong> Museo de Arte y Memoria - Calle 9 Nro 984 Entre 51 y 53<\/p>\n<\/blockquote>\n<p>En este momento en el\u00a0<a href=\"https:\/\/www.comisionporlamemoria.org\/museo\/\">Museo<\/a>\u00a0se encuentran expuestas las siguientes muestras: - \u201cMalvinas, anhelos y recuerdos\u201d, a 40 a\u00f1os de la guerra de Malvinas Rosana Fuertes y Daniel Ontiveros representan diferentes dimensiones de la guerra y las secuelas siendo elles parte de la generaci\u00f3n que fue adolescente en dictadura y testigo de\u00a0 la desaparici\u00f3n de personas y la guerra. Daniel es excombatiente adem\u00e1s de artista.<\/p>\n<p dir=\"ltr\">Y Muestra permanente de las obras patrimoniales: son obras que remiten a la defensa\u00a0 de los Derechos Humanos, a la construcci\u00f3n de la memoria y sobre la \u00faltima dictadura militar -1976\/1983-. Se compone de obras de Carlos Alonso, Ricardo Carpani, Le\u00f3n Ferrari, entre otres.<\/p>\n<\/div>\n<\/div><\/div><\/div><div id=\"panel-643-4-1-1\" class=\"so-panel widget widget_sow-button\" data-index=\"10\" ><div class=\"panel-widget-style panel-widget-style-for-643-4-1-1\" ><div\n\t\t\t\n\t\t\tclass=\"so-widget-sow-button so-widget-sow-button-flat-13756040c2bc-643\"\n\t\t\t\n\t\t><div class=\"ow-button-base ow-button-align-left\"\n>\n\t\t\t<a\n\t\t\t\t\thref=\"https:\/\/forms.gle\/XPnuxiyqgz6VFx937\"\n\t\t\t\t\tclass=\"sowb-button ow-icon-placement-left ow-button-hover\" target=\"_blank\" rel=\"noopener noreferrer\" \t>\n\t\t<span>\n\t\t\t<span class=\"sow-icon-fontawesome sow-far\" data-sow-icon=\"&#xf274;\"\n\t\tstyle=\"color: #ffffff\" \n\t\taria-hidden=\"true\"><\/span>\n\t\t\tINSCRIPCI\u00d3N JUEVES 3\/11\t\t<\/span>\n\t\t\t<\/a>\n\t<\/div>\n<\/div><\/div><\/div><div id=\"panel-643-4-1-2\" class=\"so-panel widget widget_sow-button panel-last-child\" data-index=\"11\" ><div class=\"panel-widget-style panel-widget-style-for-643-4-1-2\" ><div\n\t\t\t\n\t\t\tclass=\"so-widget-sow-button so-widget-sow-button-flat-13756040c2bc-643\"\n\t\t\t\n\t\t><div class=\"ow-button-base ow-button-align-left\"\n>\n\t\t\t<a\n\t\t\t\t\thref=\"https:\/\/forms.gle\/Fqhpe57tz7gGgf1h6\"\n\t\t\t\t\tclass=\"sowb-button ow-icon-placement-left ow-button-hover\" target=\"_blank\" rel=\"noopener noreferrer\" \t>\n\t\t<span>\n\t\t\t<span class=\"sow-icon-fontawesome sow-far\" data-sow-icon=\"&#xf274;\"\n\t\tstyle=\"color: #ffffff\" \n\t\taria-hidden=\"true\"><\/span>\n\t\t\tINSCRIPCI\u00d3N VIERNES 4\/11\t\t<\/span>\n\t\t\t<\/a>\n\t<\/div>\n<\/div><\/div><\/div><\/div><\/div><\/div><div id=\"pg-643-5\"  class=\"panel-grid panel-has-style\" ><div class=\"so-rounded panel-row-style panel-row-style-for-643-5\" ><div id=\"pgc-643-5-0\"  class=\"panel-grid-cell\" ><div id=\"panel-643-5-0-0\" class=\"so-panel widget widget_sow-image panel-first-child panel-last-child\" data-index=\"12\" ><div\n\t\t\t\n\t\t\tclass=\"so-widget-sow-image so-widget-sow-image-default-c67d20f9f743-643\"\n\t\t\t\n\t\t>\n<div class=\"sow-image-container\">\n\t\t<img \n\tsrc=\"https:\/\/congresos.unlp.edu.ar\/enddhhyes\/wp-content\/uploads\/sites\/23\/2022\/10\/TERUGGI.jpg\" width=\"507\" height=\"507\" srcset=\"https:\/\/congresos.unlp.edu.ar\/enddhhyes\/wp-content\/uploads\/sites\/23\/2022\/10\/TERUGGI.jpg 507w, https:\/\/congresos.unlp.edu.ar\/enddhhyes\/wp-content\/uploads\/sites\/23\/2022\/10\/TERUGGI-300x300.jpg 300w, https:\/\/congresos.unlp.edu.ar\/enddhhyes\/wp-content\/uploads\/sites\/23\/2022\/10\/TERUGGI-150x150.jpg 150w\" sizes=\"(max-width: 507px) 100vw, 507px\" alt=\"\" \t\tclass=\"so-widget-image\"\/>\n\t<\/div>\n\n<\/div><\/div><\/div><div id=\"pgc-643-5-1\"  class=\"panel-grid-cell\" ><div id=\"panel-643-5-1-0\" class=\"so-panel widget widget_sow-editor panel-first-child\" data-index=\"13\" ><div class=\"panel-widget-style panel-widget-style-for-643-5-1-0\" ><div\n\t\t\t\n\t\t\tclass=\"so-widget-sow-editor so-widget-sow-editor-base\"\n\t\t\t\n\t\t>\n<div class=\"siteorigin-widget-tinymce textwidget\">\n\t<h3 style=\"text-align: left\"><span style=\"color: #008080\"><strong>Circuito Casa Mariani Teruggi<\/strong><\/span><\/h3>\n<blockquote>\n<p><strong>Cupo M\u00e1ximo:<\/strong> 20 personas<br \/>\n<strong>Fecha y Hora:<\/strong> Viernes 4 de Noviembre - 10:00hs<br \/>\n<strong>Punto de Inicio:<\/strong> Calle 30 esquina con Calle 55<\/p>\n<\/blockquote>\n<p dir=\"ltr\">La <a href=\"https:\/\/espaciomemoria.ar\/memoriaencasa\/casa-mariani-teruggi\/\">Casa Mariani Teruggi<\/a> es un sitio de memoria de sostenido y administrado por la Asociaci\u00f3n Anah\u00ed desde 1998.<\/p>\n<p dir=\"ltr\">El mi\u00e9rcoles 24 de noviembre de 1976, al mediod\u00eda, la casa donde funcionaba una imprenta de Montoneros fue atacada por las fuerzas conjuntas, con un despliegue de m\u00e1s de 200 efectivos que cercaron toda la zona. En el operativo fueron asesinados Diana Teruggi y al menos 4 compa\u00f1eros. La hija de Diana, de 3 meses, Clara Anah\u00ed, fue apropiada. Desde entonces su abuela, Chicha Mariani, inici\u00f3 una b\u00fasqueda que hoy es continuada por nuevas generaciones.<\/p>\n<\/div>\n<\/div><\/div><\/div><div id=\"panel-643-5-1-1\" class=\"so-panel widget widget_sow-button panel-last-child\" data-index=\"14\" ><div class=\"panel-widget-style panel-widget-style-for-643-5-1-1\" ><div\n\t\t\t\n\t\t\tclass=\"so-widget-sow-button so-widget-sow-button-flat-13756040c2bc-643\"\n\t\t\t\n\t\t><div class=\"ow-button-base ow-button-align-left\"\n>\n\t\t\t<a\n\t\t\t\t\thref=\"https:\/\/forms.gle\/Uyus4YyBM3iqYSMB9\"\n\t\t\t\t\tclass=\"sowb-button ow-icon-placement-left ow-button-hover\" target=\"_blank\" rel=\"noopener noreferrer\" \t>\n\t\t<span>\n\t\t\t<span class=\"sow-icon-fontawesome sow-far\" data-sow-icon=\"&#xf274;\"\n\t\tstyle=\"color: #ffffff\" \n\t\taria-hidden=\"true\"><\/span>\n\t\t\tINSCRIPCI\u00d3N\t\t<\/span>\n\t\t\t<\/a>\n\t<\/div>\n<\/div><\/div><\/div><\/div><\/div><\/div><div id=\"pg-643-6\"  class=\"panel-grid panel-has-style\" ><div class=\"so-rounded panel-row-style panel-row-style-for-643-6\" ><div id=\"pgc-643-6-0\"  class=\"panel-grid-cell\" ><div id=\"panel-643-6-0-0\" class=\"so-panel widget widget_sow-image panel-first-child panel-last-child\" data-index=\"15\" ><div\n\t\t\t\n\t\t\tclass=\"so-widget-sow-image so-widget-sow-image-default-c67d20f9f743-643\"\n\t\t\t\n\t\t>\n<div class=\"sow-image-container\">\n\t\t<img \n\tsrc=\"https:\/\/congresos.unlp.edu.ar\/enddhhyes\/wp-content\/uploads\/sites\/23\/2022\/10\/comi.jpg\" width=\"507\" height=\"507\" srcset=\"https:\/\/congresos.unlp.edu.ar\/enddhhyes\/wp-content\/uploads\/sites\/23\/2022\/10\/comi.jpg 507w, https:\/\/congresos.unlp.edu.ar\/enddhhyes\/wp-content\/uploads\/sites\/23\/2022\/10\/comi-300x300.jpg 300w, https:\/\/congresos.unlp.edu.ar\/enddhhyes\/wp-content\/uploads\/sites\/23\/2022\/10\/comi-150x150.jpg 150w\" sizes=\"(max-width: 507px) 100vw, 507px\" alt=\"\" \t\tclass=\"so-widget-image\"\/>\n\t<\/div>\n\n<\/div><\/div><\/div><div id=\"pgc-643-6-1\"  class=\"panel-grid-cell\" ><div id=\"panel-643-6-1-0\" class=\"so-panel widget widget_sow-editor panel-first-child\" data-index=\"16\" ><div class=\"panel-widget-style panel-widget-style-for-643-6-1-0\" ><div\n\t\t\t\n\t\t\tclass=\"so-widget-sow-editor so-widget-sow-editor-base\"\n\t\t\t\n\t\t>\n<div class=\"siteorigin-widget-tinymce textwidget\">\n\t<h3 style=\"text-align: left\"><span style=\"color: #008080\"><strong>Circuito Comisi\u00f3n Provincial por la Memoria<\/strong><\/span><\/h3>\n<blockquote>\n<p><strong>Cupo M\u00e1ximo:<\/strong> 30 personas por visita<br \/>\n<strong>Fecha y Hora:<\/strong> Jueves 03 de Noviembre - 14:00hs | Viernes 04 de Noviembre - 9:00 y 14:30 horas<br \/>\n<strong>Punto de Encuentro:<\/strong> Comisi\u00f3n Provincial por la Memoria - CALLE 54 NRO 487 ENTRE 4 Y 5<\/p>\n<\/blockquote>\n<p>La muestra recorre la historia de la Direcci\u00f3n de Inteligencia de la Polic\u00eda de la provincia de Buenos Aires, y c\u00f3mo fue la persecuci\u00f3n a los y las ciudadanas por razones pol\u00edtico ideol\u00f3gicas entre 1956 y 1998.<\/p>\n<p>A su vez la muestra aborda la violaci\u00f3n de los DDHH en el presente y las intervenciones que realiza la Comisi\u00f3n Provincial por la memoria, como as\u00ed tambi\u00e9n las propuestas pedag\u00f3gicas que promueven la construcci\u00f3n de la memoria y la defensa de derechos.<\/p>\n<\/div>\n<\/div><\/div><\/div><div id=\"panel-643-6-1-1\" class=\"so-panel widget widget_sow-button\" data-index=\"17\" ><div class=\"panel-widget-style panel-widget-style-for-643-6-1-1\" ><div\n\t\t\t\n\t\t\tclass=\"so-widget-sow-button so-widget-sow-button-flat-13756040c2bc-643\"\n\t\t\t\n\t\t><div class=\"ow-button-base ow-button-align-left\"\n>\n\t\t\t<a\n\t\t\t\t\thref=\"https:\/\/forms.gle\/CP454aU783v8WJNi7\"\n\t\t\t\t\tclass=\"sowb-button ow-icon-placement-left ow-button-hover\" target=\"_blank\" rel=\"noopener noreferrer\" \t>\n\t\t<span>\n\t\t\t<span class=\"sow-icon-fontawesome sow-far\" data-sow-icon=\"&#xf274;\"\n\t\tstyle=\"color: #ffffff\" \n\t\taria-hidden=\"true\"><\/span>\n\t\t\tINSCRIPCI\u00d3N JUEVES 3\/11\t\t<\/span>\n\t\t\t<\/a>\n\t<\/div>\n<\/div><\/div><\/div><div id=\"panel-643-6-1-2\" class=\"so-panel widget widget_sow-button\" data-index=\"18\" ><div class=\"panel-widget-style panel-widget-style-for-643-6-1-2\" ><div\n\t\t\t\n\t\t\tclass=\"so-widget-sow-button so-widget-sow-button-flat-13756040c2bc-643\"\n\t\t\t\n\t\t><div class=\"ow-button-base ow-button-align-left\"\n>\n\t\t\t<a\n\t\t\t\t\thref=\"https:\/\/forms.gle\/SSjpyHVyKv8J8GQm7\"\n\t\t\t\t\tclass=\"sowb-button ow-icon-placement-left ow-button-hover\" target=\"_blank\" rel=\"noopener noreferrer\" \t>\n\t\t<span>\n\t\t\t<span class=\"sow-icon-fontawesome sow-far\" data-sow-icon=\"&#xf274;\"\n\t\tstyle=\"color: #ffffff\" \n\t\taria-hidden=\"true\"><\/span>\n\t\t\tINSCRIPCI\u00d3N VIERNES 4\/11 9hs.\t\t<\/span>\n\t\t\t<\/a>\n\t<\/div>\n<\/div><\/div><\/div><div id=\"panel-643-6-1-3\" class=\"so-panel widget widget_sow-button panel-last-child\" data-index=\"19\" ><div class=\"panel-widget-style panel-widget-style-for-643-6-1-3\" ><div\n\t\t\t\n\t\t\tclass=\"so-widget-sow-button so-widget-sow-button-flat-13756040c2bc-643\"\n\t\t\t\n\t\t><div class=\"ow-button-base ow-button-align-left\"\n>\n\t\t\t<a\n\t\t\t\t\thref=\"https:\/\/forms.gle\/w9cRbDjyZow2YJyE9\"\n\t\t\t\t\tclass=\"sowb-button ow-icon-placement-left ow-button-hover\" target=\"_blank\" rel=\"noopener noreferrer\" \t>\n\t\t<span>\n\t\t\t<span class=\"sow-icon-fontawesome sow-far\" data-sow-icon=\"&#xf274;\"\n\t\tstyle=\"color: #ffffff\" \n\t\taria-hidden=\"true\"><\/span>\n\t\t\tINSCRIPCI\u00d3N VIERNES 4\/11 14:30hs.\t\t<\/span>\n\t\t\t<\/a>\n\t<\/div>\n<\/div><\/div><\/div><\/div><\/div><\/div><div id=\"pg-643-7\"  class=\"panel-grid panel-has-style\" ><div class=\"so-rounded panel-row-style panel-row-style-for-643-7\" ><div id=\"pgc-643-7-0\"  class=\"panel-grid-cell\" ><div id=\"panel-643-7-0-0\" class=\"so-panel widget widget_sow-image panel-first-child panel-last-child\" data-index=\"20\" ><div\n\t\t\t\n\t\t\tclass=\"so-widget-sow-image so-widget-sow-image-default-c67d20f9f743-643\"\n\t\t\t\n\t\t>\n<div class=\"sow-image-container\">\n\t\t<img \n\tsrc=\"https:\/\/congresos.unlp.edu.ar\/enddhhyes\/wp-content\/uploads\/sites\/23\/2022\/10\/alaye.jpg\" width=\"507\" height=\"507\" srcset=\"https:\/\/congresos.unlp.edu.ar\/enddhhyes\/wp-content\/uploads\/sites\/23\/2022\/10\/alaye.jpg 507w, https:\/\/congresos.unlp.edu.ar\/enddhhyes\/wp-content\/uploads\/sites\/23\/2022\/10\/alaye-300x300.jpg 300w, https:\/\/congresos.unlp.edu.ar\/enddhhyes\/wp-content\/uploads\/sites\/23\/2022\/10\/alaye-150x150.jpg 150w\" sizes=\"(max-width: 507px) 100vw, 507px\" alt=\"\" \t\tclass=\"so-widget-image\"\/>\n\t<\/div>\n\n<\/div><\/div><\/div><div id=\"pgc-643-7-1\"  class=\"panel-grid-cell\" ><div id=\"panel-643-7-1-0\" class=\"so-panel widget widget_sow-editor panel-first-child\" data-index=\"21\" ><div class=\"panel-widget-style panel-widget-style-for-643-7-1-0\" ><div\n\t\t\t\n\t\t\tclass=\"so-widget-sow-editor so-widget-sow-editor-base\"\n\t\t\t\n\t\t>\n<div class=\"siteorigin-widget-tinymce textwidget\">\n\t<h3 style=\"text-align: left\"><span style=\"color: #008080\"><strong>Circuito Casa Carlos Esteban Alaye<\/strong><\/span><\/h3>\n<blockquote>\n<p><strong>Cupo M\u00e1ximo:<\/strong> 20 personas<br \/>\n<strong>Fecha y Hora:<\/strong> Jueves 3 de Noviembre - 15:30hs<br \/>\n<strong>Punto de Inicio:<\/strong> Rold\u00e1n n\u00b0 49, e\/ Ingenieros y Echeverr\u00eda (Barrio Mosconi, Ensenada)<\/p>\n<\/blockquote>\n<p>Visita a la Casa Carlos Esteban Alaye, en Ensenada.<\/p>\n<p>La muestra recorre la historia de Carlos Alaye e In\u00e9s Ramos: su formaci\u00f3n, su militancia pol\u00edtica en Montoneros, la desaparici\u00f3n de Carlos y el exilio de In\u00e9s. Abordaremos tambi\u00e9n la lucha de Adelina Dematti de Alaye, fundadora de Madres de Plaza de Mayo. Breve repaso de las actividades que se llevan a cabo actualmente en la Casa.<\/p>\n<p>El recorrido incluye tambi\u00e9n una visita al mural en memoria de Carlos, perteneciente a la muestra \u201cMosaicos por la Memoria\u201d, y ubicado a pocos metros de la Casa Alaye.<\/p>\n<\/div>\n<\/div><\/div><\/div><div id=\"panel-643-7-1-1\" class=\"so-panel widget widget_sow-button panel-last-child\" data-index=\"22\" ><div class=\"panel-widget-style panel-widget-style-for-643-7-1-1\" ><div\n\t\t\t\n\t\t\tclass=\"so-widget-sow-button so-widget-sow-button-flat-13756040c2bc-643\"\n\t\t\t\n\t\t><div class=\"ow-button-base ow-button-align-left\"\n>\n\t\t\t<a\n\t\t\t\t\thref=\"https:\/\/forms.gle\/J3uqMbZaPcn2GSjW8\"\n\t\t\t\t\tclass=\"sowb-button ow-icon-placement-left ow-button-hover\" target=\"_blank\" rel=\"noopener noreferrer\" \t>\n\t\t<span>\n\t\t\t<span class=\"sow-icon-fontawesome sow-far\" data-sow-icon=\"&#xf274;\"\n\t\tstyle=\"color: #ffffff\" \n\t\taria-hidden=\"true\"><\/span>\n\t\t\tINSCRIPCI\u00d3N\t\t<\/span>\n\t\t\t<\/a>\n\t<\/div>\n<\/div><\/div><\/div><\/div><\/div><\/div><div id=\"pg-643-8\"  class=\"panel-grid panel-has-style\" ><div class=\"so-rounded panel-row-style panel-row-style-for-643-8\" ><div id=\"pgc-643-8-0\"  class=\"panel-grid-cell\" ><div id=\"panel-643-8-0-0\" class=\"so-panel widget widget_sow-image panel-first-child panel-last-child\" data-index=\"23\" ><div\n\t\t\t\n\t\t\tclass=\"so-widget-sow-image so-widget-sow-image-default-c67d20f9f743-643\"\n\t\t\t\n\t\t>\n<div class=\"sow-image-container\">\n\t\t<img \n\tsrc=\"https:\/\/congresos.unlp.edu.ar\/enddhhyes\/wp-content\/uploads\/sites\/23\/2022\/10\/bim3.jpg\" width=\"507\" height=\"507\" srcset=\"https:\/\/congresos.unlp.edu.ar\/enddhhyes\/wp-content\/uploads\/sites\/23\/2022\/10\/bim3.jpg 507w, https:\/\/congresos.unlp.edu.ar\/enddhhyes\/wp-content\/uploads\/sites\/23\/2022\/10\/bim3-300x300.jpg 300w, https:\/\/congresos.unlp.edu.ar\/enddhhyes\/wp-content\/uploads\/sites\/23\/2022\/10\/bim3-150x150.jpg 150w\" sizes=\"(max-width: 507px) 100vw, 507px\" alt=\"\" \t\tclass=\"so-widget-image\"\/>\n\t<\/div>\n\n<\/div><\/div><\/div><div id=\"pgc-643-8-1\"  class=\"panel-grid-cell\" ><div id=\"panel-643-8-1-0\" class=\"so-panel widget widget_sow-editor panel-first-child\" data-index=\"24\" ><div class=\"panel-widget-style panel-widget-style-for-643-8-1-0\" ><div\n\t\t\t\n\t\t\tclass=\"so-widget-sow-editor so-widget-sow-editor-base\"\n\t\t\t\n\t\t>\n<div class=\"siteorigin-widget-tinymce textwidget\">\n\t<h3 style=\"text-align: left\"><span style=\"color: #008080\"><strong>Circuito Ex-BIM III<\/strong><\/span><\/h3>\n<blockquote>\n<p><strong>Cupo M\u00e1ximo:<\/strong> 40 personas<br \/>\n<strong>Fecha y Hora:<\/strong> Jueves 03 de Noviembre - 15:00hs<br \/>\n<strong>Punto de Encuentro:<\/strong> Parada del Micro Universitario en Calle 49 esquina Avenida 7<\/p>\n<\/blockquote>\n<p>El Batall\u00f3n de Infanter\u00eda de Marina 3 (BIM 3) funcion\u00f3 desde fines de 1975 como uno de los centros clandestinos de detenci\u00f3n tortura y exterminio de la Fuerza de Tareas 5 de la Armada Argentina. Esta fuerza ten\u00eda control operacional sobre las localidades de Berisso y Ensenada, predominantemente obreras.<\/p>\n<div>En el marco de la reestructuraci\u00f3n neoliberal del estado, el predio fue desalojado y luego rematado.\u00a0\u00a0Desde hace casi una d\u00e9cada funcionan all\u00ed las Facultades de Psicolog\u00eda y Humanidades de la UNLP y la comunidad universitaria llevan adelante pol\u00edticas de memoria y contribuciones con la justicia en articulaci\u00f3n con la comunidad.<\/div>\n<\/div>\n<\/div><\/div><\/div><div id=\"panel-643-8-1-1\" class=\"so-panel widget widget_sow-button panel-last-child\" data-index=\"25\" ><div class=\"panel-widget-style panel-widget-style-for-643-8-1-1\" ><div\n\t\t\t\n\t\t\tclass=\"so-widget-sow-button so-widget-sow-button-flat-13756040c2bc-643\"\n\t\t\t\n\t\t><div class=\"ow-button-base ow-button-align-left\"\n>\n\t\t\t<a\n\t\t\t\t\thref=\"https:\/\/forms.gle\/PmMpwqnAxGsg7wFX7\"\n\t\t\t\t\tclass=\"sowb-button ow-icon-placement-left ow-button-hover\" target=\"_blank\" rel=\"noopener noreferrer\" \t>\n\t\t<span>\n\t\t\t<span class=\"sow-icon-fontawesome sow-far\" data-sow-icon=\"&#xf274;\"\n\t\tstyle=\"color: #ffffff\" \n\t\taria-hidden=\"true\"><\/span>\n\t\t\tINSCRIPCI\u00d3N\t\t<\/span>\n\t\t\t<\/a>\n\t<\/div>\n<\/div><\/div><\/div><\/div><\/div><\/div><div id=\"pg-643-9\"  class=\"panel-grid panel-has-style\" ><div class=\"so-rounded panel-row-style panel-row-style-for-643-9\" ><div id=\"pgc-643-9-0\"  class=\"panel-grid-cell\" ><div id=\"panel-643-9-0-0\" class=\"so-panel widget widget_sow-image panel-first-child panel-last-child\" data-index=\"26\" ><div\n\t\t\t\n\t\t\tclass=\"so-widget-sow-image so-widget-sow-image-default-c67d20f9f743-643\"\n\t\t\t\n\t\t>\n<div class=\"sow-image-container\">\n\t\t<img \n\tsrc=\"https:\/\/congresos.unlp.edu.ar\/enddhhyes\/wp-content\/uploads\/sites\/23\/2022\/10\/5ta.jpg\" width=\"507\" height=\"507\" srcset=\"https:\/\/congresos.unlp.edu.ar\/enddhhyes\/wp-content\/uploads\/sites\/23\/2022\/10\/5ta.jpg 507w, https:\/\/congresos.unlp.edu.ar\/enddhhyes\/wp-content\/uploads\/sites\/23\/2022\/10\/5ta-300x300.jpg 300w, https:\/\/congresos.unlp.edu.ar\/enddhhyes\/wp-content\/uploads\/sites\/23\/2022\/10\/5ta-150x150.jpg 150w\" sizes=\"(max-width: 507px) 100vw, 507px\" alt=\"\" \t\tclass=\"so-widget-image\"\/>\n\t<\/div>\n\n<\/div><\/div><\/div><div id=\"pgc-643-9-1\"  class=\"panel-grid-cell\" ><div id=\"panel-643-9-1-0\" class=\"so-panel widget widget_sow-editor panel-first-child\" data-index=\"27\" ><div class=\"panel-widget-style panel-widget-style-for-643-9-1-0\" ><div\n\t\t\t\n\t\t\tclass=\"so-widget-sow-editor so-widget-sow-editor-base\"\n\t\t\t\n\t\t>\n<div class=\"siteorigin-widget-tinymce textwidget\">\n\t<h3 style=\"text-align: left\"><span style=\"color: #008080\"><strong>Circuito Ex-Comisar\u00eda 5ta.<\/strong><\/span><\/h3>\n<blockquote>\n<p><strong>Cupo M\u00e1ximo:<\/strong> 15 personas<br \/>\n<strong>Fecha y Hora:<\/strong> Viernes 04 de Noviembre - 15:00hs<br \/>\n<strong>Punto de Encuentro:\u00a0<\/strong>Calle Diagonal 74 N\u00ba 2873, La Plata.<\/p>\n<\/blockquote>\n<p>El\u00a0<a href=\"https:\/\/espaciomemoria.ar\/memoriaencasa\/comisaria-5ta-de-la-plata-provincia-de-buenos-aires\/\">Espacio para la Memoria ex Comisar\u00eda 5ta<\/a>\u00a0de La Plata se establece en el lugar donde funcion\u00f3 un centro clandestino de detenci\u00f3n y una maternidad clandestina entre los a\u00f1os 1976 y 1978.<br \/>\nA partir de los testimonios de los sobrevivientes se reconstruy\u00f3 el funcionamiento del centro clandestino y se estima, hasta el momento, que fueron detenidos ilegalmente y sometidos a torturas alrededor de 250 hombres, mujeres, ni\u00f1os y ni\u00f1as.<\/p>\n<p>En el marco de la sentencia del \"juicio Circuito Camps\", el poder judicial orden\u00f3 al poder ejecutivo a desafectar el lugar para que funcione un Espacio para la Memoria y Promoci\u00f3n de Derechos.<br \/>\nLos hechos ocurridos son representativos del accionar represivo, por eso su creaci\u00f3n tiene por objetivo llevar adelante iniciativas de memoria tendientes\u200b a la difusi\u00f3n y reflexi\u00f3n sobre la consecuencias sociales del terrorismo de Estado.<\/p>\n<\/div>\n<\/div><\/div><\/div><div id=\"panel-643-9-1-1\" class=\"so-panel widget widget_sow-button panel-last-child\" data-index=\"28\" ><div class=\"panel-widget-style panel-widget-style-for-643-9-1-1\" ><div\n\t\t\t\n\t\t\tclass=\"so-widget-sow-button so-widget-sow-button-flat-13756040c2bc-643\"\n\t\t\t\n\t\t><div class=\"ow-button-base ow-button-align-left\"\n>\n\t\t\t<a\n\t\t\t\t\thref=\"https:\/\/forms.gle\/hZ934G2BaW2T49JZ7\"\n\t\t\t\t\tclass=\"sowb-button ow-icon-placement-left ow-button-hover\" target=\"_blank\" rel=\"noopener noreferrer\" \t>\n\t\t<span>\n\t\t\t<span class=\"sow-icon-fontawesome sow-far\" data-sow-icon=\"&#xf274;\"\n\t\tstyle=\"color: #ffffff\" \n\t\taria-hidden=\"true\"><\/span>\n\t\t\tINSCRIPCI\u00d3N\t\t<\/span>\n\t\t\t<\/a>\n\t<\/div>\n<\/div><\/div><\/div><\/div><\/div><\/div><div id=\"pg-643-10\"  class=\"panel-grid panel-has-style\" ><div class=\"so-rounded panel-row-style panel-row-style-for-643-10\" ><div id=\"pgc-643-10-0\"  class=\"panel-grid-cell\" ><div id=\"panel-643-10-0-0\" class=\"so-panel widget widget_sow-image panel-first-child panel-last-child\" data-index=\"29\" ><div\n\t\t\t\n\t\t\tclass=\"so-widget-sow-image so-widget-sow-image-default-c67d20f9f743-643\"\n\t\t\t\n\t\t>\n<div class=\"sow-image-container\">\n\t\t<img \n\tsrc=\"https:\/\/congresos.unlp.edu.ar\/enddhhyes\/wp-content\/uploads\/sites\/23\/2022\/10\/unidad9.jpg\" width=\"507\" height=\"507\" srcset=\"https:\/\/congresos.unlp.edu.ar\/enddhhyes\/wp-content\/uploads\/sites\/23\/2022\/10\/unidad9.jpg 507w, https:\/\/congresos.unlp.edu.ar\/enddhhyes\/wp-content\/uploads\/sites\/23\/2022\/10\/unidad9-300x300.jpg 300w, https:\/\/congresos.unlp.edu.ar\/enddhhyes\/wp-content\/uploads\/sites\/23\/2022\/10\/unidad9-150x150.jpg 150w\" sizes=\"(max-width: 507px) 100vw, 507px\" alt=\"\" \t\tclass=\"so-widget-image\"\/>\n\t<\/div>\n\n<\/div><\/div><\/div><div id=\"pgc-643-10-1\"  class=\"panel-grid-cell\" ><div id=\"panel-643-10-1-0\" class=\"so-panel widget widget_sow-editor panel-first-child panel-last-child\" data-index=\"30\" ><div class=\"panel-widget-style panel-widget-style-for-643-10-1-0\" ><div\n\t\t\t\n\t\t\tclass=\"so-widget-sow-editor so-widget-sow-editor-base\"\n\t\t\t\n\t\t>\n<div class=\"siteorigin-widget-tinymce textwidget\">\n\t<h3 style=\"text-align: left\"><span style=\"color: #008080\"><strong>Circuito Unidad Penitenciaria N\u00ba 9 - Villa Elvira<\/strong><\/span><\/h3>\n<blockquote>\n<p><strong>Cupo M\u00e1ximo:<\/strong> 15 personas<br \/>\n<strong>Fecha y Hora:<\/strong> Viernes 04 de Noviembre - 10:00hs<\/p>\n<\/blockquote>\n<p dir=\"ltr\">Esta c\u00e1rcel form\u00f3 parte del sistema represivo donde fueron encarcelados militantes pol\u00edticos, sociales y sindicales secuestrados en distintos lugares del pa\u00eds.<\/p>\n<p dir=\"ltr\">En la actualidad, la construcci\u00f3n de pr\u00e1cticas y sentidos de resistencia a\u00a0 las pol\u00edticas carcelarias sigue siendo parte de la din\u00e1mica que adoptan las personas privadas de la libertad en las unidades penitenciarias.<b><\/b><\/p>\n<p dir=\"ltr\"><em><strong>Nota:<\/strong> debido a las particularidades de la instituci\u00f3n el enlace de inscripci\u00f3n ser\u00e1 remitido por e-mail a les participantes que hayan presentado trabajos en este eje.<\/em><\/p>\n<\/div>\n<\/div><\/div><\/div><\/div><\/div><\/div><div id=\"pg-643-11\"  class=\"panel-grid panel-has-style\" ><div class=\"so-rounded panel-row-style panel-row-style-for-643-11\" ><div id=\"pgc-643-11-0\"  class=\"panel-grid-cell\" ><div id=\"panel-643-11-0-0\" class=\"so-panel widget widget_sow-image panel-first-child panel-last-child\" data-index=\"31\" ><div\n\t\t\t\n\t\t\tclass=\"so-widget-sow-image so-widget-sow-image-default-c67d20f9f743-643\"\n\t\t\t\n\t\t>\n<div class=\"sow-image-container\">\n\t\t<img \n\tsrc=\"https:\/\/congresos.unlp.edu.ar\/enddhhyes\/wp-content\/uploads\/sites\/23\/2022\/11\/955-955.jpg\" width=\"507\" height=\"507\" srcset=\"https:\/\/congresos.unlp.edu.ar\/enddhhyes\/wp-content\/uploads\/sites\/23\/2022\/11\/955-955.jpg 507w, https:\/\/congresos.unlp.edu.ar\/enddhhyes\/wp-content\/uploads\/sites\/23\/2022\/11\/955-955-300x300.jpg 300w, https:\/\/congresos.unlp.edu.ar\/enddhhyes\/wp-content\/uploads\/sites\/23\/2022\/11\/955-955-150x150.jpg 150w\" sizes=\"(max-width: 507px) 100vw, 507px\" alt=\"\" \t\tclass=\"so-widget-image\"\/>\n\t<\/div>\n\n<\/div><\/div><\/div><div id=\"pgc-643-11-1\"  class=\"panel-grid-cell\" ><div id=\"panel-643-11-1-0\" class=\"so-panel widget widget_sow-editor panel-first-child panel-last-child\" data-index=\"32\" ><div class=\"panel-widget-style panel-widget-style-for-643-11-1-0\" ><div\n\t\t\t\n\t\t\tclass=\"so-widget-sow-editor so-widget-sow-editor-base\"\n\t\t\t\n\t\t>\n<div class=\"siteorigin-widget-tinymce textwidget\">\n\t<h3 style=\"text-align: left\"><span style=\"color: #008080\">Muestra guiada \u201cUn oscuro tiempo de (in)justicia\u201d<\/span><\/h3>\n<blockquote>\n<p><strong>Patio interno Edificio Presidencia UNLP<br \/>\nFecha y Hora:<\/strong> Viernes 04 de Noviembre - 10:30 a 11:30 hs<\/p>\n<\/blockquote>\n<p>Propone un recorrido por diferentes espacios y temporalidades, insert\u00e1ndose en el contexto general, casos particulares y documentos que atestiguan el rol del Poder Judicial en la \u00faltima dictadura c\u00edvico-militar. La muestra se encuentra compuesta por varios elementos, entre ellos su insumo principal: expedientes judiciales seleccionados a partir del trabajo y an\u00e1lisis en los propios Archivos del Poder Judicial.<\/p>\n<p><em><strong>Organiza:<\/strong> Subsecretar\u00eda de Derechos Humanos del Ministerio de Justicia y Derechos Humanos de la provincia de Buenos Aires.<\/em><\/p>\n<\/div>\n<\/div><\/div><\/div><\/div><\/div><\/div><\/div>","protected":false},"excerpt":{"rendered":"<p>CIRCUITOS GUIADOS A SITIOS DE MEMORIA Las siguientes actividades est\u00e1n reservadas para les participantes del Segundo Encuentro Nacional de Derechos Humanos y Educaci\u00f3n Superior. Se requiere inscripci\u00f3n previa v\u00eda formulario.<\/p>\n","protected":false},"author":49,"featured_media":0,"parent":0,"menu_order":0,"comment_status":"closed","ping_status":"closed","template":"","meta":{"advgb_blocks_editor_width":"","advgb_blocks_columns_visual_guide":"","footnotes":""},"class_list":["post-643","page","type-page","status-publish","hentry","post"],"aioseo_notices":[],"coauthors":[],"author_meta":{"author_link":"https:\/\/congresos.unlp.edu.ar\/enddhhyes\/author\/agustina\/","display_name":"agustina"},"relative_dates":{"created":"Posted 4 a\u00f1os ago","modified":"Updated 3 a\u00f1os ago"},"absolute_dates":{"created":"Posted on 18 octubre, 2022","modified":"Updated on 2 noviembre, 2022"},"absolute_dates_time":{"created":"Posted on 18 octubre, 2022 9:29 am","modified":"Updated on 2 noviembre, 2022 5:47 am"},"featured_img_caption":"","featured_img":false,"series_order":"","_links":{"self":[{"href":"https:\/\/congresos.unlp.edu.ar\/enddhhyes\/wp-json\/wp\/v2\/pages\/643","targetHints":{"allow":["GET"]}}],"collection":[{"href":"https:\/\/congresos.unlp.edu.ar\/enddhhyes\/wp-json\/wp\/v2\/pages"}],"about":[{"href":"https:\/\/congresos.unlp.edu.ar\/enddhhyes\/wp-json\/wp\/v2\/types\/page"}],"author":[{"embeddable":true,"href":"https:\/\/congresos.unlp.edu.ar\/enddhhyes\/wp-json\/wp\/v2\/users\/49"}],"replies":[{"embeddable":true,"href":"https:\/\/congresos.unlp.edu.ar\/enddhhyes\/wp-json\/wp\/v2\/comments?post=643"}],"version-history":[{"count":0,"href":"https:\/\/congresos.unlp.edu.ar\/enddhhyes\/wp-json\/wp\/v2\/pages\/643\/revisions"}],"wp:attachment":[{"href":"https:\/\/congresos.unlp.edu.ar\/enddhhyes\/wp-json\/wp\/v2\/media?parent=643"}],"curies":[{"name":"wp","href":"https:\/\/api.w.org\/{rel}","templated":true}]}}