{"id":9,"date":"2023-05-18T10:56:46","date_gmt":"2023-05-18T13:56:46","guid":{"rendered":"https:\/\/congresos.unlp.edu.ar\/edeu\/?page_id=9"},"modified":"2023-05-22T12:07:55","modified_gmt":"2023-05-22T15:07:55","slug":"presentacion","status":"publish","type":"page","link":"https:\/\/congresos.unlp.edu.ar\/edeu\/presentacion\/","title":{"rendered":"Presentaci\u00f3n"},"content":{"rendered":"<p><font color=\"#052C5A\"> <strong>Presentaci\u00f3n<\/strong> <\/font><\/p>\n<p style=\"text-align: justify\">La Escuela Graduada \u201cJ.V. Gonzalez\u201d de nivel inicial y primario; el Bachillerato de Bellas Artes \u201cFrancisco A. De Santo\u201d, el Liceo \u201cV\u00edctor Mercante\u201d, la Escuela Pr\u00e1ctica de Agricultura y Ganader\u00eda \u201cM. C y M. L Inchausti\u201d y el Colegio Nacional \u201cRafael Hern\u00e1ndez\u201d, de nivel secundario junto con la Prosecretar\u00eda de Pregrado de la UNLP invitan al I EDEU (Encuentro entre docentes de las escuelas de la UNLP): \u201cDesaf\u00edos en torno a la ense\u00f1anza para una ciudadan\u00eda democr\u00e1tica\u201d, a realizarse los d\u00edas 4 y 5 de octubre de 2023.<br \/>\nEl prop\u00f3sito principal de esta convocatoria es generar una instancia para socializar experiencias, saberes y pr\u00e1cticas pedag\u00f3gicas entre docentes de las escuelas dependientes de la UNLP, en vistas de promover una reflexi\u00f3n que podr\u00e1 tener continuidad y abrirse a otros di\u00e1logos en las XV Jornadas de Ense\u00f1anza Media Universitaria (JEMU) que tendr\u00e1n lugar en la ciudad de Salta en 2024. Dichas Jornadas, que se realizan cada dos a\u00f1os, constituyen el principal espacio de intercambio entre docentes, investigadores\/as y extensionistas de las escuelas que dependen de Universidades Nacionales en todo el pa\u00eds. Las \u00faltimas JEMU se realizaron en 2018, siendo suspendidas en 2020 por el contexto de pandemia por Covid 19. La interrupci\u00f3n de la presencialidad y la virtualizaci\u00f3n de la ense\u00f1anza tensionaron a las instituciones educativas e involucraron un trabajo de revisi\u00f3n de las pr\u00e1cticas pedag\u00f3gicas que se entramaron con los desaf\u00edos en torno a la inclusi\u00f3n y el acompa\u00f1amiento de trayectorias y dieron lugar a una serie de aprendizajes y saberes importantes de sistematizar y socializar entre colegas.<br \/>\nAsimismo, la conmemoraci\u00f3n de los 40 a\u00f1os del retorno de la democracia que se celebra este a\u00f1o, se convierte en una oportunidad para la reflexi\u00f3n sobre la educaci\u00f3n en democracia y el potencial de la escuela para promover experiencias y condiciones pol\u00edticas que contribuyan a la participaci\u00f3n y convivencia democr\u00e1tica de todxs lxs actorxs de la comunidad educativa. Los debates asociados a la inclusi\u00f3n y ampliaci\u00f3n de derechos instalados en la esfera p\u00fablica en las \u00faltimas d\u00e9cadas por movimientos feministas, sociosexuales y de derechos humanos y su traducci\u00f3n en marcos legales evidenciaron las desigualdades que atentan contra el pleno ejercicio de la ciudadan\u00eda. Dichos marcos interpretativos posibilitaron que el derecho a la educaci\u00f3n se vincule con procesos de democratizaci\u00f3n social, entendidos como una expansi\u00f3n de derechos y apertura de las instituciones a grupos sociales antes excluidxs o privadxs de los mismos. En este sentido, la democratizaci\u00f3n refiere a un proceso permanente y no a un punto de llegada en tanto es el resultado de luchas por la garant\u00eda de derechos consagrados o la ampliaci\u00f3n de los mismos.<br \/>\nLas escuelas de la UNLP tienen una larga tradici\u00f3n de trabajo en torno a la democratizaci\u00f3n, la perspectiva de derechos y la promoci\u00f3n de pr\u00e1cticas inclusivas, adem\u00e1s de una preocupaci\u00f3n por formar una ciudadan\u00eda participativa. En este marco, creemos que son tiempos oportunos para sistematizar, socializar y reflexionar acerca del trabajo realizado en los \u00faltimos a\u00f1os y los principales debates y desaf\u00edos pedag\u00f3gico- pol\u00edticos que atraviesan nuestras pr\u00e1cticas en vistas de seguir promoviendo espacios que reunan a todxs lxs docentes de la comunidad educativa del sistema de pregrado de la UNLP.<\/p>\n<p><font color=\"#052C5A\"> <strong>Destinatarixs<\/strong>  <\/font><\/p>\n<p>El Encuentro est\u00e1 destinado a docentes de la Escuela Graduada \u201cJoaqu\u00edn V. Gonz\u00e1lez\u201d, el Bachillerato de Bellas Artes \u201cFrancisco A. De Santo\u201d, el Liceo \u201cV\u00edctor Mercante\u201d, la Escuela Pr\u00e1ctica de Agricultura y Ganader\u00eda \u201cM. C y M. L Inchausti\u201d y el Colegio Nacional \u201cRafael Hern\u00e1ndez\u201d.<\/p>\n","protected":false},"excerpt":{"rendered":"<p>Presentaci\u00f3n La Escuela Graduada \u201cJ.V. Gonzalez\u201d de [&hellip;]<\/p>\n","protected":false},"author":2,"featured_media":0,"parent":0,"menu_order":0,"comment_status":"closed","ping_status":"closed","template":"","meta":{"advgb_blocks_editor_width":"","advgb_blocks_columns_visual_guide":"","footnotes":""},"class_list":["post-9","page","type-page","status-publish","hentry","post"],"aioseo_notices":[],"coauthors":[],"author_meta":{"author_link":"https:\/\/congresos.unlp.edu.ar\/edeu\/author\/congresos\/","display_name":"congresos"},"relative_dates":{"created":"Posted 3 a\u00f1os ago","modified":"Updated 3 a\u00f1os ago"},"absolute_dates":{"created":"Posted on 18 mayo, 2023","modified":"Updated on 22 mayo, 2023"},"absolute_dates_time":{"created":"Posted on 18 mayo, 2023 10:56 am","modified":"Updated on 22 mayo, 2023 12:07 pm"},"featured_img_caption":"","featured_img":false,"series_order":"","_links":{"self":[{"href":"https:\/\/congresos.unlp.edu.ar\/edeu\/wp-json\/wp\/v2\/pages\/9","targetHints":{"allow":["GET"]}}],"collection":[{"href":"https:\/\/congresos.unlp.edu.ar\/edeu\/wp-json\/wp\/v2\/pages"}],"about":[{"href":"https:\/\/congresos.unlp.edu.ar\/edeu\/wp-json\/wp\/v2\/types\/page"}],"author":[{"embeddable":true,"href":"https:\/\/congresos.unlp.edu.ar\/edeu\/wp-json\/wp\/v2\/users\/2"}],"replies":[{"embeddable":true,"href":"https:\/\/congresos.unlp.edu.ar\/edeu\/wp-json\/wp\/v2\/comments?post=9"}],"version-history":[{"count":0,"href":"https:\/\/congresos.unlp.edu.ar\/edeu\/wp-json\/wp\/v2\/pages\/9\/revisions"}],"wp:attachment":[{"href":"https:\/\/congresos.unlp.edu.ar\/edeu\/wp-json\/wp\/v2\/media?parent=9"}],"curies":[{"name":"wp","href":"https:\/\/api.w.org\/{rel}","templated":true}]}}