{"id":513,"date":"2022-11-18T10:19:09","date_gmt":"2022-11-18T13:19:09","guid":{"rendered":"https:\/\/congresos.unlp.edu.ar\/ebec2024\/?page_id=513"},"modified":"2024-11-15T11:41:50","modified_gmt":"2024-11-15T14:41:50","slug":"medicina","status":"publish","type":"page","link":"https:\/\/congresos.unlp.edu.ar\/ebec2024\/medicina\/","title":{"rendered":"Medicina"},"content":{"rendered":"<div class=\"wpDspace itemsPagination  noPagination\" id=\"page_container_69f7655db4814\"><ul class=\"content\"><li><article style=\"padding:10px;border: 2px solid black;\">\n\t\t\t<title>Abordaje de la Atenci\u00f3n primaria en Salud en enfermedades cr\u00f3nicas no transmisibles con relaci\u00f3n a la Nutrici\u00f3n<\/title>\n                        <div id=\"sedici-title\"> \n                            <a class=\"link\" href=\"http:\/\/sedici.unlp.edu.ar\/handle\/10915\/173405\" target=\"_blank\">Abordaje de la Atenci\u00f3n primaria en Salud en enfermedades cr\u00f3nicas no transmisibles con relaci\u00f3n a la Nutrici\u00f3n<\/a>\n                        <\/div><div id=\"sedici-title\">Autores: <author><name><a href=https:\/\/sedici.unlp.edu.ar\/discover?filtertype=author&filter_relational_operator=equals&filter=Iparraguirre%2C%20Olivia target=\"_blank\">Iparraguirre, Olivia<\/a><\/name><\/author><\/div>\n                                   <p id=\"http:\/\/sedici.unlp.edu.ar\/handle\/10915\/173405\"> <\/p>\n                                   <published>\n                                        <div id=\"sedici-title\" >Fecha: <span class=\"sedici-content\">01\/01\/2024<\/span><\/div>\n                                    <\/published><summary> <div id=\"sedici-title\">Resumen:<span class=\"sedici-content\">Abordaje de la atenci\u00f3n primaria en salud en enfermedades cr\u00f3nicas no transmisibles con relaci\u00f3n a la Nutrici\u00f3n Introducci\u00f3n:La atenci\u00f3n primaria de salud (APS) representa el primer punto de contacto entre la poblaci\u00f3n y el sistema sanitario, siendo esencial para la gesti\u00f3n y tratamiento de las enfermedades cr\u00f3nicas no transmisibles (ECNT) tales como la diabetes, hipertensi\u00f3n, enfermedades cardiovasculares (ECV), entre otras. El creciente aumento de las ECNT, derivado de cambios en el estilo de vida, condiciones socioecon\u00f3micas y disponibilidad de recursos en el hogar, destaca la urgencia de abordar esta problem\u00e1tica. El fortalecimiento de las capacitaciones en estas \u00e1reas, junto con la promoci\u00f3n de pol\u00edticas p\u00fablicas adecuadas, se presenta como una estrategia crucial para mejorar la APS en el manejo de las ECNT, aliviando la carga sobre los sistemas de salud y mejorando la calidad de vida de los pacientes.Objetivo general: Analizar los problemas en la Atenci\u00f3n Primaria de la Salud (APS) identificando nuevas problem\u00e1ticas, en \u00e1reas cr\u00edticas relacionadas con la Nutrici\u00f3n.Objetivos espec\u00edficos: \u25cf Conocer las nuevas demandas de los centros primarios de salud en la actualidad.\u25cf Registrar la capacidad de los centros de atenci\u00f3n primaria de salud para enfrentar estas demandas.\u25cf Valorar las estrategias propuestas en los centros de atenci\u00f3n primaria de salud para mejorar la respuesta a las nuevas demandas identificadas.\u25cf Identificar incidencia de ECNT con relaci\u00f3n a la Nutrici\u00f3n en la poblaci\u00f3n (Diabetes, HTA, celiaqu\u00eda, ECV) y registrar c\u00f3mo se llevan a cabo en los CAPS (Centros de Atenci\u00f3n Primaria en Salud)Actividades propuestas:Entrevistas mediante encuestas para registrar las problem\u00e1ticas halladas en los diferentes  CAPS, identificaci\u00f3n de las \u00e1reas cr\u00edticas y desaf\u00edos espec\u00edficos de cada centro de salud. Resultados\/Aportes Esperados \u25cf Identificaci\u00f3n de nuevas demandas y \u00e1reas cr\u00edticas en la APS. \u25cf Registro de la capacidad actual de los CAPS\u25cf An\u00e1lisis de la efectividad de las estrategias implementadasConclusiones: A partir del trabajo que se realiza en los Programas de Extensi\u00f3n Universitaria que incluyen a los CAPS se permitir\u00e1 valorar e identificar las \u00e1reas cr\u00edticas y desaf\u00edos mediante informes, estudios y documentos relevantes de la tem\u00e1tica abordada.<\/span><\/div><\/summary><div class=\"a_unline\">Compartir: <a href=\"https:\/\/www.facebook.com\/sharer\/sharer.php?p[title]=Abordaje de la Atenci\u00f3n primaria en Salud en enfermedades cr\u00f3nicas no transmisibles con relaci\u00f3n a la Nutrici\u00f3n&p[url]=http:\/\/sedici.unlp.edu.ar\/handle\/10915\/173405\" target=\"_blank\"><img decoding=\"async\" src=\"https:\/\/congresos.unlp.edu.ar\/ebec2024\/wp-content\/plugins\/wp-dspace\/media\/img\/share-facebook.png\" alt=\"Facebook logo\" title=\"Compartir en Facebook\">\n             <\/a>\n             <a href=\"https:\/\/twitter.com\/?status=Abordaje de la Atenci\u00f3n primaria en Salud en enfermedades cr\u00f3nicas no transmisibles con relaci\u00f3n a la Nutrici\u00f3n http:\/\/sedici.unlp.edu.ar\/handle\/10915\/173405 via @sedici_unlp\" target=\"_blank\"><img decoding=\"async\" src=\"https:\/\/congresos.unlp.edu.ar\/ebec2024\/wp-content\/plugins\/wp-dspace\/media\/img\/share-twitter.png\" alt=\"Twitter logo\" title=\"Compartir en Twitter\"><\/a>\n             <a href=\"https:\/\/plus.google.com\/share?url=http:\/\/sedici.unlp.edu.ar\/handle\/10915\/173405\" target=\"_blank\"><img decoding=\"async\" src=\"https:\/\/congresos.unlp.edu.ar\/ebec2024\/wp-content\/plugins\/wp-dspace\/media\/img\/share-plus.png\" alt=\"Google+ logo\" title=\"Compartir en Google+\">\n             <\/a>\n             <a href=\"http:\/\/www.linkedin.com\/shareArticle?url=http:\/\/sedici.unlp.edu.ar\/handle\/10915\/173405\" target=\"_blank\"><img decoding=\"async\" src=\"https:\/\/congresos.unlp.edu.ar\/ebec2024\/wp-content\/plugins\/wp-dspace\/media\/img\/share-linkedin.png\" alt=\"Linkedin logo\" title=\"Compartir en Linkedin\">\n             <\/a>\n        <\/div><\/article><\/li><br><li><article style=\"padding:10px;border: 2px solid black;\">\n\t\t\t<title>Avances en la Enfermedad de Alzheimer: modelos experimentales y estrategias terap\u00e9uticas<\/title>\n                        <div id=\"sedici-title\"> \n                            <a class=\"link\" href=\"http:\/\/sedici.unlp.edu.ar\/handle\/10915\/173332\" target=\"_blank\">Avances en la Enfermedad de Alzheimer: modelos experimentales y estrategias terap\u00e9uticas<\/a>\n                        <\/div><div id=\"sedici-title\">Autores: <author><name><a href=https:\/\/sedici.unlp.edu.ar\/discover?filtertype=author&filter_relational_operator=equals&filter=Vidal%20Escobedo%2C%20Ana%20Abril target=\"_blank\">Vidal Escobedo, Ana Abril<\/a><\/name><\/author><\/div>\n                                   <p id=\"http:\/\/sedici.unlp.edu.ar\/handle\/10915\/173332\"> <\/p>\n                                   <published>\n                                        <div id=\"sedici-title\" >Fecha: <span class=\"sedici-content\">01\/01\/2024<\/span><\/div>\n                                    <\/published><summary> <div id=\"sedici-title\">Resumen:<span class=\"sedici-content\">La edad avanzada est\u00e1 vinculada a un deterioro progresivo de la memoria y el aprendizaje, asociado con alteraciones anat\u00f3micas, fisiol\u00f3gicas y gen\u00e9ticas en el hipocampo, una regi\u00f3n crucial para la formaci\u00f3n de recuerdos. En este contexto, los astrocitos, c\u00e9lulas gliales que desempe\u00f1an funciones tr\u00f3ficas y de soporte en el sistema nervioso, tambi\u00e9n presentan cambios significativos en su morfolog\u00eda, volvi\u00e9ndose m\u00e1s peque\u00f1os y con ramificaciones m\u00e1s escasas. Nuestra hip\u00f3tesis es que la sobreexpresi\u00f3n del factor neurotr\u00f3fico s\u00edmil insulina tipo 1 (IGF1) en astrocitos hipocampales de ratas viejas puede modular sus funciones, con efectos positivos en el comportamiento de estos animales.Objetivos: 1) Analizar la arborizaci\u00f3n de astrocitos transducidos con un vector viral adeno-asociado (AAV) que sobreexpresa IGF1 y el marcador tdTomato. 2) Evaluar si esta sobreexpresi\u00f3n mejora la cognici\u00f3n en ratas viejas.1) Desarrollamos un AAV bicistr\u00f3nico, impulsado por un promotor espec\u00edfico para astrocitos (GFAP), que expresa IGF1 y el control que expresa GFP. En el d\u00eda experimental (DE) 0, ratas macho Sprague-Dawley de 2 meses recibieron inyecciones en el hipocampo de 2x10^13 copias gen\u00f3micas\/2 \u03bcl de los vectores. En el DE 21, se realiz\u00f3 la eutanasia y se procedi\u00f3 a un an\u00e1lisis por inmunofluorescencia para GFAP, capturando im\u00e1genes con un microscopio confocal y realizando an\u00e1lisis de Sholl para evaluar la arborizaci\u00f3n.2) Para la terapia g\u00e9nica (TG), utilizamos ratas hembra de 20 meses divididas en dos grupos: intactas (n=6) e IGF1 (n=7). Se realizaron varios tests de comportamiento, incluyendo el test de enterramiento de bolitas, el test de campo abierto, el test de reconocimiento de objeto y el test de Barnes para evaluar la memoria espacial. En el DE 0, se realiz\u00f3 la inyecci\u00f3n bilateral del AAV-IGF1 en el hipocampo de las ratas IGF1, y entre los DE 42-51 se llevaron a cabo las evaluaciones conductuales. La eutanasia de los animales se realiz\u00f3 en el DE 52.El an\u00e1lisis morfom\u00e9trico mostr\u00f3 un aumento significativo en la arborescencia y longitud de las prolongaciones de los astrocitos en el grupo AAV-IGF1 en comparaci\u00f3n con el control. Las ratas viejas que recibieron IGF1 mediante TG demostraron mejoras en la exploraci\u00f3n vertical y en la memoria de reconocimiento a largo plazo, lo que sugiere que la sobreexpresi\u00f3n de IGF1 puede revertir ciertos deterioros conductuales y cognitivos asociados al envejecimiento.En conclusi\u00f3n, el IGF1 puede potenciar la complejidad de los astrocitos cerebrales y, al hacerlo, contribuir al mantenimiento de la homeostasis cerebral. A trav\u00e9s de una estrategia terap\u00e9utica innovadora, utilizando un vector gen\u00e9tico dirigido a astrocitos hipocampales de ratas viejas, logramos modular la expresi\u00f3n de IGF1, lo que no solo fren\u00f3 el declive del comportamiento sino que tambi\u00e9n mejor\u00f3 la memoria en estos animales. Estos hallazgos abren nuevas v\u00edas para abordar el deterioro cognitivo asociado con la edad.<\/span><\/div><\/summary><div class=\"a_unline\">Compartir: <a href=\"https:\/\/www.facebook.com\/sharer\/sharer.php?p[title]=Avances en la Enfermedad de Alzheimer: modelos experimentales y estrategias terap\u00e9uticas&p[url]=http:\/\/sedici.unlp.edu.ar\/handle\/10915\/173332\" target=\"_blank\"><img decoding=\"async\" src=\"https:\/\/congresos.unlp.edu.ar\/ebec2024\/wp-content\/plugins\/wp-dspace\/media\/img\/share-facebook.png\" alt=\"Facebook logo\" title=\"Compartir en Facebook\">\n             <\/a>\n             <a href=\"https:\/\/twitter.com\/?status=Avances en la Enfermedad de Alzheimer: modelos experimentales y estrategias terap\u00e9uticas http:\/\/sedici.unlp.edu.ar\/handle\/10915\/173332 via @sedici_unlp\" target=\"_blank\"><img decoding=\"async\" src=\"https:\/\/congresos.unlp.edu.ar\/ebec2024\/wp-content\/plugins\/wp-dspace\/media\/img\/share-twitter.png\" alt=\"Twitter logo\" title=\"Compartir en Twitter\"><\/a>\n             <a href=\"https:\/\/plus.google.com\/share?url=http:\/\/sedici.unlp.edu.ar\/handle\/10915\/173332\" target=\"_blank\"><img decoding=\"async\" src=\"https:\/\/congresos.unlp.edu.ar\/ebec2024\/wp-content\/plugins\/wp-dspace\/media\/img\/share-plus.png\" alt=\"Google+ logo\" title=\"Compartir en Google+\">\n             <\/a>\n             <a href=\"http:\/\/www.linkedin.com\/shareArticle?url=http:\/\/sedici.unlp.edu.ar\/handle\/10915\/173332\" target=\"_blank\"><img decoding=\"async\" src=\"https:\/\/congresos.unlp.edu.ar\/ebec2024\/wp-content\/plugins\/wp-dspace\/media\/img\/share-linkedin.png\" alt=\"Linkedin logo\" title=\"Compartir en Linkedin\">\n             <\/a>\n        <\/div><\/article><\/li><br><\/ul>\n            <div class=\"page_navigation \" ><\/div>\n            <\/div>\n","protected":false},"excerpt":{"rendered":"","protected":false},"author":161,"featured_media":0,"parent":0,"menu_order":0,"comment_status":"closed","ping_status":"closed","template":"","meta":{"advgb_blocks_editor_width":"","advgb_blocks_columns_visual_guide":"","footnotes":""},"class_list":["post-513","page","type-page","status-publish","hentry","post"],"aioseo_notices":[],"coauthors":[],"author_meta":{"author_link":"https:\/\/congresos.unlp.edu.ar\/ebec2024\/author\/pablot\/","display_name":"pablot"},"relative_dates":{"created":"Posted 3 a\u00f1os ago","modified":"Updated 1 a\u00f1o ago"},"absolute_dates":{"created":"Posted on 18 noviembre, 2022","modified":"Updated on 15 noviembre, 2024"},"absolute_dates_time":{"created":"Posted on 18 noviembre, 2022 10:19 am","modified":"Updated on 15 noviembre, 2024 11:41 am"},"featured_img_caption":"","featured_img":false,"series_order":"","_links":{"self":[{"href":"https:\/\/congresos.unlp.edu.ar\/ebec2024\/wp-json\/wp\/v2\/pages\/513","targetHints":{"allow":["GET"]}}],"collection":[{"href":"https:\/\/congresos.unlp.edu.ar\/ebec2024\/wp-json\/wp\/v2\/pages"}],"about":[{"href":"https:\/\/congresos.unlp.edu.ar\/ebec2024\/wp-json\/wp\/v2\/types\/page"}],"author":[{"embeddable":true,"href":"https:\/\/congresos.unlp.edu.ar\/ebec2024\/wp-json\/wp\/v2\/users\/161"}],"replies":[{"embeddable":true,"href":"https:\/\/congresos.unlp.edu.ar\/ebec2024\/wp-json\/wp\/v2\/comments?post=513"}],"version-history":[{"count":0,"href":"https:\/\/congresos.unlp.edu.ar\/ebec2024\/wp-json\/wp\/v2\/pages\/513\/revisions"}],"wp:attachment":[{"href":"https:\/\/congresos.unlp.edu.ar\/ebec2024\/wp-json\/wp\/v2\/media?parent=513"}],"curies":[{"name":"wp","href":"https:\/\/api.w.org\/{rel}","templated":true}]}}