{"id":298,"date":"2022-11-15T10:43:33","date_gmt":"2022-11-15T13:43:33","guid":{"rendered":"https:\/\/congresos.unlp.edu.ar\/ebec2024\/?page_id=298"},"modified":"2024-11-15T11:32:07","modified_gmt":"2024-11-15T14:32:07","slug":"cs_agricolas_y_biologicas","status":"publish","type":"page","link":"https:\/\/congresos.unlp.edu.ar\/ebec2024\/cs_agricolas_y_biologicas\/","title":{"rendered":"Cs. Agr\u00edcolas y Biol\u00f3gicas"},"content":{"rendered":"<div class=\"wpDspace itemsPagination \" id=\"page_container_69f7655e9d339\"><ul class=\"content\"><li><article style=\"padding:10px;border: 2px solid black;\">\n\t\t\t<title>Aplicaci\u00f3n de distintas radiaciones UV en pre y poscosecha de brotes de brassicas para mejoras sus propiedades nutrac\u00e9uticas poscosecha<\/title>\n                        <div id=\"sedici-title\"> \n                            <a class=\"link\" href=\"http:\/\/sedici.unlp.edu.ar\/handle\/10915\/173451\" target=\"_blank\">Aplicaci\u00f3n de distintas radiaciones UV en pre y poscosecha de brotes de brassicas para mejoras sus propiedades nutrac\u00e9uticas poscosecha<\/a>\n                        <\/div><div id=\"sedici-title\">Autores: <author><name><a href=https:\/\/sedici.unlp.edu.ar\/discover?filtertype=author&filter_relational_operator=equals&filter=Maniago%2C%20Felipe target=\"_blank\">Maniago, Felipe<\/a><\/name><\/author><\/div>\n                                   <p id=\"http:\/\/sedici.unlp.edu.ar\/handle\/10915\/173451\"> <\/p>\n                                   <published>\n                                        <div id=\"sedici-title\" >Fecha: <span class=\"sedici-content\">01\/01\/2024<\/span><\/div>\n                                    <\/published><summary> <div id=\"sedici-title\">Resumen:<span class=\"sedici-content\">El br\u00f3coli puede aportar una gran cantidad de nutrientes a la dieta humana. Posee una excelente proporci\u00f3n de vitaminas, az\u00facares y prote\u00ednas, un buen contenido de fibras y bajos contenidos de grasas. Por otro lado, el br\u00f3coli contiene una importante cantidad de antioxidantes que contribuyen significativamente a prevenir distintos tipos de patolog\u00edas. Entre estos antioxidantes se destacan el \u00e1cido asc\u00f3rbico y los compuestos fen\u00f3licos. El br\u00f3coli posee adem\u00e1s elevadas concentraciones de glucosinolatos. En los \u00faltimos a\u00f1os estos compuestos han cobrado un creciente inter\u00e9s dado que los productos de su hidr\u00f3lisis. Diversos estudios epidemiol\u00f3gicos han demostrado que los isotiocianatos de br\u00f3coli poseen efectos protectores contra c\u00e1ncer. Por todas estas razones el br\u00f3coli es uno de los llamados \"s\u00faper alimentos\" tanto por sus propiedades nutritivas como por sus propiedades preventivas de diversas  patolog\u00edas. Se ha concluido que es convenientela inclusi\u00f3n del br\u00f3coli y otras cruc\u00edferas en la dieta semanal. Los brotes de distintos tipos de vegetales se han ganado reconocimiento como alimentos funcionales debidoa que contienen fitoqu\u00edmicos que promueven la salud, tales como compuestos fen\u00f3licos, carotenoides,clorofilas, y glucosinolatos, con concentraciones a\u00fan m\u00e1s altas que en las plantas adultas. Estos metabolitos secundarios que han sido relacionados con la defensa se han vinculado recientemente con varias propiedades biol\u00f3gicas como la actividad anticancer\u00edgena, antiinflamatoria y antioxidante. La germinaci\u00f3n es un m\u00e9todo simple y barato que permite mejorar los valores nutricionales. Los brotes de br\u00f3coli al ser tejidos tan j\u00f3venes con una alta tasa respiratoria, la cosecha provoca un importante estr\u00e9s. Como consecuencia, se produce una senescencia acelerada, observ\u00e1ndose un r\u00e1pido deterioro del brote y consecuentemente una perdida de sus propiedades nutricionales.En el caso de los brotes de br\u00f3coli, la mayor\u00eda de los trabajos publicados se han centrado en los \u00faltimostiempos en mejorar el contenido de algunos metabolitos secundarios, pero utilizando tratamientosposcosecha y sin analizar su efecto sobre la posible extensi\u00f3n de la vida poscosecha. Estos incluyen el usode estreses abi\u00f3ticos, y tratamiento con agentes qu\u00edmicos y tambi\u00e9n tratamientos con uso de distintascalidades de luces LED. Nuestro grupo ha probado el efecto de distintas calidades de luz sobre la vidaposcosecha de brotes de br\u00f3coli, observ\u00e1ndose un mayor contenido de glucosinolatos totales con laaplicaci\u00f3n de luz blanca y azul.En consecuencia, nos planteamos como objetivo general del presente proyecto evaluar el efecto de pulsos de distintas radiaciones UV en precosecha y poscosecha sobre el metabolismo de glucosinolatos, flavonoides y carotenoides en brotes de br\u00f3coli y determinar cu\u00e1l o cu\u00e1les de estos tratamientos contribuyen a prolongar la vida postcosecha y mantener y\/o mejorar la calidad nutrac\u00e9utica del producto<\/span><\/div><\/summary><div class=\"a_unline\">Compartir: <a href=\"https:\/\/www.facebook.com\/sharer\/sharer.php?p[title]=Aplicaci\u00f3n de distintas radiaciones UV en pre y poscosecha de brotes de brassicas para mejoras sus propiedades nutrac\u00e9uticas poscosecha&p[url]=http:\/\/sedici.unlp.edu.ar\/handle\/10915\/173451\" target=\"_blank\"><img decoding=\"async\" src=\"https:\/\/congresos.unlp.edu.ar\/ebec2024\/wp-content\/plugins\/wp-dspace\/media\/img\/share-facebook.png\" alt=\"Facebook logo\" title=\"Compartir en Facebook\">\n             <\/a>\n             <a href=\"https:\/\/twitter.com\/?status=Aplicaci\u00f3n de distintas radiaciones UV en pre y poscosecha de brotes de brassicas para mejoras sus propiedades nutrac\u00e9uticas poscosecha http:\/\/sedici.unlp.edu.ar\/handle\/10915\/173451 via @sedici_unlp\" target=\"_blank\"><img decoding=\"async\" src=\"https:\/\/congresos.unlp.edu.ar\/ebec2024\/wp-content\/plugins\/wp-dspace\/media\/img\/share-twitter.png\" alt=\"Twitter logo\" title=\"Compartir en Twitter\"><\/a>\n             <a href=\"https:\/\/plus.google.com\/share?url=http:\/\/sedici.unlp.edu.ar\/handle\/10915\/173451\" target=\"_blank\"><img decoding=\"async\" src=\"https:\/\/congresos.unlp.edu.ar\/ebec2024\/wp-content\/plugins\/wp-dspace\/media\/img\/share-plus.png\" alt=\"Google+ logo\" title=\"Compartir en Google+\">\n             <\/a>\n             <a href=\"http:\/\/www.linkedin.com\/shareArticle?url=http:\/\/sedici.unlp.edu.ar\/handle\/10915\/173451\" target=\"_blank\"><img decoding=\"async\" src=\"https:\/\/congresos.unlp.edu.ar\/ebec2024\/wp-content\/plugins\/wp-dspace\/media\/img\/share-linkedin.png\" alt=\"Linkedin logo\" title=\"Compartir en Linkedin\">\n             <\/a>\n        <\/div><\/article><\/li><br><li><article style=\"padding:10px;border: 2px solid black;\">\n\t\t\t<title>Actividad antifungica de peptidos antimicrobianos de Silybum marianum sobre el hongo fitopatogeno Fusarium graminearum, agente causal de la Fusariosis de la espiga de trigo<\/title>\n                        <div id=\"sedici-title\"> \n                            <a class=\"link\" href=\"http:\/\/sedici.unlp.edu.ar\/handle\/10915\/173445\" target=\"_blank\">Actividad antifungica de peptidos antimicrobianos de Silybum marianum sobre el hongo fitopatogeno Fusarium graminearum, agente causal de la Fusariosis de la espiga de trigo<\/a>\n                        <\/div><div id=\"sedici-title\">Autores: <author><name><a href=https:\/\/sedici.unlp.edu.ar\/discover?filtertype=author&filter_relational_operator=equals&filter=Bracho%20Oliveros%2C%20Juan%20Pablo target=\"_blank\">Bracho Oliveros, Juan Pablo<\/a><\/name><\/author><\/div>\n                                   <p id=\"http:\/\/sedici.unlp.edu.ar\/handle\/10915\/173445\"> <\/p>\n                                   <published>\n                                        <div id=\"sedici-title\" >Fecha: <span class=\"sedici-content\">01\/01\/2024<\/span><\/div>\n                                    <\/published><summary> <div id=\"sedici-title\">Resumen:<span class=\"sedici-content\">La b\u00fasqueda de compuestos org\u00e1nicos de origen natural, con bajo impacto ambiental y alta especificidad son una estrategia prometedora para la agricultura del futuro. Los p\u00e9ptidos antimicrobianos son peque\u00f1as mol\u00e9culas producidas por los organismos como parte de su respuesta frente a la invasi\u00f3n de pat\u00f3genos. En las plantas, estos p\u00e9ptidos act\u00faan como una barrera de defensa contra bacterias y hongos, y suelen estar dise\u00f1ados espec\u00edficamente para enfrentar a determinados pat\u00f3genos. En este sentido, la prospecci\u00f3n en los genomas de plantas silvestres para identificar nuevas mol\u00e9culas con potencial biotecnol\u00f3gico ofrece un enfoque interesante para el desarrollo de estrategias de biocontrol en agricultura. En este trabajo, se sintetiz\u00f3 un p\u00e9ptido basado en la defensina 2 (SmDef2) de Silybum marianum, el cual muestra actividad antif\u00fangica contra Fusarium graminearum, el agente causal de la fusariosis del trigo. Esta enfermedad puede afectar hasta el 50% de la plantaci\u00f3n, comprometiendo el rendimiento y presenta el riesgo de producir micotoxinas perjudiciales para la salud del consumidor. El p\u00e9ptido, denominado SmP\u03b11-21, tiene una secuencia de 21 amino\u00e1cidos e incluye el dominio \u03b1-core de la SmDef2. Su actividad antif\u00fangica contra F. graminearum se caracteriza por tener una concentraci\u00f3n m\u00ednima inhibitoria (MIC) de 32 \u03bcM. Como parte de este trabajo, se realizaron an\u00e1lisis de escaneos de alaninas para identificar las regiones del p\u00e9ptido que podr\u00edan optimizar su actividad antimicrobiana. Se dise\u00f1aron variantes de las que destacan las modificaciones E4 \u2013 A y C14 \u2013 A porque presentaron una MIC de 15 \u03bcM. Para evaluar la eficacia de estos p\u00e9ptidos en condiciones parecidas a las condiciones de cultivo del trigo, se llev\u00f3 a cabo un ensayo en macetas con plantas de trigo de la variedad \"Klein Chaj\u00e1\". Se seleccionaron 5 plantas de un total de 7 y, de cada espiga, 5 espiguillas fueron inoculadas con conidios de F. graminearum y p\u00e9ptido, permitiendo as\u00ed evaluar el efecto inhibidor del hongo en un entorno controlado similar al de cultivo. Se analizaron par\u00e1metros como la severidad de la enfermedad, el peso de los granos de trigo y la presencia de micotoxinas. Los resultados de este ensayo podr\u00edan proporcionar informaci\u00f3n valiosa sobre el comportamiento del p\u00e9ptido en condiciones de campo, lo que abrir\u00eda la posibilidad de desarrollar formulaciones que puedan sustituir a los fungicidas qu\u00edmicos, conocidos por su alto potencial contaminante.<\/span><\/div><\/summary><div class=\"a_unline\">Compartir: <a href=\"https:\/\/www.facebook.com\/sharer\/sharer.php?p[title]=Actividad antifungica de peptidos antimicrobianos de Silybum marianum sobre el hongo fitopatogeno Fusarium graminearum, agente causal de la Fusariosis de la espiga de trigo&p[url]=http:\/\/sedici.unlp.edu.ar\/handle\/10915\/173445\" target=\"_blank\"><img decoding=\"async\" src=\"https:\/\/congresos.unlp.edu.ar\/ebec2024\/wp-content\/plugins\/wp-dspace\/media\/img\/share-facebook.png\" alt=\"Facebook logo\" title=\"Compartir en Facebook\">\n             <\/a>\n             <a href=\"https:\/\/twitter.com\/?status=Actividad antifungica de peptidos antimicrobianos de Silybum marianum sobre el hongo fitopatogeno Fusarium graminearum, agente causal de la Fusariosis de la espiga de trigo http:\/\/sedici.unlp.edu.ar\/handle\/10915\/173445 via @sedici_unlp\" target=\"_blank\"><img decoding=\"async\" src=\"https:\/\/congresos.unlp.edu.ar\/ebec2024\/wp-content\/plugins\/wp-dspace\/media\/img\/share-twitter.png\" alt=\"Twitter logo\" title=\"Compartir en Twitter\"><\/a>\n             <a href=\"https:\/\/plus.google.com\/share?url=http:\/\/sedici.unlp.edu.ar\/handle\/10915\/173445\" target=\"_blank\"><img decoding=\"async\" src=\"https:\/\/congresos.unlp.edu.ar\/ebec2024\/wp-content\/plugins\/wp-dspace\/media\/img\/share-plus.png\" alt=\"Google+ logo\" title=\"Compartir en Google+\">\n             <\/a>\n             <a href=\"http:\/\/www.linkedin.com\/shareArticle?url=http:\/\/sedici.unlp.edu.ar\/handle\/10915\/173445\" target=\"_blank\"><img decoding=\"async\" src=\"https:\/\/congresos.unlp.edu.ar\/ebec2024\/wp-content\/plugins\/wp-dspace\/media\/img\/share-linkedin.png\" alt=\"Linkedin logo\" title=\"Compartir en Linkedin\">\n             <\/a>\n        <\/div><\/article><\/li><br><li><article style=\"padding:10px;border: 2px solid black;\">\n\t\t\t<title>Bancos de esporas y biolog\u00eda reproductiva de taxones de helechos (Polypodiopsida) de las Sierras Pampeanas Centrales, C\u00f3rdoba, Argentina. Aportes para la recuperaci\u00f3n de la biodiversidad en ambientes disturbados por incendios frecuentes<\/title>\n                        <div id=\"sedici-title\"> \n                            <a class=\"link\" href=\"http:\/\/sedici.unlp.edu.ar\/handle\/10915\/173441\" target=\"_blank\">Bancos de esporas y biolog\u00eda reproductiva de taxones de helechos (Polypodiopsida) de las Sierras Pampeanas Centrales, C\u00f3rdoba, Argentina. Aportes para la recuperaci\u00f3n de la biodiversidad en ambientes disturbados por incendios frecuentes<\/a>\n                        <\/div><div id=\"sedici-title\">Autores: <author><name><a href=https:\/\/sedici.unlp.edu.ar\/discover?filtertype=author&filter_relational_operator=equals&filter=Martinenco%2C%20Maria%20Luz target=\"_blank\">Martinenco, Maria Luz<\/a><\/name><\/author><\/div>\n                                   <p id=\"http:\/\/sedici.unlp.edu.ar\/handle\/10915\/173441\"> <\/p>\n                                   <published>\n                                        <div id=\"sedici-title\" >Fecha: <span class=\"sedici-content\">01\/01\/2024<\/span><\/div>\n                                    <\/published><summary> <div id=\"sedici-title\">Resumen:<span class=\"sedici-content\">Los helechos son plantas vasculares caracterizadas por un ciclo de vida con dosgeneraciones independientes, la gametof\u00edtica (haploide) y la esporof\u00edtica (diploide),que habitan en la tierra desde hace unos 400 ma. Se han reportado especies conpropiedades farmacol\u00f3gicas, otras de inter\u00e9s como biorremediadores o bioindicadoresde disturbios ambientales. En las Sierras Centrales Pampeanas los frecuentesincendios alteran la fisonom\u00eda del paisaje y la biodiversidad. Las acciones de conservaci\u00f3n pueden abordarse de modo in situ a trav\u00e9s del manejo de poblaciones silvestres en su h\u00e1bitat natural, o ex situ, mediante la propagaci\u00f3n en laboratorio (cultivo in vitro) y la posterior reinserci\u00f3n de los individuos obtenidos en los ambientes naturales. En el caso de los helechos, los bancos de esporas a bajas temperatura y del suelo cumplen un rol importante en la conservaci\u00f3n y restauraci\u00f3n de ambientes, lo cual ha sido de escaso estudio en los taxones nativos. El banco de esporas a bajas temperaturas mantendr\u00eda la viabilidad de las esporas por periodos prolongados, y luego se establecer\u00edan protocolos para la germinaci\u00f3n y la obtenci\u00f3n de gametofitos y esporofitos. Por otro lado, se considera banco de esporas del suelo cuando las esporas permanecen viables en el mismo, en un estado de dormici\u00f3n, por un periodo mayor a un a\u00f1o. El objetivo general del proyecto es estudiar aspectos reproductivos y los modos de propagaci\u00f3n de taxones de helechos que crecen en ambientes serranos de la provincia de C\u00f3rdoba, con el fin de aportar conocimientos para la elaboraci\u00f3n de acciones de conservaci\u00f3n de la biodiversidad en sistemas naturales disturbados. Para ello, se realizar\u00e1n estudios palinol\u00f3gicos y se analizar\u00e1n los ciclos de vida en taxones seleccionados a partir delcultivo in vitro esporas y de datos obtenidos in situ. Se analizar\u00e1 tambi\u00e9n la viabilidaden el tiempo de esporas almacenadas a bajas temperaturas y el rol de los bancos deesporas del suelo en la regeneraci\u00f3n y el establecimiento de las poblaciones dehelechos en los ambientes naturales.<\/span><\/div><\/summary><div class=\"a_unline\">Compartir: <a href=\"https:\/\/www.facebook.com\/sharer\/sharer.php?p[title]=Bancos de esporas y biolog\u00eda reproductiva de taxones de helechos (Polypodiopsida) de las Sierras Pampeanas Centrales, C\u00f3rdoba, Argentina. Aportes para la recuperaci\u00f3n de la biodiversidad en ambientes disturbados por incendios frecuentes&p[url]=http:\/\/sedici.unlp.edu.ar\/handle\/10915\/173441\" target=\"_blank\"><img decoding=\"async\" src=\"https:\/\/congresos.unlp.edu.ar\/ebec2024\/wp-content\/plugins\/wp-dspace\/media\/img\/share-facebook.png\" alt=\"Facebook logo\" title=\"Compartir en Facebook\">\n             <\/a>\n             <a href=\"https:\/\/twitter.com\/?status=Bancos de esporas y biolog\u00eda reproductiva de taxones de helechos (Polypodiopsida) de las Sierras Pampeanas Centrales, C\u00f3rdoba, Argentina. Aportes para la recuperaci\u00f3n de la biodiversidad en ambientes disturbados por incendios frecuentes http:\/\/sedici.unlp.edu.ar\/handle\/10915\/173441 via @sedici_unlp\" target=\"_blank\"><img decoding=\"async\" src=\"https:\/\/congresos.unlp.edu.ar\/ebec2024\/wp-content\/plugins\/wp-dspace\/media\/img\/share-twitter.png\" alt=\"Twitter logo\" title=\"Compartir en Twitter\"><\/a>\n             <a href=\"https:\/\/plus.google.com\/share?url=http:\/\/sedici.unlp.edu.ar\/handle\/10915\/173441\" target=\"_blank\"><img decoding=\"async\" src=\"https:\/\/congresos.unlp.edu.ar\/ebec2024\/wp-content\/plugins\/wp-dspace\/media\/img\/share-plus.png\" alt=\"Google+ logo\" title=\"Compartir en Google+\">\n             <\/a>\n             <a href=\"http:\/\/www.linkedin.com\/shareArticle?url=http:\/\/sedici.unlp.edu.ar\/handle\/10915\/173441\" target=\"_blank\"><img decoding=\"async\" src=\"https:\/\/congresos.unlp.edu.ar\/ebec2024\/wp-content\/plugins\/wp-dspace\/media\/img\/share-linkedin.png\" alt=\"Linkedin logo\" title=\"Compartir en Linkedin\">\n             <\/a>\n        <\/div><\/article><\/li><br><li><article style=\"padding:10px;border: 2px solid black;\">\n\t\t\t<title>Sistem\u00e1tica, Biogeograf\u00eda, Anatom\u00eda de especies actuales y f\u00f3siles, Ecolog\u00eda y Conservaci\u00f3n de Anfibios y Reptiles del Cono Sur Sudamericano<\/title>\n                        <div id=\"sedici-title\"> \n                            <a class=\"link\" href=\"http:\/\/sedici.unlp.edu.ar\/handle\/10915\/173430\" target=\"_blank\">Sistem\u00e1tica, Biogeograf\u00eda, Anatom\u00eda de especies actuales y f\u00f3siles, Ecolog\u00eda y Conservaci\u00f3n de Anfibios y Reptiles del Cono Sur Sudamericano<\/a>\n                        <\/div><div id=\"sedici-title\">Autores: <author><name><a href=https:\/\/sedici.unlp.edu.ar\/discover?filtertype=author&filter_relational_operator=equals&filter=Aguirre%2C%20iara target=\"_blank\">Aguirre, iara<\/a><\/name><\/author><\/div>\n                                   <p id=\"http:\/\/sedici.unlp.edu.ar\/handle\/10915\/173430\"> <\/p>\n                                   <published>\n                                        <div id=\"sedici-title\" >Fecha: <span class=\"sedici-content\">01\/01\/2024<\/span><\/div>\n                                    <\/published><summary> <div id=\"sedici-title\">Resumen:<span class=\"sedici-content\">La colecci\u00f3n de herpetolog\u00eda del Museo de La Plata, constituye un acervo \u00fanico y esencial para la instituci\u00f3n. Aproximadamente forman parte de esta 13.000 ejemplares de anfibios y reptiles, preservados en alcohol al 70%, junto con piezas \u00f3seas y algunos ejemplares taxidermizados. Esta colecci\u00f3n representa un reservorio invaluable de la fauna herpetol\u00f3gica argentina, con ejemplares tipos y materiales que datan de m\u00e1s de un siglo, lo cual la convierte en un recurso \u00fanico para investigaciones biol\u00f3gicas. Actualmente, la colecci\u00f3n enfrenta importantes desaf\u00edos de conservaci\u00f3n, incluyendo problemas de limpieza que favorecen el crecimiento de hongos, la presencia de insectos, y la falta de un registro digital actualizado, ya que parte de los registros permanecen en libros f\u00edsicos. Con el proyecto de pasant\u00eda, se propone el relevamiento y digitalizaci\u00f3n de los registros de los ejemplares para determinar la cantidad, ubicaci\u00f3n y estado en el que se encuentran, permitiendo un an\u00e1lisis exhaustivo de la situaci\u00f3n actual de colecci\u00f3n. La digitalizaci\u00f3n contribuir\u00e1 a la preservaci\u00f3n de la informaci\u00f3n y mejorar\u00e1 el control y accesibilidad del material depositado. Tambi\u00e9n, en el marco del proyecto, se continuar\u00e1n desarrollando las tareas de curadur\u00eda, incluyendo el ordenamiento de los ejemplares f\u00edsicos y la implementaci\u00f3n de medidas de control y monitoreo para prevenir la aparici\u00f3n de agentes de biodeterioro, garantizando as\u00ed la preservaci\u00f3n y estabilidad de la colecci\u00f3n a largo plazo.<\/span><\/div><\/summary><div class=\"a_unline\">Compartir: <a href=\"https:\/\/www.facebook.com\/sharer\/sharer.php?p[title]=Sistem\u00e1tica, Biogeograf\u00eda, Anatom\u00eda de especies actuales y f\u00f3siles, Ecolog\u00eda y Conservaci\u00f3n de Anfibios y Reptiles del Cono Sur Sudamericano&p[url]=http:\/\/sedici.unlp.edu.ar\/handle\/10915\/173430\" target=\"_blank\"><img decoding=\"async\" src=\"https:\/\/congresos.unlp.edu.ar\/ebec2024\/wp-content\/plugins\/wp-dspace\/media\/img\/share-facebook.png\" alt=\"Facebook logo\" title=\"Compartir en Facebook\">\n             <\/a>\n             <a href=\"https:\/\/twitter.com\/?status=Sistem\u00e1tica, Biogeograf\u00eda, Anatom\u00eda de especies actuales y f\u00f3siles, Ecolog\u00eda y Conservaci\u00f3n de Anfibios y Reptiles del Cono Sur Sudamericano http:\/\/sedici.unlp.edu.ar\/handle\/10915\/173430 via @sedici_unlp\" target=\"_blank\"><img decoding=\"async\" src=\"https:\/\/congresos.unlp.edu.ar\/ebec2024\/wp-content\/plugins\/wp-dspace\/media\/img\/share-twitter.png\" alt=\"Twitter logo\" title=\"Compartir en Twitter\"><\/a>\n             <a href=\"https:\/\/plus.google.com\/share?url=http:\/\/sedici.unlp.edu.ar\/handle\/10915\/173430\" target=\"_blank\"><img decoding=\"async\" src=\"https:\/\/congresos.unlp.edu.ar\/ebec2024\/wp-content\/plugins\/wp-dspace\/media\/img\/share-plus.png\" alt=\"Google+ logo\" title=\"Compartir en Google+\">\n             <\/a>\n             <a href=\"http:\/\/www.linkedin.com\/shareArticle?url=http:\/\/sedici.unlp.edu.ar\/handle\/10915\/173430\" target=\"_blank\"><img decoding=\"async\" src=\"https:\/\/congresos.unlp.edu.ar\/ebec2024\/wp-content\/plugins\/wp-dspace\/media\/img\/share-linkedin.png\" alt=\"Linkedin logo\" title=\"Compartir en Linkedin\">\n             <\/a>\n        <\/div><\/article><\/li><br><li><article style=\"padding:10px;border: 2px solid black;\">\n\t\t\t<title>Revalorizaci\u00f3n de residuos ricos en prote\u00ednas provenientes de industrias locales a trav\u00e9s del cultivo con hongos del Phylum basidiomycota y su econom\u00eda circular para la obtenci\u00f3n de proteasas y compuestos bioactivos<\/title>\n                        <div id=\"sedici-title\"> \n                            <a class=\"link\" href=\"http:\/\/sedici.unlp.edu.ar\/handle\/10915\/173416\" target=\"_blank\">Revalorizaci\u00f3n de residuos ricos en prote\u00ednas provenientes de industrias locales a trav\u00e9s del cultivo con hongos del Phylum basidiomycota y su econom\u00eda circular para la obtenci\u00f3n de proteasas y compuestos bioactivos<\/a>\n                        <\/div><div id=\"sedici-title\">Autores: <author><name><a href=https:\/\/sedici.unlp.edu.ar\/discover?filtertype=author&filter_relational_operator=equals&filter=Salese%2C%20Lucia target=\"_blank\">Salese, Lucia<\/a><\/name><\/author><\/div>\n                                   <p id=\"http:\/\/sedici.unlp.edu.ar\/handle\/10915\/173416\"> <\/p>\n                                   <published>\n                                        <div id=\"sedici-title\" >Fecha: <span class=\"sedici-content\">01\/01\/2024<\/span><\/div>\n                                    <\/published><summary> <div id=\"sedici-title\">Resumen:<span class=\"sedici-content\">Los residuos industriales representan una problem\u00e1tica socioambiental debido a que muchas veces son desechados de manera inadecuada provocando alteraciones en los ecosistemas. Esto puede ocasionar la acumulaci\u00f3n de dichos residuos con la consecuente aparici\u00f3n de plagas, las cuales causan diferentes tipos de enfermedades que ponen en riesgo la salud humana. El concepto de desarrollo sostenible implica un flujo c\u00edclico de materiales y energ\u00eda, centr\u00e1ndose en la reducci\u00f3n, reutilizaci\u00f3n y reciclado de componentes. En este sentido, numerosas investigaciones se enfocan en la utilizaci\u00f3n de materiales de descarte de diversas industrias para la obtenci\u00f3n de nuevos productos. Varios autores han reportado que ciertas especies de hongos son capaces de producir grandes cantidades de proteasas cuando son cultivados en medios proteicos, lo que justifica el estudio de estos organismos para la transformaci\u00f3n de desechos ricos en prote\u00ednas. Si bien existen numerosos reportes de ascomicetes con habilidad para degradar diferentes materiales proteicos y sintetizar proteasas, son escasos los estudios equivalentes utilizando otros hongos, como los lignocelulol\u00edticos pertenecientes al Phylum Basidiomycota. En este contexto, surge la hip\u00f3tesis de que ciertos basidiomicetes ser\u00e1n capaces de transformar residuos proteicos debido a la acci\u00f3n de proteasas inducida por el mismo residuo rico en prote\u00ednas. El plan de trabajo propone evaluar la habilidad proteol\u00edtica extracelular de diferentes cepas de hongos para luego estudiar la capacidad diferencial de cepas seleccionadas en la degradaci\u00f3n de dos residuos de disponibilidad regional(pelo vacuno proveniente de las curtiembres y lactosuero de la industria quesera). Se caracterizar\u00e1 el sistema proteol\u00edtico extracelular de los hongos seleccionados, as\u00ed como los perfiles pept\u00eddicos de los residuos transformados y la presencia de actividades biol\u00f3gicas, con el fin de evaluar su uso en la formulaci\u00f3n de alimentos funcionales y\/o suplemento para la promoci\u00f3n del crecimiento vegetal.En un contexto de necesidad por revalorizar residuos en el marco de una econom\u00eda circular, la prospecci\u00f3n de hongos del Phylum Basidiomycota como Coriolopsis rigida, Peniophora albobadia, Grammothele subargentea, Pycnoporus sanguineusy diferentes especies de Pleutotus, contribuir\u00e1 a ampliar el conocimiento sobre el rol biol\u00f3gico que estos hongos tienen, contribuyendo a la generaci\u00f3n de compuestos bioactivos aprovechables, as\u00ed como de nuevas proteasas. De esta manera, se pretende seleccionar las cepas de hongos y condiciones de cultivo \u00f3ptimas para la degradaci\u00f3n y revaloraci\u00f3n significativa de desechos ricos en prote\u00ednas como lo son el suero l\u00e1cteo y el pelo residual de las curtiembres, permitiendo la posibilidad de utilizar al residuo como inductor de la producci\u00f3n enzim\u00e1tica y la obtenci\u00f3n de hidrolizados proteicos con diversas aplicaciones.<\/span><\/div><\/summary><div class=\"a_unline\">Compartir: <a href=\"https:\/\/www.facebook.com\/sharer\/sharer.php?p[title]=Revalorizaci\u00f3n de residuos ricos en prote\u00ednas provenientes de industrias locales a trav\u00e9s del cultivo con hongos del Phylum basidiomycota y su econom\u00eda circular para la obtenci\u00f3n de proteasas y compuestos bioactivos&p[url]=http:\/\/sedici.unlp.edu.ar\/handle\/10915\/173416\" target=\"_blank\"><img decoding=\"async\" src=\"https:\/\/congresos.unlp.edu.ar\/ebec2024\/wp-content\/plugins\/wp-dspace\/media\/img\/share-facebook.png\" alt=\"Facebook logo\" title=\"Compartir en Facebook\">\n             <\/a>\n             <a href=\"https:\/\/twitter.com\/?status=Revalorizaci\u00f3n de residuos ricos en prote\u00ednas provenientes de industrias locales a trav\u00e9s del cultivo con hongos del Phylum basidiomycota y su econom\u00eda circular para la obtenci\u00f3n de proteasas y compuestos bioactivos http:\/\/sedici.unlp.edu.ar\/handle\/10915\/173416 via @sedici_unlp\" target=\"_blank\"><img decoding=\"async\" src=\"https:\/\/congresos.unlp.edu.ar\/ebec2024\/wp-content\/plugins\/wp-dspace\/media\/img\/share-twitter.png\" alt=\"Twitter logo\" title=\"Compartir en Twitter\"><\/a>\n             <a href=\"https:\/\/plus.google.com\/share?url=http:\/\/sedici.unlp.edu.ar\/handle\/10915\/173416\" target=\"_blank\"><img decoding=\"async\" src=\"https:\/\/congresos.unlp.edu.ar\/ebec2024\/wp-content\/plugins\/wp-dspace\/media\/img\/share-plus.png\" alt=\"Google+ logo\" title=\"Compartir en Google+\">\n             <\/a>\n             <a href=\"http:\/\/www.linkedin.com\/shareArticle?url=http:\/\/sedici.unlp.edu.ar\/handle\/10915\/173416\" target=\"_blank\"><img decoding=\"async\" src=\"https:\/\/congresos.unlp.edu.ar\/ebec2024\/wp-content\/plugins\/wp-dspace\/media\/img\/share-linkedin.png\" alt=\"Linkedin logo\" title=\"Compartir en Linkedin\">\n             <\/a>\n        <\/div><\/article><\/li><br><li><article style=\"padding:10px;border: 2px solid black;\">\n\t\t\t<title>Estudio de especies vegetales nativas para la fitorremediaci\u00f3n de suelos agr\u00edcolas<\/title>\n                        <div id=\"sedici-title\"> \n                            <a class=\"link\" href=\"http:\/\/sedici.unlp.edu.ar\/handle\/10915\/173410\" target=\"_blank\">Estudio de especies vegetales nativas para la fitorremediaci\u00f3n de suelos agr\u00edcolas<\/a>\n                        <\/div><div id=\"sedici-title\">Autores: <author><name><a href=https:\/\/sedici.unlp.edu.ar\/discover?filtertype=author&filter_relational_operator=equals&filter=Gonzalez%2C%20Matias%20Alberto target=\"_blank\">Gonzalez, Matias Alberto<\/a><\/name><\/author><\/div>\n                                   <p id=\"http:\/\/sedici.unlp.edu.ar\/handle\/10915\/173410\"> <\/p>\n                                   <published>\n                                        <div id=\"sedici-title\" >Fecha: <span class=\"sedici-content\">01\/01\/2024<\/span><\/div>\n                                    <\/published><summary> <div id=\"sedici-title\">Resumen:<span class=\"sedici-content\">Los metales pesados son contaminantes que han ganado relevancia en los \u00faltimos a\u00f1os, ya que no son biodegradables y pueden permanecer durante largos per\u00edodos en los ecosistemas. Adem\u00e1s, estos elementos son t\u00f3xicos en concentraciones traza y muchos de ellos son considerados carcin\u00f3genos. Para la restauraci\u00f3n de sitios contaminados, se han explorado diversas alternativas, siendo la fitorremediaci\u00f3n una de las m\u00e1s econ\u00f3micas, ambientalmente amigables y socialmente aceptadas. Esta tecnolog\u00eda se basa en el uso de plantas y microorganismos asociados para la extracci\u00f3n y\/o reducci\u00f3n de la toxicidad de los metales pesados.El objetivo de esta investigaci\u00f3n fue indagar en la literatura cient\u00edfica sobre las especies nativas de Argentina y su potencial fitorremediador, y estudiar las modificaciones fisiol\u00f3gicas y bioqu\u00edmicas, as\u00ed como la capacidad de acumulaci\u00f3n de seis especies nativas frente a altas concentraciones de Zn y Cu. De la revisi\u00f3n de aproximadamente 300 trabajos cient\u00edficos, se identificaron 177 especies nativas potenciales para estudios de fitorremediaci\u00f3n, distribuidas en 53 familias. Del total, 123 presentan estudios de bioacumulaci\u00f3n y respuestas fisiol\u00f3gicas relacionadas, lo que evidencia el valioso potencial gen\u00e9tico que Argentina posee para esta tem\u00e1tica y el amplio margen de estudio disponible en el pa\u00eds. Llama la atenci\u00f3n que solo el 11% de los trabajos revisados corresponden a autores argentinos.A partir de esta informaci\u00f3n se seleccionaron seis especies para su estudio: tres herb\u00e1ceas-arbustivas \u2014Canna indica (achira roja), Tagetes minuta (huacatay), Lippia alba (lipia)\u2014 y tres arb\u00f3reas \u2014Sesbania punicea (acacia roja), Sesbania virgata (acacia caf\u00e9) y Erythrina crista-galli (seibo). Se evalu\u00f3 su crecimiento, en biomasa seca, el contenido de pigmentos fotosint\u00e9ticos, acumulaci\u00f3n de prolina, malondialdeh\u00eddo (MDA), prote\u00ednas solubles, compuestos fen\u00f3licos y acumulaci\u00f3n y Zn y Cu en condiciones de estr\u00e9s por estos elementos (1000 \u2013 2000 y 3000 ppm Zn; y 500 \u2013 1000 y 1500 ppm Cu). Los resultados m\u00e1s prometedores se observaron en Tagetes minuta, que acumul\u00f3 8096 ppm de Zn y 2767 ppm de Cu, y Sesbania punicea, con 2511 ppm de Zn y 1205 ppm de Cu. Ambas especies mostraron modificaciones fisiol\u00f3gicas leves normales para situaciones de estr\u00e9s, pero no excesivas, como aumento de MDA, prolina y compuestos fen\u00f3licos, as\u00ed como una disminuci\u00f3n de prote\u00ednas solubles y pigmentos fotosint\u00e9ticos, sugiriendo cierto grado de tolerancia a estos metales.Estos resultados indican que ambas especies poseen caracter\u00edsticas fisiol\u00f3gicas y bioqu\u00edmicas que les confieren tolerancia al exceso de Zn y Cu, lo que sugiere su potencial para ser utilizadas en programas de fitorremediaci\u00f3n. La riqueza gen\u00e9tica de Argentina y la cantidad de especies nativas sin explorar brindan una oportunidad \u00fanica para ampliar las investigaciones en este campo y contribuir al desarrollo de estrategias sostenibles de recuperaci\u00f3n ambiental.<\/span><\/div><\/summary><div class=\"a_unline\">Compartir: <a href=\"https:\/\/www.facebook.com\/sharer\/sharer.php?p[title]=Estudio de especies vegetales nativas para la fitorremediaci\u00f3n de suelos agr\u00edcolas&p[url]=http:\/\/sedici.unlp.edu.ar\/handle\/10915\/173410\" target=\"_blank\"><img decoding=\"async\" src=\"https:\/\/congresos.unlp.edu.ar\/ebec2024\/wp-content\/plugins\/wp-dspace\/media\/img\/share-facebook.png\" alt=\"Facebook logo\" title=\"Compartir en Facebook\">\n             <\/a>\n             <a href=\"https:\/\/twitter.com\/?status=Estudio de especies vegetales nativas para la fitorremediaci\u00f3n de suelos agr\u00edcolas http:\/\/sedici.unlp.edu.ar\/handle\/10915\/173410 via @sedici_unlp\" target=\"_blank\"><img decoding=\"async\" src=\"https:\/\/congresos.unlp.edu.ar\/ebec2024\/wp-content\/plugins\/wp-dspace\/media\/img\/share-twitter.png\" alt=\"Twitter logo\" title=\"Compartir en Twitter\"><\/a>\n             <a href=\"https:\/\/plus.google.com\/share?url=http:\/\/sedici.unlp.edu.ar\/handle\/10915\/173410\" target=\"_blank\"><img decoding=\"async\" src=\"https:\/\/congresos.unlp.edu.ar\/ebec2024\/wp-content\/plugins\/wp-dspace\/media\/img\/share-plus.png\" alt=\"Google+ logo\" title=\"Compartir en Google+\">\n             <\/a>\n             <a href=\"http:\/\/www.linkedin.com\/shareArticle?url=http:\/\/sedici.unlp.edu.ar\/handle\/10915\/173410\" target=\"_blank\"><img decoding=\"async\" src=\"https:\/\/congresos.unlp.edu.ar\/ebec2024\/wp-content\/plugins\/wp-dspace\/media\/img\/share-linkedin.png\" alt=\"Linkedin logo\" title=\"Compartir en Linkedin\">\n             <\/a>\n        <\/div><\/article><\/li><br><li><article style=\"padding:10px;border: 2px solid black;\">\n\t\t\t<title>Preparaci\u00f3n y caracterizaci\u00f3n de ingredientes funcionales por hidr\u00f3lisis de prote\u00ednas alimentarias empleando fitopeptidasas<\/title>\n                        <div id=\"sedici-title\"> \n                            <a class=\"link\" href=\"http:\/\/sedici.unlp.edu.ar\/handle\/10915\/173408\" target=\"_blank\">Preparaci\u00f3n y caracterizaci\u00f3n de ingredientes funcionales por hidr\u00f3lisis de prote\u00ednas alimentarias empleando fitopeptidasas<\/a>\n                        <\/div><div id=\"sedici-title\">Autores: <author><name><a href=https:\/\/sedici.unlp.edu.ar\/discover?filtertype=author&filter_relational_operator=equals&filter=Corrons%2C%20Maria%20Alicia target=\"_blank\">Corrons, Maria Alicia<\/a><\/name><\/author><\/div>\n                                   <p id=\"http:\/\/sedici.unlp.edu.ar\/handle\/10915\/173408\"> <\/p>\n                                   <published>\n                                        <div id=\"sedici-title\" >Fecha: <span class=\"sedici-content\">01\/01\/2024<\/span><\/div>\n                                    <\/published><summary> <div id=\"sedici-title\">Resumen:<span class=\"sedici-content\">Las enzimas proteol\u00edticas son empleadas en biotecnolog\u00eda alimentaria ya que la hidr\u00f3lisis de enlaces pept\u00eddicos puede provocar efectos espec\u00edficos como el mejoramiento de las propiedades funcionales o la liberaci\u00f3n de p\u00e9ptidos bioactivos. Estos p\u00e9ptidos se encuentran encriptados en la secuencia de prote\u00ednas alimentarias y si son liberados pueden tener un impacto positivo en funciones del organismo, entre las que se encuentran la actividad antimicrobiana, antitromb\u00f3tica, inmunomodulatoria, citot\u00f3xica, quelante de metales, antihipertensiva y antioxidante. Los alimentos que contienen biop\u00e9ptidos se incluyen dentro de los denominados alimentos funcionales, porque adem\u00e1s de su valor nutritivo aportan alg\u00fan beneficio adicional a la salud, con posibilidad de prevenir o ayudar al tratamiento de ciertas patolog\u00edas. En el CIPROVE se han caracterizado extractos proteol\u00edticos preparados a partir de especies nativas o cultivadas en Argentina, que pueden ser empleados tanto en reacciones de prote\u00f3lisis para la obtenci\u00f3n de ingredientes alimentarios que contengan p\u00e9ptidos bioactivos, as\u00ed como en la coagulaci\u00f3n de la leche para la obtenci\u00f3n de quesos.En este trabajo se emplean extractos obtenidos a partir del l\u00e1tex de frutos de Maclura pomifera (Raf.) Schneid (Moraceae) para preparar hidrolizados de prote\u00ednas de leche bovina y de clara de huevo de gallina, fresca y liofilizada, y comercial l\u00edquida y en polvo. Por otro lado, con los extractos se preparar\u00e1n quesos a partir de leche de vaca. En todos los casos se determinar\u00e1 el grado de hidr\u00f3lisis por el m\u00e9todo del OPA, la concentraci\u00f3n de p\u00e9ptidos por el m\u00e9todo de Lowry y\/o de Hull y el perfil pept\u00eddico por SDS-PAGE en geles con tricina y por cromatograf\u00eda de exclusi\u00f3n molecular. En los quesos se evaluar\u00e1 el poder coagulante de las fitoproteasas, se optimizar\u00e1 el proceso de elaboraci\u00f3n a fin de seleccionar aquellos que presenten mayor aceptabilidad en cuanto a sus caracter\u00edsticas sensoriales y se realizar\u00e1 una caracterizaci\u00f3n fisicoqu\u00edmica.Tanto en hidrolizados como en los quesos se evaluar\u00e1 la actividad antioxidante (m\u00e9todos del ORAC, FRAP y ABTS), quelante de metales (hierro y calcio) e inhibitoria de la enzima convertidora de angiotensina I in vitro (actividad antihipertensiva). Se purificar\u00e1n parcialmente por fraccionamiento con tubos Vivaspin de diferente cut-off y diversas t\u00e9cnicas cromatogr\u00e1ficas. Las fracciones conteniendo los p\u00e9ptidos de inter\u00e9s ser\u00e1n analizadas por espectrometr\u00eda de masas y se secuenciar\u00e1n por fragmentaci\u00f3n los p\u00e9ptidos m\u00e1s promisorios (MALDI TOF\/TOF y\/o ESI-orbitrap MS\/MS). Se evaluar\u00e1 si las muestras de hidrolizados y quesos son capaces de superar la barrera digestiva sin perder su actividad con ensayos de simulaci\u00f3n de digesti\u00f3n gastrointestinal. Tambi\u00e9n se preparar\u00e1n barras de cereal con los hidrolizados con p\u00e9ptidos bioactivos como ingrediente. Finalmente, se realizar\u00e1 un an\u00e1lisis sensorial tanto de estas barras como de los quesos para determinar su valor nutricional y energ\u00e9tico.<\/span><\/div><\/summary><div class=\"a_unline\">Compartir: <a href=\"https:\/\/www.facebook.com\/sharer\/sharer.php?p[title]=Preparaci\u00f3n y caracterizaci\u00f3n de ingredientes funcionales por hidr\u00f3lisis de prote\u00ednas alimentarias empleando fitopeptidasas&p[url]=http:\/\/sedici.unlp.edu.ar\/handle\/10915\/173408\" target=\"_blank\"><img decoding=\"async\" src=\"https:\/\/congresos.unlp.edu.ar\/ebec2024\/wp-content\/plugins\/wp-dspace\/media\/img\/share-facebook.png\" alt=\"Facebook logo\" title=\"Compartir en Facebook\">\n             <\/a>\n             <a href=\"https:\/\/twitter.com\/?status=Preparaci\u00f3n y caracterizaci\u00f3n de ingredientes funcionales por hidr\u00f3lisis de prote\u00ednas alimentarias empleando fitopeptidasas http:\/\/sedici.unlp.edu.ar\/handle\/10915\/173408 via @sedici_unlp\" target=\"_blank\"><img decoding=\"async\" src=\"https:\/\/congresos.unlp.edu.ar\/ebec2024\/wp-content\/plugins\/wp-dspace\/media\/img\/share-twitter.png\" alt=\"Twitter logo\" title=\"Compartir en Twitter\"><\/a>\n             <a href=\"https:\/\/plus.google.com\/share?url=http:\/\/sedici.unlp.edu.ar\/handle\/10915\/173408\" target=\"_blank\"><img decoding=\"async\" src=\"https:\/\/congresos.unlp.edu.ar\/ebec2024\/wp-content\/plugins\/wp-dspace\/media\/img\/share-plus.png\" alt=\"Google+ logo\" title=\"Compartir en Google+\">\n             <\/a>\n             <a href=\"http:\/\/www.linkedin.com\/shareArticle?url=http:\/\/sedici.unlp.edu.ar\/handle\/10915\/173408\" target=\"_blank\"><img decoding=\"async\" src=\"https:\/\/congresos.unlp.edu.ar\/ebec2024\/wp-content\/plugins\/wp-dspace\/media\/img\/share-linkedin.png\" alt=\"Linkedin logo\" title=\"Compartir en Linkedin\">\n             <\/a>\n        <\/div><\/article><\/li><br><li><article style=\"padding:10px;border: 2px solid black;\">\n\t\t\t<title>Fitomejoramiento gen\u00e9tico de variedades locales de Cannabis Sativa L. para la obtenci\u00f3n de l\u00edneas estables con atenci\u00f3n al quimiotipo y a la respuesta a la presencia de microorganismos ben\u00e9ficos como herramienta de producci\u00f3n sustentable<\/title>\n                        <div id=\"sedici-title\"> \n                            <a class=\"link\" href=\"http:\/\/sedici.unlp.edu.ar\/handle\/10915\/173373\" target=\"_blank\">Fitomejoramiento gen\u00e9tico de variedades locales de Cannabis Sativa L. para la obtenci\u00f3n de l\u00edneas estables con atenci\u00f3n al quimiotipo y a la respuesta a la presencia de microorganismos ben\u00e9ficos como herramienta de producci\u00f3n sustentable<\/a>\n                        <\/div><div id=\"sedici-title\">Autores: <author><name><a href=https:\/\/sedici.unlp.edu.ar\/discover?filtertype=author&filter_relational_operator=equals&filter=Pinto%2C%20Lucas target=\"_blank\">Pinto, Lucas<\/a><\/name><\/author><\/div>\n                                   <p id=\"http:\/\/sedici.unlp.edu.ar\/handle\/10915\/173373\"> <\/p>\n                                   <published>\n                                        <div id=\"sedici-title\" >Fecha: <span class=\"sedici-content\">01\/01\/2024<\/span><\/div>\n                                    <\/published><summary> <div id=\"sedici-title\">Resumen:<span class=\"sedici-content\">El plan de investigaci\u00f3n presente tiene como objetivo generar herramientas y conocimientos cient\u00edfico-tecnol\u00f3gicos que sustenten y acompa\u00f1en el desarrollo de la tem\u00e1tica de Cannabis Medicinal e Industrial en Argentina. En este sentido, desarrollar programas de fitomejoramientos en sus caracter\u00edsticas medicinales, como en la obtenci\u00f3n de variedades  que puedan ser utilizada tanto por ONGs en cultivos con objetivos sociales como en cultivos industriales de cannabis que permitan cultivares sanos, de calidad, con menor impacto ambiental y de mayor valor agregado.En este sentido  se propone realizar un mejoramiento gen\u00e9tico de la variedad CAT 1 en relaci\u00f3n a los componentes terap\u00e9uticos esenciales en Cannabis y a caracter\u00edsticasfisiol\u00f3gicas reproductivas. CAT 1 fue seleccionada por poseer reconocida acci\u00f3n terap\u00e9utica entre pacientes, m\u00e9dicos y cultivadores y presenta como caracter\u00edsticas principales un quimiotipo 2 :1 CBD THC. El objetivo es lograr un aumento en la producci\u00f3n de cannabinoides manteniendo el perfil de terpenos caracter\u00edsticos de esta variedad: mirceno, Cariofileno y linalool. A su vez, se har\u00e1 enfoque en reducir el tiempo (semanas) delperiodo reproductivo t\u00edpico de la variedad. Esta caracter\u00edstica permitir\u00e1 reducir los tiempos entre cosecha y cosecha en un contexto de producci\u00f3n intensiva. Adem\u00e1s, es de inter\u00e9s la obtenci\u00f3n de cultivares que presenten amplia interacci\u00f3n con la microbiota radicular, maximizando el efecto de los microorganismos ben\u00e9ficos sobre el desarrollo radicular, como tambi\u00e9n en la producci\u00f3n de cannabinoides y terpenos.Analizar la microbiota alrededor de la ra\u00edz ser\u00e1 completamente nuevo en nuestra regi\u00f3n, la misma podr\u00e1 tener semejanzas y diferencias con las descritas hasta la fecha, es en este sentido tan profundo el desconocimiento de la microbiota local que la sola descripci\u00f3n ser\u00e1 un avance notable. Sobre eso se avanzar\u00e1 en identificar microbiota presente en sustratos creados con enmiendas org\u00e1nicas producidas localmente, y evaluar posibles cambios en ella a lo largo del ciclo de cultivo como tambi\u00e9n cambios secundarios al estado fisiol\u00f3gico de la planta. Actualmente, nos encontramos trabajando con la l\u00ednea de fitomejoramiento en la generaci\u00f3n F3 donde seguimos trabajando para estabilizar los caracteres deseados en todos los representantes de la filial , proceso que lleva 8 generaciones para obtener una variedad estable. Los an\u00e1lisis respecto al estudio de microorganismos rizosfericos actualmente se encuentra en la fase de estudio y an\u00e1lisis bioinform\u00e1tico, donde luego estableceremos conexiones entre la microbiota y distintas variables de cultivo. Tambien nos encontramos aislando y manteniendo cepas bacterianas extra\u00eddas de la rizosfera, en el proceso de caracterizaci\u00f3n molecular y mediante pruebas bioqu\u00edmicas.<\/span><\/div><\/summary><div class=\"a_unline\">Compartir: <a href=\"https:\/\/www.facebook.com\/sharer\/sharer.php?p[title]=Fitomejoramiento gen\u00e9tico de variedades locales de Cannabis Sativa L. para la obtenci\u00f3n de l\u00edneas estables con atenci\u00f3n al quimiotipo y a la respuesta a la presencia de microorganismos ben\u00e9ficos como herramienta de producci\u00f3n sustentable&p[url]=http:\/\/sedici.unlp.edu.ar\/handle\/10915\/173373\" target=\"_blank\"><img decoding=\"async\" src=\"https:\/\/congresos.unlp.edu.ar\/ebec2024\/wp-content\/plugins\/wp-dspace\/media\/img\/share-facebook.png\" alt=\"Facebook logo\" title=\"Compartir en Facebook\">\n             <\/a>\n             <a href=\"https:\/\/twitter.com\/?status=Fitomejoramiento gen\u00e9tico de variedades locales de Cannabis Sativa L. para la obtenci\u00f3n de l\u00edneas estables con atenci\u00f3n al quimiotipo y a la respuesta a la presencia de microorganismos ben\u00e9ficos como herramienta de producci\u00f3n sustentable http:\/\/sedici.unlp.edu.ar\/handle\/10915\/173373 via @sedici_unlp\" target=\"_blank\"><img decoding=\"async\" src=\"https:\/\/congresos.unlp.edu.ar\/ebec2024\/wp-content\/plugins\/wp-dspace\/media\/img\/share-twitter.png\" alt=\"Twitter logo\" title=\"Compartir en Twitter\"><\/a>\n             <a href=\"https:\/\/plus.google.com\/share?url=http:\/\/sedici.unlp.edu.ar\/handle\/10915\/173373\" target=\"_blank\"><img decoding=\"async\" src=\"https:\/\/congresos.unlp.edu.ar\/ebec2024\/wp-content\/plugins\/wp-dspace\/media\/img\/share-plus.png\" alt=\"Google+ logo\" title=\"Compartir en Google+\">\n             <\/a>\n             <a href=\"http:\/\/www.linkedin.com\/shareArticle?url=http:\/\/sedici.unlp.edu.ar\/handle\/10915\/173373\" target=\"_blank\"><img decoding=\"async\" src=\"https:\/\/congresos.unlp.edu.ar\/ebec2024\/wp-content\/plugins\/wp-dspace\/media\/img\/share-linkedin.png\" alt=\"Linkedin logo\" title=\"Compartir en Linkedin\">\n             <\/a>\n        <\/div><\/article><\/li><br><li><article style=\"padding:10px;border: 2px solid black;\">\n\t\t\t<title>Locomoci\u00f3n terrestre en aves marinas: patr\u00f3n osteo-muscular del miembro p\u00e9lvico en especies de la Familia Laridae (Charadriiformes) y sus implicancias en el comportamiento locomotor<\/title>\n                        <div id=\"sedici-title\"> \n                            <a class=\"link\" href=\"http:\/\/sedici.unlp.edu.ar\/handle\/10915\/173370\" target=\"_blank\">Locomoci\u00f3n terrestre en aves marinas: patr\u00f3n osteo-muscular del miembro p\u00e9lvico en especies de la Familia Laridae (Charadriiformes) y sus implicancias en el comportamiento locomotor<\/a>\n                        <\/div><div id=\"sedici-title\">Autores: <author><name><a href=https:\/\/sedici.unlp.edu.ar\/discover?filtertype=author&filter_relational_operator=equals&filter=Tudisca%2C%20Alejandro%20Martin target=\"_blank\">Tudisca, Alejandro Martin<\/a><\/name><\/author><\/div>\n                                   <p id=\"http:\/\/sedici.unlp.edu.ar\/handle\/10915\/173370\"> <\/p>\n                                   <published>\n                                        <div id=\"sedici-title\" >Fecha: <span class=\"sedici-content\">01\/01\/2024<\/span><\/div>\n                                    <\/published><summary> <div id=\"sedici-title\">Resumen:<span class=\"sedici-content\">Este proyecto se enmarca en el estudio de la morfolog\u00eda animal y su relaci\u00f3n con el funcionamiento, la ecolog\u00eda y el comportamiento. El objetivo general de este proyecto es conocer la relaci\u00f3n entre los patrones morfol\u00f3gicos osteo-musculares del miembro p\u00e9lvico y los diferentes comportamientos y estilos de locomoci\u00f3n terrestre en aves pertenecientes a la Familia Laridae (Orden Charadriiformes). Se estudiar\u00e1n tres especies con diferencias en su locomoci\u00f3n terrestre: Chroicocephalus maculipennis (gaviota capucho caf\u00e9), Larus dominicanus (gaviota cocinera) y Sterna hirundo (gaviot\u00edn golondrina), pertenecientes a la Familia Laridae (Orden Charadriiformes). La gaviota capucho caf\u00e9 es marcadamente caminadora ya que busca com\u00fanmente en tierra su alimento; la gaviota cocinera presenta una mayor diversidad comportamental para la obtenci\u00f3n de su alimento (caminatas, nadando en el agua) mientras el el gaviot\u00edn golondrina en tierra solo se posa para descanso y realiza cortas caminatas ya que obtiene su alimento sobrevolando la superficie acu\u00e1tica. Para cada especie, se estudiar\u00e1n los principales m\u00fasculos del miembro p\u00e9lvico, y se obtendr\u00e1n diversos par\u00e1metros cuantitativos tales como: masa, largo de las fibras musculares, \u00e1ngulo de pinnaci\u00f3n y c\u00e1lculo del \u00e1rea de secci\u00f3n fisiol\u00f3gica transversal (ASFT). Los huesos del miembro p\u00e9lvico, f\u00e9mur, tibiotarso y tarsometatarso, ser\u00e1n medidos considerando su longitud total y se calcular\u00e1 el porcentaje que representa con respecto al largo total del miembro. Los ejemplares a utilizar en estos estudios morfol\u00f3gicos ya se encuentran disponibles y tambi\u00e9n se complementar\u00e1 el estudio osteol\u00f3gico midiendo los huesos de espec\u00edmenes alojados en colecciones cient\u00edficas. El estudio espacio-temporal de la locomoci\u00f3n terrestre se realizar\u00e1 mediante observaci\u00f3n focal y se registrar\u00e1 mediante videograbadora. En cada video se obtendr\u00e1n los par\u00e1metros largo del paso y frecuencia del paso. Las observaciones se realizar\u00e1n en la Albufera de Mar Chiquita (Provincia de Buenos Aires).Se utilizar\u00e1n para el an\u00e1lisis de los datos obtenidos modelos lineales, an\u00e1lisis de componentes principales, correlaciones de Pearson o Spearman y an\u00e1lisis de componentes principales<\/span><\/div><\/summary><div class=\"a_unline\">Compartir: <a href=\"https:\/\/www.facebook.com\/sharer\/sharer.php?p[title]=Locomoci\u00f3n terrestre en aves marinas: patr\u00f3n osteo-muscular del miembro p\u00e9lvico en especies de la Familia Laridae (Charadriiformes) y sus implicancias en el comportamiento locomotor&p[url]=http:\/\/sedici.unlp.edu.ar\/handle\/10915\/173370\" target=\"_blank\"><img decoding=\"async\" src=\"https:\/\/congresos.unlp.edu.ar\/ebec2024\/wp-content\/plugins\/wp-dspace\/media\/img\/share-facebook.png\" alt=\"Facebook logo\" title=\"Compartir en Facebook\">\n             <\/a>\n             <a href=\"https:\/\/twitter.com\/?status=Locomoci\u00f3n terrestre en aves marinas: patr\u00f3n osteo-muscular del miembro p\u00e9lvico en especies de la Familia Laridae (Charadriiformes) y sus implicancias en el comportamiento locomotor http:\/\/sedici.unlp.edu.ar\/handle\/10915\/173370 via @sedici_unlp\" target=\"_blank\"><img decoding=\"async\" src=\"https:\/\/congresos.unlp.edu.ar\/ebec2024\/wp-content\/plugins\/wp-dspace\/media\/img\/share-twitter.png\" alt=\"Twitter logo\" title=\"Compartir en Twitter\"><\/a>\n             <a href=\"https:\/\/plus.google.com\/share?url=http:\/\/sedici.unlp.edu.ar\/handle\/10915\/173370\" target=\"_blank\"><img decoding=\"async\" src=\"https:\/\/congresos.unlp.edu.ar\/ebec2024\/wp-content\/plugins\/wp-dspace\/media\/img\/share-plus.png\" alt=\"Google+ logo\" title=\"Compartir en Google+\">\n             <\/a>\n             <a href=\"http:\/\/www.linkedin.com\/shareArticle?url=http:\/\/sedici.unlp.edu.ar\/handle\/10915\/173370\" target=\"_blank\"><img decoding=\"async\" src=\"https:\/\/congresos.unlp.edu.ar\/ebec2024\/wp-content\/plugins\/wp-dspace\/media\/img\/share-linkedin.png\" alt=\"Linkedin logo\" title=\"Compartir en Linkedin\">\n             <\/a>\n        <\/div><\/article><\/li><br><li><article style=\"padding:10px;border: 2px solid black;\">\n\t\t\t<title>Ecofisiolog\u00eda, productividad y sanidad de tomate (Solanum lycopersicum) como respuesta a la injertaci\u00f3n, n\u00famero de ramas por planta y aplicaci\u00f3n de \u00e1cido salic\u00edlico<\/title>\n                        <div id=\"sedici-title\"> \n                            <a class=\"link\" href=\"http:\/\/sedici.unlp.edu.ar\/handle\/10915\/173354\" target=\"_blank\">Ecofisiolog\u00eda, productividad y sanidad de tomate (Solanum lycopersicum) como respuesta a la injertaci\u00f3n, n\u00famero de ramas por planta y aplicaci\u00f3n de \u00e1cido salic\u00edlico<\/a>\n                        <\/div><div id=\"sedici-title\">Autores: <author><name><a href=https:\/\/sedici.unlp.edu.ar\/discover?filtertype=author&filter_relational_operator=equals&filter=Dell'Arciprete%20Giglio%2C%20Luciana%20Agostina target=\"_blank\">Dell'Arciprete Giglio, Luciana Agostina<\/a><\/name><\/author><\/div>\n                                   <p id=\"http:\/\/sedici.unlp.edu.ar\/handle\/10915\/173354\"> <\/p>\n                                   <published>\n                                        <div id=\"sedici-title\" >Fecha: <span class=\"sedici-content\">01\/01\/2024<\/span><\/div>\n                                    <\/published><summary> <div id=\"sedici-title\">Resumen:<span class=\"sedici-content\">El tomate es un cultivo clave en el Cintur\u00f3n Hort\u00edcola Platense, con 1500 ha en producci\u00f3n  aporta m\u00e1s del 60% de la producci\u00f3n de la provincia de Buenos Aires. Los nem\u00e1todos fitopat\u00f3genos son una plaga significativa para el cultivo. Aunque tradicionalmente se utilizaban desinfectantes qu\u00edmicos para controlarlos, su impacto ambiental impuls\u00f3 la b\u00fasqueda de alternativas m\u00e1s sostenibles.Una opci\u00f3n para afrontar la incidencia de nematodos es el uso de plantas injertadas. Sin embargo ser\u00eda viable s\u00f3lo a corto plazo, debido al incremento de la poblaci\u00f3n al final del ciclo del cultivo. Otra alternativa es la aplicaci\u00f3n ex\u00f3gena de \u00e1cido salic\u00edlico (AS), que puede elicitar resistencia sist\u00e9mica en las plantas y reducir los \u00edndices de agallamiento y reproducci\u00f3n de nem\u00e1todos. Sin embargo, tanto el injerto como AS pueden afectar el crecimiento y desarrollo de la planta. Concentraciones elevadas de AS podr\u00edan disminuir el crecimiento y la aptitud (fitness) de la planta, debido a la carga adicional que supone activar el sistema de defensa; pudiendo, adem\u00e1s, causar toxicidad e incluso la muerte. Las plantas injertadas pueden ser m\u00e1s robustas y productivas, permitiendo la conducci\u00f3n a varios ejes, aunque esto puede alterar su fenolog\u00eda. La combinaci\u00f3n del uso de plantas injertadas y aplicaci\u00f3n de AS podr\u00edan potenciar la protecci\u00f3n de la planta frente a los nem\u00e1todos dentro de un contexto de sustentabilidad. Aunque es necesario encontrar una concentraci\u00f3n de AS que no afecte par\u00e1metros biol\u00f3gicos de la planta.En el marco del Proyecto de Investigaci\u00f3n (11 A\/366) \"Ecofisiolog\u00eda y bioclimatolog\u00eda de cultivos protegidos y a campo\", mi objetivo es investigar el efecto de distintas concentraciones de \u00e1cido salic\u00edlico y formas de conducci\u00f3n de la planta sobre la respuesta ecofisiol\u00f3gica, crecimiento, producci\u00f3n y sanidad de tomate (Solanum lycopersicum) injertado.Las actividades incluyen:Planificaci\u00f3n e instalaci\u00f3n a campo de los ensayosAplicaci\u00f3n de \u00e1cido salic\u00edlico  Registro de datos meteorol\u00f3gicosRegistro de fechas de floraci\u00f3n, fructificaci\u00f3n y cosecha.Medici\u00f3n de variables de crecimiento y desarrollo, como di\u00e1metro y longitud del tallo principal; precocidad de la planta; \u00e1rea foliar.Evaluaci\u00f3n de condiciones biometeorol\u00f3gicas: tiempo t\u00e9rmico, radiaci\u00f3n PAR interceptada por el cultivo. An\u00e1lisis de variables fisiol\u00f3gicas, entre ellas, la funcionalidad del Fotosistema II mediante el an\u00e1lisis O-J-I-P con fluor\u00f3metro port\u00e1til y an\u00e1lisis en Excel; \u00edndice de verdor usando el medidor de clorofila SPAD-502 Plus; evaluaci\u00f3n del estado oxidativo de tejidos mediante FRAP y medici\u00f3n de temperatura foliar del canopeo.Monitoreo peri\u00f3dico de plagas y enfermedadesIdentificaci\u00f3n de s\u00edntomas de ataque de nem\u00e1todos C\u00e1lculo del rendimiento total y por categor\u00edas comerciales y determinaci\u00f3n de la calidad de los frutos obtenidosAn\u00e1lisis de bibliograf\u00eda. An\u00e1lisis global de los resultados y producci\u00f3n de material para su publicaci\u00f3n.<\/span><\/div><\/summary><div class=\"a_unline\">Compartir: <a href=\"https:\/\/www.facebook.com\/sharer\/sharer.php?p[title]=Ecofisiolog\u00eda, productividad y sanidad de tomate (Solanum lycopersicum) como respuesta a la injertaci\u00f3n, n\u00famero de ramas por planta y aplicaci\u00f3n de \u00e1cido salic\u00edlico&p[url]=http:\/\/sedici.unlp.edu.ar\/handle\/10915\/173354\" target=\"_blank\"><img decoding=\"async\" src=\"https:\/\/congresos.unlp.edu.ar\/ebec2024\/wp-content\/plugins\/wp-dspace\/media\/img\/share-facebook.png\" alt=\"Facebook logo\" title=\"Compartir en Facebook\">\n             <\/a>\n             <a href=\"https:\/\/twitter.com\/?status=Ecofisiolog\u00eda, productividad y sanidad de tomate (Solanum lycopersicum) como respuesta a la injertaci\u00f3n, n\u00famero de ramas por planta y aplicaci\u00f3n de \u00e1cido salic\u00edlico http:\/\/sedici.unlp.edu.ar\/handle\/10915\/173354 via @sedici_unlp\" target=\"_blank\"><img decoding=\"async\" src=\"https:\/\/congresos.unlp.edu.ar\/ebec2024\/wp-content\/plugins\/wp-dspace\/media\/img\/share-twitter.png\" alt=\"Twitter logo\" title=\"Compartir en Twitter\"><\/a>\n             <a href=\"https:\/\/plus.google.com\/share?url=http:\/\/sedici.unlp.edu.ar\/handle\/10915\/173354\" target=\"_blank\"><img decoding=\"async\" src=\"https:\/\/congresos.unlp.edu.ar\/ebec2024\/wp-content\/plugins\/wp-dspace\/media\/img\/share-plus.png\" alt=\"Google+ logo\" title=\"Compartir en Google+\">\n             <\/a>\n             <a href=\"http:\/\/www.linkedin.com\/shareArticle?url=http:\/\/sedici.unlp.edu.ar\/handle\/10915\/173354\" target=\"_blank\"><img decoding=\"async\" src=\"https:\/\/congresos.unlp.edu.ar\/ebec2024\/wp-content\/plugins\/wp-dspace\/media\/img\/share-linkedin.png\" alt=\"Linkedin logo\" title=\"Compartir en Linkedin\">\n             <\/a>\n        <\/div><\/article><\/li><br><li><article style=\"padding:10px;border: 2px solid black;\">\n\t\t\t<title>Canteras de conchilla abandonadas: efecto del tiempo post-disturbio y del pastoreo en la estructura y composici\u00f3n de la vegetaci\u00f3n espont\u00e1nea<\/title>\n                        <div id=\"sedici-title\"> \n                            <a class=\"link\" href=\"http:\/\/sedici.unlp.edu.ar\/handle\/10915\/173319\" target=\"_blank\">Canteras de conchilla abandonadas: efecto del tiempo post-disturbio y del pastoreo en la estructura y composici\u00f3n de la vegetaci\u00f3n espont\u00e1nea<\/a>\n                        <\/div><div id=\"sedici-title\">Autores: <author><name><a href=https:\/\/sedici.unlp.edu.ar\/discover?filtertype=author&filter_relational_operator=equals&filter=Haack%2C%20Sof\u00eda target=\"_blank\">Haack, Sof\u00eda<\/a><\/name><\/author><\/div>\n                                   <p id=\"http:\/\/sedici.unlp.edu.ar\/handle\/10915\/173319\"> <\/p>\n                                   <published>\n                                        <div id=\"sedici-title\" >Fecha: <span class=\"sedici-content\">01\/01\/2024<\/span><\/div>\n                                    <\/published><summary> <div id=\"sedici-title\">Resumen:<span class=\"sedici-content\">Las transformaciones derivadas de los usos de la tierra provocan la p\u00e9rdida de capacidad de provisi\u00f3n de bienes y servicios ecosist\u00e9micos. La actividad minera es uno de los usos que mayores impactos produce dado que genera grandes cambios en el relieve. Para reducir los impactos de esta actividad se han considerado diversas estrategias de acci\u00f3n que buscan recuperar caracter\u00edsticas importantes en los sistemas intervenidos. En este sentido, la restauraci\u00f3n ecol\u00f3gica pasiva - basada en la supresi\u00f3n del disturbio- ha sido evaluada en el noreste de la provincia de Buenos Aires, donde una pr\u00e1ctica minera extendida es la extracci\u00f3n de material calc\u00e1reo en cordones de conchilla que hospedan pastizales y bosques de tala y coronillo. Se identific\u00f3 que esta estrategia no ha sido suficiente en el corto plazo. Se propone evaluar los efectos de un mayor tiempo post-disturbio, as\u00ed como tambi\u00e9n, la intensidad de pastoreo, dado que el uso ganadero es com\u00fan en esta zona. Se relevar\u00e1 la estructura y la composici\u00f3n de la vegetaci\u00f3n herb\u00e1cea en un sistema de referencia y canteras. Se espera aportar al estado de conocimiento, en pos de contribuir al desarrollo de un manejo orientado a la conservaci\u00f3n de sistemas capaces de proveer bienes y servicios ecosist\u00e9micos.<\/span><\/div><\/summary><div class=\"a_unline\">Compartir: <a href=\"https:\/\/www.facebook.com\/sharer\/sharer.php?p[title]=Canteras de conchilla abandonadas: efecto del tiempo post-disturbio y del pastoreo en la estructura y composici\u00f3n de la vegetaci\u00f3n espont\u00e1nea&p[url]=http:\/\/sedici.unlp.edu.ar\/handle\/10915\/173319\" target=\"_blank\"><img decoding=\"async\" src=\"https:\/\/congresos.unlp.edu.ar\/ebec2024\/wp-content\/plugins\/wp-dspace\/media\/img\/share-facebook.png\" alt=\"Facebook logo\" title=\"Compartir en Facebook\">\n             <\/a>\n             <a href=\"https:\/\/twitter.com\/?status=Canteras de conchilla abandonadas: efecto del tiempo post-disturbio y del pastoreo en la estructura y composici\u00f3n de la vegetaci\u00f3n espont\u00e1nea http:\/\/sedici.unlp.edu.ar\/handle\/10915\/173319 via @sedici_unlp\" target=\"_blank\"><img decoding=\"async\" src=\"https:\/\/congresos.unlp.edu.ar\/ebec2024\/wp-content\/plugins\/wp-dspace\/media\/img\/share-twitter.png\" alt=\"Twitter logo\" title=\"Compartir en Twitter\"><\/a>\n             <a href=\"https:\/\/plus.google.com\/share?url=http:\/\/sedici.unlp.edu.ar\/handle\/10915\/173319\" target=\"_blank\"><img decoding=\"async\" src=\"https:\/\/congresos.unlp.edu.ar\/ebec2024\/wp-content\/plugins\/wp-dspace\/media\/img\/share-plus.png\" alt=\"Google+ logo\" title=\"Compartir en Google+\">\n             <\/a>\n             <a href=\"http:\/\/www.linkedin.com\/shareArticle?url=http:\/\/sedici.unlp.edu.ar\/handle\/10915\/173319\" target=\"_blank\"><img decoding=\"async\" src=\"https:\/\/congresos.unlp.edu.ar\/ebec2024\/wp-content\/plugins\/wp-dspace\/media\/img\/share-linkedin.png\" alt=\"Linkedin logo\" title=\"Compartir en Linkedin\">\n             <\/a>\n        <\/div><\/article><\/li><br><li><article style=\"padding:10px;border: 2px solid black;\">\n\t\t\t<title>Hongos formadores de micorrizas arbusculares tolerantes a suelos alcalinos: uso potencial como in\u00f3culo en cultivos flori\/fruti-hort\u00edcolas platenses<\/title>\n                        <div id=\"sedici-title\"> \n                            <a class=\"link\" href=\"http:\/\/sedici.unlp.edu.ar\/handle\/10915\/173315\" target=\"_blank\">Hongos formadores de micorrizas arbusculares tolerantes a suelos alcalinos: uso potencial como in\u00f3culo en cultivos flori\/fruti-hort\u00edcolas platenses<\/a>\n                        <\/div><div id=\"sedici-title\">Autores: <author><name><a href=https:\/\/sedici.unlp.edu.ar\/discover?filtertype=author&filter_relational_operator=equals&filter=Bo%2C%20Clara%20Francisca target=\"_blank\">Bo, Clara Francisca<\/a><\/name><\/author><\/div>\n                                   <p id=\"http:\/\/sedici.unlp.edu.ar\/handle\/10915\/173315\"> <\/p>\n                                   <published>\n                                        <div id=\"sedici-title\" >Fecha: <span class=\"sedici-content\">01\/01\/2024<\/span><\/div>\n                                    <\/published><summary> <div id=\"sedici-title\">Resumen:<span class=\"sedici-content\">El Cintur\u00f3n Hort\u00edcola Platense (CHP) abarca unas 7.000 ha y representa la mayor superficie de la Provincia de Buenos Aires destinada a la producci\u00f3n hort\u00edcola periurbana. Los suelos del sector sufren una degradaci\u00f3n intensa como consecuencia de las pr\u00e1cticas de manejo implementadas, siendo uno de los mayores problemas a los que se enfrentan los productores. La mayor superficie de los cultivos se realizan en invernadero, donde el exceso de fertilizaci\u00f3n qu\u00edmica, la aplicaci\u00f3n de enmiendas org\u00e1nicas sin evaluar calidad y dosis, y la calidad del agua de riego provocan, entre otros problemas, la alcalinizaci\u00f3n de los suelos, y por ende una menor disponibilidad de nutrientes para los cultivos. Los hongos formadores de micorrizas arbusculares (HFMA) son microorganismos presentes en los suelos que pueden formar asociaciones mutualistas con la mayor\u00eda de las plantas vasculares, y son fundamentales para mejorar la tolerancia de las plantas frente a condiciones de estr\u00e9s bi\u00f3tico y abi\u00f3tico, siendo uno de los grupos microbianos m\u00e1s importantes involucrados en el desarrollo de pr\u00e1cticas agroecol\u00f3gicas y bioinsumos. El objetivo del presente plan de tesis es contribuir al desarrollo de inoculantes formulados a partir de cepas de HFMA alcalino tolerantes, destinados al sector flori\/fruti-hort\u00edcola que permitan mejorar la calidad de la planta desde el punto de vista nutricional y tengan capacidad de supervivencia en condiciones de campo. Se aislar\u00e1n, reproducir\u00e1n y determinar\u00e1n cepas presentes en suelos alcalinos de sistemas naturales y de cultivos flori\/fruti-hort\u00edcolas platenses, para su posterior an\u00e1lisis molecular. Se realizar\u00e1n ensayos en invern\u00e1culo en condiciones controladas con variedades comerciales de tomate y berenjena para evaluar la respuesta a la inoculaci\u00f3n con cepas aisladas de HFMA y cepas que se encuentran disponibles en el Banco de Germoplasma del Instituto Spegazzini y de la Universidad Nacional de Quilmes. Se medir\u00e1 la eficiencia del in\u00f3culo y se optimizar\u00e1 un protocolo de trazabilidad de HFMA de cultivos hort\u00edcolas en condiciones a campo.<\/span><\/div><\/summary><div class=\"a_unline\">Compartir: <a href=\"https:\/\/www.facebook.com\/sharer\/sharer.php?p[title]=Hongos formadores de micorrizas arbusculares tolerantes a suelos alcalinos: uso potencial como in\u00f3culo en cultivos flori\/fruti-hort\u00edcolas platenses&p[url]=http:\/\/sedici.unlp.edu.ar\/handle\/10915\/173315\" target=\"_blank\"><img decoding=\"async\" src=\"https:\/\/congresos.unlp.edu.ar\/ebec2024\/wp-content\/plugins\/wp-dspace\/media\/img\/share-facebook.png\" alt=\"Facebook logo\" title=\"Compartir en Facebook\">\n             <\/a>\n             <a href=\"https:\/\/twitter.com\/?status=Hongos formadores de micorrizas arbusculares tolerantes a suelos alcalinos: uso potencial como in\u00f3culo en cultivos flori\/fruti-hort\u00edcolas platenses http:\/\/sedici.unlp.edu.ar\/handle\/10915\/173315 via @sedici_unlp\" target=\"_blank\"><img decoding=\"async\" src=\"https:\/\/congresos.unlp.edu.ar\/ebec2024\/wp-content\/plugins\/wp-dspace\/media\/img\/share-twitter.png\" alt=\"Twitter logo\" title=\"Compartir en Twitter\"><\/a>\n             <a href=\"https:\/\/plus.google.com\/share?url=http:\/\/sedici.unlp.edu.ar\/handle\/10915\/173315\" target=\"_blank\"><img decoding=\"async\" src=\"https:\/\/congresos.unlp.edu.ar\/ebec2024\/wp-content\/plugins\/wp-dspace\/media\/img\/share-plus.png\" alt=\"Google+ logo\" title=\"Compartir en Google+\">\n             <\/a>\n             <a href=\"http:\/\/www.linkedin.com\/shareArticle?url=http:\/\/sedici.unlp.edu.ar\/handle\/10915\/173315\" target=\"_blank\"><img decoding=\"async\" src=\"https:\/\/congresos.unlp.edu.ar\/ebec2024\/wp-content\/plugins\/wp-dspace\/media\/img\/share-linkedin.png\" alt=\"Linkedin logo\" title=\"Compartir en Linkedin\">\n             <\/a>\n        <\/div><\/article><\/li><br><li><article style=\"padding:10px;border: 2px solid black;\">\n\t\t\t<title>Flujo preferencial. Efecto sobre la distribuci\u00f3n de agua y solutos en el perfil y su disponibilidad para los cultivos<\/title>\n                        <div id=\"sedici-title\"> \n                            <a class=\"link\" href=\"http:\/\/sedici.unlp.edu.ar\/handle\/10915\/173312\" target=\"_blank\">Flujo preferencial. Efecto sobre la distribuci\u00f3n de agua y solutos en el perfil y su disponibilidad para los cultivos<\/a>\n                        <\/div><div id=\"sedici-title\">Autores: <author><name><a href=https:\/\/sedici.unlp.edu.ar\/discover?filtertype=author&filter_relational_operator=equals&filter=Bellora%2C%20Guido%20Lautaro target=\"_blank\">Bellora, Guido Lautaro<\/a><\/name><\/author><\/div>\n                                   <p id=\"http:\/\/sedici.unlp.edu.ar\/handle\/10915\/173312\"> <\/p>\n                                   <published>\n                                        <div id=\"sedici-title\" >Fecha: <span class=\"sedici-content\">01\/01\/2024<\/span><\/div>\n                                    <\/published><summary> <div id=\"sedici-title\">Resumen:<span class=\"sedici-content\">La intensificaci\u00f3n de la secuencia de cultivos mediante la inclusi\u00f3n de cultivos de cobertura invernales (CC) es una pr\u00e1ctica agr\u00edcola interesante con el potencial de contrarrestar parcialmente la degradaci\u00f3n del suelo. Algunos de los efectos de esta pr\u00e1ctica son mantener y mejorar la estructura del suelo mediante el aumento de la macroporosidad debido a la actividad de las ra\u00edces, pero tambi\u00e9n pueden afectar la orientaci\u00f3n de estos poros, derivando en un movimiento preferencial del agua. Los objetivos de este trabajo fueron estudiar los efectos de la inclusi\u00f3n de CC en la rotaci\u00f3n de cultivos sobre la calidad f\u00edsica del suelo (indicadores de capacidad e intensidad) y en el comportamiento anisotr\u00f3pico de las propiedades vectoriales (conductividad hidr\u00e1ulica) en comparaci\u00f3n con un barbecho desnudo (BF). El ensayo incluy\u00f3 6 tratamientos; BF y 5 tipos de coberturas. Solo la combinaci\u00f3n de vicia [Vicia villosa L.] y centeno [Secale cereale L.] modific\u00f3 los indicadores de capacidad, con una disminuci\u00f3n de la densidad aparente (BD) y un aumento de los poros de almacenamiento (StP). La incorporaci\u00f3n de CC modific\u00f3 el comportamiento de las propiedades vectoriales a uno m\u00e1s is\u00f3tropo en comparaci\u00f3n con BF.<\/span><\/div><\/summary><div class=\"a_unline\">Compartir: <a href=\"https:\/\/www.facebook.com\/sharer\/sharer.php?p[title]=Flujo preferencial. Efecto sobre la distribuci\u00f3n de agua y solutos en el perfil y su disponibilidad para los cultivos&p[url]=http:\/\/sedici.unlp.edu.ar\/handle\/10915\/173312\" target=\"_blank\"><img decoding=\"async\" src=\"https:\/\/congresos.unlp.edu.ar\/ebec2024\/wp-content\/plugins\/wp-dspace\/media\/img\/share-facebook.png\" alt=\"Facebook logo\" title=\"Compartir en Facebook\">\n             <\/a>\n             <a href=\"https:\/\/twitter.com\/?status=Flujo preferencial. Efecto sobre la distribuci\u00f3n de agua y solutos en el perfil y su disponibilidad para los cultivos http:\/\/sedici.unlp.edu.ar\/handle\/10915\/173312 via @sedici_unlp\" target=\"_blank\"><img decoding=\"async\" src=\"https:\/\/congresos.unlp.edu.ar\/ebec2024\/wp-content\/plugins\/wp-dspace\/media\/img\/share-twitter.png\" alt=\"Twitter logo\" title=\"Compartir en Twitter\"><\/a>\n             <a href=\"https:\/\/plus.google.com\/share?url=http:\/\/sedici.unlp.edu.ar\/handle\/10915\/173312\" target=\"_blank\"><img decoding=\"async\" src=\"https:\/\/congresos.unlp.edu.ar\/ebec2024\/wp-content\/plugins\/wp-dspace\/media\/img\/share-plus.png\" alt=\"Google+ logo\" title=\"Compartir en Google+\">\n             <\/a>\n             <a href=\"http:\/\/www.linkedin.com\/shareArticle?url=http:\/\/sedici.unlp.edu.ar\/handle\/10915\/173312\" target=\"_blank\"><img decoding=\"async\" src=\"https:\/\/congresos.unlp.edu.ar\/ebec2024\/wp-content\/plugins\/wp-dspace\/media\/img\/share-linkedin.png\" alt=\"Linkedin logo\" title=\"Compartir en Linkedin\">\n             <\/a>\n        <\/div><\/article><\/li><br><li><article style=\"padding:10px;border: 2px solid black;\">\n\t\t\t<title>Estudio de los Coreidae Neotropicales: sistem\u00e1tica y filogenia de la tribu Acanthocephalini St\u00e5l 1870 (Hemiptera: Heteroptera: Coreidae)<\/title>\n                        <div id=\"sedici-title\"> \n                            <a class=\"link\" href=\"http:\/\/sedici.unlp.edu.ar\/handle\/10915\/173307\" target=\"_blank\">Estudio de los Coreidae Neotropicales: sistem\u00e1tica y filogenia de la tribu Acanthocephalini St\u00e5l 1870 (Hemiptera: Heteroptera: Coreidae)<\/a>\n                        <\/div><div id=\"sedici-title\">Autores: <author><name><a href=https:\/\/sedici.unlp.edu.ar\/discover?filtertype=author&filter_relational_operator=equals&filter=Olivera%2C%20Leonela target=\"_blank\">Olivera, Leonela<\/a><\/name><\/author><\/div>\n                                   <p id=\"http:\/\/sedici.unlp.edu.ar\/handle\/10915\/173307\"> <\/p>\n                                   <published>\n                                        <div id=\"sedici-title\" >Fecha: <span class=\"sedici-content\">01\/01\/2024<\/span><\/div>\n                                    <\/published><summary> <div id=\"sedici-title\">Resumen:<span class=\"sedici-content\">Los estudios en sistem\u00e1tica filogen\u00e9tica son la forma primordial de comunicaci\u00f3n del conocimiento de la diversidad biol\u00f3gica. A trav\u00e9s del uso de la morfolog\u00eda comparada y de m\u00e9todos clad\u00edsticos, es posible reconstruir las relaciones de parentesco entre las especies para responder preguntas de tipo evolutivo, siendo para esto, la taxonom\u00eda, fundamental para la delimitaci\u00f3n, descripci\u00f3n y nominaci\u00f3n de las especies.Heteroptera (Hemiptera) es el suborden m\u00e1s exitoso y diversificado de insectos hemimet\u00e1bolos. Su gran diversidad y su importancia ecol\u00f3gica, econ\u00f3mica y sanitaria hacen de este un importante grupo de estudio. Dentro estos, la familia Coreidae, conocida como \"chinches foliadas\", incluye a los heter\u00f3pteros terrestres de mayor tama\u00f1o, y m\u00e1s frecuentemente colectados. Las especies pertenecientes a esta familia son fit\u00f3fagas y muchas de importancia agroecon\u00f3mica, ya que, adem\u00e1s del deterioro que causan al alimentarse de sus plantas hospedadoras, tambi\u00e9n son vectores de virus y hongos fitopat\u00f3genos. Su gran diversidad, y la dif\u00edcil identificaci\u00f3n espec\u00edfica en algunos taxones, hacen que muchas veces las especies mencionadas en diferentes trabajos sean err\u00f3neamente identificadas, y que estos errores se sigan replicando posteriormente, provocando que los intentos de manejo y control terminen siendo poco eficientes. Tal es el caso de la tribu Acanthocephalini, compuesta por 19 g\u00e9neros y 116 especies, de las cuales dos tercios est\u00e1n distribuidas en s\u00f3lo cuatro g\u00e9neros. Recientemente, H. Brailovsky, quien lleva d\u00e9cadas estudiando a los Coreidae neotropicales, resalt\u00f3 la necesidad de revisi\u00f3n de este grupo. No obstante a la importancia de estos insectos, pocos trabajos han abordado aspectos filogen\u00e9ticos de la familia, y en especial de las tribus neotropicales. El presente trabajo propone realizar un an\u00e1lisis filogen\u00e9tico de los g\u00e9neros que componen la tribu Acanthocephalini, para proponer hip\u00f3tesis de parentesco entre ellos y con otros miembros de la familia.Para llevarlo a cabo, se realizar\u00e1 un an\u00e1lisis morfol\u00f3gico por medio del cual se definir\u00e1n los l\u00edmites gen\u00e9ricos de la tribu y se describir\u00e1n nuevos taxones en caso de ser necesario. Se elegir\u00e1n los taxones terminales (todas las especies posibles de Acanthocephalini y de tribus cercanas), se seleccionar\u00e1n los caracteres, se determinar\u00e1n las homolog\u00edas primarias, y se codificar\u00e1n en una matriz b\u00e1sica de datos. El an\u00e1lisis se llevar\u00e1 a cabo en TNT v. 1.5. Se utilizar\u00e1 el m\u00e9todo de pesos implicados, basado en estrategias de pesado diferencial, que utiliza la funci\u00f3n c\u00f3ncava para ponderar los caracteres frente a las homoplasias. Obtenidos los \u00e1rboles se calcular\u00e1n los \u00edndices de consistencia y retenci\u00f3n y se evaluar\u00e1n los soportes a trav\u00e9s del m\u00e9todo Jackknife. Las sinapomorfias y homoplasias ser\u00e1n examinadas en Winclada 1.00.08. Por medio de estos estudios se espera reconstruir la historia evolutiva de los taxones y comprender los procesos evolutivos ocurridos.<\/span><\/div><\/summary><div class=\"a_unline\">Compartir: <a href=\"https:\/\/www.facebook.com\/sharer\/sharer.php?p[title]=Estudio de los Coreidae Neotropicales: sistem\u00e1tica y filogenia de la tribu Acanthocephalini St\u00e5l 1870 (Hemiptera: Heteroptera: Coreidae)&p[url]=http:\/\/sedici.unlp.edu.ar\/handle\/10915\/173307\" target=\"_blank\"><img decoding=\"async\" src=\"https:\/\/congresos.unlp.edu.ar\/ebec2024\/wp-content\/plugins\/wp-dspace\/media\/img\/share-facebook.png\" alt=\"Facebook logo\" title=\"Compartir en Facebook\">\n             <\/a>\n             <a href=\"https:\/\/twitter.com\/?status=Estudio de los Coreidae Neotropicales: sistem\u00e1tica y filogenia de la tribu Acanthocephalini St\u00e5l 1870 (Hemiptera: Heteroptera: Coreidae) http:\/\/sedici.unlp.edu.ar\/handle\/10915\/173307 via @sedici_unlp\" target=\"_blank\"><img decoding=\"async\" src=\"https:\/\/congresos.unlp.edu.ar\/ebec2024\/wp-content\/plugins\/wp-dspace\/media\/img\/share-twitter.png\" alt=\"Twitter logo\" title=\"Compartir en Twitter\"><\/a>\n             <a href=\"https:\/\/plus.google.com\/share?url=http:\/\/sedici.unlp.edu.ar\/handle\/10915\/173307\" target=\"_blank\"><img decoding=\"async\" src=\"https:\/\/congresos.unlp.edu.ar\/ebec2024\/wp-content\/plugins\/wp-dspace\/media\/img\/share-plus.png\" alt=\"Google+ logo\" title=\"Compartir en Google+\">\n             <\/a>\n             <a href=\"http:\/\/www.linkedin.com\/shareArticle?url=http:\/\/sedici.unlp.edu.ar\/handle\/10915\/173307\" target=\"_blank\"><img decoding=\"async\" src=\"https:\/\/congresos.unlp.edu.ar\/ebec2024\/wp-content\/plugins\/wp-dspace\/media\/img\/share-linkedin.png\" alt=\"Linkedin logo\" title=\"Compartir en Linkedin\">\n             <\/a>\n        <\/div><\/article><\/li><br><li><article style=\"padding:10px;border: 2px solid black;\">\n\t\t\t<title>Hongos formadores de micorrizas arbusculares: uso potencial como in\u00f3culo en cultivos hort\u00edcolas platenses<\/title>\n                        <div id=\"sedici-title\"> \n                            <a class=\"link\" href=\"http:\/\/sedici.unlp.edu.ar\/handle\/10915\/173293\" target=\"_blank\">Hongos formadores de micorrizas arbusculares: uso potencial como in\u00f3culo en cultivos hort\u00edcolas platenses<\/a>\n                        <\/div><div id=\"sedici-title\">Autores: <author><name><a href=https:\/\/sedici.unlp.edu.ar\/discover?filtertype=author&filter_relational_operator=equals&filter=Migueles%2C%20Marlene target=\"_blank\">Migueles, Marlene<\/a><\/name><\/author><\/div>\n                                   <p id=\"http:\/\/sedici.unlp.edu.ar\/handle\/10915\/173293\"> <\/p>\n                                   <published>\n                                        <div id=\"sedici-title\" >Fecha: <span class=\"sedici-content\">01\/01\/2024<\/span><\/div>\n                                    <\/published><summary> <div id=\"sedici-title\">Resumen:<span class=\"sedici-content\">El Cintur\u00f3n Hort\u00edcola Platense abarca unas 7.000 ha y representa la mayor superficie de la provincia destinada a la producci\u00f3n hort\u00edcola periurbana. Como consecuencia de las pr\u00e1cticas de manejo intensivo, sufren una situaci\u00f3n de degradaci\u00f3n intensa del suelo y disminuci\u00f3n de los microorganismos asociados. Para contrarrestar el deterioro ambiental se requieren t\u00e9cnicas de manejo que permitan una agricultura sostenible. Los hongos formadores de micorrizas arbusculares (HFMA) son microorganismos presentes en los suelos que pueden formar asociaciones mutualistas con la mayor\u00eda de las plantas vasculares, siendo uno de los grupos microbianos m\u00e1s importantes involucrados en el desarrollo de pr\u00e1cticas agroecol\u00f3gicas. El objetivo del presente trabajo es contribuir al desarrollo de inoculantes formulados a partir de cepas de HFMA, destinados al sector hort\u00edcola que permitan mejorar la calidad de la planta desde el punto de vista nutricional y tengan capacidad de supervivencia en condiciones de campo. Se aislar\u00e1n, reproducir\u00e1n y determinar\u00e1n cepas nativas presentes en suelos de cultivos hort\u00edcolas platenses, para su posterior an\u00e1lisis molecular. Se realizar\u00e1 un ensayo en invern\u00e1culo con plantas hort\u00edcolas para evaluar la respuesta a la inoculaci\u00f3n con cepas de HFMA seleccionadas.<\/span><\/div><\/summary><div class=\"a_unline\">Compartir: <a href=\"https:\/\/www.facebook.com\/sharer\/sharer.php?p[title]=Hongos formadores de micorrizas arbusculares: uso potencial como in\u00f3culo en cultivos hort\u00edcolas platenses&p[url]=http:\/\/sedici.unlp.edu.ar\/handle\/10915\/173293\" target=\"_blank\"><img decoding=\"async\" src=\"https:\/\/congresos.unlp.edu.ar\/ebec2024\/wp-content\/plugins\/wp-dspace\/media\/img\/share-facebook.png\" alt=\"Facebook logo\" title=\"Compartir en Facebook\">\n             <\/a>\n             <a href=\"https:\/\/twitter.com\/?status=Hongos formadores de micorrizas arbusculares: uso potencial como in\u00f3culo en cultivos hort\u00edcolas platenses http:\/\/sedici.unlp.edu.ar\/handle\/10915\/173293 via @sedici_unlp\" target=\"_blank\"><img decoding=\"async\" src=\"https:\/\/congresos.unlp.edu.ar\/ebec2024\/wp-content\/plugins\/wp-dspace\/media\/img\/share-twitter.png\" alt=\"Twitter logo\" title=\"Compartir en Twitter\"><\/a>\n             <a href=\"https:\/\/plus.google.com\/share?url=http:\/\/sedici.unlp.edu.ar\/handle\/10915\/173293\" target=\"_blank\"><img decoding=\"async\" src=\"https:\/\/congresos.unlp.edu.ar\/ebec2024\/wp-content\/plugins\/wp-dspace\/media\/img\/share-plus.png\" alt=\"Google+ logo\" title=\"Compartir en Google+\">\n             <\/a>\n             <a href=\"http:\/\/www.linkedin.com\/shareArticle?url=http:\/\/sedici.unlp.edu.ar\/handle\/10915\/173293\" target=\"_blank\"><img decoding=\"async\" src=\"https:\/\/congresos.unlp.edu.ar\/ebec2024\/wp-content\/plugins\/wp-dspace\/media\/img\/share-linkedin.png\" alt=\"Linkedin logo\" title=\"Compartir en Linkedin\">\n             <\/a>\n        <\/div><\/article><\/li><br><li><article style=\"padding:10px;border: 2px solid black;\">\n\t\t\t<title>Evaluaci\u00f3n de hongos entomopat\u00f3genos para el control de insectos plaga de cultivos del Cintur\u00f3n Hort\u00edcola Platense: una alternativa agroecol\u00f3gica sustentable<\/title>\n                        <div id=\"sedici-title\"> \n                            <a class=\"link\" href=\"http:\/\/sedici.unlp.edu.ar\/handle\/10915\/173292\" target=\"_blank\">Evaluaci\u00f3n de hongos entomopat\u00f3genos para el control de insectos plaga de cultivos del Cintur\u00f3n Hort\u00edcola Platense: una alternativa agroecol\u00f3gica sustentable<\/a>\n                        <\/div><div id=\"sedici-title\">Autores: <author><name><a href=https:\/\/sedici.unlp.edu.ar\/discover?filtertype=author&filter_relational_operator=equals&filter=Cathcarth%2C%20Camila target=\"_blank\">Cathcarth, Camila<\/a><\/name><\/author><\/div>\n                                   <p id=\"http:\/\/sedici.unlp.edu.ar\/handle\/10915\/173292\"> <\/p>\n                                   <published>\n                                        <div id=\"sedici-title\" >Fecha: <span class=\"sedici-content\">01\/01\/2024<\/span><\/div>\n                                    <\/published><summary> <div id=\"sedici-title\">Resumen:<span class=\"sedici-content\">La conservaci\u00f3n de la biodiversidad presente en el sistema de producci\u00f3n hort\u00edcola deber\u00eda ser un objetivo primordial a la hora de implementar herramientas de control en una agricultura sustentable. Es por esto que existen otras herramientas de manejo sustentable de plagas, como es el control biol\u00f3gico (CB). Los hongos entomopat\u00f3genos son utilizados en el CB, constituyendo un importante grupo de pat\u00f3genos de insectos plaga. Algunas de las ventajas que presentan estos organismos son: alta especificidad, f\u00e1cil dispersi\u00f3n natural, cultivo in vitro con mantenimiento de la patogenicidad, y la posibilidad de mantener un control permanente una vez establecidos en el ambiente. Entre las principales plagas que afectan a los cultivos hort\u00edcolas se encuentran los \u00e1fidos. Estos son causantes de da\u00f1os directos debido a que interfieren con los procesos fisiol\u00f3gicos de la planta, como indirectos por la transmisi\u00f3n de virus fitopat\u00f3genos. El pulg\u00f3n Myzus persicae es el \u00e1fido de mayor predominio y peligrosidad en el mundo, debido a su frecuente aparici\u00f3n y a la magnitud de los da\u00f1os que ocasiona, tanto directos como indirectos.El presente proyecto tiene como principal finalidad aportar al conocimiento biol\u00f3gico de los hongos nativos entomopat\u00f3genos de \u00e1fidos plaga que causan da\u00f1os en la agricultura y estudiar su patogenicidad contra el pulg\u00f3n M. persicae.<\/span><\/div><\/summary><div class=\"a_unline\">Compartir: <a href=\"https:\/\/www.facebook.com\/sharer\/sharer.php?p[title]=Evaluaci\u00f3n de hongos entomopat\u00f3genos para el control de insectos plaga de cultivos del Cintur\u00f3n Hort\u00edcola Platense: una alternativa agroecol\u00f3gica sustentable&p[url]=http:\/\/sedici.unlp.edu.ar\/handle\/10915\/173292\" target=\"_blank\"><img decoding=\"async\" src=\"https:\/\/congresos.unlp.edu.ar\/ebec2024\/wp-content\/plugins\/wp-dspace\/media\/img\/share-facebook.png\" alt=\"Facebook logo\" title=\"Compartir en Facebook\">\n             <\/a>\n             <a href=\"https:\/\/twitter.com\/?status=Evaluaci\u00f3n de hongos entomopat\u00f3genos para el control de insectos plaga de cultivos del Cintur\u00f3n Hort\u00edcola Platense: una alternativa agroecol\u00f3gica sustentable http:\/\/sedici.unlp.edu.ar\/handle\/10915\/173292 via @sedici_unlp\" target=\"_blank\"><img decoding=\"async\" src=\"https:\/\/congresos.unlp.edu.ar\/ebec2024\/wp-content\/plugins\/wp-dspace\/media\/img\/share-twitter.png\" alt=\"Twitter logo\" title=\"Compartir en Twitter\"><\/a>\n             <a href=\"https:\/\/plus.google.com\/share?url=http:\/\/sedici.unlp.edu.ar\/handle\/10915\/173292\" target=\"_blank\"><img decoding=\"async\" src=\"https:\/\/congresos.unlp.edu.ar\/ebec2024\/wp-content\/plugins\/wp-dspace\/media\/img\/share-plus.png\" alt=\"Google+ logo\" title=\"Compartir en Google+\">\n             <\/a>\n             <a href=\"http:\/\/www.linkedin.com\/shareArticle?url=http:\/\/sedici.unlp.edu.ar\/handle\/10915\/173292\" target=\"_blank\"><img decoding=\"async\" src=\"https:\/\/congresos.unlp.edu.ar\/ebec2024\/wp-content\/plugins\/wp-dspace\/media\/img\/share-linkedin.png\" alt=\"Linkedin logo\" title=\"Compartir en Linkedin\">\n             <\/a>\n        <\/div><\/article><\/li><br><li><article style=\"padding:10px;border: 2px solid black;\">\n\t\t\t<title>Diversidad parasitol\u00f3gica en aves acu\u00e1ticas que frecuentan humedales antropizados del Sudeste formose\u00f1o y el potencial uso como indicadores ambientales de sus estadios larvales<\/title>\n                        <div id=\"sedici-title\"> \n                            <a class=\"link\" href=\"http:\/\/sedici.unlp.edu.ar\/handle\/10915\/173274\" target=\"_blank\">Diversidad parasitol\u00f3gica en aves acu\u00e1ticas que frecuentan humedales antropizados del Sudeste formose\u00f1o y el potencial uso como indicadores ambientales de sus estadios larvales<\/a>\n                        <\/div><div id=\"sedici-title\">Autores: <author><name><a href=https:\/\/sedici.unlp.edu.ar\/discover?filtertype=author&filter_relational_operator=equals&filter=Due\u00f1as%20D\u00edaz%2C%20Mariano target=\"_blank\">Due\u00f1as D\u00edaz, Mariano<\/a><\/name><\/author><\/div>\n                                   <p id=\"http:\/\/sedici.unlp.edu.ar\/handle\/10915\/173274\"> <\/p>\n                                   <published>\n                                        <div id=\"sedici-title\" >Fecha: <span class=\"sedici-content\">01\/01\/2024<\/span><\/div>\n                                    <\/published><summary> <div id=\"sedici-title\">Resumen:<span class=\"sedici-content\">El Sudeste formose\u00f1o cuenta con importantes recursos de agua. En dicha zona, la ganader\u00eda y la agricultura son responsables del vertido de grandes cantidades de agroqu\u00edmicos y materia org\u00e1nica. Entre las especies que podr\u00edan ser afectadas, est\u00e1n las aves acu\u00e1ticas presentes en gran cantidad. Ellas son eslabones superiores de la cadena tr\u00f3fica y la amplitud de su dieta junto a su alta movilidad las expone a una gran variedad de intermediarios de parasitosis. Los par\u00e1sitos de aves constituyen un excelente sistema para estudios ecol\u00f3gicos, dada su elevada abundancia y riqueza espec\u00edfica, y debido a sus ciclos de vida est\u00e1n expuestos a impactos ambientales, por lo que son usados como indicadores de biodiversidad y alteraciones ambientales. En Formosa se han registrado casi la mitad de las aves de nuestro pa\u00eds. El \u00e1rea de estudio se encuentra en el Chaco H\u00famedo, donde se han reportado 50 taxa de helmintos parasitando a 27 especies de aves silvestres. En el Sudeste formose\u00f1o se han registrado 85 especies de aves relacionadas con el medio acu\u00e1tico, de las cuales existe estudios helmintol\u00f3gicos s\u00f3lo para ocho de ellas. Se han descripto una especie de acantoc\u00e9falo y 21 de digeneos. Las aves son reservorios para enfermedades parasitarias, que pueden impactar negativamente en emprendimientos confiriendo a este grupo de helmintos importancia econ\u00f3mica y sanitaria.La hip\u00f3tesis es que la calidad de las aguas se refleja en la composici\u00f3n y estructura de la comunidad de estadios larvales de helmintos que parasitan las aves acu\u00e1ticas de la zona, afectando a los estadios libres o a sus posibles hospedadores intermediarios (Hi). El objetivo es estudiar la diversidad de helmintos par\u00e1sitos de aves acu\u00e1ticas y el posible efecto de la calidad del agua en sus estadios larvales en ambientes antropizados del Sudeste de la provincia de Formosa.Entre mayo y junio de 2016 se capturaron 19 ejemplares de 14 especies de aves acu\u00e1ticas en una estancia en Piran\u00e9, Formosa. Las prospecciones helmintol\u00f3gicas se llevaron a cabo en el campo. Los platelmintos adultos ser\u00e1n coloreados y montados en preparaciones definitivas para su observaci\u00f3n. Los nematodes y acantoc\u00e9falos, ser\u00e1n diafanizados en preparaciones transitorias. Se reservaron ejemplares para estudios gen\u00e9ticos. Ejemplares de los grupos par\u00e1sitos ser\u00e1n depositados en la colecci\u00f3n Helmintol\u00f3gica del Museo de La Plata. Se prospectar\u00e1n cuatro grupos de Hi (peces, anfibios, crust\u00e1ceos y gaster\u00f3podos), muestreados en ambientes con diferentes valores en par\u00e1metros de calidad de agua. En cada sitio se medir\u00e1n par\u00e1metros fisicoqu\u00edmicos y se tomar\u00e1n muestras de agua para an\u00e1lisis qu\u00edmico. Para las especies de helmintos se estimar\u00e1 prevalencia, intensidad media de infecci\u00f3n, riqueza espec\u00edfica e \u00edndices de diversidad, dominancia y equitabilidad. Las diferencias en la composici\u00f3n de las comunidades de estadios larvales en cada grupo de Hi en ambientes con distinto grado de disturbio ser\u00e1n analizadas mediante an\u00e1lisis de similitudes.<\/span><\/div><\/summary><div class=\"a_unline\">Compartir: <a href=\"https:\/\/www.facebook.com\/sharer\/sharer.php?p[title]=Diversidad parasitol\u00f3gica en aves acu\u00e1ticas que frecuentan humedales antropizados del Sudeste formose\u00f1o y el potencial uso como indicadores ambientales de sus estadios larvales&p[url]=http:\/\/sedici.unlp.edu.ar\/handle\/10915\/173274\" target=\"_blank\"><img decoding=\"async\" src=\"https:\/\/congresos.unlp.edu.ar\/ebec2024\/wp-content\/plugins\/wp-dspace\/media\/img\/share-facebook.png\" alt=\"Facebook logo\" title=\"Compartir en Facebook\">\n             <\/a>\n             <a href=\"https:\/\/twitter.com\/?status=Diversidad parasitol\u00f3gica en aves acu\u00e1ticas que frecuentan humedales antropizados del Sudeste formose\u00f1o y el potencial uso como indicadores ambientales de sus estadios larvales http:\/\/sedici.unlp.edu.ar\/handle\/10915\/173274 via @sedici_unlp\" target=\"_blank\"><img decoding=\"async\" src=\"https:\/\/congresos.unlp.edu.ar\/ebec2024\/wp-content\/plugins\/wp-dspace\/media\/img\/share-twitter.png\" alt=\"Twitter logo\" title=\"Compartir en Twitter\"><\/a>\n             <a href=\"https:\/\/plus.google.com\/share?url=http:\/\/sedici.unlp.edu.ar\/handle\/10915\/173274\" target=\"_blank\"><img decoding=\"async\" src=\"https:\/\/congresos.unlp.edu.ar\/ebec2024\/wp-content\/plugins\/wp-dspace\/media\/img\/share-plus.png\" alt=\"Google+ logo\" title=\"Compartir en Google+\">\n             <\/a>\n             <a href=\"http:\/\/www.linkedin.com\/shareArticle?url=http:\/\/sedici.unlp.edu.ar\/handle\/10915\/173274\" target=\"_blank\"><img decoding=\"async\" src=\"https:\/\/congresos.unlp.edu.ar\/ebec2024\/wp-content\/plugins\/wp-dspace\/media\/img\/share-linkedin.png\" alt=\"Linkedin logo\" title=\"Compartir en Linkedin\">\n             <\/a>\n        <\/div><\/article><\/li><br><li><article style=\"padding:10px;border: 2px solid black;\">\n\t\t\t<title>Desarrollo y caracterizaci\u00f3n de sistemas synbioticos incluyendo nanopart\u00edculas de celulosa bacteriana<\/title>\n                        <div id=\"sedici-title\"> \n                            <a class=\"link\" href=\"http:\/\/sedici.unlp.edu.ar\/handle\/10915\/173272\" target=\"_blank\">Desarrollo y caracterizaci\u00f3n de sistemas synbioticos incluyendo nanopart\u00edculas de celulosa bacteriana<\/a>\n                        <\/div><div id=\"sedici-title\">Autores: <author><name><a href=https:\/\/sedici.unlp.edu.ar\/discover?filtertype=author&filter_relational_operator=equals&filter=Pucciarelli%2C%20Luc\u00eda target=\"_blank\">Pucciarelli, Luc\u00eda<\/a><\/name><\/author><\/div>\n                                   <p id=\"http:\/\/sedici.unlp.edu.ar\/handle\/10915\/173272\"> <\/p>\n                                   <published>\n                                        <div id=\"sedici-title\" >Fecha: <span class=\"sedici-content\">01\/01\/2024<\/span><\/div>\n                                    <\/published><summary> <div id=\"sedici-title\">Resumen:<span class=\"sedici-content\">La relaci\u00f3n entre dieta y salud constituye una premisa clave en el desarrollo de nuevos alimentos. En ese marco, la creciente investigaci\u00f3n e innovaci\u00f3n han posibilitado el desarrollo de alimentos funcionales, entre los cuales se encuentran los que contienen probi\u00f3ticos y\/o prebi\u00f3ticos. Uno de los mayores desaf\u00edos en la incorporaci\u00f3n de probi\u00f3ticos a los alimentos, es que mantengan la viabilidad y la actividad durante el procesamiento, el almacenamiento y, finalmente, durante el pasaje del alimento por el sistema gastrointestinal del consumidor. Las combinaciones de probi\u00f3ticos y prebi\u00f3ticos para el desarrollo de alimentos synbioticos pueden incluir pol\u00edmeros que favorezcan el tr\u00e1nsito gastrointestinal o contribuyan a la sobrevida de los microorganismos. Las propiedades de la celulosa bacteriana, combinadas con su imposibilidad de ser digerida por las enzimas del tracto digestivo humano la convierten en un pol\u00edmero atractivo para el desarrollo de sistemas de administraci\u00f3n de probi\u00f3ticos o synbioticos. El kefiran es un polisac\u00e1rido de calidad alimentaria que no puede ser hidrolizado por las enzimas del tracto gastrointestinal. Tiene capacidad de constituir matrices interesantes en el desarrollo de alimentos, como por ejemplo, geles y pel\u00edculas comestibles, sistemas que son apropiados para vehiculizar probi\u00f3ticos. En base a las caracter\u00edsticas del prebi\u00f3tico kefiran y la celulosa microbiana se plantea como objetivo general desarrollar sistemas synbioticos que incluyan el prebi\u00f3tico kefiran y nanopart\u00edculas de celulosa bacteriana para mejorar la sobrevida de los probi\u00f3ticos administrados.Como primer instancia se aislar\u00e1n cepas de bacterias productoras de celulosa a partir de diferentes consorcios microbianos (kombucha, kefir de agua o de leche) y subproductos de las elaboraciones de vino y cerveza a peque\u00f1a escala, para luego caracterizar la producci\u00f3n de celulosa. Mediante el empleo de m\u00e9todos qu\u00edmicos se producir\u00e1n nanopart\u00edculas de celulosa bacteriana que luego ser\u00e1n caracterizadas. A partir del polisac\u00e1rido prebi\u00f3tico kefiran, obtenido de gr\u00e1nulos de kefir, las nanopart\u00edculas de celulosa bacteriana y microorganismos probi\u00f3ticos (cepas comerciales y\/o pertenecientes a la colecci\u00f3n del CIDCA) se desarrollar\u00e1n geles y pel\u00edculas comestibles. Se estudiar\u00e1 la capacidad de las nanopart\u00edculas para reforzar esos sistemas synbioticos y el comportamiento de estos en un modelo secuencial de simulaci\u00f3n gastrointestinal y fermentaci\u00f3n in vitro empleando un modelo de barros fecales.<\/span><\/div><\/summary><div class=\"a_unline\">Compartir: <a href=\"https:\/\/www.facebook.com\/sharer\/sharer.php?p[title]=Desarrollo y caracterizaci\u00f3n de sistemas synbioticos incluyendo nanopart\u00edculas de celulosa bacteriana&p[url]=http:\/\/sedici.unlp.edu.ar\/handle\/10915\/173272\" target=\"_blank\"><img decoding=\"async\" src=\"https:\/\/congresos.unlp.edu.ar\/ebec2024\/wp-content\/plugins\/wp-dspace\/media\/img\/share-facebook.png\" alt=\"Facebook logo\" title=\"Compartir en Facebook\">\n             <\/a>\n             <a href=\"https:\/\/twitter.com\/?status=Desarrollo y caracterizaci\u00f3n de sistemas synbioticos incluyendo nanopart\u00edculas de celulosa bacteriana http:\/\/sedici.unlp.edu.ar\/handle\/10915\/173272 via @sedici_unlp\" target=\"_blank\"><img decoding=\"async\" src=\"https:\/\/congresos.unlp.edu.ar\/ebec2024\/wp-content\/plugins\/wp-dspace\/media\/img\/share-twitter.png\" alt=\"Twitter logo\" title=\"Compartir en Twitter\"><\/a>\n             <a href=\"https:\/\/plus.google.com\/share?url=http:\/\/sedici.unlp.edu.ar\/handle\/10915\/173272\" target=\"_blank\"><img decoding=\"async\" src=\"https:\/\/congresos.unlp.edu.ar\/ebec2024\/wp-content\/plugins\/wp-dspace\/media\/img\/share-plus.png\" alt=\"Google+ logo\" title=\"Compartir en Google+\">\n             <\/a>\n             <a href=\"http:\/\/www.linkedin.com\/shareArticle?url=http:\/\/sedici.unlp.edu.ar\/handle\/10915\/173272\" target=\"_blank\"><img decoding=\"async\" src=\"https:\/\/congresos.unlp.edu.ar\/ebec2024\/wp-content\/plugins\/wp-dspace\/media\/img\/share-linkedin.png\" alt=\"Linkedin logo\" title=\"Compartir en Linkedin\">\n             <\/a>\n        <\/div><\/article><\/li><br><li><article style=\"padding:10px;border: 2px solid black;\">\n\t\t\t<title>Interacci\u00f3n planta-hongo-insecto: An\u00e1lisis de los compuestos org\u00e1nicos vol\u00e1tiles de soja (Glycine max) endofitada con Beauveria bassiana y su influencia en la herbivor\u00eda de lepid\u00f3pteros<\/title>\n                        <div id=\"sedici-title\"> \n                            <a class=\"link\" href=\"http:\/\/sedici.unlp.edu.ar\/handle\/10915\/173245\" target=\"_blank\">Interacci\u00f3n planta-hongo-insecto: An\u00e1lisis de los compuestos org\u00e1nicos vol\u00e1tiles de soja (Glycine max) endofitada con Beauveria bassiana y su influencia en la herbivor\u00eda de lepid\u00f3pteros<\/a>\n                        <\/div><div id=\"sedici-title\">Autores: <author><name><a href=https:\/\/sedici.unlp.edu.ar\/discover?filtertype=author&filter_relational_operator=equals&filter=Davyt%20Colo%2C%20Belen target=\"_blank\">Davyt Colo, Belen<\/a><\/name><\/author><\/div>\n                                   <p id=\"http:\/\/sedici.unlp.edu.ar\/handle\/10915\/173245\"> <\/p>\n                                   <published>\n                                        <div id=\"sedici-title\" >Fecha: <span class=\"sedici-content\">01\/01\/2024<\/span><\/div>\n                                    <\/published><summary> <div id=\"sedici-title\">Resumen:<span class=\"sedici-content\">La soja representa alrededor del 40% de la superficie cultivada en Argentina, siendo clave para la agricultura del pa\u00eds. Las larvas defoliadoras de lepid\u00f3pteros como Rachiplusia nu, Anticarsia gemmatalis, Helicoverpa gelotopoeon y en ocasiones Spodoptera frugiperda, causan p\u00e9rdidas significativas mediante el consumo foliar, lo que afecta la fotos\u00edntesis, el rendimiento y la calidad del cultivo. La estrategia predominante de su control se basa en utilizaci\u00f3n de insecticidas qu\u00edmicos, causando problemas ambientales, de resistencia y comprometiendo la inocuidad del producto cosechado.Los hongos entomopat\u00f3genos, como Beauveria bassiana, se presentan como alternativas prometedoras de control biol\u00f3gico. Estos hongos pueden establecerse como end\u00f3fitos en las plantas y algunos producir metabolitos secundarios que hacen los tejidos vegetales menos atractivos para los herb\u00edvoros. Estudios previos han demostrado que las plantas endofitadas con B. bassiana muestran mayor crecimiento y resistencia frente a ataques de insectos plaga.Una inc\u00f3gnita importante es el papel de las se\u00f1ales qu\u00edmicas a trav\u00e9s de compuestos org\u00e1nicos vol\u00e1tiles (COV) en la interacci\u00f3n planta-hongo-insecto. Resulta interesante determinar si existen diferencias entre los perfiles metab\u00f3licos de los COV de plantas endofitadas respecto de plantas sin endofitar, y si estas diferencias afectan la herbivor\u00eda.La hip\u00f3tesis del estudio propone que la presencia de B. bassiana en soja reduce el ataque de lepid\u00f3pteros, tanto de forma directa, mediante la infecci\u00f3n de B. bassiana presente en las plantas de las que los insectos se alimentan, como indirecta, a trav\u00e9s de cambios en los perfiles de compuestos vol\u00e1tiles que aumentan la resistencia de las plantas a la herbivor\u00eda. Para contrastar esta hip\u00f3tesis, se colectar\u00e1n los COV liberados por plantas endofitadas y sin endofitar, con el fin de evaluar los cambios en sus perfiles metab\u00f3licos mediante cromatograf\u00eda gaseosa acoplada a espectrometr\u00eda de masas (GC-MS). Luego se realizar\u00e1n bioensayos de preferencia alimentaria por parte de larvas de dichos lepid\u00f3pteros en ambas condiciones, y por \u00faltimo se evaluar\u00e1n las respuestas electroantenogr\u00e1ficas de insectos adultos a dichos vol\u00e1tiles.Este estudio tiene el potencial de contribuir al manejo integrado de plagas en cultivos de soja mediante el uso de B. bassiana como end\u00f3fito. Comprender mejor la comunicaci\u00f3n qu\u00edmica entre planta, hongo e insectos permitir\u00e1 desarrollar m\u00e9todos de control m\u00e1s efectivos y sostenibles, aplicables a otros cultivos y contextos agr\u00edcolas, promoviendo as\u00ed la agricultura sostenible y reduciendo el uso de insecticidas qu\u00edmicos.<\/span><\/div><\/summary><div class=\"a_unline\">Compartir: <a href=\"https:\/\/www.facebook.com\/sharer\/sharer.php?p[title]=Interacci\u00f3n planta-hongo-insecto: An\u00e1lisis de los compuestos org\u00e1nicos vol\u00e1tiles de soja (Glycine max) endofitada con Beauveria bassiana y su influencia en la herbivor\u00eda de lepid\u00f3pteros&p[url]=http:\/\/sedici.unlp.edu.ar\/handle\/10915\/173245\" target=\"_blank\"><img decoding=\"async\" src=\"https:\/\/congresos.unlp.edu.ar\/ebec2024\/wp-content\/plugins\/wp-dspace\/media\/img\/share-facebook.png\" alt=\"Facebook logo\" title=\"Compartir en Facebook\">\n             <\/a>\n             <a href=\"https:\/\/twitter.com\/?status=Interacci\u00f3n planta-hongo-insecto: An\u00e1lisis de los compuestos org\u00e1nicos vol\u00e1tiles de soja (Glycine max) endofitada con Beauveria bassiana y su influencia en la herbivor\u00eda de lepid\u00f3pteros http:\/\/sedici.unlp.edu.ar\/handle\/10915\/173245 via @sedici_unlp\" target=\"_blank\"><img decoding=\"async\" src=\"https:\/\/congresos.unlp.edu.ar\/ebec2024\/wp-content\/plugins\/wp-dspace\/media\/img\/share-twitter.png\" alt=\"Twitter logo\" title=\"Compartir en Twitter\"><\/a>\n             <a href=\"https:\/\/plus.google.com\/share?url=http:\/\/sedici.unlp.edu.ar\/handle\/10915\/173245\" target=\"_blank\"><img decoding=\"async\" src=\"https:\/\/congresos.unlp.edu.ar\/ebec2024\/wp-content\/plugins\/wp-dspace\/media\/img\/share-plus.png\" alt=\"Google+ logo\" title=\"Compartir en Google+\">\n             <\/a>\n             <a href=\"http:\/\/www.linkedin.com\/shareArticle?url=http:\/\/sedici.unlp.edu.ar\/handle\/10915\/173245\" target=\"_blank\"><img decoding=\"async\" src=\"https:\/\/congresos.unlp.edu.ar\/ebec2024\/wp-content\/plugins\/wp-dspace\/media\/img\/share-linkedin.png\" alt=\"Linkedin logo\" title=\"Compartir en Linkedin\">\n             <\/a>\n        <\/div><\/article><\/li><br><li><article style=\"padding:10px;border: 2px solid black;\">\n\t\t\t<title>Transformaci\u00f3n del territorio y su influencia en los Servicios Hidrol\u00f3gicos Ambientales. El caso de la invasi\u00f3n de Gleditsia triacanthos L. en la Cuenca del Arroyo Pereyra, provincia de Buenos Aires<\/title>\n                        <div id=\"sedici-title\"> \n                            <a class=\"link\" href=\"http:\/\/sedici.unlp.edu.ar\/handle\/10915\/173241\" target=\"_blank\">Transformaci\u00f3n del territorio y su influencia en los Servicios Hidrol\u00f3gicos Ambientales. El caso de la invasi\u00f3n de Gleditsia triacanthos L. en la Cuenca del Arroyo Pereyra, provincia de Buenos Aires<\/a>\n                        <\/div><div id=\"sedici-title\">Autores: <author><name><a href=https:\/\/sedici.unlp.edu.ar\/discover?filtertype=author&filter_relational_operator=equals&filter=Anselmino%2C%20Camila%20Bel\u00e9n target=\"_blank\">Anselmino, Camila Bel\u00e9n<\/a><\/name><\/author><\/div>\n                                   <p id=\"http:\/\/sedici.unlp.edu.ar\/handle\/10915\/173241\"> <\/p>\n                                   <published>\n                                        <div id=\"sedici-title\" >Fecha: <span class=\"sedici-content\">01\/01\/2024<\/span><\/div>\n                                    <\/published><summary> <div id=\"sedici-title\">Resumen:<span class=\"sedici-content\">En general, los servicios ambientales se definen como los componentes y procesos del ambiente que son consumidos, disfrutados o que conducen a aumentar el bienestar humano tomando en cuenta la demanda de los beneficiarios, as\u00ed como la din\u00e1mica del mismo. Particularmente, los Servicios Hidrol\u00f3gicos Ambientales (SHA) incluyen una variedad de beneficios tales como provisi\u00f3n de agua, regulaci\u00f3n de flujos pluviales, regulaci\u00f3n de erosi\u00f3n, recarga de acu\u00edferos, entre otros, y dependen del buen funcionamiento hidrol\u00f3gico de una cuenca, as\u00ed como tambi\u00e9n, uso y manejo del recurso h\u00eddrico, vegetaci\u00f3n y suelo. Como es sabido, los SHA son afectados por varios factores, entre ellos se encuentran las invasiones biol\u00f3gicas que modifican la din\u00e1mica del escurrimiento superficial, infiltraci\u00f3n y evapotranspiraci\u00f3n en un determinado momento, generando una transformaci\u00f3n del territorio que merece ser estudiada y analizada. Las invasiones biol\u00f3gicas hacen referencia al proceso de introducci\u00f3n (accidental y\/o intencional), establecimiento y expansi\u00f3n de especies ex\u00f3ticas procedentes de otras \u00e1reas geogr\u00e1ficas. Las mismas alteran la estructura de las comunidades nativas, ya que implican cambios en la riqueza, diversidad y dominancia de las especies. Tales cambios de estructura generalmente repercuten en los ciclos de materia y en el flujo de energ\u00eda de los ecosistemas, y a menudo suponen una alteraci\u00f3n importante de su funcionamiento. En cuanto al ciclo hidrol\u00f3gico, las especies invasoras pueden mostrar distinta estrategia de uso del agua que las nativas, por ello, la propagaci\u00f3n de las invasoras puede asumir consecuencias dr\u00e1sticas en el balance h\u00eddrico de ese ecosistema, como ser cambios en la regulaci\u00f3n de los flujos pluviales y din\u00e1mica h\u00eddrica superficial, en el consumo de agua por transpiraci\u00f3n, infiltraci\u00f3n del suelo y, por tanto, la modificaci\u00f3n de la proporci\u00f3n de agua que fluye a nivel superficial en la cuenca hidrogr\u00e1fica. Si bien hay un reconocimiento por parte de varios autores de que Gleditsia triacanthos L. (acacia negra) es un problema en el pa\u00eds, existe un vac\u00edo de informaci\u00f3n referido espec\u00edficamente a c\u00f3mo influye su invasi\u00f3n en la respuesta hidrol\u00f3gica de una cuenca hidrogr\u00e1fica, debido a ese cambio en la riqueza y diversidad de especies. Una t\u00e9cnica muy \u00fatil para estudiar y analizar esa transformaci\u00f3n e incidencia en los SHA de una cuenca es la teledetecci\u00f3n, debido a que permite observar y caracterizar la superficie terrestre. Adem\u00e1s se plantea usar las herramientas SIG para lograr la zonificaci\u00f3n espacio-temporal de coberturas vegetales presentes en una cuenca hidrogr\u00e1fica, as\u00ed como tambi\u00e9n evaluar la escorrent\u00eda superficial y conocer su respuesta hidrol\u00f3gica frente a los cambios de cobertura debido a la invasi\u00f3n de la ex\u00f3tica forestal.<\/span><\/div><\/summary><div class=\"a_unline\">Compartir: <a href=\"https:\/\/www.facebook.com\/sharer\/sharer.php?p[title]=Transformaci\u00f3n del territorio y su influencia en los Servicios Hidrol\u00f3gicos Ambientales. El caso de la invasi\u00f3n de Gleditsia triacanthos L. en la Cuenca del Arroyo Pereyra, provincia de Buenos Aires&p[url]=http:\/\/sedici.unlp.edu.ar\/handle\/10915\/173241\" target=\"_blank\"><img decoding=\"async\" src=\"https:\/\/congresos.unlp.edu.ar\/ebec2024\/wp-content\/plugins\/wp-dspace\/media\/img\/share-facebook.png\" alt=\"Facebook logo\" title=\"Compartir en Facebook\">\n             <\/a>\n             <a href=\"https:\/\/twitter.com\/?status=Transformaci\u00f3n del territorio y su influencia en los Servicios Hidrol\u00f3gicos Ambientales. El caso de la invasi\u00f3n de Gleditsia triacanthos L. en la Cuenca del Arroyo Pereyra, provincia de Buenos Aires http:\/\/sedici.unlp.edu.ar\/handle\/10915\/173241 via @sedici_unlp\" target=\"_blank\"><img decoding=\"async\" src=\"https:\/\/congresos.unlp.edu.ar\/ebec2024\/wp-content\/plugins\/wp-dspace\/media\/img\/share-twitter.png\" alt=\"Twitter logo\" title=\"Compartir en Twitter\"><\/a>\n             <a href=\"https:\/\/plus.google.com\/share?url=http:\/\/sedici.unlp.edu.ar\/handle\/10915\/173241\" target=\"_blank\"><img decoding=\"async\" src=\"https:\/\/congresos.unlp.edu.ar\/ebec2024\/wp-content\/plugins\/wp-dspace\/media\/img\/share-plus.png\" alt=\"Google+ logo\" title=\"Compartir en Google+\">\n             <\/a>\n             <a href=\"http:\/\/www.linkedin.com\/shareArticle?url=http:\/\/sedici.unlp.edu.ar\/handle\/10915\/173241\" target=\"_blank\"><img decoding=\"async\" src=\"https:\/\/congresos.unlp.edu.ar\/ebec2024\/wp-content\/plugins\/wp-dspace\/media\/img\/share-linkedin.png\" alt=\"Linkedin logo\" title=\"Compartir en Linkedin\">\n             <\/a>\n        <\/div><\/article><\/li><br><li><article style=\"padding:10px;border: 2px solid black;\">\n\t\t\t<title>Estudios sobre avispas parasitoides de la tribu Ganaspini (Hymenoptera: Figitidae: Eucoilinae) potenciales biocontroladores de d\u00edpteros frug\u00edvoros<\/title>\n                        <div id=\"sedici-title\"> \n                            <a class=\"link\" href=\"http:\/\/sedici.unlp.edu.ar\/handle\/10915\/173240\" target=\"_blank\">Estudios sobre avispas parasitoides de la tribu Ganaspini (Hymenoptera: Figitidae: Eucoilinae) potenciales biocontroladores de d\u00edpteros frug\u00edvoros<\/a>\n                        <\/div><div id=\"sedici-title\">Autores: <author><name><a href=https:\/\/sedici.unlp.edu.ar\/discover?filtertype=author&filter_relational_operator=equals&filter=Reche%2C%20Vanina%20Anadina target=\"_blank\">Reche, Vanina Anadina<\/a><\/name><\/author><\/div>\n                                   <p id=\"http:\/\/sedici.unlp.edu.ar\/handle\/10915\/173240\"> <\/p>\n                                   <published>\n                                        <div id=\"sedici-title\" >Fecha: <span class=\"sedici-content\">01\/01\/2024<\/span><\/div>\n                                    <\/published><summary> <div id=\"sedici-title\">Resumen:<span class=\"sedici-content\">Los d\u00edpteros fit\u00f3fagos, causan da\u00f1os econ\u00f3micos considerables en cultivos frutales en todo el mundo. Una alternativa fitosanitaria al uso exclusivo de productos qu\u00edmicos es el Control Biol\u00f3gico (CB). Desde el punto de vista de su biolog\u00eda, diversidad de estilos de vida y los h\u00e1bitats que frecuentan, los parasitoides conforman un grupo funcional de inter\u00e9s te\u00f3rico y aplicado por su relevante rol como enemigos naturales de insectos plaga. Entre ellos, la superfamilia Cynipoidea (Hymenoptera) es una de las mejores representadas, con m\u00e1s de la mitad de sus especies comport\u00e1ndose como parasitoides, siendo la tribu Ganaspini (Figitidae: Eucoilinae) la m\u00e1s numerosa y compleja de estudiar, agrupando alrededor de 256 especies, ubicadas en 40 g\u00e9neros a nivel global. Todos sus integrantes se comportan como endoparasitoides koinobiontes de larvas de Diptera Muscomorpha. En la Argentina la mayor\u00eda de Ganaspini de las cuales se conoce su hospedador han sido asociadas a diversos cultivos, podemos reconocer a los que parasitoidizan d\u00edpteros frug\u00edvoros de las familias Drosophilidae, Lonchaeide, Otittidae y Trephritidae, este grupo es el objeto de estudio de mi Beca Posdoctoral. Me encuentro realizando investigaciones referidas a la b\u00fasqueda y estudio sistem\u00e1tico de especies potenciales enemigos naturales de d\u00edpteros frug\u00edvoros, teniendo en cuenta que los mayores problemas en los proyectos o programas que involucran al Manejo Integrado de Plagas son entre otros la identificaci\u00f3n err\u00f3nea de los parasitoides, los hospedadores registrados inadecuadamente o bien que no se ha establecido correctamente las asociaciones parasitoides-hospedadores. Los estudios m\u00e1s recientes llevados a cabo, han aumentado el n\u00famero de Ganaspini potenciales controladores biol\u00f3gicos, no solo para d\u00edpteros plagas ya conocidos en nuestro pa\u00eds, sino tambi\u00e9n para plagas emergentes como Drosophila suzukii (Matsumura). De esta forma, le doy continuidad a los trabajos, realizados en el marco de mi tesis y beca doctoral y como integrante de varios proyectos de investigaci\u00f3n acreditados por la UNLP, los cuales se relacionan espec\u00edficamente al estudio de la diversidad, sistem\u00e1tica y biogeograf\u00eda de avispas parasitoides, en particular de los representantes argentinos de la tribu Ganaspini.<\/span><\/div><\/summary><div class=\"a_unline\">Compartir: <a href=\"https:\/\/www.facebook.com\/sharer\/sharer.php?p[title]=Estudios sobre avispas parasitoides de la tribu Ganaspini (Hymenoptera: Figitidae: Eucoilinae) potenciales biocontroladores de d\u00edpteros frug\u00edvoros&p[url]=http:\/\/sedici.unlp.edu.ar\/handle\/10915\/173240\" target=\"_blank\"><img decoding=\"async\" src=\"https:\/\/congresos.unlp.edu.ar\/ebec2024\/wp-content\/plugins\/wp-dspace\/media\/img\/share-facebook.png\" alt=\"Facebook logo\" title=\"Compartir en Facebook\">\n             <\/a>\n             <a href=\"https:\/\/twitter.com\/?status=Estudios sobre avispas parasitoides de la tribu Ganaspini (Hymenoptera: Figitidae: Eucoilinae) potenciales biocontroladores de d\u00edpteros frug\u00edvoros http:\/\/sedici.unlp.edu.ar\/handle\/10915\/173240 via @sedici_unlp\" target=\"_blank\"><img decoding=\"async\" src=\"https:\/\/congresos.unlp.edu.ar\/ebec2024\/wp-content\/plugins\/wp-dspace\/media\/img\/share-twitter.png\" alt=\"Twitter logo\" title=\"Compartir en Twitter\"><\/a>\n             <a href=\"https:\/\/plus.google.com\/share?url=http:\/\/sedici.unlp.edu.ar\/handle\/10915\/173240\" target=\"_blank\"><img decoding=\"async\" src=\"https:\/\/congresos.unlp.edu.ar\/ebec2024\/wp-content\/plugins\/wp-dspace\/media\/img\/share-plus.png\" alt=\"Google+ logo\" title=\"Compartir en Google+\">\n             <\/a>\n             <a href=\"http:\/\/www.linkedin.com\/shareArticle?url=http:\/\/sedici.unlp.edu.ar\/handle\/10915\/173240\" target=\"_blank\"><img decoding=\"async\" src=\"https:\/\/congresos.unlp.edu.ar\/ebec2024\/wp-content\/plugins\/wp-dspace\/media\/img\/share-linkedin.png\" alt=\"Linkedin logo\" title=\"Compartir en Linkedin\">\n             <\/a>\n        <\/div><\/article><\/li><br><li><article style=\"padding:10px;border: 2px solid black;\">\n\t\t\t<title>Estudios a microescala de la composici\u00f3n de especies de artr\u00f3podos y helmintos par\u00e1sitos en diferentes ensambles de roedores cric\u00e9tidos de la Regi\u00f3n Pampeana<\/title>\n                        <div id=\"sedici-title\"> \n                            <a class=\"link\" href=\"http:\/\/sedici.unlp.edu.ar\/handle\/10915\/173235\" target=\"_blank\">Estudios a microescala de la composici\u00f3n de especies de artr\u00f3podos y helmintos par\u00e1sitos en diferentes ensambles de roedores cric\u00e9tidos de la Regi\u00f3n Pampeana<\/a>\n                        <\/div><div id=\"sedici-title\">Autores: <author><name><a href=https:\/\/sedici.unlp.edu.ar\/discover?filtertype=author&filter_relational_operator=equals&filter=Espinoza%20Carniglia%2C%20Mario%20Virgilio target=\"_blank\">Espinoza Carniglia, Mario Virgilio<\/a><\/name><\/author><\/div>\n                                   <p id=\"http:\/\/sedici.unlp.edu.ar\/handle\/10915\/173235\"> <\/p>\n                                   <published>\n                                        <div id=\"sedici-title\" >Fecha: <span class=\"sedici-content\">01\/01\/2024<\/span><\/div>\n                                    <\/published><summary> <div id=\"sedici-title\">Resumen:<span class=\"sedici-content\">Este proyecto analizar\u00e1 la composici\u00f3n y distribuci\u00f3n de par\u00e1sitos (artr\u00f3podos y helmintos) en roedores cric\u00e9tidos de la regi\u00f3n Pampeana argentina. Su objetivo principal es analizar la distribuci\u00f3n de estos par\u00e1sitos espacialmente y en relaci\u00f3n a sus hospedadores, evaluando co-ocurrencias entre par\u00e1sitos y su relaci\u00f3n con variables ambientales y caracter\u00edsticas de los hospedadores. La investigaci\u00f3n se desarrollar\u00e1 en tres localidades de Buenos Aires: Arroyo de las Brusquitas (ambiente costero), Parque Pereyra Iraola (\u00e1rea protegida con producci\u00f3n agr\u00edcola) y Sierra de la Ventana (\u00e1rea protegida serrana). Se trabajar\u00e1 con muestras ya colectadas de 311 roedores de siete g\u00e9neros diferentes (Akodon, Calomys, Holochilus, Necromys, Oligoryzomys, Oxymycterus y Phyllotis). Los objetivos espec\u00edficos incluyen: Completar la identificaci\u00f3n de artr\u00f3podos, crear una base de datos con identificaciones parasitarias, describir poblaciones y comunidades de par\u00e1sitos, analizar asociaciones entre par\u00e1sitos y variables ambientales\/hospedatorias, estudiar co-ocurrencias entre especies parasitarias, comparar resultados con la prevalencia de bacterias Rickettsia. Para cumplir estos objetivos se realizar\u00e1: preparaci\u00f3n e identificaci\u00f3n morfol\u00f3gica de artr\u00f3podos, an\u00e1lisis cuantitativos de poblaciones parasitarias, estudio de variables ambientales mediante SIG, modelos estad\u00edsticos (GLM y GLMM) para analizar asociaciones, an\u00e1lisis de co-ocurrencias mediante el paquete \"cooccur\", prospecci\u00f3n de bacterias mediante t\u00e9cnicas moleculares. La importancia de este estudio radica en el impacto de par\u00e1sitos en la ecolog\u00eda y biodiversidad, la relevancia en salud p\u00fablica (parasitosis y vectores de pat\u00f3genos) y la comprensi\u00f3n de ciclos parasitarios y sistemas vector-par\u00e1sito. El proyecto es factible gracias a: Infraestructura completa del CEPAVE, material biol\u00f3gico disponible (75% ya identificado), financiamiento de tres proyectos vigentes, colaboraciones con especialistas. Se espera que los resultados contribuyan al conocimiento de las relaciones par\u00e1sito-hospedador, sirvan de base para estudios a mayor escala y aporten informaci\u00f3n relevante para la salud p\u00fablica. El proyecto representa un abordaje integral de las parasitosis en roedores cric\u00e9tidos, combinando aspectos taxon\u00f3micos, ecol\u00f3gicos y sanitarios. La investigaci\u00f3n se sustenta en estudios previos del CEPAVE sobre parasitosis en roedores cric\u00e9tidos, pero innova al analizar simult\u00e1neamente m\u00faltiples grupos de par\u00e1sitos y sus interacciones, considerando variables ambientales y caracter\u00edsticas de los hospedadores a una escala microgeogr\u00e1fica.<\/span><\/div><\/summary><div class=\"a_unline\">Compartir: <a href=\"https:\/\/www.facebook.com\/sharer\/sharer.php?p[title]=Estudios a microescala de la composici\u00f3n de especies de artr\u00f3podos y helmintos par\u00e1sitos en diferentes ensambles de roedores cric\u00e9tidos de la Regi\u00f3n Pampeana&p[url]=http:\/\/sedici.unlp.edu.ar\/handle\/10915\/173235\" target=\"_blank\"><img decoding=\"async\" src=\"https:\/\/congresos.unlp.edu.ar\/ebec2024\/wp-content\/plugins\/wp-dspace\/media\/img\/share-facebook.png\" alt=\"Facebook logo\" title=\"Compartir en Facebook\">\n             <\/a>\n             <a href=\"https:\/\/twitter.com\/?status=Estudios a microescala de la composici\u00f3n de especies de artr\u00f3podos y helmintos par\u00e1sitos en diferentes ensambles de roedores cric\u00e9tidos de la Regi\u00f3n Pampeana http:\/\/sedici.unlp.edu.ar\/handle\/10915\/173235 via @sedici_unlp\" target=\"_blank\"><img decoding=\"async\" src=\"https:\/\/congresos.unlp.edu.ar\/ebec2024\/wp-content\/plugins\/wp-dspace\/media\/img\/share-twitter.png\" alt=\"Twitter logo\" title=\"Compartir en Twitter\"><\/a>\n             <a href=\"https:\/\/plus.google.com\/share?url=http:\/\/sedici.unlp.edu.ar\/handle\/10915\/173235\" target=\"_blank\"><img decoding=\"async\" src=\"https:\/\/congresos.unlp.edu.ar\/ebec2024\/wp-content\/plugins\/wp-dspace\/media\/img\/share-plus.png\" alt=\"Google+ logo\" title=\"Compartir en Google+\">\n             <\/a>\n             <a href=\"http:\/\/www.linkedin.com\/shareArticle?url=http:\/\/sedici.unlp.edu.ar\/handle\/10915\/173235\" target=\"_blank\"><img decoding=\"async\" src=\"https:\/\/congresos.unlp.edu.ar\/ebec2024\/wp-content\/plugins\/wp-dspace\/media\/img\/share-linkedin.png\" alt=\"Linkedin logo\" title=\"Compartir en Linkedin\">\n             <\/a>\n        <\/div><\/article><\/li><br><li><article style=\"padding:10px;border: 2px solid black;\">\n\t\t\t<title>Identificaci\u00f3n y validaci\u00f3n de genes que codifican para factores de transcripci\u00f3n (TFs) que poseen cambios en la expresi\u00f3n de sus isoformas o cambios en su splicing alternativo (AS) debido a la activaci\u00f3n de la respuesta de defensa de tomate ante Pseudomonas syringae pv. tomato (Pst)<\/title>\n                        <div id=\"sedici-title\"> \n                            <a class=\"link\" href=\"http:\/\/sedici.unlp.edu.ar\/handle\/10915\/173231\" target=\"_blank\">Identificaci\u00f3n y validaci\u00f3n de genes que codifican para factores de transcripci\u00f3n (TFs) que poseen cambios en la expresi\u00f3n de sus isoformas o cambios en su splicing alternativo (AS) debido a la activaci\u00f3n de la respuesta de defensa de tomate ante Pseudomonas syringae pv. tomato (Pst)<\/a>\n                        <\/div><div id=\"sedici-title\">Autores: <author><name><a href=https:\/\/sedici.unlp.edu.ar\/discover?filtertype=author&filter_relational_operator=equals&filter=Sirvent%2C%20Emilia target=\"_blank\">Sirvent, Emilia<\/a><\/name><\/author><\/div>\n                                   <p id=\"http:\/\/sedici.unlp.edu.ar\/handle\/10915\/173231\"> <\/p>\n                                   <published>\n                                        <div id=\"sedici-title\" >Fecha: <span class=\"sedici-content\">01\/01\/2024<\/span><\/div>\n                                    <\/published><summary> <div id=\"sedici-title\">Resumen:<span class=\"sedici-content\">Identificaci\u00f3n y validaci\u00f3n de genes que codifican para factores de transcripci\u00f3n (TFs) que poseen cambios en la expresi\u00f3n de sus isoformas o cambios en su splicing alternativo (AS) debido a la activaci\u00f3n de la respuesta de defensa de tomate ante Pseudomonas syringae pv. tomato (Pst).Las plantas est\u00e1n expuestas a una amplia variedad de pat\u00f3genos y, para defenderse poseen un sistema de defensa que se puede clasificar en dos estratos. El primero se denomina PTI (pattern-triggered immunity) y se activa mediante el reconocimiento de MAMPs (microbe-associated molecular patterns). Pat\u00f3genos como Pst pueden inyectar prote\u00ednas efectoras en el citoplasma de las c\u00e9lulas vegetales y promover la susceptibilidad. Algunas plantas evolucionaron un segundo estrato de defensa llamado ETI (effector-triggered immunity) que requiere prote\u00ednas de resistencia (R) capaces de reconocer estos efectores y activar la respuesta hipersensible (HR). Las plantas de tomate R\u00edo Grande PtoR detectan dos efectores de Pst (AvrPto y AvrPtoB) mediante las prote\u00ednas Pto\/Prf.El AS es un mecanismo de regulaci\u00f3n post transcripcional que produce m\u00faltiples variantes de transcriptos y por lo tanto de prote\u00ednas a partir de un mismo gen. En las plantas, la mayor\u00eda de los genes que contienen intrones est\u00e1n sometidos a AS. Estudios recientes revelaron que un gran n\u00famero de genes de defensa son sometidos a este proceso y que el mismo es modificado ante la infecci\u00f3n por pat\u00f3genos. Recientemente se describi\u00f3 un transcriptoma de tomate detallado, mediante la combinaci\u00f3n de diferentes t\u00e9cnicas de secuenciaci\u00f3n. Dicha anotaci\u00f3n, que incorpora isoformas de genes codificantes, representa una herramienta para la identificaci\u00f3n de eventos de AS como consecuencia de la activaci\u00f3n de la respuesta inmune de tomate. A partir de datos de RNA-Seq de tomate ante distintos desaf\u00edos se filtraron las lecturas para remover la contaminaci\u00f3n de ARN ribosomal con Bowtie y se alinearon al genoma de tomate empleando HISAT2. Luego se cuantificaron los transcriptos y se normalizaron a FPKM (fragments per kilobase of transcript per million mapped reads) con StringTie utilizando la anotaci\u00f3n generada en Zeng y col. (2022). Se realiz\u00f3 un an\u00e1lisis para detectar transcriptos diferencialmente expresados (TDEs) entre el tratamiento control y el desaf\u00edo, con DESeq2. A partir del listado de TDEs se identificaron aquellos que codifican para TFs, prote\u00ednas quinasas (PKs) y reguladores de la transcripci\u00f3n (TRs) de tomate descriptos en la base de datos del ITAK. Mediante la herramienta GffCompare se identificaron aquellos pertenecientes a las categor\u00edas de clasificaci\u00f3n de inter\u00e9s (j, k, m y n) que poseen AS. Combinando estos an\u00e1lisis, se identificaron aquellos que cambian transcripcionalmente al activarse la inmunidad de tomate, a partir de estos resultados se analizaran las secuencias de las isoformas de inter\u00e9s en busca de dominios esenciales para la funci\u00f3n del TF, y si el AS afecta dichos dominios.<\/span><\/div><\/summary><div class=\"a_unline\">Compartir: <a href=\"https:\/\/www.facebook.com\/sharer\/sharer.php?p[title]=Identificaci\u00f3n y validaci\u00f3n de genes que codifican para factores de transcripci\u00f3n (TFs) que poseen cambios en la expresi\u00f3n de sus isoformas o cambios en su splicing alternativo (AS) debido a la activaci\u00f3n de la respuesta de defensa de tomate ante Pseudomonas syringae pv. tomato (Pst)&p[url]=http:\/\/sedici.unlp.edu.ar\/handle\/10915\/173231\" target=\"_blank\"><img decoding=\"async\" src=\"https:\/\/congresos.unlp.edu.ar\/ebec2024\/wp-content\/plugins\/wp-dspace\/media\/img\/share-facebook.png\" alt=\"Facebook logo\" title=\"Compartir en Facebook\">\n             <\/a>\n             <a href=\"https:\/\/twitter.com\/?status=Identificaci\u00f3n y validaci\u00f3n de genes que codifican para factores de transcripci\u00f3n (TFs) que poseen cambios en la expresi\u00f3n de sus isoformas o cambios en su splicing alternativo (AS) debido a la activaci\u00f3n de la respuesta de defensa de tomate ante Pseudomonas syringae pv. tomato (Pst) http:\/\/sedici.unlp.edu.ar\/handle\/10915\/173231 via @sedici_unlp\" target=\"_blank\"><img decoding=\"async\" src=\"https:\/\/congresos.unlp.edu.ar\/ebec2024\/wp-content\/plugins\/wp-dspace\/media\/img\/share-twitter.png\" alt=\"Twitter logo\" title=\"Compartir en Twitter\"><\/a>\n             <a href=\"https:\/\/plus.google.com\/share?url=http:\/\/sedici.unlp.edu.ar\/handle\/10915\/173231\" target=\"_blank\"><img decoding=\"async\" src=\"https:\/\/congresos.unlp.edu.ar\/ebec2024\/wp-content\/plugins\/wp-dspace\/media\/img\/share-plus.png\" alt=\"Google+ logo\" title=\"Compartir en Google+\">\n             <\/a>\n             <a href=\"http:\/\/www.linkedin.com\/shareArticle?url=http:\/\/sedici.unlp.edu.ar\/handle\/10915\/173231\" target=\"_blank\"><img decoding=\"async\" src=\"https:\/\/congresos.unlp.edu.ar\/ebec2024\/wp-content\/plugins\/wp-dspace\/media\/img\/share-linkedin.png\" alt=\"Linkedin logo\" title=\"Compartir en Linkedin\">\n             <\/a>\n        <\/div><\/article><\/li><br><li><article style=\"padding:10px;border: 2px solid black;\">\n\t\t\t<title>Evaluaci\u00f3n de la capacidad entomocida de hongos entomopat\u00f3genos nativos para el control de Musca domestica L. (Diptera: Muscidae) en el cintur\u00f3n av\u00edcola de La  Plata, Buenos Aires, Argentina<\/title>\n                        <div id=\"sedici-title\"> \n                            <a class=\"link\" href=\"http:\/\/sedici.unlp.edu.ar\/handle\/10915\/173214\" target=\"_blank\">Evaluaci\u00f3n de la capacidad entomocida de hongos entomopat\u00f3genos nativos para el control de Musca domestica L. (Diptera: Muscidae) en el cintur\u00f3n av\u00edcola de La  Plata, Buenos Aires, Argentina<\/a>\n                        <\/div><div id=\"sedici-title\">Autores: <author><name><a href=https:\/\/sedici.unlp.edu.ar\/discover?filtertype=author&filter_relational_operator=equals&filter=de%20Abajo%2C%20Juan%20Manuel target=\"_blank\">de Abajo, Juan Manuel<\/a><\/name><\/author><\/div>\n                                   <p id=\"http:\/\/sedici.unlp.edu.ar\/handle\/10915\/173214\"> <\/p>\n                                   <published>\n                                        <div id=\"sedici-title\" >Fecha: <span class=\"sedici-content\">01\/01\/2024<\/span><\/div>\n                                    <\/published><summary> <div id=\"sedici-title\">Resumen:<span class=\"sedici-content\">La mosca com\u00fan, Musca domestica L. 1758 (Diptera: Muscidae) es un insecto cosmopolita, sinantr\u00f3pico, que puede alcanzar altos niveles poblacionales en lugares relacionados con la ganader\u00eda. En las granjas av\u00edcolas, las altas densidades de moscas pueden provocar estr\u00e9s en los trabajadores y las gallinas, lo que influye en la econom\u00eda de los productos av\u00edcolas. A su vez, este insecto es un vector mec\u00e1nico de m\u00e1s de 100 enfermedades, incluidas la diarrea infantil, el \u00e1ntrax, el c\u00f3lera, la oftalm\u00eda, la disenter\u00eda bacilar, la fiebre tifoidea y latuberculosis. La forma m\u00e1s com\u00fan de controlar esta plaga es mediante insecticidas qu\u00edmicos. Sin embargo, la resistencia a este tipo de manejo se ha demostrado m\u00faltiples veces con diferentes insecticidas, generando enormes p\u00e9rdidas econ\u00f3micas.En este sentido, los entomopat\u00f3genos que act\u00faan como agentes de biocontrol han sido considerados excelentes alternativas al control qu\u00edmico. Los hongos se encuentran entre los entomopat\u00f3genos m\u00e1s importantes y regulan naturalmente las poblaciones de insectos que se encuentran ampliamente en m\u00faltiples tipos de ambientes. Estos hongos ofrecen varias ventajas sobre los insecticidas sint\u00e9ticos para el control de moscas dom\u00e9sticas adem\u00e1s de ser menos t\u00f3xicos para los mam\u00edferos y no causan resistencia.El objetivo de esta tesis es el de evaluar a los hongos entomopat\u00f3genos nativos como controlador biol\u00f3gico contra M. domestica en los principales centros av\u00edcolas de la ciudad de La Plata. Para ello se realizar\u00e1n aislamientos de hongos entomopat\u00f3genos que se encuentren infectando naturalmente a M. domestica en los gallineros del cintur\u00f3n av\u00edcola de la ciudad de La Plata, se evaluar\u00e1 la capacidad entomocida de los hongos  entomopat\u00f3genos sobre larvas y adultos de M. domestica en condiciones de laboratorio, se evaluar\u00e1n los efectos subletales (disminuci\u00f3n de huevos por hembra, no eclosi\u00f3n de larvas\/adultos, etc) producidos por los hongos entomopat\u00f3genos, sobre M. domestica bajo condiciones de laboratorio, se determinar\u00e1 la aplicaci\u00f3n conjunta de hongos entomopat\u00f3genos con los principales insecticidas qu\u00edmicos utilizados actualmente para combatir a M. domestica en los centros av\u00edcolas de los alrededores de la ciudad de La Plata y finalmente se desarrollar\u00e1n formulaciones f\u00fangicas preliminares sobre sustratos l\u00edquidos y s\u00f3lidos de aquellos aislamientos que resulten ser los m\u00e1s patog\u00e9nicos contra larvas yadultos de M. domestica.<\/span><\/div><\/summary><div class=\"a_unline\">Compartir: <a href=\"https:\/\/www.facebook.com\/sharer\/sharer.php?p[title]=Evaluaci\u00f3n de la capacidad entomocida de hongos entomopat\u00f3genos nativos para el control de Musca domestica L. (Diptera: Muscidae) en el cintur\u00f3n av\u00edcola de La  Plata, Buenos Aires, Argentina&p[url]=http:\/\/sedici.unlp.edu.ar\/handle\/10915\/173214\" target=\"_blank\"><img decoding=\"async\" src=\"https:\/\/congresos.unlp.edu.ar\/ebec2024\/wp-content\/plugins\/wp-dspace\/media\/img\/share-facebook.png\" alt=\"Facebook logo\" title=\"Compartir en Facebook\">\n             <\/a>\n             <a href=\"https:\/\/twitter.com\/?status=Evaluaci\u00f3n de la capacidad entomocida de hongos entomopat\u00f3genos nativos para el control de Musca domestica L. (Diptera: Muscidae) en el cintur\u00f3n av\u00edcola de La  Plata, Buenos Aires, Argentina http:\/\/sedici.unlp.edu.ar\/handle\/10915\/173214 via @sedici_unlp\" target=\"_blank\"><img decoding=\"async\" src=\"https:\/\/congresos.unlp.edu.ar\/ebec2024\/wp-content\/plugins\/wp-dspace\/media\/img\/share-twitter.png\" alt=\"Twitter logo\" title=\"Compartir en Twitter\"><\/a>\n             <a href=\"https:\/\/plus.google.com\/share?url=http:\/\/sedici.unlp.edu.ar\/handle\/10915\/173214\" target=\"_blank\"><img decoding=\"async\" src=\"https:\/\/congresos.unlp.edu.ar\/ebec2024\/wp-content\/plugins\/wp-dspace\/media\/img\/share-plus.png\" alt=\"Google+ logo\" title=\"Compartir en Google+\">\n             <\/a>\n             <a href=\"http:\/\/www.linkedin.com\/shareArticle?url=http:\/\/sedici.unlp.edu.ar\/handle\/10915\/173214\" target=\"_blank\"><img decoding=\"async\" src=\"https:\/\/congresos.unlp.edu.ar\/ebec2024\/wp-content\/plugins\/wp-dspace\/media\/img\/share-linkedin.png\" alt=\"Linkedin logo\" title=\"Compartir en Linkedin\">\n             <\/a>\n        <\/div><\/article><\/li><br><li><article style=\"padding:10px;border: 2px solid black;\">\n\t\t\t<title>Desarrollo y caracterizaci\u00f3n de oleogeles con caracter\u00edsticas tecnofuncionales especiales como reemplazo de la fase grasa en sistemas alimentarios<\/title>\n                        <div id=\"sedici-title\"> \n                            <a class=\"link\" href=\"http:\/\/sedici.unlp.edu.ar\/handle\/10915\/173203\" target=\"_blank\">Desarrollo y caracterizaci\u00f3n de oleogeles con caracter\u00edsticas tecnofuncionales especiales como reemplazo de la fase grasa en sistemas alimentarios<\/a>\n                        <\/div><div id=\"sedici-title\">Autores: <author><name><a href=https:\/\/sedici.unlp.edu.ar\/discover?filtertype=author&filter_relational_operator=equals&filter=Pino%20Iba\u00f1ez%2C%20Neuvis%20Alejandro target=\"_blank\">Pino Iba\u00f1ez, Neuvis Alejandro<\/a><\/name><\/author><\/div>\n                                   <p id=\"http:\/\/sedici.unlp.edu.ar\/handle\/10915\/173203\"> <\/p>\n                                   <published>\n                                        <div id=\"sedici-title\" >Fecha: <span class=\"sedici-content\">01\/01\/2024<\/span><\/div>\n                                    <\/published><summary> <div id=\"sedici-title\">Resumen:<span class=\"sedici-content\">La concientizaci\u00f3n alimenticia ha impulsado la b\u00fasqueda de dietas saludables, llevando al desarrollo de t\u00e9cnicas como la oleogelaci\u00f3n. Dentro de ese contexto, se estudiaron ceras de abeja (B), carnauba (C) y soja (S) para evaluar su capacidad oleogelante, as\u00ed como el efecto de su concentraci\u00f3n en las propiedades de los oleogeles (OG). Las ceras se mezclaron (9% total) en aceite de girasol a 90\u00b0C durante 30 min, y las muestras se cristalizaron a 4\u00b0C por 24 hs. Se realizaron ensayos mec\u00e1nicos y an\u00e1lisis de color, punto de humo y \u00e1cidos grasos libres, adem\u00e1s de estudios microestructurales mediante FTIR y DRX.La interacci\u00f3n B\/C mostr\u00f3 un efecto sin\u00e9rgico, mientras que la adici\u00f3n de S result\u00f3 en efectos antag\u00f3nicos. La recristalizaci\u00f3n no alter\u00f3 significativamente las propiedades mec\u00e1nicas, creando matrices t\u00e9rmicamente estables. El color de los OG no se relacion\u00f3 directamente con el tipo de cera, sino con la estructura resultante. Aunque las formulaciones con 9% de S no gelific\u00f3, se observaron cristales dispersos. Los OG de B mostraron cristales aciculares, y los de C, agregados cortos, contribuyendo a un empaquetamiento compacto.La mezcla con 6% B y 3% C (BBC) present\u00f3 mayor cristalinidad. Los espectros FTIR indicaron desplazamientos de bandas en relaci\u00f3n con la fuerza de punci\u00f3n, sugiriendo un mayor ordenamiento de las cadenas de l\u00edpidos. Se realizaron estudios reol\u00f3gicos que mostraron caracter\u00edsticas de gelificaci\u00f3n y una contribuci\u00f3n el\u00e1stica notable en el espectro de BBC. Los barridos t\u00e9rmicos determinaron el punto de fusi\u00f3n de los oleogeles, controlado por los puntos de fusi\u00f3n de las ceras puras.Se evalu\u00f3 adicionalmente, el efecto de la concentraci\u00f3n de las ceras. Se formularon oleogeles con 3, 6 y 9% de oleogelante, sometidos a ensayos de punci\u00f3n y an\u00e1lisis de grasas s\u00f3lidas (SFC). Los resultados mostraron que la fuerza de ruptura aument\u00f3 con la concentraci\u00f3n de ceras, destacando el efecto sin\u00e9rgico en las mezclas B\/C. Se registraron valores de SFC entre 2 y 8% a temperatura ambiente, y se observ\u00f3 un plateau en SFC que disminuy\u00f3 con mayor proporci\u00f3n de B.La creaci\u00f3n de emulsiones W\/O con oleogeles fue evaluada para desarrollar productos bajos en calor\u00edas. Se emulsionaron los OG con 2 niveles de agua (20 y 30%), logrando sistemas estables que retuvieron el 99.7% del agua. Se registraron p\u00e9rdidas m\u00ednimas de agua durante 15 d\u00edas y se determin\u00f3 que las muestras con C presentaron mayor luminosidad. La microscop\u00eda revel\u00f3 un menor tama\u00f1o de gotas con mayor contenido de C, relacionado con diferencias en los puntos de fusi\u00f3n de las ceras.Los m\u00f3dulos G\u2019 y G\u2019\u2019 de las emulsiones con mezclas de ceras superaron a los de ceras puras. Tambi\u00e9n se observ\u00f3 que un mayor contenido de fase dispersa aument\u00f3 ambos m\u00f3dulos, sugiriendo un sistema m\u00e1s empaquetado de part\u00edculas.Los sistemas evaluados poseen diversas propiedades termo-mec\u00e1nicas y estructurales, lo cual permite planificar la selecci\u00f3n y estudio de su incorporaci\u00f3n en distintas matrices alimentarias.<\/span><\/div><\/summary><div class=\"a_unline\">Compartir: <a href=\"https:\/\/www.facebook.com\/sharer\/sharer.php?p[title]=Desarrollo y caracterizaci\u00f3n de oleogeles con caracter\u00edsticas tecnofuncionales especiales como reemplazo de la fase grasa en sistemas alimentarios&p[url]=http:\/\/sedici.unlp.edu.ar\/handle\/10915\/173203\" target=\"_blank\"><img decoding=\"async\" src=\"https:\/\/congresos.unlp.edu.ar\/ebec2024\/wp-content\/plugins\/wp-dspace\/media\/img\/share-facebook.png\" alt=\"Facebook logo\" title=\"Compartir en Facebook\">\n             <\/a>\n             <a href=\"https:\/\/twitter.com\/?status=Desarrollo y caracterizaci\u00f3n de oleogeles con caracter\u00edsticas tecnofuncionales especiales como reemplazo de la fase grasa en sistemas alimentarios http:\/\/sedici.unlp.edu.ar\/handle\/10915\/173203 via @sedici_unlp\" target=\"_blank\"><img decoding=\"async\" src=\"https:\/\/congresos.unlp.edu.ar\/ebec2024\/wp-content\/plugins\/wp-dspace\/media\/img\/share-twitter.png\" alt=\"Twitter logo\" title=\"Compartir en Twitter\"><\/a>\n             <a href=\"https:\/\/plus.google.com\/share?url=http:\/\/sedici.unlp.edu.ar\/handle\/10915\/173203\" target=\"_blank\"><img decoding=\"async\" src=\"https:\/\/congresos.unlp.edu.ar\/ebec2024\/wp-content\/plugins\/wp-dspace\/media\/img\/share-plus.png\" alt=\"Google+ logo\" title=\"Compartir en Google+\">\n             <\/a>\n             <a href=\"http:\/\/www.linkedin.com\/shareArticle?url=http:\/\/sedici.unlp.edu.ar\/handle\/10915\/173203\" target=\"_blank\"><img decoding=\"async\" src=\"https:\/\/congresos.unlp.edu.ar\/ebec2024\/wp-content\/plugins\/wp-dspace\/media\/img\/share-linkedin.png\" alt=\"Linkedin logo\" title=\"Compartir en Linkedin\">\n             <\/a>\n        <\/div><\/article><\/li><br><li><article style=\"padding:10px;border: 2px solid black;\">\n\t\t\t<title>Susceptibilidad comparativa de Eriopis connexa y Chrysoperla argentina al insecticida pymetrozine en condiciones de laboratorio<\/title>\n                        <div id=\"sedici-title\"> \n                            <a class=\"link\" href=\"http:\/\/sedici.unlp.edu.ar\/handle\/10915\/173202\" target=\"_blank\">Susceptibilidad comparativa de Eriopis connexa y Chrysoperla argentina al insecticida pymetrozine en condiciones de laboratorio<\/a>\n                        <\/div><div id=\"sedici-title\">Autores: <author><name><a href=https:\/\/sedici.unlp.edu.ar\/discover?filtertype=author&filter_relational_operator=equals&filter=Vasiloff%2C%20Camila target=\"_blank\">Vasiloff, Camila<\/a><\/name><\/author><\/div>\n                                   <p id=\"http:\/\/sedici.unlp.edu.ar\/handle\/10915\/173202\"> <\/p>\n                                   <published>\n                                        <div id=\"sedici-title\" >Fecha: <span class=\"sedici-content\">01\/01\/2024<\/span><\/div>\n                                    <\/published><summary> <div id=\"sedici-title\">Resumen:<span class=\"sedici-content\">El presente plan de beca tiene como objetivos evaluar la toxicidad del insecticida de riesgo reducido pymetrozine sobre los \u00faltimos estadios larvales y adultos de Eriopis connexa y Chrysoperla argentina en condiciones de laboratorio, analizando los efectos letales (mortalidad) y subletales (tiempo de desarrollo, par\u00e1metros reproductivos) del insecticida; como tambi\u00e9n comparar la susceptibilidad de exposici\u00f3n a pymetrozine entre E. connexa y C. argentina para categorizar el perfil toxicol\u00f3gico del insecticida evaluado en relaci\u00f3n a ambas especies. Se parte de la hip\u00f3tesis que el insecticida pymetrozine no afecta los par\u00e1metros bioecol\u00f3gicos de los depredadores E. connexa y C. argentina cuando sus \u00faltimos estadios larvales y adultos son expuestos a \u00e9ste en condiciones de laboratorio, pudiendo ser utilizados en conjunto con estos enemigos naturales en programas de Manejo Integrado de Plagas (MIP). Para este trabajo se utilizar\u00e1n colonias en laboratorio de E. connexa y C. argentina, ambas especies criadas y multiplicadas seg\u00fan protocolos establecidos. Se espera que los resultados obtenidos en el presente plan de beca permitan ampliar el perfil toxicol\u00f3gico del insecticida evaluado sobre dos enemigos naturales. Estos estudios permitir\u00e1n aportar nuevos conocimientos posibilitando implementar buenas pr\u00e1cticas agr\u00edcolas al incorporar insecticidas m\u00e1s selectivos que permitan el desarrollo de los servicios ecosist\u00e9micos mediante la conservaci\u00f3n de aquellas especies ben\u00e9ficas que participan en el control natural de plagas, compatibilizando as\u00ed el control biol\u00f3gico mediante enemigos naturales y el control qu\u00edmico con plaguicidas de riesgo reducido, siguiendo las estrategias promovidas en las premisas del MIP en favor de una Agricultura sustentable.<\/span><\/div><\/summary><div class=\"a_unline\">Compartir: <a href=\"https:\/\/www.facebook.com\/sharer\/sharer.php?p[title]=Susceptibilidad comparativa de Eriopis connexa y Chrysoperla argentina al insecticida pymetrozine en condiciones de laboratorio&p[url]=http:\/\/sedici.unlp.edu.ar\/handle\/10915\/173202\" target=\"_blank\"><img decoding=\"async\" src=\"https:\/\/congresos.unlp.edu.ar\/ebec2024\/wp-content\/plugins\/wp-dspace\/media\/img\/share-facebook.png\" alt=\"Facebook logo\" title=\"Compartir en Facebook\">\n             <\/a>\n             <a href=\"https:\/\/twitter.com\/?status=Susceptibilidad comparativa de Eriopis connexa y Chrysoperla argentina al insecticida pymetrozine en condiciones de laboratorio http:\/\/sedici.unlp.edu.ar\/handle\/10915\/173202 via @sedici_unlp\" target=\"_blank\"><img decoding=\"async\" src=\"https:\/\/congresos.unlp.edu.ar\/ebec2024\/wp-content\/plugins\/wp-dspace\/media\/img\/share-twitter.png\" alt=\"Twitter logo\" title=\"Compartir en Twitter\"><\/a>\n             <a href=\"https:\/\/plus.google.com\/share?url=http:\/\/sedici.unlp.edu.ar\/handle\/10915\/173202\" target=\"_blank\"><img decoding=\"async\" src=\"https:\/\/congresos.unlp.edu.ar\/ebec2024\/wp-content\/plugins\/wp-dspace\/media\/img\/share-plus.png\" alt=\"Google+ logo\" title=\"Compartir en Google+\">\n             <\/a>\n             <a href=\"http:\/\/www.linkedin.com\/shareArticle?url=http:\/\/sedici.unlp.edu.ar\/handle\/10915\/173202\" target=\"_blank\"><img decoding=\"async\" src=\"https:\/\/congresos.unlp.edu.ar\/ebec2024\/wp-content\/plugins\/wp-dspace\/media\/img\/share-linkedin.png\" alt=\"Linkedin logo\" title=\"Compartir en Linkedin\">\n             <\/a>\n        <\/div><\/article><\/li><br><li><article style=\"padding:10px;border: 2px solid black;\">\n\t\t\t<title>An\u00e1lisis morfol\u00f3gico e implicancias funcionales del esqueleto apendicular de Teius teyou (familia Teiidae) de Argentina<\/title>\n                        <div id=\"sedici-title\"> \n                            <a class=\"link\" href=\"http:\/\/sedici.unlp.edu.ar\/handle\/10915\/173195\" target=\"_blank\">An\u00e1lisis morfol\u00f3gico e implicancias funcionales del esqueleto apendicular de Teius teyou (familia Teiidae) de Argentina<\/a>\n                        <\/div><div id=\"sedici-title\">Autores: <author><name><a href=https:\/\/sedici.unlp.edu.ar\/discover?filtertype=author&filter_relational_operator=equals&filter=Sudaro%2C%20Leandro target=\"_blank\">Sudaro, Leandro<\/a><\/name><\/author><\/div>\n                                   <p id=\"http:\/\/sedici.unlp.edu.ar\/handle\/10915\/173195\"> <\/p>\n                                   <published>\n                                        <div id=\"sedici-title\" >Fecha: <span class=\"sedici-content\">01\/01\/2024<\/span><\/div>\n                                    <\/published><summary> <div id=\"sedici-title\">Resumen:<span class=\"sedici-content\">La familia Teiidae tiene una distribuci\u00f3n predominantemente sudamericana, mostrando una gran diversidad actual y desempe\u00f1ando roles ecol\u00f3gicos clave en sus respectivos h\u00e1bitats. A pesar de esta diversidad y la disparidad morfol\u00f3gica de los te\u00edidos, los estudios osteol\u00f3gicos en el grupo siguen siendo escasos y con poca representatividad taxon\u00f3mica. En este contexto, se ha propuesto el estudio del esqueleto apendicular de Teius teyou, mediante una beca EVC-CIN recientemente otorgada a uno de los autores. El desarrollo de este proyecto de investigaci\u00f3n tiene el prop\u00f3sito de describir el patr\u00f3n morfol\u00f3gico de los diferentes elementos que lo componen con el fin de analizar morfofuncionalmente estas regiones y evaluar su relaci\u00f3n con su modo de locomoci\u00f3n. Primero, se seleccionar\u00e1n los ejemplares depositados en el Museo de La Plata. Posteriormente, ser\u00e1n preparados de manera manual a trav\u00e9s del siguiente procedimiento: 1) se iniciar\u00e1 con el retiro de la piel mediante un corte en forma de \"T\" invertida a lo largo de la cara ventral, desde la regi\u00f3n abdominal hasta las extremidades; 2) se proceder\u00e1 a la extracci\u00f3n de los \u00f3rganos y la musculatura utilizando pinzas y tijeras, evitando idealmente la desarticulaci\u00f3n del esqueleto; 3) el material osteol\u00f3gico resultante se someter\u00e1 a un proceso de limpieza en agua oxigenada (10 vol.) para asegurar la completa limpieza y blanqueo de los elementos esqueletales. A partir del material osteol\u00f3gico as\u00ed preparado, se espera complementar la informaci\u00f3n anat\u00f3mica disponible sobre Teius teyou. El objetivo final de este estudio es realizar an\u00e1lisis morfofuncionales y ecomorfol\u00f3gicos del esqueleto apendicular que permitan hacer inferencias sobre las adaptaciones locomotoras y ecol\u00f3gicas de esta especie nativa, aportando al conocimiento sobre su biolog\u00eda y rol en los ecosistemas sudamericanos.Adem\u00e1s, se pretende elaborar un atlas anat\u00f3mico detallado que servir\u00e1 tanto como herramienta pedag\u00f3gica para el alumnado como para futuras investigaciones cient\u00edficas.<\/span><\/div><\/summary><div class=\"a_unline\">Compartir: <a href=\"https:\/\/www.facebook.com\/sharer\/sharer.php?p[title]=An\u00e1lisis morfol\u00f3gico e implicancias funcionales del esqueleto apendicular de Teius teyou (familia Teiidae) de Argentina&p[url]=http:\/\/sedici.unlp.edu.ar\/handle\/10915\/173195\" target=\"_blank\"><img decoding=\"async\" src=\"https:\/\/congresos.unlp.edu.ar\/ebec2024\/wp-content\/plugins\/wp-dspace\/media\/img\/share-facebook.png\" alt=\"Facebook logo\" title=\"Compartir en Facebook\">\n             <\/a>\n             <a href=\"https:\/\/twitter.com\/?status=An\u00e1lisis morfol\u00f3gico e implicancias funcionales del esqueleto apendicular de Teius teyou (familia Teiidae) de Argentina http:\/\/sedici.unlp.edu.ar\/handle\/10915\/173195 via @sedici_unlp\" target=\"_blank\"><img decoding=\"async\" src=\"https:\/\/congresos.unlp.edu.ar\/ebec2024\/wp-content\/plugins\/wp-dspace\/media\/img\/share-twitter.png\" alt=\"Twitter logo\" title=\"Compartir en Twitter\"><\/a>\n             <a href=\"https:\/\/plus.google.com\/share?url=http:\/\/sedici.unlp.edu.ar\/handle\/10915\/173195\" target=\"_blank\"><img decoding=\"async\" src=\"https:\/\/congresos.unlp.edu.ar\/ebec2024\/wp-content\/plugins\/wp-dspace\/media\/img\/share-plus.png\" alt=\"Google+ logo\" title=\"Compartir en Google+\">\n             <\/a>\n             <a href=\"http:\/\/www.linkedin.com\/shareArticle?url=http:\/\/sedici.unlp.edu.ar\/handle\/10915\/173195\" target=\"_blank\"><img decoding=\"async\" src=\"https:\/\/congresos.unlp.edu.ar\/ebec2024\/wp-content\/plugins\/wp-dspace\/media\/img\/share-linkedin.png\" alt=\"Linkedin logo\" title=\"Compartir en Linkedin\">\n             <\/a>\n        <\/div><\/article><\/li><br><li><article style=\"padding:10px;border: 2px solid black;\">\n\t\t\t<title>Interacciones planta-insecto en condiciones de laboratorio: un aporte a las estrategias de cr\u00eda de la plaga de arroz Tibraca limbativentris para su uso experimental<\/title>\n                        <div id=\"sedici-title\"> \n                            <a class=\"link\" href=\"http:\/\/sedici.unlp.edu.ar\/handle\/10915\/173196\" target=\"_blank\">Interacciones planta-insecto en condiciones de laboratorio: un aporte a las estrategias de cr\u00eda de la plaga de arroz Tibraca limbativentris para su uso experimental<\/a>\n                        <\/div><div id=\"sedici-title\">Autores: <author><name><a href=https:\/\/sedici.unlp.edu.ar\/discover?filtertype=author&filter_relational_operator=equals&filter=Mulero%2C%20Melisa target=\"_blank\">Mulero, Melisa<\/a><\/name><\/author><\/div>\n                                   <p id=\"http:\/\/sedici.unlp.edu.ar\/handle\/10915\/173196\"> <\/p>\n                                   <published>\n                                        <div id=\"sedici-title\" >Fecha: <span class=\"sedici-content\">01\/01\/2024<\/span><\/div>\n                                    <\/published><summary> <div id=\"sedici-title\">Resumen:<span class=\"sedici-content\">El presente plan, abarca el estudio de aspectos relacionados al comportamiento alimentario y de oviposici\u00f3n de la chinche del tallo Tibraca limbativentris, especie m\u00e1s relevante dentro de las plagas de importancia econ\u00f3mica para el cultivo de arroz en Sudam\u00e9rica. En Argentina, este insecto es com\u00fan en los arrozales comerciales y ocasiona p\u00e9rdidas de rendimiento para los productores. Este plan de beca abord\u00f3 por primera vez el establecimiento de una cr\u00eda en condiciones controladas y la evaluaci\u00f3n de las interacciones de este insecto con el arroz y otras plantas hospederas alternativas, datos relevantes para el \u00e9xito de la cr\u00eda. La informaci\u00f3n recabada permitir\u00eda complementar estudios taxon\u00f3micos, agron\u00f3micos y ecol\u00f3gicos que se vienen desarrollando en arrozales argentinos, con miras a generar estrategias de manejo sostenible para este cultivo en la regi\u00f3n.<\/span><\/div><\/summary><div class=\"a_unline\">Compartir: <a href=\"https:\/\/www.facebook.com\/sharer\/sharer.php?p[title]=Interacciones planta-insecto en condiciones de laboratorio: un aporte a las estrategias de cr\u00eda de la plaga de arroz Tibraca limbativentris para su uso experimental&p[url]=http:\/\/sedici.unlp.edu.ar\/handle\/10915\/173196\" target=\"_blank\"><img decoding=\"async\" src=\"https:\/\/congresos.unlp.edu.ar\/ebec2024\/wp-content\/plugins\/wp-dspace\/media\/img\/share-facebook.png\" alt=\"Facebook logo\" title=\"Compartir en Facebook\">\n             <\/a>\n             <a href=\"https:\/\/twitter.com\/?status=Interacciones planta-insecto en condiciones de laboratorio: un aporte a las estrategias de cr\u00eda de la plaga de arroz Tibraca limbativentris para su uso experimental http:\/\/sedici.unlp.edu.ar\/handle\/10915\/173196 via @sedici_unlp\" target=\"_blank\"><img decoding=\"async\" src=\"https:\/\/congresos.unlp.edu.ar\/ebec2024\/wp-content\/plugins\/wp-dspace\/media\/img\/share-twitter.png\" alt=\"Twitter logo\" title=\"Compartir en Twitter\"><\/a>\n             <a href=\"https:\/\/plus.google.com\/share?url=http:\/\/sedici.unlp.edu.ar\/handle\/10915\/173196\" target=\"_blank\"><img decoding=\"async\" src=\"https:\/\/congresos.unlp.edu.ar\/ebec2024\/wp-content\/plugins\/wp-dspace\/media\/img\/share-plus.png\" alt=\"Google+ logo\" title=\"Compartir en Google+\">\n             <\/a>\n             <a href=\"http:\/\/www.linkedin.com\/shareArticle?url=http:\/\/sedici.unlp.edu.ar\/handle\/10915\/173196\" target=\"_blank\"><img decoding=\"async\" src=\"https:\/\/congresos.unlp.edu.ar\/ebec2024\/wp-content\/plugins\/wp-dspace\/media\/img\/share-linkedin.png\" alt=\"Linkedin logo\" title=\"Compartir en Linkedin\">\n             <\/a>\n        <\/div><\/article><\/li><br><li><article style=\"padding:10px;border: 2px solid black;\">\n\t\t\t<title>Aprovechamiento y caracterizaci\u00f3n de agua de cocci\u00f3n de legumbres como fuente de biopol\u00edmeros en el desarrollo de matrices alimentarias con requerimientos tecnofuncionales espec\u00edficos<\/title>\n                        <div id=\"sedici-title\"> \n                            <a class=\"link\" href=\"http:\/\/sedici.unlp.edu.ar\/handle\/10915\/173187\" target=\"_blank\">Aprovechamiento y caracterizaci\u00f3n de agua de cocci\u00f3n de legumbres como fuente de biopol\u00edmeros en el desarrollo de matrices alimentarias con requerimientos tecnofuncionales espec\u00edficos<\/a>\n                        <\/div><div id=\"sedici-title\">Autores: <author><name><a href=https:\/\/sedici.unlp.edu.ar\/discover?filtertype=author&filter_relational_operator=equals&filter=Golzi%2C%20Mar\u00eda%20Eugenia target=\"_blank\">Golzi, Mar\u00eda Eugenia<\/a><\/name><\/author><\/div>\n                                   <p id=\"http:\/\/sedici.unlp.edu.ar\/handle\/10915\/173187\"> <\/p>\n                                   <published>\n                                        <div id=\"sedici-title\" >Fecha: <span class=\"sedici-content\">01\/01\/2024<\/span><\/div>\n                                    <\/published><summary> <div id=\"sedici-title\">Resumen:<span class=\"sedici-content\">Se obtuvieron aquafaba de lentejas (Lens Culinaris) y porotos (Phaseolus Vulgaris) mediante una cocci\u00f3n tradicional con remojo previo, empleando una relaci\u00f3n fija agua:legumbre (5:1). En una primera etapa se estudiaron los efectos de distintas variables del proceso de cocci\u00f3n sobre las legumbres y el impacto de las mismas en sus propiedades funcionales. Se plante\u00f3 un dise\u00f1o tetra-factorial analizando: tipo de legumbre, tiempo de cocci\u00f3n (t1, t2, t3), concentraci\u00f3n final de s\u00f3lidos en el AF (1% y 5%) y concentraci\u00f3n de aceite para las emulsiones (30% y 50%) o tiempo de batido para las espumas (10 min y 15 min). Se sigui\u00f3 la estabilidad de las emulsiones mediante un analizador \u00f3ptico vertical midiendo la intensidad de la luz retrodispersada en distintos tramos del tubo, calculando la constante cin\u00e9tica de desestabilizaci\u00f3n (k). Para las espumas se midi\u00f3 el volumen porcentual de aire incorporado (V%) y la cin\u00e9tica de drenado para determinar el tiempo medio (t).Debido a que el aquafaba posee un alto contenido de agua, se ven reducidas sus posibilidades de comercializaci\u00f3n y almacenamiento, debido a eso, al arribar a resultados favorables a partir del estudio de las propiedades funcionales, se obtuvieron polvos de AF por secado en spray con el objetivo de eficientizar su transporte, almacenamiento y calidad. Los polvos resultaron poseer excelente capacidad de rehidrataci\u00f3n y el aquafaba rehidratado mantuvo las propiedades funcionales. Al analizar la composici\u00f3n de los polvos, se observ\u00f3 que, los porotos presentaron un mayor contenido de az\u00facares solubles que las lentejas mientras que, el contenido de prote\u00ednas tanto solubles y totales, fue significativamente mayor en el caso de las lentejas que en los porotos.Con el objetivo de mejorar las propiedades funcionales del producto para equiparar la capacidad espumante con la clara de huevo, se evalu\u00f3 el efecto de la aplicaci\u00f3n de post-tratamientos sobre el AF. Para esto se realiz\u00f3: a)\tla aplicaci\u00f3n de ultrasonido sobre las AF rehidratadasb)\trehidrataci\u00f3n del AF con buffer a pH=3.5. Cada post-tratamiento gener\u00f3 distintos efectos sobre las espumas, siendo el cambio de pH el que mejor\u00f3 la estabilidad de las espumas mientras que, el ultrasonido permiti\u00f3 una mayor incorporaci\u00f3n de aire.Actualmente, se est\u00e1 estudiando la aplicaci\u00f3n de polvos de AF en sistemas alimentarios sencillos, aprovechando las propiedades funcionales previamente descriptas.  El sistema propuesto es el de merengues, que resultar\u00eda en una alternativa \"plant-based\" a los tradicionales, elaborados clara de huevo (control). Mientras que, nuestras perspectivas a futuro, est\u00e1n enfocadas en la incorporaci\u00f3n del aquafaba en una matriz alimentaria m\u00e1s compleja que la que estamos estudiando actualmente: productos panificados tipo muffins y\/o masas laminadas libres de gluten (LG). En este caso, se sustituir\u00e1 el huevo por el AF con post-tratamiento que haya arrojado el mejor desempe\u00f1o en cuanto a sus propiedades funcionales.<\/span><\/div><\/summary><div class=\"a_unline\">Compartir: <a href=\"https:\/\/www.facebook.com\/sharer\/sharer.php?p[title]=Aprovechamiento y caracterizaci\u00f3n de agua de cocci\u00f3n de legumbres como fuente de biopol\u00edmeros en el desarrollo de matrices alimentarias con requerimientos tecnofuncionales espec\u00edficos&p[url]=http:\/\/sedici.unlp.edu.ar\/handle\/10915\/173187\" target=\"_blank\"><img decoding=\"async\" src=\"https:\/\/congresos.unlp.edu.ar\/ebec2024\/wp-content\/plugins\/wp-dspace\/media\/img\/share-facebook.png\" alt=\"Facebook logo\" title=\"Compartir en Facebook\">\n             <\/a>\n             <a href=\"https:\/\/twitter.com\/?status=Aprovechamiento y caracterizaci\u00f3n de agua de cocci\u00f3n de legumbres como fuente de biopol\u00edmeros en el desarrollo de matrices alimentarias con requerimientos tecnofuncionales espec\u00edficos http:\/\/sedici.unlp.edu.ar\/handle\/10915\/173187 via @sedici_unlp\" target=\"_blank\"><img decoding=\"async\" src=\"https:\/\/congresos.unlp.edu.ar\/ebec2024\/wp-content\/plugins\/wp-dspace\/media\/img\/share-twitter.png\" alt=\"Twitter logo\" title=\"Compartir en Twitter\"><\/a>\n             <a href=\"https:\/\/plus.google.com\/share?url=http:\/\/sedici.unlp.edu.ar\/handle\/10915\/173187\" target=\"_blank\"><img decoding=\"async\" src=\"https:\/\/congresos.unlp.edu.ar\/ebec2024\/wp-content\/plugins\/wp-dspace\/media\/img\/share-plus.png\" alt=\"Google+ logo\" title=\"Compartir en Google+\">\n             <\/a>\n             <a href=\"http:\/\/www.linkedin.com\/shareArticle?url=http:\/\/sedici.unlp.edu.ar\/handle\/10915\/173187\" target=\"_blank\"><img decoding=\"async\" src=\"https:\/\/congresos.unlp.edu.ar\/ebec2024\/wp-content\/plugins\/wp-dspace\/media\/img\/share-linkedin.png\" alt=\"Linkedin logo\" title=\"Compartir en Linkedin\">\n             <\/a>\n        <\/div><\/article><\/li><br><li><article style=\"padding:10px;border: 2px solid black;\">\n\t\t\t<title>Caracterizaci\u00f3n de una formulaci\u00f3n encapsulada de B. bassiana aplicada al control del gorgojo rojo de la harina T. castaneum<\/title>\n                        <div id=\"sedici-title\"> \n                            <a class=\"link\" href=\"http:\/\/sedici.unlp.edu.ar\/handle\/10915\/173184\" target=\"_blank\">Caracterizaci\u00f3n de una formulaci\u00f3n encapsulada de B. bassiana aplicada al control del gorgojo rojo de la harina T. castaneum<\/a>\n                        <\/div><div id=\"sedici-title\">Autores: <author><name><a href=https:\/\/sedici.unlp.edu.ar\/discover?filtertype=author&filter_relational_operator=equals&filter=Flecha%2C%20Juan%20Cruz target=\"_blank\">Flecha, Juan Cruz<\/a><\/name><\/author><\/div>\n                                   <p id=\"http:\/\/sedici.unlp.edu.ar\/handle\/10915\/173184\"> <\/p>\n                                   <published>\n                                        <div id=\"sedici-title\" >Fecha: <span class=\"sedici-content\">01\/01\/2024<\/span><\/div>\n                                    <\/published><summary> <div id=\"sedici-title\">Resumen:<span class=\"sedici-content\">Este trabajo eval\u00faa el efecto insecticida de un formulado basado en conidios encapsulados del hongo Beauveria bassiana (cepa ARSEF2860 EGFP) sobre la plaga Tribolium castaneum (gorgojo rojo de la harina), una plaga de granos almacenados. Su control es complicado por la falta de herramientas efectivas, especialmente en dep\u00f3sitos de trigo. La importancia del trabajo radica en la reducci\u00f3n de p\u00e9rdidas agr\u00edcolas causadas por T. castaneum, un problema en pa\u00edses en desarrollo. Los hongos entomopat\u00f3genos como B. bassiana son alternativas ecol\u00f3gicas a los pesticidas, que a menudo provocan resistencia en los insectos o dejan residuos da\u00f1inos. Sin embargo, T. castaneum ha mostrado resistencia a infecciones f\u00fangicas debido a su secreci\u00f3n de benzoquinonas.Este proyecto busca optimizar una formulaci\u00f3n encapsulada en alginato de calcio para mejorar la efectividad del hongo. Las formulaciones protegen los conidios frente a condiciones adversas como estr\u00e9s oxidativo, altas temperaturas y desecaci\u00f3n, permitiendo una liberaci\u00f3n controlada y sostenida del agente activo. Los conidios encapsulados prolongan su eficacia y mejoran la mortalidad del insecto. Investigaciones previas demostraron que los conidios mezclados con harina aumentaron significativamente la mortalidad de T. castaneum. Al ser una plaga resistente a los hongos, la encapsulaci\u00f3n de los conidios podr\u00eda superar esta barrera.La metodolog\u00eda incluye la preparaci\u00f3n de c\u00e1psulas con conidios y harina, caracterizadas morfol\u00f3gicamente y en t\u00e9rminos de contenido de material activo. Se evaluar\u00e1 la mortalidad de adultos y larvas de T. castaneum con formulaciones en polvo y encapsuladas, as\u00ed como la respuesta inmune de los insectos. Se analizar\u00e1 la viabilidad de los conidios tras la exposici\u00f3n a estreses abi\u00f3ticos (temperatura y oxidaci\u00f3n). Los encapsulados se caracterizar\u00e1n mediante Microscop\u00eda de Fuerza At\u00f3mica (AFM) y Confocal, observando la localizaci\u00f3n de los conidios en la matriz de alginato usando cepas fluorescentes de B. bassiana GFP.Una formulaci\u00f3n eficiente de conidios encapsulados podr\u00eda mejorar el control biol\u00f3gico de plagas, especialmente en un contexto donde las opciones qu\u00edmicas est\u00e1n restringidas. Esta tecnolog\u00eda podr\u00eda aplicarse a otras plagas de granos, reduciendo p\u00e9rdidas econ\u00f3micas y mejorando la seguridad alimentaria, siendo clave en la producci\u00f3n org\u00e1nica donde no es viable el uso de pesticidas.<\/span><\/div><\/summary><div class=\"a_unline\">Compartir: <a href=\"https:\/\/www.facebook.com\/sharer\/sharer.php?p[title]=Caracterizaci\u00f3n de una formulaci\u00f3n encapsulada de B. bassiana aplicada al control del gorgojo rojo de la harina T. castaneum&p[url]=http:\/\/sedici.unlp.edu.ar\/handle\/10915\/173184\" target=\"_blank\"><img decoding=\"async\" src=\"https:\/\/congresos.unlp.edu.ar\/ebec2024\/wp-content\/plugins\/wp-dspace\/media\/img\/share-facebook.png\" alt=\"Facebook logo\" title=\"Compartir en Facebook\">\n             <\/a>\n             <a href=\"https:\/\/twitter.com\/?status=Caracterizaci\u00f3n de una formulaci\u00f3n encapsulada de B. bassiana aplicada al control del gorgojo rojo de la harina T. castaneum http:\/\/sedici.unlp.edu.ar\/handle\/10915\/173184 via @sedici_unlp\" target=\"_blank\"><img decoding=\"async\" src=\"https:\/\/congresos.unlp.edu.ar\/ebec2024\/wp-content\/plugins\/wp-dspace\/media\/img\/share-twitter.png\" alt=\"Twitter logo\" title=\"Compartir en Twitter\"><\/a>\n             <a href=\"https:\/\/plus.google.com\/share?url=http:\/\/sedici.unlp.edu.ar\/handle\/10915\/173184\" target=\"_blank\"><img decoding=\"async\" src=\"https:\/\/congresos.unlp.edu.ar\/ebec2024\/wp-content\/plugins\/wp-dspace\/media\/img\/share-plus.png\" alt=\"Google+ logo\" title=\"Compartir en Google+\">\n             <\/a>\n             <a href=\"http:\/\/www.linkedin.com\/shareArticle?url=http:\/\/sedici.unlp.edu.ar\/handle\/10915\/173184\" target=\"_blank\"><img decoding=\"async\" src=\"https:\/\/congresos.unlp.edu.ar\/ebec2024\/wp-content\/plugins\/wp-dspace\/media\/img\/share-linkedin.png\" alt=\"Linkedin logo\" title=\"Compartir en Linkedin\">\n             <\/a>\n        <\/div><\/article><\/li><br><li><article style=\"padding:10px;border: 2px solid black;\">\n\t\t\t<title>Complejos de cobre derivados de 1,10-fenantrolina y dip\u00e9ptidos como inhibidores del intercambiador Na+\/H+ (NHe1)<\/title>\n                        <div id=\"sedici-title\"> \n                            <a class=\"link\" href=\"http:\/\/sedici.unlp.edu.ar\/handle\/10915\/173177\" target=\"_blank\">Complejos de cobre derivados de 1,10-fenantrolina y dip\u00e9ptidos como inhibidores del intercambiador Na+\/H+ (NHe1)<\/a>\n                        <\/div><div id=\"sedici-title\">Autores: <author><name><a href=https:\/\/sedici.unlp.edu.ar\/discover?filtertype=author&filter_relational_operator=equals&filter=Mu\u00f1oz%20Garz\u00f3n%2C%20Katherine%20Seneth target=\"_blank\">Mu\u00f1oz Garz\u00f3n, Katherine Seneth<\/a><\/name><\/author><\/div>\n                                   <p id=\"http:\/\/sedici.unlp.edu.ar\/handle\/10915\/173177\"> <\/p>\n                                   <published>\n                                        <div id=\"sedici-title\" >Fecha: <span class=\"sedici-content\">01\/01\/2024<\/span><\/div>\n                                    <\/published><summary> <div id=\"sedici-title\">Resumen:<span class=\"sedici-content\">El c\u00e1ncer de mama se ha convertido en el c\u00e1ncer m\u00e1s diagnosticado en Argentina, con una incidencia de 21.631 de casos nuevos reportados en 2022. Las estrategias de quimioprevenci\u00f3n tienen como objetivo reducir el riesgo de desarrollar c\u00e1ncer de mama invasivo, y la quimioterapia sigue siendo un tratamiento primario para los casos metast\u00e1sicos, particularmente en triple -c\u00e1ncer de mama negativo (TNBC). Sin embargo, los f\u00e1rmacos a base de metales como el cisplatino, com\u00fanmente utilizados en quimioterapia, presentan efectos secundarios importantes y resistencia con su uso prolongado. Investigaciones recientes han explorado la combinaci\u00f3n de complejos met\u00e1licos con amino\u00e1cidos para mejorar las propiedades farmacocin\u00e9ticas y reducir la toxicidad. Nuestro estudio observ\u00f3 los efectos de dos complejos de Cu(II) ambos con tetrametilfenaltrolina como ligando principal [CuCl2(tmp)] (1) y con un dip\u00e9ptido como ligando auxiliar (alanina y fenilalanina) [Cu(Ala- Phe)(tmp)]-4H2O (2) en c\u00e9lulas de c\u00e1ncer de mama humano MCF-7 en modelos 2D y 3D. Estos complejos demostraron un efecto antitumoral con valores bajos de IC50 de 1,8 \u00b1 0,27(1) y 2,2 \u00b1 0,35 (2) \u03bcM en el modelo monocapa y valores de alrededor de 50-60 \u03bcM en esferoides (datos preliminares). Ambos compuestos inhibieron la formaci\u00f3n de colonias, presentaron niveles de especies reactivas de oxigeno (EROs) en concentraciones de 1 \u03bcM, pero no pudieron recuperar la viabilidad celular con la mezcla de vitaminas C y E, ni con el antioxidante ex\u00f3geno NAC, lo que sugiere que la producci\u00f3n de EROs no est\u00e1 relacionada con el da\u00f1o celular. Asimismo, el ensayo cometa no revel\u00f3 ning\u00fan da\u00f1o directo en el ADN determinando que su mecanismo de acci\u00f3n no es genot\u00f3xico. Al observar, que 2 induce muerte celular por apoptosis, reduce la capacidad migratoria (ensayo de herida) y podr\u00eda disminuir la actividad de MMP-9 en la prueba de zimografia (datos preliminares), se realiz\u00f3 una medida de pH intracelular usando pulso de amonio y se determin\u00f3 que los complejos son capaces de inhibir el intercambiador Na+\/H+ (NHE1) importante en el crecimiento tumoral.<\/span><\/div><\/summary><div class=\"a_unline\">Compartir: <a href=\"https:\/\/www.facebook.com\/sharer\/sharer.php?p[title]=Complejos de cobre derivados de 1,10-fenantrolina y dip\u00e9ptidos como inhibidores del intercambiador Na+\/H+ (NHe1)&p[url]=http:\/\/sedici.unlp.edu.ar\/handle\/10915\/173177\" target=\"_blank\"><img decoding=\"async\" src=\"https:\/\/congresos.unlp.edu.ar\/ebec2024\/wp-content\/plugins\/wp-dspace\/media\/img\/share-facebook.png\" alt=\"Facebook logo\" title=\"Compartir en Facebook\">\n             <\/a>\n             <a href=\"https:\/\/twitter.com\/?status=Complejos de cobre derivados de 1,10-fenantrolina y dip\u00e9ptidos como inhibidores del intercambiador Na+\/H+ (NHe1) http:\/\/sedici.unlp.edu.ar\/handle\/10915\/173177 via @sedici_unlp\" target=\"_blank\"><img decoding=\"async\" src=\"https:\/\/congresos.unlp.edu.ar\/ebec2024\/wp-content\/plugins\/wp-dspace\/media\/img\/share-twitter.png\" alt=\"Twitter logo\" title=\"Compartir en Twitter\"><\/a>\n             <a href=\"https:\/\/plus.google.com\/share?url=http:\/\/sedici.unlp.edu.ar\/handle\/10915\/173177\" target=\"_blank\"><img decoding=\"async\" src=\"https:\/\/congresos.unlp.edu.ar\/ebec2024\/wp-content\/plugins\/wp-dspace\/media\/img\/share-plus.png\" alt=\"Google+ logo\" title=\"Compartir en Google+\">\n             <\/a>\n             <a href=\"http:\/\/www.linkedin.com\/shareArticle?url=http:\/\/sedici.unlp.edu.ar\/handle\/10915\/173177\" target=\"_blank\"><img decoding=\"async\" src=\"https:\/\/congresos.unlp.edu.ar\/ebec2024\/wp-content\/plugins\/wp-dspace\/media\/img\/share-linkedin.png\" alt=\"Linkedin logo\" title=\"Compartir en Linkedin\">\n             <\/a>\n        <\/div><\/article><\/li><br><li><article style=\"padding:10px;border: 2px solid black;\">\n\t\t\t<title>Acci\u00f3n biocida de surfactantes derivados de arginina obtenidos mediante biocat\u00e1lisis<\/title>\n                        <div id=\"sedici-title\"> \n                            <a class=\"link\" href=\"http:\/\/sedici.unlp.edu.ar\/handle\/10915\/173162\" target=\"_blank\">Acci\u00f3n biocida de surfactantes derivados de arginina obtenidos mediante biocat\u00e1lisis<\/a>\n                        <\/div><div id=\"sedici-title\">Autores: <author><name><a href=https:\/\/sedici.unlp.edu.ar\/discover?filtertype=author&filter_relational_operator=equals&filter=Sabatie%2C%20Alejandro%20Enrique target=\"_blank\">Sabatie, Alejandro Enrique<\/a><\/name><\/author><\/div>\n                                   <p id=\"http:\/\/sedici.unlp.edu.ar\/handle\/10915\/173162\"> <\/p>\n                                   <published>\n                                        <div id=\"sedici-title\" >Fecha: <span class=\"sedici-content\">01\/01\/2024<\/span><\/div>\n                                    <\/published><summary> <div id=\"sedici-title\">Resumen:<span class=\"sedici-content\">Los surfactantes derivados de arginina, como anfifilos cati\u00f3nicos, tienen una actividad biocida intr\u00ednseca frente a virus, bacterias y hongos. Hemos sintetizado en nuestro laboratorio una alquilamida de arginina (ArgC12) que ha sido caracterizada como un agente antimicrobiano de amplio espectro. El mecanismo biocida descrito para este tipo de compuestos implica su interacci\u00f3n con la membrana citoplasm\u00e1tica. El objetivo de este trabajo fue profundizar en este mecanismo utilizando membranas modelo in vitro.Los liposomas se prepararon utilizando un extracto lip\u00eddico de E. coli (ECEx) y una mezcla lip\u00eddica similar a las c\u00e9lulas de mam\u00edfero (POPC\/16:0 SM\/Cho 1:1:1, MM) para los modelos de membrana de bacterias y mam\u00edferos respectivamente. ArgC12 fue un inductor m\u00e1s fuerte de la p\u00e9rdida de contenido de los liposomas MM, medida como la liberaci\u00f3n de carboxifluoresce\u00edna (CF50% de 79,3 y 289,7 \u03bcM para MM y ECEx, respectivamente), lo que evidencia una interacci\u00f3n diferencial en cada caso. Nuestro compuesto tambi\u00e9n indujo la fusi\u00f3n de membranas, que puede estar relacionada con la neutralizaci\u00f3n de las cargas superficiales. Adem\u00e1s, los liposomas MM evidenciaron una disrupci\u00f3n de la membrana a altas concentraciones de surfactante. Los estudios de fluorescencia tambi\u00e9n sugirieron que la estructura del agua unida a la membrana y la microviscosidad de la membrana se alteran tras la inserci\u00f3n de ArgC12, con saturaci\u00f3n a una relaci\u00f3n l\u00edpido\/surfactante de 1:3.Por otro lado, la penetraci\u00f3n de ArgC12 en las monocapas lip\u00eddicas modelo indic\u00f3 que el surfactante podr\u00eda incorporarse en ambas membranas en una medida similar, lo que sugiere que las diferencias encontradas en los liposomas tratados con surfactante no son una consecuencia de la incorporaci\u00f3n diferencial del anfifilo.Finalmente, descubrimos que despu\u00e9s de la inserci\u00f3n de ArgC12 en las monocapas de ECEx, la membrana se volvi\u00f3 menos compresible y m\u00e1s inestable en la superficie. Por el contrario, cuando el surfactante se insert\u00f3 en las monocapas de MM, indujo una membrana m\u00e1s compresible y estable. Este hallazgo puede estar relacionado con la resistencia diferencial de ambas membranas lip\u00eddicas a la p\u00e9rdida de contenido inducida por ArgC12.<\/span><\/div><\/summary><div class=\"a_unline\">Compartir: <a href=\"https:\/\/www.facebook.com\/sharer\/sharer.php?p[title]=Acci\u00f3n biocida de surfactantes derivados de arginina obtenidos mediante biocat\u00e1lisis&p[url]=http:\/\/sedici.unlp.edu.ar\/handle\/10915\/173162\" target=\"_blank\"><img decoding=\"async\" src=\"https:\/\/congresos.unlp.edu.ar\/ebec2024\/wp-content\/plugins\/wp-dspace\/media\/img\/share-facebook.png\" alt=\"Facebook logo\" title=\"Compartir en Facebook\">\n             <\/a>\n             <a href=\"https:\/\/twitter.com\/?status=Acci\u00f3n biocida de surfactantes derivados de arginina obtenidos mediante biocat\u00e1lisis http:\/\/sedici.unlp.edu.ar\/handle\/10915\/173162 via @sedici_unlp\" target=\"_blank\"><img decoding=\"async\" src=\"https:\/\/congresos.unlp.edu.ar\/ebec2024\/wp-content\/plugins\/wp-dspace\/media\/img\/share-twitter.png\" alt=\"Twitter logo\" title=\"Compartir en Twitter\"><\/a>\n             <a href=\"https:\/\/plus.google.com\/share?url=http:\/\/sedici.unlp.edu.ar\/handle\/10915\/173162\" target=\"_blank\"><img decoding=\"async\" src=\"https:\/\/congresos.unlp.edu.ar\/ebec2024\/wp-content\/plugins\/wp-dspace\/media\/img\/share-plus.png\" alt=\"Google+ logo\" title=\"Compartir en Google+\">\n             <\/a>\n             <a href=\"http:\/\/www.linkedin.com\/shareArticle?url=http:\/\/sedici.unlp.edu.ar\/handle\/10915\/173162\" target=\"_blank\"><img decoding=\"async\" src=\"https:\/\/congresos.unlp.edu.ar\/ebec2024\/wp-content\/plugins\/wp-dspace\/media\/img\/share-linkedin.png\" alt=\"Linkedin logo\" title=\"Compartir en Linkedin\">\n             <\/a>\n        <\/div><\/article><\/li><br><li><article style=\"padding:10px;border: 2px solid black;\">\n\t\t\t<title>Evaluaci\u00f3n de diferentes tratamientos postcosecha orientados a mantener o mejorar la calidad organol\u00e9ptica y nutricional de br\u00f3coli y kale<\/title>\n                        <div id=\"sedici-title\"> \n                            <a class=\"link\" href=\"http:\/\/sedici.unlp.edu.ar\/handle\/10915\/173160\" target=\"_blank\">Evaluaci\u00f3n de diferentes tratamientos postcosecha orientados a mantener o mejorar la calidad organol\u00e9ptica y nutricional de br\u00f3coli y kale<\/a>\n                        <\/div><div id=\"sedici-title\">Autores: <author><name><a href=https:\/\/sedici.unlp.edu.ar\/discover?filtertype=author&filter_relational_operator=equals&filter=Estrada%20Sama%2C%20Kenia target=\"_blank\">Estrada Sama, Kenia<\/a><\/name><\/author><\/div>\n                                   <p id=\"http:\/\/sedici.unlp.edu.ar\/handle\/10915\/173160\"> <\/p>\n                                   <published>\n                                        <div id=\"sedici-title\" >Fecha: <span class=\"sedici-content\">01\/01\/2024<\/span><\/div>\n                                    <\/published><summary> <div id=\"sedici-title\">Resumen:<span class=\"sedici-content\">El kale (Brassica oleracea var. Sabellica) es una hortaliza del grupo de las cruc\u00edferas. Posee un elevado contenido de glucosinolatos y compuestos fen\u00f3licos. Del kale se consumen las hojas en diferentes estados de desarrollo. La cosecha provoca un importante estr\u00e9s y como consecuencia, se produce una senescencia acelerada. El objetivo es estudiar diferentes tipos de tratamientos postcosecha que contribuyan a retrasar la senescencia y aumentar o mantener el contenido de compuestos con calidad nutrac\u00e9utica. El consumo del kale se ha incrementado en las \u00faltimas d\u00e9cadas debido a sus cualidades nutricionales. La cosecha causa un severo estr\u00e9s en las hojas, que a su vez induce una senescencia acelerada que conduce a la p\u00e9rdida de su calidad nutritiva y comercial. El \u00e1cido ox\u00e1lico (AO) es un \u00e1cido org\u00e1nico presente de forma natural en muchas verduras de hoja. Se han descrito tratamientos postcosecha con AO sugiriendo que la utilizaci\u00f3n de AO es una estrategia novedosa para mejorar la extensi\u00f3n de la vida \u00fatil en vegetales. Se analiz\u00f3 el efecto de tratamientos con AO sobre la vida postcosecha del kale. Para ello, se cosecharon hojas de calidad comercial, homog\u00e9neas y sin da\u00f1os. El tratamiento consisti\u00f3 en sumergir las hojas durante 10 min en soluciones con AO 5 mM y controles en agua destilada. Las muestras se almacenaron a 20 \u00b0C y 95 % HR durante 12 d\u00edas y se tomaron muestras. Los resultados mostraron que el tratamiento con AO caus\u00f3 un retraso en el amarillamiento y mantiene valores de clorofilas m\u00e1s altos que los controles. Asimismo, se nota una menor degradaci\u00f3n de prote\u00ednas, menor consumo de az\u00facares y mayor contenido de flavonoides en las hojas tratadas. Se puede concluir que el tratamiento con AO es un m\u00e9todo v\u00e1lido para preservar la calidad de hojas de kale con efectos beneficiosos sobre los par\u00e1metros de calidad durante el almacenamiento. Varios son los estudios que han demostrado los efectos positivos que tiene la melatonina mediante la aplicaci\u00f3n postcosecha a la hora de incrementar la tolerancia al fr\u00edo, incrementando la calidad en varias especies vegetales. Asimismo, fue capaz de retrasar la senescencia postcosecha y aumentar la resistencia a estreses abi\u00f3ticos al incrementar la concentraci\u00f3n de compuestos antioxidantes. Nuevamente se volvi\u00f3 a cosechar hojas de kale con calidad comercial y sin da\u00f1os. Repetimos el mismo tratamiento, pero esta vez en soluciones de melatonina 0,5 mM y se almacenaron durante 7 d\u00edas. Los resultados mostraron que las hojas tratadas con melatonina mantienen valores de clorofila m\u00e1s alto que los controles, se logr\u00f3 retrasar la senescencia y la p\u00e9rdida de peso. El tratamiento postcosecha con melatonina ha demostrado ser una estrategia eficaz para incrementar las producciones, prolongando la vida \u00fatil y manteniendo la calidad de la hortaliza estudiada.<\/span><\/div><\/summary><div class=\"a_unline\">Compartir: <a href=\"https:\/\/www.facebook.com\/sharer\/sharer.php?p[title]=Evaluaci\u00f3n de diferentes tratamientos postcosecha orientados a mantener o mejorar la calidad organol\u00e9ptica y nutricional de br\u00f3coli y kale&p[url]=http:\/\/sedici.unlp.edu.ar\/handle\/10915\/173160\" target=\"_blank\"><img decoding=\"async\" src=\"https:\/\/congresos.unlp.edu.ar\/ebec2024\/wp-content\/plugins\/wp-dspace\/media\/img\/share-facebook.png\" alt=\"Facebook logo\" title=\"Compartir en Facebook\">\n             <\/a>\n             <a href=\"https:\/\/twitter.com\/?status=Evaluaci\u00f3n de diferentes tratamientos postcosecha orientados a mantener o mejorar la calidad organol\u00e9ptica y nutricional de br\u00f3coli y kale http:\/\/sedici.unlp.edu.ar\/handle\/10915\/173160 via @sedici_unlp\" target=\"_blank\"><img decoding=\"async\" src=\"https:\/\/congresos.unlp.edu.ar\/ebec2024\/wp-content\/plugins\/wp-dspace\/media\/img\/share-twitter.png\" alt=\"Twitter logo\" title=\"Compartir en Twitter\"><\/a>\n             <a href=\"https:\/\/plus.google.com\/share?url=http:\/\/sedici.unlp.edu.ar\/handle\/10915\/173160\" target=\"_blank\"><img decoding=\"async\" src=\"https:\/\/congresos.unlp.edu.ar\/ebec2024\/wp-content\/plugins\/wp-dspace\/media\/img\/share-plus.png\" alt=\"Google+ logo\" title=\"Compartir en Google+\">\n             <\/a>\n             <a href=\"http:\/\/www.linkedin.com\/shareArticle?url=http:\/\/sedici.unlp.edu.ar\/handle\/10915\/173160\" target=\"_blank\"><img decoding=\"async\" src=\"https:\/\/congresos.unlp.edu.ar\/ebec2024\/wp-content\/plugins\/wp-dspace\/media\/img\/share-linkedin.png\" alt=\"Linkedin logo\" title=\"Compartir en Linkedin\">\n             <\/a>\n        <\/div><\/article><\/li><br><li><article style=\"padding:10px;border: 2px solid black;\">\n\t\t\t<title>An\u00e1lisis de los impedimentos para el escalamiento de la agroecolog\u00eda en el Cintur\u00f3n Horticola Platense<\/title>\n                        <div id=\"sedici-title\"> \n                            <a class=\"link\" href=\"http:\/\/sedici.unlp.edu.ar\/handle\/10915\/173147\" target=\"_blank\">An\u00e1lisis de los impedimentos para el escalamiento de la agroecolog\u00eda en el Cintur\u00f3n Horticola Platense<\/a>\n                        <\/div><div id=\"sedici-title\">Autores: <author><name><a href=https:\/\/sedici.unlp.edu.ar\/discover?filtertype=author&filter_relational_operator=equals&filter=Pastor%20Esteche%2C%20Enzo target=\"_blank\">Pastor Esteche, Enzo<\/a><\/name><\/author><\/div>\n                                   <p id=\"http:\/\/sedici.unlp.edu.ar\/handle\/10915\/173147\"> <\/p>\n                                   <published>\n                                        <div id=\"sedici-title\" >Fecha: <span class=\"sedici-content\">01\/01\/2024<\/span><\/div>\n                                    <\/published><summary> <div id=\"sedici-title\">Resumen:<span class=\"sedici-content\">El objetivo general de este trabajo es conocer e identificar los impedimentos del escalamiento de la Agroecolog\u00eda en la horticultura del Cintur\u00f3n Hort\u00edcola de La Plata. En el presente plan de trabajo se desarrollar\u00e1n dos grandes ejes: an\u00e1lisis del contexto de los actores sociales involucrados en el CHLP y an\u00e1lisis del funcionamiento socio-productivo de unidades de producci\u00f3n agroecologicas y convencionales. En una primera instancia se indagar\u00e1 para tener una aproximaci\u00f3n general a los sistemas convencionales y de base agroecol\u00f3gica, en cuanto a estructura agraria, funcionamiento y caracter\u00edsticas de sus contextos. Se realizar\u00e1 una encuesta indagatoria a productores del CHLP que sea representativa estad\u00edsticamente, tanto que realicen manejo convencional y como agroecol\u00f3gicos. En la encuesta se relevar\u00e1 informaci\u00f3n que permita conocer las caracter\u00edsticas de los sistemas productivos, dotaci\u00f3n de recursos productivos, informaci\u00f3n t\u00e9cnica, entre otras variables. Adem\u00e1s, en los productores convencionales se indagar\u00e1 acerca de preconceptos relacionados a los sistemas de base agroecol\u00f3gicos. En relaci\u00f3n al contexto de los sistemas convencionales y de base agroecol\u00f3gica se indagar\u00e1 acerca de los actores, instituciones y organizaciones con los que se vinculan y el reconocimiento que hacen de las mismas para sus decisiones de manejo. Una vez analizado los datos obtenidos de la encuesta los sistemas de base agroecol\u00f3gica y convencional se realizar\u00e1 un an\u00e1lisis en profundidad en dos estudios de caso por grupo a partir de la selecci\u00f3n de quintas y la construcci\u00f3n de los diagramas de sistemas. Se realizar\u00e1 un an\u00e1lisis mediante m\u00e9todos cualitativos. Se dise\u00f1ar\u00e1 un m\u00f3dulo tem\u00e1tico com\u00fan para todas las entrevistas, al que se incorporar\u00e1n preguntas en funci\u00f3n de la pertenencia institucional de los interlocutores. Los resultados de las entrevistas se analizar\u00e1n de forma cualitativa con el software Atlas.ti.<\/span><\/div><\/summary><div class=\"a_unline\">Compartir: <a href=\"https:\/\/www.facebook.com\/sharer\/sharer.php?p[title]=An\u00e1lisis de los impedimentos para el escalamiento de la agroecolog\u00eda en el Cintur\u00f3n Horticola Platense&p[url]=http:\/\/sedici.unlp.edu.ar\/handle\/10915\/173147\" target=\"_blank\"><img decoding=\"async\" src=\"https:\/\/congresos.unlp.edu.ar\/ebec2024\/wp-content\/plugins\/wp-dspace\/media\/img\/share-facebook.png\" alt=\"Facebook logo\" title=\"Compartir en Facebook\">\n             <\/a>\n             <a href=\"https:\/\/twitter.com\/?status=An\u00e1lisis de los impedimentos para el escalamiento de la agroecolog\u00eda en el Cintur\u00f3n Horticola Platense http:\/\/sedici.unlp.edu.ar\/handle\/10915\/173147 via @sedici_unlp\" target=\"_blank\"><img decoding=\"async\" src=\"https:\/\/congresos.unlp.edu.ar\/ebec2024\/wp-content\/plugins\/wp-dspace\/media\/img\/share-twitter.png\" alt=\"Twitter logo\" title=\"Compartir en Twitter\"><\/a>\n             <a href=\"https:\/\/plus.google.com\/share?url=http:\/\/sedici.unlp.edu.ar\/handle\/10915\/173147\" target=\"_blank\"><img decoding=\"async\" src=\"https:\/\/congresos.unlp.edu.ar\/ebec2024\/wp-content\/plugins\/wp-dspace\/media\/img\/share-plus.png\" alt=\"Google+ logo\" title=\"Compartir en Google+\">\n             <\/a>\n             <a href=\"http:\/\/www.linkedin.com\/shareArticle?url=http:\/\/sedici.unlp.edu.ar\/handle\/10915\/173147\" target=\"_blank\"><img decoding=\"async\" src=\"https:\/\/congresos.unlp.edu.ar\/ebec2024\/wp-content\/plugins\/wp-dspace\/media\/img\/share-linkedin.png\" alt=\"Linkedin logo\" title=\"Compartir en Linkedin\">\n             <\/a>\n        <\/div><\/article><\/li><br><li><article style=\"padding:10px;border: 2px solid black;\">\n\t\t\t<title>Caracterizaci\u00f3n morfo-anat\u00f3mico y gen\u00e9tica de nuevas especies de Bulimulus (Gastropoda) con potencial de plaga en la agroindustria del centro y norte de la Argentina<\/title>\n                        <div id=\"sedici-title\"> \n                            <a class=\"link\" href=\"http:\/\/sedici.unlp.edu.ar\/handle\/10915\/173135\" target=\"_blank\">Caracterizaci\u00f3n morfo-anat\u00f3mico y gen\u00e9tica de nuevas especies de Bulimulus (Gastropoda) con potencial de plaga en la agroindustria del centro y norte de la Argentina<\/a>\n                        <\/div><div id=\"sedici-title\">Autores: <author><name><a href=https:\/\/sedici.unlp.edu.ar\/discover?filtertype=author&filter_relational_operator=equals&filter=D\u00edaz%2C%20Ana%20Carolina target=\"_blank\">D\u00edaz, Ana Carolina<\/a><\/name><\/author><\/div>\n                                   <p id=\"http:\/\/sedici.unlp.edu.ar\/handle\/10915\/173135\"> <\/p>\n                                   <published>\n                                        <div id=\"sedici-title\" >Fecha: <span class=\"sedici-content\">01\/01\/2024<\/span><\/div>\n                                    <\/published><summary> <div id=\"sedici-title\">Resumen:<span class=\"sedici-content\">Los Bulimulidae son caracoles terrestres presentes en una gran variedad de ambientes y con capacidad de adaptaci\u00f3n a una amplia variedad de condiciones clim\u00e1ticas y h\u00e1bitat. Tienen alto potencial colonizador y de especiaci\u00f3n en el lugar que colonizan. Bulimulus es neotropical e incluye 68 especies, ocho en la Argentina. Los representantes poseen descripciones conquiolares, el 20% tiene descripciones anat\u00f3micas y el 10% secuencias gen\u00e9ticas. Algunos autores sostienen que la concha es suficiente para la diferenciaci\u00f3n, pero un problema recurrente es que puede verse afectada por evoluci\u00f3n paralela o convergente. En estos casos para la delimitaci\u00f3n de especies se requiere otros abordajes. A partir de la Tesis Doctoral (D\u00edaz, 2022) se observ\u00f3 que B. bonariensis, la especie m\u00e1s ampliamente distribuida en Argentina, ser\u00eda por evidencia anat\u00f3mica y gen\u00e9tica un complejo de especies formado por al menos ocho entidades, siete de las cuales ser\u00edan nuevas especies para la ciencia.En las \u00faltimas d\u00e9cadas, la importancia de los gaster\u00f3podos como plagas de cultivos ha aumentado. Especies nativas han sido favorecidas en su supervivencia y reproducci\u00f3n por el avance agr\u00edcola, a expensas de los ambientes naturales, aumentando la oferta de alimento y eliminando controladores biol\u00f3gicos; mientras que las introducidas se convirtieron en plagas graves En Argentina, el complejo de especies de B. bonariensis fue reportado en cultivos de soja, garbanzo, ma\u00edz, yerba mate, ch\u00eda, girasol, entre otros. Estos cultivos son los principales productos con destino al consumo interno y\/o de exportaci\u00f3n y se cultivan en provincias donde el complejo se distribuye, tienen as\u00ed, potencial de generar impacto a nivel econ\u00f3mico e incluso sanitario en el \u00e1rea de presencia. A partir de la Tesis Doctoral se generaron los primeros datos anat\u00f3micos y gen\u00e9ticos para este complejo de especies, estudiando poblaciones recolectadas solo en algunas de las provincias y mayormente representan \u00e1reas no destinadas a la agroindustria. Con el posdoctorado se propone:\u2022\tContinuar la l\u00ednea de investigaci\u00f3n iniciada, ampliando el \u00e1rea de muestreo a provincias del centro y norte de la Argentina.\u2022\tEvaluar si existen m\u00e1s entidades que conforman el complejo de B. bonariensis y delimitar el \u00e1rea su distribuci\u00f3n. Esto permitir\u00e1 realizar una evaluaci\u00f3n sobre la presencia de poblaciones del complejo de especies en cultivos y si todas las especies identificadas se encuentran presentes en los cultivos prospectados o solo alguna\/s lo hace\/n. Se espera que el conocimiento generado constituya el primer paso necesario e indispensable para luego poder continuar con investigaciones que permitan evaluar el riesgo real de Bulimulus spp. como plaga agr\u00edcola y generar conocimiento cient\u00edfico y t\u00e9cnico dirigido a reconocer y medir sus da\u00f1os, determinar su importancia econ\u00f3mica, elaborar protocolos de prevenci\u00f3n, vigilancia, monitoreo y control agron\u00f3mico que sean de utilidad para organismos nacionales de aplicaci\u00f3n y acci\u00f3n.<\/span><\/div><\/summary><div class=\"a_unline\">Compartir: <a href=\"https:\/\/www.facebook.com\/sharer\/sharer.php?p[title]=Caracterizaci\u00f3n morfo-anat\u00f3mico y gen\u00e9tica de nuevas especies de Bulimulus (Gastropoda) con potencial de plaga en la agroindustria del centro y norte de la Argentina&p[url]=http:\/\/sedici.unlp.edu.ar\/handle\/10915\/173135\" target=\"_blank\"><img decoding=\"async\" src=\"https:\/\/congresos.unlp.edu.ar\/ebec2024\/wp-content\/plugins\/wp-dspace\/media\/img\/share-facebook.png\" alt=\"Facebook logo\" title=\"Compartir en Facebook\">\n             <\/a>\n             <a href=\"https:\/\/twitter.com\/?status=Caracterizaci\u00f3n morfo-anat\u00f3mico y gen\u00e9tica de nuevas especies de Bulimulus (Gastropoda) con potencial de plaga en la agroindustria del centro y norte de la Argentina http:\/\/sedici.unlp.edu.ar\/handle\/10915\/173135 via @sedici_unlp\" target=\"_blank\"><img decoding=\"async\" src=\"https:\/\/congresos.unlp.edu.ar\/ebec2024\/wp-content\/plugins\/wp-dspace\/media\/img\/share-twitter.png\" alt=\"Twitter logo\" title=\"Compartir en Twitter\"><\/a>\n             <a href=\"https:\/\/plus.google.com\/share?url=http:\/\/sedici.unlp.edu.ar\/handle\/10915\/173135\" target=\"_blank\"><img decoding=\"async\" src=\"https:\/\/congresos.unlp.edu.ar\/ebec2024\/wp-content\/plugins\/wp-dspace\/media\/img\/share-plus.png\" alt=\"Google+ logo\" title=\"Compartir en Google+\">\n             <\/a>\n             <a href=\"http:\/\/www.linkedin.com\/shareArticle?url=http:\/\/sedici.unlp.edu.ar\/handle\/10915\/173135\" target=\"_blank\"><img decoding=\"async\" src=\"https:\/\/congresos.unlp.edu.ar\/ebec2024\/wp-content\/plugins\/wp-dspace\/media\/img\/share-linkedin.png\" alt=\"Linkedin logo\" title=\"Compartir en Linkedin\">\n             <\/a>\n        <\/div><\/article><\/li><br><li><article style=\"padding:10px;border: 2px solid black;\">\n\t\t\t<title>Estudios de variabilidad en caracteres clave para la domesticaci\u00f3n en poblaciones espont\u00e1neas de Stapfochloa berroi de la Pampa Deprimida (provincia de Buenos Aires)<\/title>\n                        <div id=\"sedici-title\"> \n                            <a class=\"link\" href=\"http:\/\/sedici.unlp.edu.ar\/handle\/10915\/173133\" target=\"_blank\">Estudios de variabilidad en caracteres clave para la domesticaci\u00f3n en poblaciones espont\u00e1neas de Stapfochloa berroi de la Pampa Deprimida (provincia de Buenos Aires)<\/a>\n                        <\/div><div id=\"sedici-title\">Autores: <author><name><a href=https:\/\/sedici.unlp.edu.ar\/discover?filtertype=author&filter_relational_operator=equals&filter=Porto%2C%20Nicol\u00e1s target=\"_blank\">Porto, Nicol\u00e1s<\/a><\/name><\/author><\/div>\n                                   <p id=\"http:\/\/sedici.unlp.edu.ar\/handle\/10915\/173133\"> <\/p>\n                                   <published>\n                                        <div id=\"sedici-title\" >Fecha: <span class=\"sedici-content\">01\/01\/2024<\/span><\/div>\n                                    <\/published><summary> <div id=\"sedici-title\">Resumen:<span class=\"sedici-content\">La Pampa Deprimida es una subregi\u00f3n de la regi\u00f3n Pampeana argentina que ocupa aproximadamente 9 millones de hect\u00e1reas de la provincia de Buenos Aires. En esta subregi\u00f3n, los pastizales naturales y seminaturales son la base de la cr\u00eda de ganado vacuno. Entre sus ambientes t\u00edpicos se encuentran los llamados \u2018bajos alcalinos\u2019 que abarcan alrededor del 24 % de superficie de la provincia y tienen en com\u00fan limitantes como la alcalinidad, alta sodicidad desde superficie y falta de estructuraci\u00f3n del suelo; que repercuten negativamente en su productividad primaria. La vegetaci\u00f3n asociada a estos sitios se conoce como estepas de hal\u00f3fitas, de poca cobertura vegetal y especies de limitado valor forrajero. En estos ecosistemas particularmente fr\u00e1giles, el pastoreo no controlado conduce a la selecci\u00f3n por parte del ganado y aumenta la proporci\u00f3n de especies poco productivas. As\u00ed, se evidencia la necesidad de dise\u00f1ar estrategias tales como el manejo del pastoreo y\/o la reincorporaci\u00f3n de germoplasma de especies nativas\/naturalizadas seleccionadas, que sean funcionales para mejorar la productividad forrajera, la productividad secundaria (kg carne\/ha\/a\u00f1o), y para recuperar la biodiversidad en estos agroecosistemas. Stapfochloa berroi es una gram\u00ednea perenne de crecimiento primavero-estival nativa de Sudam\u00e9rica, que se encuentra principalmente en los pastizales del norte de la Pampa Deprimida. Por su buen valor forrajero y adaptaci\u00f3n a estos ambientes restrictivos para especies forrajeras ex\u00f3ticas, S. berroi resulta un recurso clave para la regi\u00f3n. Adem\u00e1s, se le atribuye la capacidad de regenerar ambientes degradados, aunque se conoce poco sobre sus caracter\u00edsticas ecol\u00f3gicas. Dada su importancia en las estepas de hal\u00f3fitas de la Pampa Deprimida y la escasa informaci\u00f3n disponible, resulta importante generar conocimiento tanto sobre posibles estrategias de adaptaci\u00f3n de la especie a estos ambientes, como sobre caracteres agron\u00f3micos clave para su domesticaci\u00f3n y la variabilidad regional que \u00e9stos puedan presentar. El objetivo de esta investigaci\u00f3n es estudiar la variabilidad en caracteres agron\u00f3micos clave para la domesticaci\u00f3n de S. berroi en las estepas de hal\u00f3fitas de la Pampa Deprimida para poder dise\u00f1ar planes de selecci\u00f3n. Para este fin, se constituir\u00e1 y mantendr\u00e1 una fuente de variabilidad de S. berroi sobre la cual se va a analizar la posible variabilidad inter e intrapoblacional para las caracter\u00edsticas germinaci\u00f3n, emergencia y crecimiento inicial, producci\u00f3n y calidad de forraje, producci\u00f3n y calidad de semillas y capacidad de resiembra as\u00ed como sus posibles asociaciones; se determinar\u00e1n par\u00e1metros gen\u00e9ticos en caracteres de inter\u00e9s agron\u00f3mico y de habilidad competitiva que sirvan para el dise\u00f1o de planes de mejora para la implantaci\u00f3n y la producci\u00f3n y calidad de forraje y semillas; y se evaluar\u00e1 la respuesta a la selecci\u00f3n para la mejora del crecimiento inicial de las plantas y de la producci\u00f3n de forraje y semillas.<\/span><\/div><\/summary><div class=\"a_unline\">Compartir: <a href=\"https:\/\/www.facebook.com\/sharer\/sharer.php?p[title]=Estudios de variabilidad en caracteres clave para la domesticaci\u00f3n en poblaciones espont\u00e1neas de Stapfochloa berroi de la Pampa Deprimida (provincia de Buenos Aires)&p[url]=http:\/\/sedici.unlp.edu.ar\/handle\/10915\/173133\" target=\"_blank\"><img decoding=\"async\" src=\"https:\/\/congresos.unlp.edu.ar\/ebec2024\/wp-content\/plugins\/wp-dspace\/media\/img\/share-facebook.png\" alt=\"Facebook logo\" title=\"Compartir en Facebook\">\n             <\/a>\n             <a href=\"https:\/\/twitter.com\/?status=Estudios de variabilidad en caracteres clave para la domesticaci\u00f3n en poblaciones espont\u00e1neas de Stapfochloa berroi de la Pampa Deprimida (provincia de Buenos Aires) http:\/\/sedici.unlp.edu.ar\/handle\/10915\/173133 via @sedici_unlp\" target=\"_blank\"><img decoding=\"async\" src=\"https:\/\/congresos.unlp.edu.ar\/ebec2024\/wp-content\/plugins\/wp-dspace\/media\/img\/share-twitter.png\" alt=\"Twitter logo\" title=\"Compartir en Twitter\"><\/a>\n             <a href=\"https:\/\/plus.google.com\/share?url=http:\/\/sedici.unlp.edu.ar\/handle\/10915\/173133\" target=\"_blank\"><img decoding=\"async\" src=\"https:\/\/congresos.unlp.edu.ar\/ebec2024\/wp-content\/plugins\/wp-dspace\/media\/img\/share-plus.png\" alt=\"Google+ logo\" title=\"Compartir en Google+\">\n             <\/a>\n             <a href=\"http:\/\/www.linkedin.com\/shareArticle?url=http:\/\/sedici.unlp.edu.ar\/handle\/10915\/173133\" target=\"_blank\"><img decoding=\"async\" src=\"https:\/\/congresos.unlp.edu.ar\/ebec2024\/wp-content\/plugins\/wp-dspace\/media\/img\/share-linkedin.png\" alt=\"Linkedin logo\" title=\"Compartir en Linkedin\">\n             <\/a>\n        <\/div><\/article><\/li><br><\/ul>\n            <div class=\"page_navigation \" ><\/div>\n            <\/div>\n","protected":false},"excerpt":{"rendered":"","protected":false},"author":163,"featured_media":0,"parent":0,"menu_order":0,"comment_status":"closed","ping_status":"closed","template":"","meta":{"advgb_blocks_editor_width":"","advgb_blocks_columns_visual_guide":"","footnotes":""},"class_list":["post-298","page","type-page","status-publish","hentry","post"],"aioseo_notices":[],"coauthors":[],"author_meta":{"author_link":"https:\/\/congresos.unlp.edu.ar\/ebec2024\/author\/lautarojosin\/","display_name":"lautarojosin"},"relative_dates":{"created":"Posted 3 a\u00f1os ago","modified":"Updated 1 a\u00f1o ago"},"absolute_dates":{"created":"Posted on 15 noviembre, 2022","modified":"Updated on 15 noviembre, 2024"},"absolute_dates_time":{"created":"Posted on 15 noviembre, 2022 10:43 am","modified":"Updated on 15 noviembre, 2024 11:32 am"},"featured_img_caption":"","featured_img":false,"series_order":"","_links":{"self":[{"href":"https:\/\/congresos.unlp.edu.ar\/ebec2024\/wp-json\/wp\/v2\/pages\/298","targetHints":{"allow":["GET"]}}],"collection":[{"href":"https:\/\/congresos.unlp.edu.ar\/ebec2024\/wp-json\/wp\/v2\/pages"}],"about":[{"href":"https:\/\/congresos.unlp.edu.ar\/ebec2024\/wp-json\/wp\/v2\/types\/page"}],"author":[{"embeddable":true,"href":"https:\/\/congresos.unlp.edu.ar\/ebec2024\/wp-json\/wp\/v2\/users\/163"}],"replies":[{"embeddable":true,"href":"https:\/\/congresos.unlp.edu.ar\/ebec2024\/wp-json\/wp\/v2\/comments?post=298"}],"version-history":[{"count":0,"href":"https:\/\/congresos.unlp.edu.ar\/ebec2024\/wp-json\/wp\/v2\/pages\/298\/revisions"}],"wp:attachment":[{"href":"https:\/\/congresos.unlp.edu.ar\/ebec2024\/wp-json\/wp\/v2\/media?parent=298"}],"curies":[{"name":"wp","href":"https:\/\/api.w.org\/{rel}","templated":true}]}}