{"id":18,"date":"2022-06-22T12:14:30","date_gmt":"2022-06-22T15:14:30","guid":{"rendered":"https:\/\/congresos.unlp.edu.ar\/cabtp2023\/?page_id=18"},"modified":"2023-03-28T16:32:13","modified_gmt":"2023-03-28T19:32:13","slug":"presentacion","status":"publish","type":"page","link":"https:\/\/congresos.unlp.edu.ar\/cabtp2023\/presentacion\/","title":{"rendered":"Bienvenida"},"content":{"rendered":"<div id=\"pl-18\"  class=\"panel-layout\" ><div id=\"pg-18-0\"  class=\"panel-grid panel-no-style\" ><div id=\"pgc-18-0-0\"  class=\"panel-grid-cell\" ><div id=\"panel-18-0-0-0\" class=\"so-panel widget widget_sow-editor panel-first-child panel-last-child\" data-index=\"0\" ><div\n\t\t\t\n\t\t\tclass=\"so-widget-sow-editor so-widget-sow-editor-base\"\n\t\t\t\n\t\t>\n<div class=\"siteorigin-widget-tinymce textwidget\">\n\t<p>Tenemos el agrado de darles la bienvenida al \"<strong>IV Congreso Argentino de Biolog\u00eda y Tecnolog\u00eda de Postcosecha (IV CABTP)\"<\/strong>\u00a0 que se desarrollar\u00e1 en la ciudad de La Plata (Buenos Aires, Argentina) entre el <strong>30\u00a0 de agosto y 1 de septiembre de 2023<\/strong>. Esta nueva edici\u00f3n\u00a0 esta organizada por el Instituto de Fisiolog\u00eda Vegetal <a href=\"https:\/\/infive.conicet.gov.ar\/\">(INFIVE,<\/a> UNLP, CONICET), el Centro de Investigaci\u00f3n y Desarrollo en Criotecnolog\u00eda de Alimentos <a href=\"https:\/\/cidca.conicet.gov.ar\/\">(CIDCA,<\/a>\u00a0UNLP, CONICET, CIC-PBA) y el\u00a0Laboratorio de Investigaci\u00f3n de Productos Agroindustriales <a href=\"https:\/\/lipa.agro.unlp.edu.ar\/\">(LIPA,<\/a>\u00a0UNLP).<\/p>\n<p>La modalidad del evento ser\u00e1 <strong>presencial<\/strong>, con sede en el edificio del Centro de Posgrado Sergio Karakachoff \u2013 Universidad Nacional de La Plata.\u00a0 Contaremos con la participaci\u00f3n de referentes extranjeros y nacionales de reconocida y amplia trayectoria en el estudio de la biolog\u00eda y tecnolog\u00eda postcosecha de diversos cultivos incluyendo frutas, hortalizas, nueces, flores y productos vegetales aut\u00f3ctonos. Las conferencias a cargo de Investigadores extranjeros se realizaran en modalidad \"<strong>conferencia virtual sincr\u00f3nica\"<\/strong>, mientras que los expertos locales brindaran sus disertaciones de marera <strong>presencial<\/strong>.\u00a0\u00a0Tambi\u00e9n estar\u00e1n representados todos los sectores involucrados en la cadena de valor y producci\u00f3n de frutas y hortalizas.<\/p>\n<p><img loading=\"lazy\" decoding=\"async\" class=\"wp-image-551 alignleft\" src=\"http:\/\/congresos.unlp.edu.ar\/cabtp2023\/wp-content\/uploads\/sites\/56\/2022\/09\/WhatsApp-Image-2022-09-05-at-11.04.27.jpeg\" alt=\"\" width=\"352\" height=\"217\" srcset=\"https:\/\/congresos.unlp.edu.ar\/cabtp2023\/wp-content\/uploads\/sites\/56\/2022\/09\/WhatsApp-Image-2022-09-05-at-11.04.27.jpeg 1280w, https:\/\/congresos.unlp.edu.ar\/cabtp2023\/wp-content\/uploads\/sites\/56\/2022\/09\/WhatsApp-Image-2022-09-05-at-11.04.27-300x184.jpeg 300w, https:\/\/congresos.unlp.edu.ar\/cabtp2023\/wp-content\/uploads\/sites\/56\/2022\/09\/WhatsApp-Image-2022-09-05-at-11.04.27-1024x630.jpeg 1024w, https:\/\/congresos.unlp.edu.ar\/cabtp2023\/wp-content\/uploads\/sites\/56\/2022\/09\/WhatsApp-Image-2022-09-05-at-11.04.27-768x472.jpeg 768w\" sizes=\"auto, (max-width: 352px) 100vw, 352px\" \/><\/p>\n<p>&nbsp;<\/p>\n<p>Esperamos contar con su participaci\u00f3n.. \u00a1\u00a1Bienvenidos!!<\/p>\n<\/div>\n<\/div><\/div><\/div><\/div><\/div>","protected":false},"excerpt":{"rendered":"<p>Tenemos el agrado de darles la bienvenida al &#8220;IV Congreso Argentino de Biolog\u00eda y Tecnolog\u00eda de Postcosecha (IV CABTP)&#8221;\u00a0 que se desarrollar\u00e1 en la ciudad de La Plata (Buenos Aires, Argentina) entre el 30\u00a0 de agosto y 1 de septiembre de 2023. Esta nueva edici\u00f3n\u00a0 esta organizada por el Instituto de Fisiolog\u00eda Vegetal (INFIVE, UNLP, [&hellip;]<\/p>\n","protected":false},"author":2,"featured_media":0,"parent":0,"menu_order":0,"comment_status":"closed","ping_status":"closed","template":"","meta":{"advgb_blocks_editor_width":"","advgb_blocks_columns_visual_guide":"","footnotes":""},"class_list":["post-18","page","type-page","status-publish","hentry","post"],"aioseo_notices":[],"coauthors":[],"author_meta":{"author_link":"https:\/\/congresos.unlp.edu.ar\/cabtp2023\/author\/congresos\/","display_name":"congresos"},"relative_dates":{"created":"Posted 4 a\u00f1os ago","modified":"Updated 3 a\u00f1os ago"},"absolute_dates":{"created":"Posted on 22 junio, 2022","modified":"Updated on 28 marzo, 2023"},"absolute_dates_time":{"created":"Posted on 22 junio, 2022 12:14 pm","modified":"Updated on 28 marzo, 2023 4:32 pm"},"featured_img_caption":"","featured_img":false,"series_order":"","_links":{"self":[{"href":"https:\/\/congresos.unlp.edu.ar\/cabtp2023\/wp-json\/wp\/v2\/pages\/18","targetHints":{"allow":["GET"]}}],"collection":[{"href":"https:\/\/congresos.unlp.edu.ar\/cabtp2023\/wp-json\/wp\/v2\/pages"}],"about":[{"href":"https:\/\/congresos.unlp.edu.ar\/cabtp2023\/wp-json\/wp\/v2\/types\/page"}],"author":[{"embeddable":true,"href":"https:\/\/congresos.unlp.edu.ar\/cabtp2023\/wp-json\/wp\/v2\/users\/2"}],"replies":[{"embeddable":true,"href":"https:\/\/congresos.unlp.edu.ar\/cabtp2023\/wp-json\/wp\/v2\/comments?post=18"}],"version-history":[{"count":0,"href":"https:\/\/congresos.unlp.edu.ar\/cabtp2023\/wp-json\/wp\/v2\/pages\/18\/revisions"}],"wp:attachment":[{"href":"https:\/\/congresos.unlp.edu.ar\/cabtp2023\/wp-json\/wp\/v2\/media?parent=18"}],"curies":[{"name":"wp","href":"https:\/\/api.w.org\/{rel}","templated":true}]}}