{"id":1297,"date":"2021-08-24T12:11:01","date_gmt":"2021-08-24T15:11:01","guid":{"rendered":"https:\/\/congresos.unlp.edu.ar\/12caas\/?page_id=1297"},"modified":"2021-09-10T09:22:14","modified_gmt":"2021-09-10T12:22:14","slug":"espacio-de-funcionamiento-de-gts","status":"publish","type":"page","link":"https:\/\/congresos.unlp.edu.ar\/12caas\/espacio-de-funcionamiento-de-gts\/","title":{"rendered":"Espacio de funcionamiento de GT\u00b4s"},"content":{"rendered":"<h3>Acceso a las plataformas donde se desarrolla cada Grupo de Trabajo:<\/h3>\n<h5><a href=\"#GT1\">GT1 &#8211; Antropolog\u00eda y grandes proyectos de Desarrollo: poblaciones afectadas, conflictos sociales y dilemas ambientales<\/a><\/h5>\n<h5><a href=\"#GT2\">GT2 &#8211; Teorizar lo emotivo: antropolog\u00eda y emoci\u00f3n en la esfera profesional, institucional y p\u00fablica <\/a><\/h5>\n<h5><a href=\"#GT3\">GT3 &#8211; M\u00e9todos y t\u00e9cnicas en antropolog\u00eda de la salud <\/a><\/h5>\n<h5><a href=\"#GT4\">GT4 &#8211; La seguridad en la agenda antropol\u00f3gica <\/a><\/h5>\n<h5><a href=\"#GT5\">GT5 &#8211; Antropolog\u00eda de la muerte: dilemas de un campo en expansi\u00f3n <\/a><\/h5>\n<h5><a href=\"#GT6\">GT6 &#8211; Antropolog\u00eda del desarrollo y cuesti\u00f3n ambiental: sentidos, pr\u00e1cticas y territorios en disputa <\/a><\/h5>\n<h5><a href=\"#GT7\">GT7 &#8211; Ind\u00edgenas en la ciudad: procesos de organizaci\u00f3n etnopol\u00edtica y participaci\u00f3n estatal en el marco de una antropolog\u00eda colaborativa <\/a><\/h5>\n<h5><a href=\"#GT8\">GT8 &#8211; Cultura y envejecimiento. El qu\u00e9-hacer antropol\u00f3gico y gerontol\u00f3gico en el abordaje de las trayectorias vitales <\/a><\/h5>\n<h5><a href=\"#GT9\">GT9 &#8211; Lo Urbano en sus L\u00edmites: Antropolog\u00eda de las Ciudades Medianas y Peque\u00f1as <\/a><\/h5>\n<h5><a href=\"#GT10\">GT10 &#8211; Etnograf\u00edas en contextos de encierro. Herramientas antropol\u00f3gicas para pensar las c\u00e1rceles <\/a><\/h5>\n<h5><a href=\"#GT11\">GT11 &#8211; Estado, pol\u00edticas p\u00fablicas y cultura: Agendas institucionales y sus desaf\u00edos actuales <\/a><\/h5>\n<h5><a href=\"#GT12\">GT12 &#8211; Antropolog\u00eda y comunicaci\u00f3n: abordajes interdisciplinarios sobre lazos sociales <\/a><\/h5>\n<h5><a href=\"#GT13\">GT13 &#8211; \u00bfQu\u00e9 o qui\u00e9n es un no-humano para los debates antropol\u00f3gicos contempor\u00e1neos? <\/a><\/h5>\n<h5><a href=\"#GT14\">GT14 &#8211; La antropolog\u00eda de la ciencia y el \u201cgiro colaborativo\u201d inter\/transdiciplinario <\/a><\/h5>\n<h5><a href=\"#GT15\">GT15 &#8211; Antropolog\u00edas Latinoamericanas del Trabajo: problemas, enfoques y perspectivas <\/a><\/h5>\n<h5><a href=\"#GT16\">GT16 &#8211; La cultura como coartada: pr\u00e1cticas hegem\u00f3nicas y subalternas en las ciudades contempor\u00e1neas <\/a><\/h5>\n<h5><a href=\"#GT17\">GT17 &#8211; Antropolog\u00eda de las t\u00e9cnicas y el saber hacer: materiales, m\u00e1quinas, organismos y procesos de conocimiento <\/a><\/h5>\n<h5><a href=\"#GT18\">GT18 &#8211; Antropolog\u00eda de las intervenciones estatales y judiciales en el campo de la infancia, la familia y el parentesco: burocracias, derechos y activismo <\/a><\/h5>\n<h5><a href=\"#GT19\">GT19 &#8211; Antropolog\u00eda y Educaci\u00f3n <\/a><\/h5>\n<h5><a href=\"#GT20\">GT20 &#8211; Antropolog\u00eda, memoria y performance. Un debate en torno a la educaci\u00f3n, las producciones est\u00e9ticas, y los derechos humanos <\/a><\/h5>\n<h5><a href=\"#GT21\"> GT21 &#8211; Ruralidades en transformaci\u00f3n en el marco del capitalismo global: Trabajo, pol\u00edticas p\u00fablicas, medio ambiente, mercados y alimentaci\u00f3n <\/a><\/h5>\n<h5><a href=\"#GT22\"> GT22 &#8211; Antropolog\u00eda pol\u00edtica de la sexualidad: procesos organizativos y pol\u00edticas p\u00fablicas en debate <\/a><\/h5>\n<h5><a href=\"#GT23\">GT23 &#8211; Patrimonio Cultural y Pueblos Ind\u00edgenas: pr\u00e1cticas, representaciones y luchas en Am\u00e9rica Latina <\/a><\/h5>\n<h5><a href=\"#GT24\"> GT24 &#8211; Abordajes antropol\u00f3gicos sobre la ciudad y lo urbano <\/a><\/h5>\n<h5><a href=\"#GT25\"> GT25 &#8211; La expansi\u00f3n global de China: nuevos encuentros, actores y escenarios <\/a><\/h5>\n<h5><a href=\"#GT26\"> GT26 &#8211; Pol\u00edticas, espacios y escrituras de la memoria: tramas institucionales, saberes y militancias en torno al pasado reciente <\/a><\/h5>\n<h5><a href=\"#GT27\"> GT27 -Pol\u00edticas p\u00fablicas en educaci\u00f3n <\/a><\/h5>\n<h5><a href=\"#GT28\"> GT28 &#8211; Agro-negocio y conflictividad social: vida cotidiana y procesos pol\u00edticos colectivos en torno a problem\u00e1ticas ambientales vinculadas al modelo productivo agropecuario <\/a><\/h5>\n<h5><a href=\"#GT29\"> GT29 &#8211; Antropolog\u00eda de las migraciones internacionales contempor\u00e1neas en Am\u00e9rica Latina <\/a><\/h5>\n<h5><a href=\"#GT30\"> GT30 &#8211; Las relaciones sociedad naturalezas en la antropolog\u00eda actual: controversias epistemol\u00f3gicas y di\u00e1logos pol\u00edticos <\/a><\/h5>\n<h5><a href=\"#GT31\"> GT31 &#8211; Pol\u00edticas p\u00fablicas y conflictos: construcciones de alteridad, dispositivos de marcaci\u00f3n espacial y disputas territoriales <\/a><\/h5>\n<h5><a href=\"#GT32\"> GT32 &#8211; Antropolog\u00eda del gusto: pr\u00e1cticas, circuitos y consumos culturales <\/a><\/h5>\n<h5><a href=\"#GT33\"> GT33 &#8211; Antropolog\u00eda de y desde los cuerpos <\/a><\/h5>\n<h5><a href=\"#GT34\"> GT34 &#8211; Migraci\u00f3n y educaci\u00f3n: experiencias formativas, identificaciones y relaciones generacionales en contextos de movilidad <\/a><\/h5>\n<h5><a href=\"#GT35\"> GT35 &#8211; Etnograf\u00eda de la comunicaci\u00f3n: procesos medi\u00e1ticos y no medi\u00e1ticos <\/a><\/h5>\n<h5><a href=\"#GT36\"> GT36 &#8211; Religi\u00f3n y cultura en la Argentina contempor\u00e1nea: aportes te\u00f3ricos y etnogr\u00e1ficos <\/a><\/h5>\n<h5><a href=\"#GT37\"> GT37 &#8211; La pol\u00edtica como proceso vivo: creatividad social e imaginaci\u00f3n antropol\u00f3gica en el an\u00e1lisis de la pol\u00edtica colectiva y la (re)producci\u00f3n de la vida <\/a><\/h5>\n<h5><a href=\"#GT38\"> GT38 &#8211; Procesos de salud\/enfermedad\/atenci\u00f3n\/cuidados en migrantes y refugiados\/as <\/a><\/h5>\n<h5><a href=\"#GT39\"> GT39 &#8211; Experiencias Interculturales: di\u00e1logos, tensiones y desaf\u00edos en la educaci\u00f3n superior <\/a><\/h5>\n<h5><a href=\"#GT40\"> GT40 &#8211; Sexualidades y parentesco en clave de g\u00e9nero. Politizaciones feministas <\/a><\/h5>\n<h5><a href=\"#GT41\"> GT41 &#8211; Maternidades y maternajes situados: pr\u00e1cticas, representaciones, agencia y poder <\/a><\/h5>\n<h5><a href=\"#GT42\"> GT42 &#8211; Tramas culturales en tensi\u00f3n: gesti\u00f3n del cuerpo y procesos de subjetivaci\u00f3n contempor\u00e1neos <\/a><\/h5>\n<h5><a href=\"#GT43\"> GT43 &#8211; Antropolog\u00eda sobre los deportes y las pr\u00e1cticas del tiempo libre: el qu\u00e9(-)hacer antropol\u00f3gico en cuesti\u00f3n <\/a><\/h5>\n<h5><a href=\"#GT44\"> GT44 &#8211; \u00bfPor qu\u00e9 importa la (historia de la) antropolog\u00eda? Di\u00e1logos entre el pasado y el presente disciplinar <\/a><\/h5>\n<h5><a href=\"#GT45\"> GT45 &#8211; Antropolog\u00eda de la Alimentaci\u00f3n: aportes y debates actuales <\/a><\/h5>\n<h5><a href=\"#GT46\"> GT46 &#8211; Di\u00e1logos entre Arqueolog\u00eda y Antropolog\u00eda Social: tensiones ontol\u00f3gicas, pluralismo epistemol\u00f3gico y transdisciplinariedad <\/a><\/h5>\n<h5><a href=\"#GT47\"> GT47 &#8211; Poder policial: burocracias, pol\u00edticas p\u00fablicas, activismos y militancias. Lenguajes y moralidades de la pol\u00edtica <\/a><\/h5>\n<h5><a href=\"#GT48\"> GT48 &#8211; Pr\u00e1cticas sonoro-musicales, corporalidades y nuevas subjetividades <\/a><\/h5>\n<h5><a href=\"#GT49\"> GT49 &#8211; Por una antropolog\u00eda de las pol\u00edticas p\u00fablicas: perspectivas de an\u00e1lisis y cambios de signo de las pol\u00edticas en la regi\u00f3n <\/a><\/h5>\n<h5><a href=\"#GT50\"> GT50 &#8211; Antropologxs y arqueologxs en proyectos de extensi\u00f3n universitaria y de comunicaci\u00f3n cient\u00edfica. Redes, apropiaciones y tensiones <\/a><\/h5>\n<h5><a href=\"#GT51\"> GT51 &#8211; Antropolog\u00eda, biociencias y tecnolog\u00eda <\/a><\/h5>\n<h5><a href=\"#GT52\"> GT52 &#8211; Proyecciones sociopol\u00edticas del patrimonio en contextos neoliberales <\/a><\/h5>\n<h5><a href=\"#GT53\"> GT53 &#8211; Controversias, v\u00edctimas y activismos: procesos regionales y locales <\/a><\/h5>\n<h5><a href=\"#GT54\"> GT54 &#8211; Estudios y modos de abordar \u201clo pol\u00edtico\u201d en la vida social en el marco de procesos de organizaci\u00f3n y estatalizaci\u00f3n de los sectores subalternos <\/a><\/h5>\n<h5><a href=\"#GT55\"> GT55 &#8211; Miradas antropol\u00f3gicas sobre la ni\u00f1ez <\/a><\/h5>\n<h5><a href=\"#GT56\"> GT56 &#8211; Religi\u00f3n y acci\u00f3n simb\u00f3lica: cuerpos, rituales y sanaciones <\/a><\/h5>\n<h5><a href=\"#GT57\"> GT57 &#8211; Tecnolog\u00edas digitales, subjetividad y producci\u00f3n de conocimiento. Aportes epistemol\u00f3gicos y metodol\u00f3gicos desde la Antropolog\u00eda <\/a><\/h5>\n<h5><a href=\"#GT58\"> GT58 &#8211; Aproximaciones relacionales a la producci\u00f3n sociocultural de las desigualdades en el qu\u00e9-hacer de la antropolog\u00eda <\/a><\/h5>\n<h5><a href=\"#GT59\"> GT59 &#8211; Agencias ind\u00edgenas y pol\u00edticas indigenistas: hacer, des-hacer y re-hacer la(s) pol\u00edtica(s) <\/a><\/h5>\n<h5><a href=\"#GT60\"> GT60 &#8211; Debates y problemas te\u00f3rico-metodol\u00f3gicos en antropolog\u00eda de la salud <\/a><\/h5>\n<h5><a href=\"#GT61\"> GT61 &#8211; Pol\u00edticas p\u00fablicas y pr\u00e1cticas comunitarias en salud mental en Argentina. Debates y aportes al di\u00e1logo de saberes <\/a><\/h5>\n<h5><a href=\"#GT62\"> GT62 &#8211; Debates actuales de la antropolog\u00eda rural: transformaciones territoriales, desigualdades y conflictos <\/a><\/h5>\n<h5><a href=\"#GT63\"> GT63 &#8211; Experiencias interdisciplinarias en el desarrollo e implementaci\u00f3n de pol\u00edticas p\u00fablicas ind\u00edgenas <\/a><\/h5>\n<h5><a href=\"#GT64\"> GT64 &#8211; Antropolog\u00eda de las pr\u00e1cticas art\u00edsticas <\/a><\/h5>\n<h5><a href=\"#GT65\"> GT65 &#8211; Muerte, Imagen y Ritual <\/a><\/h5>\n<h5><a href=\"#GT66\"> GT66 &#8211; Etnograf\u00eda, Educaci\u00f3n y Colaboraci\u00f3n en la Investigaci\u00f3n <\/a><\/h5>\n<h5><a href=\"#GT67\"> GT67 -La Antropolog\u00eda y la historia ind\u00edgena: fuentes y metodolog\u00edas <\/a><\/h5>\n<h5><a href=\"#GT68\"> GT68 &#8211; Abriendo la antropolog\u00eda en Argentina y Am\u00e9rica Latina: actores, ideas y pr\u00e1cticas en circulaci\u00f3n (siglo XIX-XXI) <\/a><\/h5>\n<h5><a href=\"#GT69\"> GT69 &#8211; Antropolog\u00eda Aplicada y Modelos Complejos: expandiendo la frontera metodol\u00f3gica <\/a><\/h5>\n<h5><a href=\"#GT70\"> GT70 &#8211; Antropolog\u00eda Audiovisual <\/a><\/h5>\n<h5><a href=\"#GT71\"> GT71 &#8211; Perspectivas antropol\u00f3gicas en los estudios sobre cultura escrita y mundo impreso <\/a><\/h5>\n<h5><a href=\"#GT72\"> GT72 &#8211; Antropolog\u00eda de las gestiones y de las pr\u00e1cticas de gobierno <\/a><\/h5>\n<h5><a href=\"#GT73\"> GT73 &#8211; La justicia en disputa: administraci\u00f3n de conflictos, tramas locales, activismos sociales y de los Derechos Humanos en contextos de transformaciones sociales y reformas estatales <\/a><\/h5>\n<h5><a href=\"#GT74\"> GT74 &#8211; Antropolog\u00eda de los museos: problemas y desaf\u00edos en la construcci\u00f3n de la alteridad <\/a><\/h5>\n<h5><a href=\"#GT75\"> GT75 &#8211; Experiencias formativas en contextos de desigualdad y diversidad sociocultural <\/a><\/h5>\n<p>&nbsp;<\/p>\n<hr \/>\n<p>&nbsp;<\/p>\n<h4 id=\"GT1\">GT1 &#8211; Antropolog\u00eda y grandes proyectos de Desarrollo: poblaciones afectadas, conflictos sociales y dilemas ambientales<\/h4>\n<p class=\"p1\">Jueves 9 de septiembre, 9 a 12 hs y de 14 a 17 hs.<\/p>\n<p><mark>\u25b6\ufe0e Acceso al <a href=\"https:\/\/us02web.zoom.us\/j\/83735183322?pwd=aG1MbGVWSkJkVHk4aTFnbDcybTY0UT09\">ZOOM<\/a><\/mark><\/p>\n<p><a href=\"#top\"> Subir <\/a><\/p>\n<hr \/>\n<p>&nbsp;<\/p>\n<h4 id=\"GT2\">GT2 &#8211; Teorizar lo emotivo: antropolog\u00eda y emoci\u00f3n en la esfera profesional, institucional y p\u00fablica<\/h4>\n<p class=\"p1\">Jueves 9 de septiembre, 9 a 12 hs y de 14 a 17 hs.<\/p>\n<p><mark>\u25b6\ufe0e Acceso al <a href=\"https:\/\/zoom.us\/j\/99174282704?pwd=cjJKK3h5c2UwVHBjSE5YTFlmTWxIZz09\">ZOOM<\/a><\/mark><\/p>\n<p><a href=\"#top\">Subir <\/a><\/p>\n<hr \/>\n<h3><\/h3>\n<h4 id=\"GT3\">GT3 &#8211;\u00a0 M\u00e9todos y t\u00e9cnicas en antropolog\u00eda de la salud<\/h4>\n<p>Martes 7 de septiembre, 9 a 12hs y 14 a 17 hs.<\/p>\n<p><mark>\u25b6\ufe0e Acceso al <a href=\"https:\/\/meet.google.com\/gtp-nckt-iyb\">MEET<\/a><\/mark><\/p>\n<p><a href=\"#top\">Subir <\/a><\/p>\n<hr \/>\n<p>&nbsp;<\/p>\n<h4 id=\"GT4\">GT4 &#8211; La <i>seguridad<\/i> en la agenda antropol\u00f3gica<\/h4>\n<p>Lunes 6 de septiembre, 9 a 12hs y 14 a 17 hs.<\/p>\n<p><mark>\u25b6\ufe0e Acceso al <a href=\"https:\/\/meet.google.com\/ezk-ymhi-dgj\">MEET<\/a><\/mark><\/p>\n<p><a href=\"#top\">Subir <\/a><\/p>\n<hr \/>\n<p>&nbsp;<\/p>\n<h4 id=\"GT5\">GT5 &#8211; Antropolog\u00eda de la muerte: dilemas de un campo en expansi\u00f3n<\/h4>\n<p>Mi\u00e9rcoles 8 de septiembre, 9 a 12 hs y 14 a 17 hs.<\/p>\n<p>Jueves 9 de septiembre, 9 a 12 hs y 14 a 17 hs.<\/p>\n<p><mark>\u25b6\ufe0e Acceso al <a href=\"https:\/\/meet.google.com\/qvx-xegn-knt\">MEET<\/a><\/mark><\/p>\n<p><a href=\"#top\">Subir <\/a><\/p>\n<hr \/>\n<p>&nbsp;<\/p>\n<h4 id=\"GT6\">GT6 &#8211; Antropolog\u00eda del desarrollo y cuesti\u00f3n ambiental: sentidos, pr\u00e1cticas y territorios en disputa<\/h4>\n<p>Lunes 6 de septiembre, 9 a 12 hs y 14 a 17 hs. <mark>\u25b6\ufe0e Acceso al <a href=\"https:\/\/zoom.us\/j\/95597708578?pwd=SmRwSzJHYmUwbkY0eFR6Um55RWd- 6QT09\">ZOOM<\/a><\/mark><\/p>\n<p class=\"p1\">Martes 7 de septiembre, 9 a 12 hs y 14 a 17 hs. <mark>\u25b6\ufe0e Acceso al <a href=\"https:\/\/zoom.us\/j\/95597708578?pwd=SmRwSzJHYmUwbkY0eFR6Um55RWd- 6QT09\">ZOOM<\/a><\/mark><\/p>\n<p class=\"p1\">Mi\u00e9rcoles 8 de septiembre, 9 a 12 hs y 14 a 17 hs.\u00a0<mark>\u25b6\ufe0e Acceso al <a href=\"https:\/\/us02web.zoom.us\/j\/83732481279\">ZOOM<\/a><\/mark><\/p>\n<p><a href=\"#top\">Subir <\/a><\/p>\n<hr \/>\n<p>&nbsp;<\/p>\n<h4 id=\"GT7\">GT7 &#8211; Ind\u00edgenas en la ciudad: procesos de organizaci\u00f3n etnopol\u00edtica y participaci\u00f3n estatal en el marco de una antropolog\u00eda colaborativa<\/h4>\n<p class=\"p1\">Jueves 9 de septiembre, 9 a 12 hs y 14 a 17 hs.<\/p>\n<p class=\"p1\">Viernes 10 de septiembre de 9 a 12 hs.<\/p>\n<p><mark>\u25b6\ufe0e Acceso al <a href=\"https:\/\/teams.microsoft.com\/l\/meetup-join\/19%3ameeting_MjhiOTEyMzktYzI5Ni00N2QyLThmMjUtMmM3ZDdhNjY1ZmM5%40thread.v2\/0?context=%7b%22Tid%22%3a%22e13f1e52-6e32-4972-82ca-697420ee3c98%22%2c%22Oid%22%3a%22057ba473-3bba-498e-91d0-c0ce5344551b%22%7d\">MICROSOFT TEAMS<\/a><\/mark><\/p>\n<p><a href=\"#top\">Subir <\/a><\/p>\n<hr \/>\n<p>&nbsp;<\/p>\n<h4 id=\"GT8\">GT8 &#8211; Cultura y envejecimiento. El qu\u00e9-hacer antropol\u00f3gico y gerontol\u00f3gico en el abordaje de las trayectorias vitales<\/h4>\n<p class=\"p1\">Mi\u00e9rcoles 8 de septiembre, 9 a 12 hs.<\/p>\n<p class=\"p1\">Jueves 9 de septiembre, 9 a 12 hs.<\/p>\n<p><mark>\u25b6\ufe0e Acceso al <a href=\"https:\/\/us02web.zoom.us\/j\/86789787881?pwd=dTErSjd5SUJha1RxRFcyK1NUaUZIZz09\">ZOOM<\/a><\/mark><\/p>\n<p><a href=\"#top\">Subir <\/a><\/p>\n<hr \/>\n<p>&nbsp;<\/p>\n<h4 id=\"GT9\">GT9 &#8211; Lo Urbano en sus L\u00edmites: Antropolog\u00eda de las Ciudades Medianas y Peque\u00f1as<\/h4>\n<p class=\"p1\">Jueves 9 de septiembre, 9 a 12 hs y 14 a 17 hs.<\/p>\n<p class=\"p1\">Viernes 10 de septiembre de 9 a 12 hs.<\/p>\n<p><mark>\u25b6\ufe0e Acceso al <a href=\"https:\/\/meet.google.com\/inq-uyuy-hez\">MEET<\/a><\/mark><\/p>\n<p><a href=\"#top\">Subir <\/a><\/p>\n<hr \/>\n<p>&nbsp;<\/p>\n<h4 id=\"GT10\">GT10 &#8211; Etnograf\u00edas en contextos de encierro. Herramientas antropol\u00f3gicas para pensar las c\u00e1rceles<\/h4>\n<p class=\"p1\">Martes 7 de septiembre, 9 a 12 hs y 14 a 17 hs.<\/p>\n<p>Mi\u00e9rcoles 8 de septiembre, 9 a 12 hs.<\/p>\n<p><mark>\u25b6\ufe0e Acceso al <a href=\"http:\/\/meet.google.com\/mbh-cyjk-ihq\">MEET<\/a><\/mark><\/p>\n<p><a href=\"#top\">Subir <\/a><\/p>\n<hr \/>\n<p>&nbsp;<\/p>\n<h4 id=\"GT11\">GT11 -Estado, pol\u00edticas p\u00fablicas y cultura: Agendas institucionales y sus desaf\u00edos actuales<\/h4>\n<p class=\"p1\">Martes 7 de septiembre, 9 a 12 hs y 14 a 17 hs.<\/p>\n<p class=\"p1\">Mi\u00e9rcoles 8 de septiembre, 9 a 12 hs y 14 a 17 hs.<\/p>\n<p><mark>\u25b6\ufe0e Acceso al <a href=\"https:\/\/meet.google.com\/gph-ydck-fcq\">MEET<\/a><\/mark><\/p>\n<p><a href=\"#top\">Subir <\/a><\/p>\n<hr \/>\n<p>&nbsp;<\/p>\n<h4 id=\"GT12\">GT12 &#8211; Antropolog\u00eda y comunicaci\u00f3n: abordajes interdisciplinarios sobre lazos sociales.<\/h4>\n<p>Martes 7 de septiembre, 9 a 12 hs.<\/p>\n<p><mark>\u25b6\ufe0e Acceso al <a href=\"https:\/\/meet.google.com\/jzd-tsgi-yxc\">MEET<\/a><\/mark><\/p>\n<p><a href=\"#top\">Subir <\/a><\/p>\n<hr \/>\n<p>&nbsp;<\/p>\n<h4 id=\"GT13\">GT13 &#8211; \u00bfQu\u00e9 o qui\u00e9n es un no-humano para los debates antropol\u00f3gicos contempor\u00e1neos?<\/h4>\n<p class=\"p1\">Mi\u00e9rcoles 8 de septiembre, 14 a 17 hs.<\/p>\n<p class=\"p1\">Jueves 9 de septiembre, 14 a 17 hs.<\/p>\n<p class=\"p1\">Viernes 10 de septiembre de 14 a 17 hs<span class=\"s1\">.<\/span><\/p>\n<p><mark>\u25b6\ufe0e Acceso al <a href=\"https:\/\/meet.google.com\/pwv-awft-aoo\">MEET<\/a><\/mark><\/p>\n<p><a href=\"#top\">Subir <\/a><\/p>\n<hr \/>\n<p>&nbsp;<\/p>\n<h4 id=\"GT14\">GT14 &#8211; La antropolog\u00eda de la ciencia y el \u201cgiro colaborativo\u201d inter\/transdiciplinario<\/h4>\n<p class=\"p1\">Mi\u00e9rcoles 8 de septiembre, 9 a 12 hs y 14 a 17 hs.<\/p>\n<p class=\"p1\">Jueves 9 de septiembre, 9 a 12 hs.<\/p>\n<p><mark>\u25b6\ufe0e Acceso al <a href=\"https:\/\/zoom.us\/j\/96022509022?pwd=K2xPbGZYWTRvSnNabkFyWUNpN1A1Zz09\">ZOOM<\/a><\/mark><\/p>\n<p><a href=\"#top\">Subir <\/a><\/p>\n<hr \/>\n<h4><\/h4>\n<h4 id=\"GT15\">GT15 &#8211; Antropolog\u00edas latinoamericanas del trabajo: problemas, enfoques y perspectivas<\/h4>\n<p class=\"p1\">Lunes 6 de septiembre, 9 a 12 hs y 14 a 17 hs.<\/p>\n<p class=\"p1\">Martes 7 de septiembre, 9 a 12 hs y 14 a 17 hs.<\/p>\n<p class=\"p1\">Mi\u00e9rcoles 8 de septiembre, 9 a 12 hs y 14 a 17 hs.<\/p>\n<p><mark>\u25b6\ufe0e Acceso al <a href=\"https:\/\/meet.google.com\/ied-nkjp-doe\">MEET<\/a><\/mark><\/p>\n<p><a href=\"#top\">Subir <\/a><\/p>\n<hr \/>\n<p>&nbsp;<\/p>\n<h4 id=\"GT16\">GT16 &#8211; La cultura como coartada: pr\u00e1cticas hegem\u00f3nicas y subalternas en las ciudades contempor\u00e1neas<\/h4>\n<p class=\"p3\">Viernes 10 de septiembre, 9 a 12 hs y 14 a 17 hs.<\/p>\n<p><mark>\u25b6\ufe0e Acceso al <a href=\"https:\/\/meet.google.com\/jfa-urhiuza\">MEET<\/a><\/mark><\/p>\n<p><a href=\"#top\">Subir <\/a><\/p>\n<hr \/>\n<p>&nbsp;<\/p>\n<h4 id=\"GT17\">GT17 -Antropolog\u00eda de las t\u00e9cnicas y el saber hacer: materiales, m\u00e1quinas, organismos y procesos de conocimiento<\/h4>\n<p class=\"p1\">Lunes 6 de septiembre, 9 a 12 hs y 14 a 17 hs.<\/p>\n<p class=\"p1\">Martes 7 de septiembre, 9 a 12 hs y 14 a 17 hs.<\/p>\n<p class=\"p1\">Mi\u00e9rcoles 8 de septiembre, 9 a 12 hs y 14 a 17 hs<\/p>\n<p><mark>\u25b6\ufe0e Acceso al <a href=\"https:\/\/zoom.us\/j\/98092944011?pwd=VCtpVERPbFY1UGFjYzVwdEc4Ymdodz09\">ZOOM<\/a><\/mark><\/p>\n<p><a href=\"#top\">Subir <\/a><\/p>\n<hr \/>\n<p>&nbsp;<\/p>\n<h4 id=\"GT18\">GT18 &#8211; Antropolog\u00eda de las intervenciones estatales y judiciales en el campo de la infancia, la familia y el parentesco: burocracias, derechos y activismo<\/h4>\n<p class=\"p1\">Mi\u00e9rcoles 8 de septiembre, 9 a 12 hs y 14 a 17 hs.<\/p>\n<p class=\"p1\">Jueves 9 de septiembre, 9 a 12 hs y 14 a 17 hs.<\/p>\n<p><mark>\u25b6\ufe0e Acceso al <a href=\"https:\/\/meet.google.com\/wkg-pryo-vmb\">MEET<\/a><\/mark><\/p>\n<p><a href=\"#top\">Subir <\/a><\/p>\n<hr \/>\n<p>&nbsp;<\/p>\n<h4 id=\"GT19\">GT19 &#8211; Antropolog\u00eda y Educaci\u00f3n<\/h4>\n<p class=\"p1\">Lunes 6 de septiembre, 9 a 12 hs y 14 a 17 hs.<\/p>\n<p class=\"p1\">Martes 7 de septiembre, 9 a 12 hs y 14 a 17 hs.<\/p>\n<p class=\"p1\">Mi\u00e9rcoles 8 de septiembre, 9 a 12 hs y 14 a 17 hs.<\/p>\n<p><mark>\u25b6\ufe0e Acceso al <a href=\"https:\/\/meet.google.com\/ynf-nqpn-pzr\">MEET<\/a><\/mark><\/p>\n<p><a href=\"#top\">Subir <\/a><\/p>\n<hr \/>\n<p>&nbsp;<\/p>\n<h4 id=\"GT20\">GT20 &#8211; Antropolog\u00eda, memoria y performance. Un debate en torno a la educaci\u00f3n,\u00a0 las producciones est\u00e9ticas,\u00a0 y los derechos humanos<\/h4>\n<p class=\"p1\">Jueves 9 de septiembre, 14 a 17 hs.<\/p>\n<p><mark>\u25b6\ufe0e Acceso al <a href=\"https:\/\/us04web.zoom.us\/j\/4500100892?pwd=eVVIS01zYUJlazNqZWwvMGhXUjcxdz09\">ZOOM<\/a><\/mark><\/p>\n<p>C\u00f3digo de acceso: GT20<\/p>\n<p><a href=\"#top\">Subir <\/a><\/p>\n<hr \/>\n<p>&nbsp;<\/p>\n<h4 id=\"GT21\">GT21 &#8211; Ruralidades en transformaci\u00f3n en el marco del capitalismo global: Trabajo, pol\u00edticas p\u00fablicas, medio ambiente, mercados y alimentaci\u00f3n<\/h4>\n<p class=\"p1\">Lunes 6 de septiembre, 9 a 12 hs y de 14 a 17 hs.<\/p>\n<p class=\"p1\">Martes 7 de septiembre 9 a 12 hs y Tarde 14 a 17 hs.<\/p>\n<p class=\"p1\">Mi\u00e9rcoles 8 de septiembre 9 a 12 hs y Tarde 14 a 17 hs.<\/p>\n<p><mark>\u25b6\ufe0e Acceso al <a href=\"http:\/\/meet.google.com\/zks-kjqv-iao\">MEET<\/a><\/mark><\/p>\n<p><a href=\"#top\">Subir <\/a><\/p>\n<hr \/>\n<p>&nbsp;<\/p>\n<h4 id=\"GT22\">GT22 -Antropolog\u00eda pol\u00edtica de la sexualidad: procesos organizativos y pol\u00edticas p\u00fablicas en debate<\/h4>\n<p class=\"p1\">Jueves 9 de septiembre, 9 a 12 hs.<\/p>\n<p class=\"p1\">Viernes 10 de septiembre, 9 a 12 hs y de 14 a 17 hs.<\/p>\n<p class=\"p1\"><mark>\u25b6\ufe0e Acceso al <a href=\"https:\/\/teams.microsoft.com\/l\/meetup-join\/19%3ameeting_MGU0YWY2OTMtYjJjMS00NjBhLTkwNDctMDM0OWI1MjQ3NTJk%40thread.v2\/0?context=%7b%22Tid%22%3a%22e13f1e52-6e32-4972-82ca-697420ee3c98%22%2c%22Oid%22%3a%2210ba7b73-d534-4093-9595-b9cbd708c49b%22%7d\">MICROSOFT TEAMS<\/a><\/mark><\/p>\n<p><a href=\"#top\">Subir <\/a><\/p>\n<hr \/>\n<h4><\/h4>\n<h4 id=\"GT23\">GT23 &#8211; Patrimonio Cultural y Pueblos Ind\u00edgenas: pr\u00e1cticas, representaciones y luchas en Am\u00e9rica Latina<\/h4>\n<p class=\"p1\">Lunes 6 de septiembre, 9 a 12 hs y 14 a 17 hs.<\/p>\n<p class=\"p1\"><mark>\u25b6\ufe0e Acceso al <a href=\"https:\/\/meet.google.com\/wdd-judk-pyy\">MEET<\/a><\/mark><\/p>\n<p><a href=\"#top\">Subir <\/a><\/p>\n<hr \/>\n<p>&nbsp;<\/p>\n<h4 id=\"GT24\">GT24 &#8211; Abordajes antropol\u00f3gicos sobre la ciudad y lo urbano<\/h4>\n<p class=\"p1\">Lunes 6 de septiembre, 9 a 12 hs. y 14 a 17 hs.<\/p>\n<p class=\"p1\">Martes 7 de septiembre, 9 a 12 hs. y 14 a 17 hs.<\/p>\n<p class=\"p1\">Mi\u00e9rcoles 8 de septiembre, 9 a 13 hs.<\/p>\n<p class=\"p1\"><mark>\u25b6\ufe0e Acceso al <a href=\"https:\/\/us02web.zoom.us\/j\/82966754996?pwd=dG10SS9lYkV3TEZYYzd0SHE3d- 0gwZz09\">ZOOM<\/a><\/mark><\/p>\n<p class=\"p2\">ID de reuni\u00f3n: 829 6675 4996 \u239f\u00a0 C\u00f3digo de acceso: 157690<\/p>\n<p><a href=\"#top\">Subir <\/a><\/p>\n<hr \/>\n<p>&nbsp;<\/p>\n<h4 id=\"GT25\">GT25 &#8211; <b>La expansi\u00f3n global de China: nuevos encuentros, actores y escenarios<\/b><\/h4>\n<p class=\"p1\">Viernes 10 de septiembre, 9 a 12 hs. y de 14 a 17 hs.<\/p>\n<p><mark>\u25b6\ufe0e Acceso al <a href=\"https:\/\/meet.google.com\/ktr-hgkz-xok\">MEET<\/a><\/mark><\/p>\n<p><a href=\"#top\">Subir <\/a><\/p>\n<hr \/>\n<p>&nbsp;<\/p>\n<h4 id=\"GT26\">GT26 &#8211; Pol\u00edticas y espacios de la memoria: tramas institucionales, saberes y militancias en torno al pasado reciente<\/h4>\n<p class=\"p1\">Mi\u00e9rcoles 8 de septiembre, 9 a 12 hs y 14 a 17 hs.<\/p>\n<p class=\"p1\">Jueves 9 de septiembre, 9 a 12 hs y 14 a 17 hs.<\/p>\n<p class=\"p1\">Viernes 10 de septiembre de 14 a 17 hs.<\/p>\n<p><mark>\u25b6\ufe0e Acceso al <a href=\"https:\/\/rec-uba.webex.com\/rec-uba-sp\/j.php?MTID=m101e60223d2028c88307940ec81e75e2\">WEBEX<\/a><\/mark><\/p>\n<p><a href=\"#top\">Subir <\/a><\/p>\n<hr \/>\n<p>&nbsp;<\/p>\n<h4 id=\"GT27\">GT27 &#8211; Pol\u00edticas P\u00fablicas en Educaci\u00f3n<\/h4>\n<p class=\"p1\">Lunes 6 de septiembre, 9 a 12 hs. y 14 a 17 hs.<\/p>\n<p><mark>\u25b6\ufe0e Acceso al <a href=\"https:\/\/meet.google.com\/njv-kdmt-mer\">MEET<\/a><\/mark><\/p>\n<p><a href=\"#top\">Subir <\/a><\/p>\n<hr \/>\n<p>&nbsp;<\/p>\n<h4 id=\"GT28\">GT28 &#8211; Agro-negocio y conflictividad social: vida cotidiana y procesos pol\u00edticos colectivos en torno a problem\u00e1ticas ambientales vinculadas al modelo productivo agropecuario<\/h4>\n<p class=\"p1\">Mi\u00e9rcoles 8 de septiembre, 9 a 12 hs y 14 a 17 hs.<\/p>\n<p><mark>\u25b6\ufe0e Acceso al <a href=\"https:\/\/meet.google.com\/jth-kcyb-bgu\">MEET<\/a><\/mark><\/p>\n<p><a href=\"#top\">Subir <\/a><\/p>\n<hr \/>\n<h4><\/h4>\n<h4 id=\"GT29\">GT29 -Antropolog\u00eda de las migraciones internacionales contempor\u00e1neas en Am\u00e9rica Latina<\/h4>\n<p class=\"p3\">Lunes 6 de septiembre, 9 a 12 hs. y 14 a 17 hs.<\/p>\n<p class=\"p3\">Martes 7 de septiembre, 9 a 12 hs y 14 a 17 hs.<\/p>\n<p><mark>\u25b6\ufe0e Acceso al <a href=\"https:\/\/meet.google.com\/eze-kfhr-fep\">MEET<\/a><\/mark><\/p>\n<p><a href=\"#top\">Subir <\/a><\/p>\n<hr \/>\n<p>&nbsp;<\/p>\n<h4 id=\"GT30\">GT30 &#8211; Las relaciones sociedad naturalezas en la antropolog\u00eda actual: controversias epistemol\u00f3gicas y di\u00e1logos pol\u00edticos<\/h4>\n<p class=\"p3\">Martes 7 de septiembre, 9 a 12 hs y 14 a 17 hs.<\/p>\n<p><mark>\u25b6\ufe0e Acceso al <a href=\"https:\/\/meet.google.com\/wep-xdgj-mvi\">MEET<\/a><\/mark><\/p>\n<p><a href=\"#top\">Subir <\/a><\/p>\n<hr \/>\n<p>&nbsp;<\/p>\n<h4 id=\"GT31\">GT31 -Pol\u00edticas p\u00fablicas y conflictos: construcciones de alteridad, dispositivos de marcaci\u00f3n espacial y\u00a0 disputas territoriales<\/h4>\n<p class=\"p3\">Lunes 6 de septiembre, 9 a 12 hs. y 14 a 17 hs.<\/p>\n<p class=\"p3\">Martes 7 de septiembre, 9 a 12 hs. y 14 a 17 hs.<\/p>\n<p class=\"p1\">Bloque 1 y 2: <span class=\"s1\"><mark>\u25b6\ufe0e Acceso al <a href=\"http:\/\/meet.google.com\/jtm-cnwr-web\">MEET<\/a><\/mark>\u00a0<\/span><\/p>\n<p class=\"p2\"><span class=\"s1\">Bloque 3, 4 y 5:\u00a0 <mark>\u25b6\ufe0e Acceso al <a href=\"https:\/\/meet.google.com\/qqn-pjbx-mbo\">MEET<\/a><\/mark>\u00a0<\/span><\/p>\n<p><a href=\"#top\">Subir <\/a><\/p>\n<hr \/>\n<p>&nbsp;<\/p>\n<h4 id=\"GT32\">GT32 &#8211; Antropolog\u00eda del gusto: pr\u00e1cticas, circuitos y consumos culturales<\/h4>\n<p class=\"p3\">Lunes 6 de septiembre, 9 a 12 hs.<\/p>\n<p class=\"p3\">Martes 7 de septiembre, 9 a 12 hs.<\/p>\n<p><span class=\"s1\"><mark>\u25b6\ufe0e Acceso al <a href=\"https:\/\/meet.google.com\/nth-ueun-dyd\">MEET<\/a><\/mark>\u00a0<\/span><\/p>\n<p><a href=\"#top\">Subir <\/a><\/p>\n<hr \/>\n<p>&nbsp;<\/p>\n<h4 id=\"GT33\">GT33 &#8211; Antropolog\u00eda de y desde los cuerpos<\/h4>\n<p class=\"p3\">Mi\u00e9rcoles 8 de septiembre, 9 a 12 hs. y 14 a 17 hs.<\/p>\n<p class=\"p3\">Jueves 9 de septiembre, 9 a 12 hs. y 14 a 17 hs.<\/p>\n<p class=\"p1\"><span class=\"s1\"><mark>\u25b6\ufe0e Acceso al <a href=\"https:\/\/meet.google.com\/dwk-natf-vom\">MEET<\/a><\/mark> \u00a0<\/span><\/p>\n<p><a href=\"#top\">Subir <\/a><\/p>\n<hr \/>\n<p>&nbsp;<\/p>\n<h4 id=\"GT34\">GT34 &#8211; Migraci\u00f3n y educaci\u00f3n: experiencias formativas, identificaciones y relaciones generacionales en contextos de movilidad<\/h4>\n<p class=\"p1\">Martes 7 de septiembre, 9 a 12 hs. y 14 a 17 hs.<\/p>\n<p class=\"p1\">Mi\u00e9rcoles 8 de septiembre, 9 a 12 hs. y 14 a 17 hs.<\/p>\n<p class=\"p1\">Jueves 9 de septiembre, 9 a 12 hs. y 14 a 17 hs.<\/p>\n<p class=\"p1\"><mark>\u25b6\ufe0e Acceso al <a href=\"https:\/\/us02web.zoom.us\/j\/5184108257?pwd=TWptZ1ZlRy9raHhnUmdBNXNKM1pVQT09\">ZOOM<\/a><\/mark><\/p>\n<p class=\"p2\">ID de reuni\u00f3n: 518 410 8257 \u239f\u00a0 C\u00f3digo de acceso: 347381<\/p>\n<p><a href=\"#top\">Subir <\/a><\/p>\n<hr \/>\n<p>&nbsp;<\/p>\n<h4 id=\"GT35\">GT35 &#8211; Etnograf\u00eda de la comunicaci\u00f3n: procesos medi\u00e1ticos y no medi\u00e1ticos<\/h4>\n<p class=\"p1\">Lunes 6 de septiembre, 9 a 12 hs.<\/p>\n<p class=\"p1\">Martes 7 de septiembre, 9 a 12 hs.<\/p>\n<p class=\"p1\">Mi\u00e9rcoles 8 de septiembre, 9 a 12 hs.<\/p>\n<p><span class=\"s1\"><mark>\u25b6\ufe0e Acceso al <a href=\"https:\/\/meet.google.com\/izm-miaz-pyv?hs=224\">MEET<\/a><\/mark> \u00a0<\/span><\/p>\n<p><a href=\"#top\">Subir <\/a><\/p>\n<hr \/>\n<p>&nbsp;<\/p>\n<h4 id=\"GT36\">GT36 &#8211; Religi\u00f3n y cultura en la Argentina contempor\u00e1nea: aportes te\u00f3ricos y etnogr\u00e1ficos<\/h4>\n<p class=\"p3\">Lunes 6 de septiembre, 9 a 12 hs.y 14 a 17 hs.<\/p>\n<p class=\"p3\">Martes 7 de septiembre, 9 a 12 hs. y 14 a 17 hs.<\/p>\n<p class=\"p3\">Mi\u00e9rcoles 8 de septiembre, 9 a 12 hs.<\/p>\n<p><span class=\"s1\"><mark>\u25b6\ufe0e Acceso al <a href=\"https:\/\/meet.google.com\/ogi-myqb-vmd\">MEET<\/a><\/mark> \u00a0<\/span><\/p>\n<p><a href=\"#top\">Subir <\/a><\/p>\n<hr \/>\n<p>&nbsp;<\/p>\n<p class=\"p1\"><strong>GT 37: La pol\u00edtica como proceso vivo: creatividad social e imaginaci\u00f3n antropol\u00f3gica en el an\u00e1lisis de la pol\u00edtica colectiva y la (re)producci\u00f3n de la vida.<\/strong><\/p>\n<p class=\"p3\">Lunes 6 de septiembre, 9 a 12 hs. y 14 a 17 hs.<\/p>\n<p class=\"p3\">Martes 7 de septiembre, 9 a 12 hs.y 14 a 17 hs.<\/p>\n<p><span class=\"s1\"><mark>\u25b6\ufe0e Acceso al <a href=\"http:\/\/meet.google.com\/cwv-rxuy-nso\">MEET<\/a><\/mark> \u00a0<\/span><\/p>\n<p><a href=\"#top\">Subir <\/a><\/p>\n<hr \/>\n<p>&nbsp;<\/p>\n<h4 id=\"GT38\">GT38 &#8211; Procesos de salud\/enfermedad\/atenci\u00f3n\/cuidados en migrantes y refugiados\/as<\/h4>\n<p class=\"p1\">Jueves 9 de septiembre, 9 a 12hs. y 14 a 17 hs.<\/p>\n<p class=\"p1\"><mark>\u25b6\ufe0e Acceso al <a href=\"https:\/\/conicet-gov-ar.zoom.us\/j\/87893010245?pwd=cEVab1Q1R3d0cWZi-L083aWRYWjUyQT09\">ZOOM<\/a><\/mark><\/p>\n<p class=\"p2\">ID de reuni\u00f3n: 878 9301 0245 \u239f\u00a0 C\u00f3digo de acceso: 808318<\/p>\n<p><a href=\"#top\">Subir <\/a><\/p>\n<hr \/>\n<p>&nbsp;<\/p>\n<h4 id=\"GT39\">GT39 &#8211; Experiencias interculturales: di\u00e1logos, tensiones y desaf\u00edos en la educaci\u00f3n superior<\/h4>\n<p class=\"p1\">Mi\u00e9rcoles 8 de septiembre, 9 a 12 hs. y 14 a 17 hs.<\/p>\n<p><span class=\"s1\"><mark>\u25b6\ufe0e Acceso al <a href=\"https:\/\/meet.google.com\/fuc-hmrk-aab\">MEET<\/a><\/mark> \u00a0<\/span><\/p>\n<p><a href=\"#top\">Subir <\/a><\/p>\n<hr \/>\n<p>&nbsp;<\/p>\n<h4 id=\"GT40\">GT40 &#8211; Sexualidades y parentesco en clave de g\u00e9nero. Politizaciones feministas<\/h4>\n<p class=\"p1\">Mi\u00e9rcoles 8 de septiembre de 9 a 12 hs.<\/p>\n<p><span class=\"s1\"><mark>\u25b6\ufe0e Acceso al <a href=\"https:\/\/meet.google.com\/oav-hcbs-igb\">MEET<\/a><\/mark> \u00a0<\/span><\/p>\n<p><a href=\"#top\">Subir <\/a><\/p>\n<hr \/>\n<h4><\/h4>\n<h4 id=\"GT41\">GT41 &#8211; Maternidades y maternajes situados: pr\u00e1cticas, representaciones, agencia y poder<\/h4>\n<p class=\"p3\">Lunes 6 de septiembre de 9 a 12 hs y de 14 a 17 hs.<\/p>\n<p><span class=\"s1\"><mark>\u25b6\ufe0e Acceso al <a href=\"https:\/\/meet.google.com\/gok-ocnb-qyk\">MEET<\/a><\/mark> \u00a0<\/span><\/p>\n<p><a href=\"#top\">Subir <\/a><\/p>\n<hr \/>\n<p>&nbsp;<\/p>\n<h4 id=\"GT42\">GT42 &#8211; Tramas culturales en tensi\u00f3n: gesti\u00f3n del cuerpo y procesos de subjetivaci\u00f3n contempor\u00e1neos<\/h4>\n<p class=\"p1\">Mi\u00e9rcoles 8 de septiembre de 9 a 12 hs y de 14 a 17 hs.<\/p>\n<p><span class=\"s1\"><mark>\u25b6\ufe0e Acceso al <a href=\"http:\/\/meet.google.com\/bkr-emcu-tzd\">MEET<\/a><\/mark> \u00a0<\/span><\/p>\n<p><a href=\"#top\">Subir <\/a><\/p>\n<hr \/>\n<p>&nbsp;<\/p>\n<h4 id=\"GT43\">GT43 &#8211; Antropolog\u00eda sobre los deportes y las pr\u00e1cticas del tiempo libre: el qu\u00e9(-)hacer antropol\u00f3gico en cuesti\u00f3n<\/h4>\n<p class=\"p3\">Jueves 9 de septiembre de 9 a 12 hs y de 14 a 17 hs.<\/p>\n<p class=\"p3\">Viernes 10 de septiembre de 9 a 12 hs.<\/p>\n<p><span class=\"s1\"><mark>\u25b6\ufe0e Acceso al <a href=\"https:\/\/meet.google.com\/dkw-uqsu-iin\">MEET<\/a><\/mark> \u00a0<\/span><\/p>\n<p><a href=\"#top\">Subir <\/a><\/p>\n<hr \/>\n<p>&nbsp;<\/p>\n<h4 id=\"GT44\">GT44 &#8211; \u00bfPor qu\u00e9 importa la (historia de la) antropolog\u00eda? Di\u00e1logos entre el pasado y el presente disciplinar.<\/h4>\n<p class=\"p1\">Lunes 6 de septiembre, 9 a 12 hs.<\/p>\n<p><span class=\"s1\"><mark>\u25b6\ufe0e Acceso al <a href=\"https:\/\/meet.google.com\/qgh-wdhb-ded\">MEET<\/a><\/mark> \u00a0<\/span><\/p>\n<p><a href=\"#top\">Subir <\/a><\/p>\n<hr \/>\n<p>&nbsp;<\/p>\n<h4 id=\"GT45\">GT45 &#8211; Antropolog\u00eda de la Alimentaci\u00f3n: aportes y debates actuales.<\/h4>\n<p class=\"p3\">Mi\u00e9rcoles 8 de septiembre, 9 a 12 hs y de 14 a 17 hs.<\/p>\n<p><span class=\"s1\"><mark>\u25b6\ufe0e Acceso al <a href=\"https:\/\/meet.jit.si\/gt4512caas\">JITSI<\/a><\/mark> \u00a0<\/span><\/p>\n<p><a href=\"#top\">Subir <\/a><\/p>\n<hr \/>\n<p>&nbsp;<\/p>\n<h4 id=\"GT46\">GT46 &#8211; Di\u00e1logos entre Arqueolog\u00eda y Antropolog\u00eda Social: tensiones ontol\u00f3gicas, pluralismo epistemol\u00f3gico y transdisciplinariedad<\/h4>\n<p class=\"p1\">Jueves 9 de septiembre, 9 a 12 hs y de 14 a 17 hs.<\/p>\n<p><span class=\"s1\"><mark>\u25b6\ufe0e Acceso al <a href=\"https:\/\/us02web.zoom.us\/j\/85922790126?pwd=R2NLcVY4WDJUM2oxUGd-4V2hwOVRQUT09\">ZOOM<\/a><\/mark> \u00a0<\/span><\/p>\n<p><a href=\"#top\">Subir <\/a><\/p>\n<hr \/>\n<h4><\/h4>\n<h4 id=\"GT47\">GT47 &#8211; Poder policial: burocracias, pol\u00edticas p\u00fablicas, activismos y militancias. Lenguajes y moralidades de la pol\u00edtica<\/h4>\n<p class=\"p1\">Martes 7 de septiembre, 9 a 12 hs.<\/p>\n<p class=\"p1\">Mi\u00e9rcoles 8 de septiembre, 9 a 12 hs.<\/p>\n<p class=\"p1\">Jueves 9 de septiembre, 9 a 12 hs.<\/p>\n<p class=\"p1\"><mark>\u25b6\ufe0e Acceso al <a href=\"https:\/\/us02web.zoom.us\/j\/84302969067?pwd=UGpCR09iNm5vZ2hTYl-Mzemk0cW9nZz09\">ZOOM<\/a><\/mark><\/p>\n<p class=\"p2\">ID de reuni\u00f3n: 843 0296 9067 \u239f\u00a0 C\u00f3digo de acceso: 350336<\/p>\n<p><a href=\"#top\">Subir <\/a><\/p>\n<hr \/>\n<p>&nbsp;<\/p>\n<h4 id=\"GT48\">GT48 &#8211; <b>Pr\u00e1cticas sonoro-musicales, corporalidades y nuevas subjetividades<\/b><\/h4>\n<p class=\"p3\">Jueves 9 de septiembre, 9 a 12 hs y de 14 a 17 hs.<\/p>\n<p><span class=\"s1\"><mark>\u25b6\ufe0e Acceso al <a href=\"http:\/\/meet.google.com\/qaz-jrcj-bdb\">MEET<\/a><\/mark> \u00a0<\/span><\/p>\n<p><a href=\"#top\">Subir <\/a><\/p>\n<hr \/>\n<p>&nbsp;<\/p>\n<h4 id=\"GT49\">GT49 &#8211; <b>Por una antropolog\u00eda de las pol\u00edticas p\u00fablicas: perspectivas de an\u00e1lisis y cambios de signo de las pol\u00edticas en la regi\u00f3n<\/b><\/h4>\n<p class=\"p3\">Martes 7 de septiembre, 9 a 13 hs y de 14,30 a 17 hs.<\/p>\n<p class=\"p3\">Jueves 9 de septiembre, 9 a 13 hs.<\/p>\n<p><span class=\"s1\"><mark>\u25b6\ufe0e Acceso al <a href=\"https:\/\/meet.google.com\/ani-apmq-qeh\">MEET<\/a><\/mark> \u00a0<\/span><\/p>\n<p><a href=\"#top\">Subir <\/a><\/p>\n<hr \/>\n<p>&nbsp;<\/p>\n<h4 id=\"GT50\">GT50 &#8211; <b>Antropologxs y arqueologxs en proyectos de extensi\u00f3n universitaria y de comunicaci\u00f3n cient\u00edfica. Redes, apropiaciones\u00a0 y tensiones<\/b><\/h4>\n<p class=\"p1\">Jueves 9 de septiembre, 9 a 12 hs y de 14 a 17 hs.<\/p>\n<p class=\"p1\">Viernes 10 de septiembre de 9 a 12 hs y de 14 a 17 hs.<\/p>\n<p class=\"p1\"><mark>\u25b6\ufe0e Acceso al <a href=\"https:\/\/us02web.zoom.us\/j\/81144301405?pwd=NTdBZk1vZDkyWmhNRDk4VG-9nZmdEdz09\">ZOOM<\/a><\/mark><\/p>\n<p class=\"p2\">ID de reuni\u00f3n: 811 4430 1405 \u239f\u00a0 C\u00f3digo de acceso: 550645<\/p>\n<p><a href=\"#top\">Subir <\/a><\/p>\n<hr \/>\n<p>&nbsp;<\/p>\n<h4 id=\"GT51\">GT51 &#8211; <b>Antropolog\u00eda, biociencias y tecnolog\u00eda<\/b><\/h4>\n<p class=\"p1\">Martes 7 de septiembre, 9 a 12 hs y de 14 a 17 hs.<\/p>\n<p class=\"p1\">Mi\u00e9rcoles 8 de septiembre de 9 a 12 hs.<\/p>\n<p><span class=\"s1\"><mark>\u25b6\ufe0e Acceso al <a href=\"https:\/\/meet.google.com\/sof-fzac-hpv\">MEET<\/a><\/mark> \u00a0<\/span><\/p>\n<p><a href=\"#top\">Subir <\/a><\/p>\n<hr \/>\n<p>&nbsp;<\/p>\n<h4 id=\"GT52\">GT52 &#8211; <b>Proyecciones sociopol\u00edticas del patrimonio en contextos neoliberales<\/b><\/h4>\n<p class=\"p3\">Viernes 10 de septiembre de 9 a 12 hs y de 14 a 17 hs.<\/p>\n<p><span class=\"s1\"><mark>\u25b6\ufe0e Acceso al <a href=\"https:\/\/meet.google.com\/kqq-hhhi-tij\">MEET<\/a><\/mark> \u00a0<\/span><\/p>\n<p><a href=\"#top\">Subir <\/a><\/p>\n<hr \/>\n<h4><\/h4>\n<h4 id=\"GT53\">GT53 &#8211; <b>Controversias, v\u00edctimas y activismos: procesos regionales y locales<\/b><\/h4>\n<p class=\"p3\">Jueves 9 de septiembre, 9 a 12 hs y de 14 a 17 hs.<\/p>\n<p><span class=\"s1\"><mark>\u25b6\ufe0e Acceso al <a href=\"https:\/\/meet.google.com\/hhh-xobt-otk\">MEET<\/a><\/mark> \u00a0<\/span><\/p>\n<p><a href=\"#top\">Subir <\/a><\/p>\n<hr \/>\n<p>&nbsp;<\/p>\n<h4 id=\"GT54\">GT54 &#8211; <b>Estudios y modos de abordar \u201clo pol\u00edtico\u201d en la vida social en el marco de procesos de organizaci\u00f3n y estatalizaci\u00f3n de los sectores subalternos<\/b><\/h4>\n<p class=\"p3\">Jueves 9 de septiembre, 9 a 12 hs y de 14 a 17 hs.<\/p>\n<p class=\"p3\">Viernes 10 de septiembre, 9 a 12 hs y de 14 a 17 hs.<\/p>\n<p><span class=\"s1\"><mark>\u25b6\ufe0e Acceso al <a href=\"https:\/\/meet.google.com\/wgu-rmim-mcs\">MEET<\/a><\/mark> \u00a0<\/span><\/p>\n<p><a href=\"#top\">Subir <\/a><\/p>\n<hr \/>\n<p>&nbsp;<\/p>\n<h4 id=\"GT55\">GT55 &#8211; <b>Miradas antropol\u00f3gicas sobre la ni\u00f1ez<\/b><\/h4>\n<p class=\"p3\">Lunes 6 de septiembre, 14 a 17 hs.<\/p>\n<p class=\"p3\">Martes 7 de septiembre, 14 a 17 hs.<\/p>\n<p class=\"p3\">Mi\u00e9rcoles 8 de septiembre, 14 a 17 hs.<\/p>\n<p><span class=\"s1\"><mark>\u25b6\ufe0e Acceso al <a href=\"https:\/\/meet.google.com\/cgu-fytw-nuq\">MEET<\/a><\/mark> \u00a0<\/span><\/p>\n<p><a href=\"#top\">Subir <\/a><\/p>\n<hr \/>\n<h4><\/h4>\n<h4 id=\"GT56\">GT56 &#8211; <b>Religi\u00f3n y acci\u00f3n simb\u00f3lica: cuerpos, rituales y sanaciones<\/b><\/h4>\n<p class=\"p3\">Lunes 6 de septiembre, 14 a 17 hs.<\/p>\n<p class=\"p3\">Martes 7 de septiembre, 9 a 12 hs y de 14 a 17 hs.<\/p>\n<p><span class=\"s1\"><mark>\u25b6\ufe0e Acceso al <a href=\"https:\/\/meet.google.com\/dft-gysn-stv\">MEET<\/a><\/mark> \u00a0<\/span><\/p>\n<p><a href=\"#top\">Subir <\/a><\/p>\n<hr \/>\n<h4><\/h4>\n<h4 id=\"GT57\">GT57 &#8211; <b>Tecnolog\u00edas digitales, subjetividad y producci\u00f3n de conocimiento. Aportes epistemol\u00f3gicos y metodol\u00f3gicos desde la Antropolog\u00eda<\/b><\/h4>\n<p class=\"p1\">Martes 7 de septiembre, 9 a 12 hs.<\/p>\n<p><span class=\"s1\"><mark>\u25b6\ufe0e Acceso al <a href=\"https:\/\/meet.jit.si\/Gt57tecnodigitales\">JITSI<\/a><\/mark> \u00a0<\/span><\/p>\n<p><a href=\"#top\">Subir <\/a><\/p>\n<hr \/>\n<p>&nbsp;<\/p>\n<h4 id=\"GT58\">GT58 &#8211; <b>Aproximaciones relacionales a la producci\u00f3n sociocultural de las desigualdades en el qu\u00e9-hacer de la antropolog\u00eda<\/b><\/h4>\n<p class=\"p1\">Mi\u00e9rcoles 8 de septiembre, 9 a 12 hs.<\/p>\n<p><span class=\"s1\"><mark>\u25b6\ufe0e Acceso al <a href=\"https:\/\/meet.google.com\/dqb-hoik-tga\">MEET<\/a><\/mark> \u00a0<\/span><\/p>\n<p><a href=\"#top\">Subir <\/a><\/p>\n<hr \/>\n<p>&nbsp;<\/p>\n<h4 id=\"GT59\">GT59 &#8211; <b>Agencias ind\u00edgenas y pol\u00edticas indigenistas: hacer, des-hacer y re-hacer la(s) pol\u00edtica(s)<\/b><\/h4>\n<p class=\"p3\">Lunes 6 de septiembre, 9 a 13.30 hs y de 14 a 16.30 hs.<\/p>\n<p><span class=\"s1\"><mark>\u25b6\ufe0e Acceso al <a href=\"https:\/\/meet.google.com\/osm-bhwy-sds\">MEET<\/a><\/mark> \u00a0<\/span><\/p>\n<p><a href=\"#top\">Subir <\/a><\/p>\n<hr \/>\n<h4><\/h4>\n<h4 id=\"GT60\">GT60 &#8211; <strong>Debates y problemas te\u00f3rico-metodol\u00f3gicos en antropolog\u00eda de la salud<\/strong><\/h4>\n<p class=\"p1\">Lunes 6 de septiembre, 9 a 12 hs y 14 a 17 hs.<\/p>\n<p class=\"p1\">Martes 7 de septiembre, 9 a 12 hs y 14 a 17 hs.<\/p>\n<p><span class=\"s1\"><mark>\u25b6\ufe0e Acceso al <a href=\"https:\/\/meet.google.com\/vgn-nchx-iic\">MEET<\/a><\/mark> \u00a0<\/span><\/p>\n<p><a href=\"#top\">Subir <\/a><\/p>\n<hr \/>\n<p>&nbsp;<\/p>\n<h4 id=\"GT61\">GT61 &#8211; <strong>Pol\u00edticas p\u00fablicas y pr\u00e1cticas comunitarias en salud mental en Argentina. Debates y aportes al di\u00e1logo de saberes<\/strong><\/h4>\n<p class=\"p3\">Lunes 6 de septiembre, 9 a 12 hs y 14 a 17 hs.<\/p>\n<p><span class=\"s1\"><mark>\u25b6\ufe0e Acceso al <a href=\"https:\/\/meet.google.com\/zcv-wqhj-wcy\">MEET<\/a><\/mark> \u00a0<\/span><\/p>\n<p><a href=\"#top\">Subir <\/a><\/p>\n<hr \/>\n<h4><\/h4>\n<h4 id=\"GT62\">GT62 &#8211; <strong>Debates actuales de la antropolog\u00eda rural: transformaciones territoriales, desigualdades y conflictos<\/strong><\/h4>\n<p class=\"p3\">Mi\u00e9rcoles 8 de septiembre, 9 a 12 hs.<\/p>\n<p class=\"p3\">Jueves 9 de septiembre, 9 a 12 hs.<\/p>\n<p><span class=\"s1\"><mark>\u25b6\ufe0e Acceso al <a href=\"https:\/\/meet.google.com\/rds-uwhf-ota\">MEET<\/a><\/mark> \u00a0<\/span><\/p>\n<p><a href=\"#top\">Subir <\/a><\/p>\n<hr \/>\n<h4><\/h4>\n<h4 id=\"GT63\">GT63 &#8211; <strong>Experiencias interdisciplinarias en el desarrollo e implementaci\u00f3n de pol\u00edticas p\u00fablicas ind\u00edgenas<\/strong><\/h4>\n<p class=\"p1\">Viernes 10 de septiembre de 9 a 12 hs.<\/p>\n<p><span class=\"s1\"><mark>\u25b6\ufe0e Acceso al <a href=\"https:\/\/meet.google.com\/qsn-uqgy-jby\">MEET<\/a><\/mark> \u00a0<\/span><\/p>\n<p><a href=\"#top\">Subir <\/a><\/p>\n<hr \/>\n<p>&nbsp;<\/p>\n<h4 id=\"GT64\">GT64 &#8211; <strong>Antropolog\u00eda de las pr\u00e1cticas art\u00edsticas<\/strong><\/h4>\n<p class=\"p3\">Lunes 6 de septiembre, 9 a 12 hs y 14 a 17 hs.<\/p>\n<p class=\"p3\">Martes 7 de septiembre, 9 a 12 hs y 14 a 17 hs.<\/p>\n<p class=\"p3\">Mi\u00e9rcoles 8 de septiembre, 9 a 12 hs y 14 a 17 hs.<\/p>\n<p class=\"p1\"><mark>\u25b6\ufe0e Acceso al <a href=\"https:\/\/us02web.zoom.us\/j\/7307733714?pwd=UFN0RzRMc0wxU29JQWhIOHVqSThUdz09\">ZOOM<\/a><\/mark><\/p>\n<p class=\"p2\">ID de reuni\u00f3n: 730 773 3714 \u239f C\u00f3digo de acceso: musica<\/p>\n<p><a href=\"#top\">Subir <\/a><\/p>\n<hr \/>\n<p>&nbsp;<\/p>\n<p class=\"p1\"><strong>GT 65: Muerte, Imagen y Ritual.<\/strong><\/p>\n<p class=\"p3\">Lunes 6 de septiembre, 9 a 12 hs.<\/p>\n<p><span class=\"s1\"><mark>\u25b6\ufe0e Acceso al <a href=\"https:\/\/meet.google.com\/rko-sshw-ipq\">MEET<\/a><\/mark> \u00a0<\/span><\/p>\n<p><a href=\"#top\">Subir <\/a><\/p>\n<hr \/>\n<h4><\/h4>\n<h4 id=\"GT66\">GT66 &#8211; <strong>Etnograf\u00eda, Educaci\u00f3n y Colaboraci\u00f3n en la Investigaci\u00f3n<\/strong><\/h4>\n<p class=\"p3\">Jueves 9 de septiembre, 9 a 12 hs y 14 a 17<\/p>\n<p class=\"p1\"><mark>\u25b6\ufe0e Acceso al <a href=\"https:\/\/us02web.zoom.us\/j\/89263530943?pwd=UTdFTzlNenFXMkhZZWRJSnBIU0ZLdz09\">ZOOM<\/a><\/mark><\/p>\n<p class=\"p2\">ID de reuni\u00f3n: 892 6353 0943 \u239f\u00a0 C\u00f3digo de acceso: etnocol<\/p>\n<p><a href=\"#top\">Subir <\/a><\/p>\n<hr \/>\n<h4><\/h4>\n<h4 id=\"GT67\">GT67 &#8211; <strong>La Antropolog\u00eda y la historia ind\u00edgena: fuentes y metodolog\u00edas<\/strong><\/h4>\n<p class=\"p3\">Lunes 6 de septiembre, 9 a 12 hs y 14 a 17 hs.<\/p>\n<p><span class=\"s1\"><mark>\u25b6\ufe0e Acceso al <a href=\"https:\/\/meet.google.com\/svk-aooy-mzr\">MEET<\/a><\/mark> \u00a0<\/span><\/p>\n<p><a href=\"#top\">Subir <\/a><\/p>\n<hr \/>\n<h4><\/h4>\n<h4 id=\"GT68\">GT68 &#8211; <strong>Abriendo la antropolog\u00eda en Argentina y Am\u00e9rica Latina: actores, ideas y pr\u00e1cticas en circulaci\u00f3n (siglo XIX-XXI)<\/strong><\/h4>\n<p class=\"p3\">Lunes 6 de septiembre, 9 a 12 hs y 14 a 17 hs.<\/p>\n<p class=\"p3\">Martes 7 de septiembre, 9 a 12 hs y 14 a 17 hs.<\/p>\n<p><mark>\u25b6\ufe0e Acceso al <a href=\"https:\/\/us02web.zoom.us\/j\/88033176055?pwd=SnBTOUx2NWZwVTZpc0NGWkxzWWNQZz09\">ZOOM<\/a><\/mark><\/p>\n<p><a href=\"#top\">Subir <\/a><\/p>\n<hr \/>\n<h4><\/h4>\n<h4 id=\"GT69\">GT69 &#8211; <strong>Antropolog\u00eda Aplicada y Modelos Complejos: expandiendo la frontera metodol\u00f3gica<\/strong><\/h4>\n<p class=\"p3\">Martes 7 de septiembre, 9 a 12 hs.<\/p>\n<p class=\"p3\">Mi\u00e9rcoles 8 de septiembre, 9 a 12 hs.<\/p>\n<p><span class=\"s1\"><mark>\u25b6\ufe0e Acceso al <a href=\"https:\/\/meet.google.com\/zjg-ddux-vri\">MEET<\/a><\/mark> \u00a0<\/span><\/p>\n<p><a href=\"#top\">Subir <\/a><\/p>\n<hr \/>\n<h4><\/h4>\n<h4 id=\"GT70\">GT70 &#8211; <strong>Antropolog\u00eda Audiovisual<\/strong><\/h4>\n<p class=\"p3\">Jueves 9 de septiembre, 9 a 12 hs.<\/p>\n<p class=\"p3\">Viernes 10 de septiembre de 9 a 12 hs.<\/p>\n<p><mark>\u25b6\ufe0e Acceso al <a href=\"https:\/\/us02web.zoom.us\/j\/85289830663\">ZOOM<\/a><\/mark><\/p>\n<p>ID de reuni\u00f3n: 852 8983 0663<\/p>\n<p><a href=\"#top\">Subir <\/a><\/p>\n<hr \/>\n<h4><\/h4>\n<h4 id=\"GT71\">GT71 &#8211; <strong>Perspectivas antropol\u00f3gicas en los estudios sobre cultura escrita y mundo impreso<\/strong><\/h4>\n<p class=\"p3\">Jueves 9 de septiembre, 14 a 17 hs.<\/p>\n<p class=\"p3\">Viernes 10 de septiembre, 9 a 12 hs y 14 a 17 hs.<\/p>\n<p><span class=\"s1\"><mark>\u25b6\ufe0e Acceso al <a href=\"https:\/\/meet.google.com\/wcx-hmbx-mhb\">MEET<\/a><\/mark> \u00a0<\/span><\/p>\n<p><a href=\"#top\">Subir <\/a><\/p>\n<hr \/>\n<h4><\/h4>\n<h4 id=\"GT72\">GT72 &#8211; Antropolog\u00eda de las gestiones y de las pr\u00e1cticas de gobierno<\/h4>\n<p class=\"p3\">Mi\u00e9rcoles 8 de septiembre, 9 a 12 hs y 14 a 17 hs.<\/p>\n<p class=\"p3\">Jueves 9 de septiembre, 9 a 12 hs.<\/p>\n<p><span class=\"s1\"><mark>\u25b6\ufe0e Acceso al <a href=\"https:\/\/meet.google.com\/gcn-qkmn-jsb\">MEET<\/a><\/mark> \u00a0<\/span><\/p>\n<p><a href=\"#top\">Subir <\/a><\/p>\n<hr \/>\n<p>&nbsp;<\/p>\n<h4 id=\"GT73\">GT73 &#8211; La justicia en disputa: administraci\u00f3n de conflictos, tramas locales, activismos sociales y de los Derechos Humanos en contextos de transformaciones sociales y reformas estatales<\/h4>\n<p class=\"p3\">Lunes 6 de septiembre, 9 a 12 hs y 14 a 17 hs.<\/p>\n<p class=\"p3\">Martes 7 de septiembre, 9 a 12 hs y 14 a 17 hs.<\/p>\n<p><span class=\"s1\"><mark>\u25b6\ufe0e Acceso al <a href=\"https:\/\/meet.google.com\/twr-rkii-mho\">MEET<\/a><\/mark> \u00a0<\/span><\/p>\n<p><a href=\"#top\">Subir <\/a><\/p>\n<hr \/>\n<p>&nbsp;<\/p>\n<h4 id=\"GT74\">GT74 &#8211; Antropolog\u00eda de los museos: problemas y desaf\u00edos en la construcci\u00f3n de la alteridad<\/h4>\n<p class=\"p3\">Jueves 9 de septiembre de 9 a 12 hs.<\/p>\n<p><span class=\"s1\"><mark>\u25b6\ufe0e Acceso al <a href=\"https:\/\/meet.google.com\/era-shmi-pni\">MEET<\/a><\/mark> \u00a0<\/span><\/p>\n<p><a href=\"#top\">Subir <\/a><\/p>\n<hr \/>\n<p>&nbsp;<\/p>\n<h4 id=\"GT75\">GT75 &#8211; Experiencias formativas en contextos de desigualdad y diversidad sociocultural<\/h4>\n<p>Jueves 9 de septiembre, 14 a 17 hs.<\/p>\n<p><span class=\"s1\"><mark>\u25b6\ufe0e Acceso al <a href=\"https:\/\/meet.google.com\/ttr-gnzs-kmy\">MEET<\/a><\/mark> \u00a0<\/span><\/p>\n<p><a href=\"#top\">Subir <\/a><\/p>\n<p>&nbsp;<\/p>\n","protected":false},"excerpt":{"rendered":"<p>Acceso a las plataformas donde se desarrolla cada Grupo de Trabajo: GT1 &#8211; Antropolog\u00eda y grandes proyectos de Desarrollo: poblaciones afectadas, conflictos sociales y dilemas ambientales GT2 &#8211; Teorizar lo emotivo: antropolog\u00eda y emoci\u00f3n en la esfera profesional, institucional y p\u00fablica GT3 &#8211; M\u00e9todos y t\u00e9cnicas en antropolog\u00eda de la salud GT4 &#8211; La seguridad [&hellip;]<\/p>\n","protected":false},"author":17,"featured_media":0,"parent":0,"menu_order":0,"comment_status":"closed","ping_status":"closed","template":"","meta":{"advgb_blocks_editor_width":"","advgb_blocks_columns_visual_guide":"","footnotes":""},"class_list":["post-1297","page","type-page","status-publish","hentry","post"],"aioseo_notices":[],"coauthors":[],"author_meta":{"author_link":"https:\/\/congresos.unlp.edu.ar\/12caas\/author\/elenaberge\/","display_name":"elenaberge"},"relative_dates":{"created":"Publicado 5 a\u00f1os hace","modified":"Actualizado 5 a\u00f1os hace"},"absolute_dates":{"created":"Publicado el 24\/08\/2021","modified":"Actualizado el 10\/09\/2021"},"absolute_dates_time":{"created":"Publicado el 24\/08\/2021 12:11 pm","modified":"Actualizado el 10\/09\/2021 9:22 am"},"featured_img_caption":"","featured_img":false,"series_order":"","_links":{"self":[{"href":"https:\/\/congresos.unlp.edu.ar\/12caas\/wp-json\/wp\/v2\/pages\/1297","targetHints":{"allow":["GET"]}}],"collection":[{"href":"https:\/\/congresos.unlp.edu.ar\/12caas\/wp-json\/wp\/v2\/pages"}],"about":[{"href":"https:\/\/congresos.unlp.edu.ar\/12caas\/wp-json\/wp\/v2\/types\/page"}],"author":[{"embeddable":true,"href":"https:\/\/congresos.unlp.edu.ar\/12caas\/wp-json\/wp\/v2\/users\/17"}],"replies":[{"embeddable":true,"href":"https:\/\/congresos.unlp.edu.ar\/12caas\/wp-json\/wp\/v2\/comments?post=1297"}],"version-history":[{"count":0,"href":"https:\/\/congresos.unlp.edu.ar\/12caas\/wp-json\/wp\/v2\/pages\/1297\/revisions"}],"wp:attachment":[{"href":"https:\/\/congresos.unlp.edu.ar\/12caas\/wp-json\/wp\/v2\/media?parent=1297"}],"curies":[{"name":"wp","href":"https:\/\/api.w.org\/{rel}","templated":true}]}}