{"id":1289,"date":"2021-08-24T11:11:39","date_gmt":"2021-08-24T14:11:39","guid":{"rendered":"https:\/\/congresos.unlp.edu.ar\/12caas\/?page_id=1289"},"modified":"2021-09-02T11:52:36","modified_gmt":"2021-09-02T14:52:36","slug":"miercoles-8-de-septiemrbre","status":"publish","type":"page","link":"https:\/\/congresos.unlp.edu.ar\/12caas\/miercoles-8-de-septiemrbre\/","title":{"rendered":"Mi\u00e9rcoles 8 de septiemrbre"},"content":{"rendered":"<h4>Descripci\u00f3n de los <a href=\"https:\/\/congresos.unlp.edu.ar\/12caas\/congreso\/grupos-de-trabajo\/\">Grupos de Trabajo<\/a><\/h4>\n<h3>9 a 12 hs.<\/h3>\n<p class=\"p1\">GT 5: Antropolog\u00eda de la muerte: dilemas de un campo en expansi\u00f3n.<\/p>\n<p class=\"p1\">GT 6: Antropolog\u00eda del Desarrollo y Cuesti\u00f3n Ambiental: sentidos, pr\u00e1cticas y territorios en disputa.<\/p>\n<p class=\"p1\">GT 8: Cultura y envejecimiento. El qu\u00e9 -hacer antropol\u00f3gico y gerontol\u00f3gico en el abordaje de las trayectorias vitales.<\/p>\n<p class=\"p1\">GT 10: Etnograf\u00edas en contextos de encierro. Herramientas antropol\u00f3gicas para pensar las c\u00e1rceles.<\/p>\n<p class=\"p1\">GT 11: Estado, pol\u00edticas p\u00fablicas y cultura: Agendas institucionales y sus desaf\u00edos actuales.<\/p>\n<p class=\"p1\">GT 14: La antropolog\u00eda de la ciencia y el \u00abgiro colaborativo\u00bb inter\/transdisciplinario.<\/p>\n<p class=\"p1\">GT 15: Antropolog\u00edas latinoamericanas del trabajo: problemas, enfoques y perspectivas.<\/p>\n<p class=\"p1\">GT 17: Antropolog\u00eda de las t\u00e9cnicas y del saber hacer: materiales, m\u00e1quinas, organismos y procesos de conocimiento.<\/p>\n<p class=\"p1\">GT 18: Antropolog\u00eda de las intervenciones estatales y judiciales en el campo de la infancia, la familia y el parentesco: burocracias, derechos y activismo.<\/p>\n<p class=\"p1\">GT 19: Antropolog\u00eda y Educaci\u00f3n.<\/p>\n<p class=\"p1\">GT 21: Ruralidades en transformaci\u00f3nen el marco del capitalismo global: Trabajo, pol\u00edticas p\u00fablicas, medio ambiente, mercados y alimentaci\u00f3n.<\/p>\n<p class=\"p1\">GT 24: Abordajes antropol\u00f3gicos sobre la ciudad y lo urbano.<\/p>\n<p class=\"p1\">GT 26: Pol\u00edticas y espacios de la memoria: tramas institucionales, saberes y militancias en torno al pasado reciente.<\/p>\n<p class=\"p1\">GT 28: Agro negocios y conflictividad social vida cotidiana y procesos pol\u00edticos colectivos en torno a problem\u00e1ticas ambientales vinculadas al modelo productivo agropecuario.<\/p>\n<p class=\"p1\">GT 33: Antropolog\u00eda de y desde los cuerpos.<\/p>\n<p class=\"p1\">GT 34: Migraci\u00f3n y Educaci\u00f3n: experiencias formativas, identificaciones y relaciones generacionales en contextos de<\/p>\n<p class=\"p1\">movilidad.<\/p>\n<p class=\"p1\">GT 35: Etnografia de la comunicaci\u00f3n: procesos medi\u00e1ticos y no medi\u00e1ticos.<\/p>\n<p class=\"p1\">GT 36: Religi\u00f3n y cultura en la Argentina contempor\u00e1nea: aportes te\u00f3ricos y etnogr\u00e1ficos.<\/p>\n<p class=\"p1\">GT 39: Experiencias Interculturales: di\u00e1logos, tensiones y desaf\u00edos en la educaci\u00f3n superior.<\/p>\n<p class=\"p1\">GT 40: Sexualidades y parentesco en clave de g\u00e9nero. Politizaciones feministas.<\/p>\n<p class=\"p1\">GT 42: Tramas culturales en tensi\u00f3n: gesti\u00f3n del cuerpo y procesos de subjetivaci\u00f3n contempor\u00e1neos.<\/p>\n<p class=\"p1\">GT 45: Antropolog\u00eda de la Alimentaci\u00f3n: aportes y debates actuales.<\/p>\n<p class=\"p1\">GT 47: Poder policial: burocracias, pol\u00edticas p\u00fablicas, activismos y militancias. Lenguajes y moralidades de la pol\u00edtica.<\/p>\n<p class=\"p1\">GT 51: Antropolog\u00eda, biociencias y tecnolog\u00eda.<\/p>\n<p class=\"p1\">GT 58: Aproximaciones relacionales a la producci\u00f3n sociocultural de las desigualdades en el qu\u00e9-hacer de la antropolog\u00eda.<\/p>\n<p class=\"p1\">GT 62: Debates actuales de la antropolog\u00eda rural: transformaciones territoriales, desigualdades y conflictos.<\/p>\n<p class=\"p1\">GT 64: Antropolog\u00eda de las pr\u00e1cticas art\u00edsticas.<\/p>\n<p class=\"p1\">GT 68: Abriendo la antropolog\u00eda en Argentina y Am\u00e9rica Latina: actores, ideas y pr\u00e1cticas en circulaci\u00f3n (siglo XIX-XXI).<\/p>\n<p class=\"p1\">GT 69: Antropolog\u00eda aplicada y modelos complejos: expandiendo la frontera metodol\u00f3gica.<\/p>\n<p class=\"p1\">GT 72: Antropolog\u00eda de las gestiones y de las pr\u00e1cticas de gobierno.<\/p>\n<h3><\/h3>\n<h3>14 a 17 hs.<\/h3>\n<p class=\"p1\">GT 5: Antropolog\u00eda de la muerte: dilemas de un campo en expansi\u00f3n<\/p>\n<p class=\"p1\">GT 6: Antropolog\u00eda del Desarrollo y Cuesti\u00f3n Ambiental: sentidos, pr\u00e1cticas y territorios en disputa.<\/p>\n<p class=\"p1\">GT 11: Estado, pol\u00edticas p\u00fablicas y cultura: Agendas institucionales y sus desaf\u00edos actuales.<\/p>\n<p class=\"p1\">GT 13: \u00bfQu\u00e9 o qui\u00e9n es un no humano para los debates contemporaneos?<\/p>\n<p class=\"p1\">GT 14:La antropolog\u00eda de la ciencia y el \u00abgiro colaborativo\u00bb inter\/transdisciplinario.<\/p>\n<p class=\"p1\">GT 15: Antropolog\u00edas latinoamericanas del trabajo: problemas, enfoques y perspectivas.<\/p>\n<p class=\"p1\">GT 17: Antropolog\u00eda de las t\u00e9cnicas y del saber hacer: materiales, m\u00e1quinas, organismos y procesos de conocimiento.<\/p>\n<p class=\"p1\">GT 18: Antropolog\u00eda de las intervenciones estatales y judiciales en el campo de la infancia, la familia y el parentesco: burocracias, derechos y activismo.<\/p>\n<p class=\"p1\">GT 19: Antropolog\u00eda y Educaci\u00f3n.<\/p>\n<p class=\"p1\">GT 21: Ruralidades en transformaci\u00f3nen el marco del capitalismo global: Trabajo, pol\u00edticas p\u00fablicas, medio ambiente, mercados y alimentaci\u00f3n.<\/p>\n<p class=\"p1\">GT 26: Pol\u00edticas y espacios de la memoria: tramas institucionales, saberes y militancias en torno al pasado reciente.<\/p>\n<p class=\"p1\">GT 28: Agro negocios y conflictividad socialvida cotidiana y procesos pol\u00edticos colectivos en torno a problem\u00e1ticas ambientales vinculadas al modelo productivo agropecuario.<\/p>\n<p class=\"p1\">GT 33: Antropolog\u00eda de y desde los cuerpos.<\/p>\n<p class=\"p1\">GT 34: Migraci\u00f3n y Educaci\u00f3n: experiencias formativas, identificaciones y relaciones generacionales en contextos de<\/p>\n<p class=\"p1\">movilidad.<\/p>\n<p class=\"p1\">GT 39: Experiencias Interculturales: di\u00e1logos, tensiones y desaf\u00edos en la educaci\u00f3n superior.<\/p>\n<p class=\"p1\">GT 42: Tramas culturales en tensi\u00f3n: gesti\u00f3n del cuerpo y procesos de subjetivaci\u00f3n contempor\u00e1neos.<\/p>\n<p class=\"p1\">GT 45: Antropolog\u00eda de la Alimentaci\u00f3n: aportes y debates actuales.<\/p>\n<p class=\"p1\">GT 55: Miradas antropol\u00f3gicas sobre la ni\u00f1ez.<\/p>\n<p class=\"p1\">GT 62: Debates actuales de la antropolog\u00eda rural: transformaciones territoriales, desigualdades y conflictos.<\/p>\n<p class=\"p1\">GT 64: Antropolog\u00eda de las pr\u00e1cticas art\u00edsticas.<\/p>\n<p class=\"p1\">GT 72: Antropolog\u00eda de las gestiones y de las pr\u00e1cticas de gobierno<\/p>\n","protected":false},"excerpt":{"rendered":"<p>Descripci\u00f3n de los Grupos de Trabajo 9 a 12 hs. GT 5: Antropolog\u00eda de la muerte: dilemas de un campo en expansi\u00f3n. GT 6: Antropolog\u00eda del Desarrollo y Cuesti\u00f3n Ambiental: sentidos, pr\u00e1cticas y territorios en disputa. GT 8: Cultura y envejecimiento. El qu\u00e9 -hacer antropol\u00f3gico y gerontol\u00f3gico en el abordaje de las trayectorias vitales. GT [&hellip;]<\/p>\n","protected":false},"author":17,"featured_media":0,"parent":0,"menu_order":0,"comment_status":"closed","ping_status":"closed","template":"","meta":{"advgb_blocks_editor_width":"","advgb_blocks_columns_visual_guide":"","footnotes":""},"class_list":["post-1289","page","type-page","status-publish","hentry","post"],"aioseo_notices":[],"aioseo_head":"\n\t\t<!-- All in One SEO 5.0.1 - aioseo.com -->\n\t<meta name=\"description\" content=\"Descripci\u00f3n de los Grupos de Trabajo 9 a 12 hs. GT 5: Antropolog\u00eda de la muerte: dilemas de un campo en expansi\u00f3n. GT 6: Antropolog\u00eda del Desarrollo y Cuesti\u00f3n Ambiental: sentidos, pr\u00e1cticas y territorios en disputa. GT 8: Cultura y envejecimiento. El qu\u00e9 -hacer antropol\u00f3gico y gerontol\u00f3gico en el abordaje de las trayectorias vitales. GT\" \/>\n\t<meta name=\"robots\" content=\"max-image-preview:large\" \/>\n\t<link rel=\"canonical\" href=\"https:\/\/congresos.unlp.edu.ar\/12caas\/miercoles-8-de-septiemrbre\/\" \/>\n\t<meta name=\"generator\" content=\"All in One SEO (AIOSEO) 5.0.1\" \/>\n\t\t<meta property=\"og:locale\" content=\"es_ES\" \/>\n\t\t<meta property=\"og:site_name\" content=\"12\u00ba CONGRESO ARGENTINO DE ANTROPOLOG\u00cdA SOCIAL: &quot;El qu\u00e9-hacer antropol\u00f3gico: controversias, di\u00e1logos y compromiso social&quot; - Otro sitio m\u00e1s de Portal de Congresos de la UNLP Sitios\" \/>\n\t\t<meta property=\"og:type\" content=\"article\" \/>\n\t\t<meta property=\"og:title\" content=\"Mi\u00e9rcoles 8 de septiemrbre - 12\u00ba CONGRESO ARGENTINO DE ANTROPOLOG\u00cdA SOCIAL: &quot;El qu\u00e9-hacer antropol\u00f3gico: controversias, di\u00e1logos y compromiso social&quot;\" \/>\n\t\t<meta property=\"og:description\" content=\"Descripci\u00f3n de los Grupos de Trabajo 9 a 12 hs. GT 5: Antropolog\u00eda de la muerte: dilemas de un campo en expansi\u00f3n. GT 6: Antropolog\u00eda del Desarrollo y Cuesti\u00f3n Ambiental: sentidos, pr\u00e1cticas y territorios en disputa. GT 8: Cultura y envejecimiento. El qu\u00e9 -hacer antropol\u00f3gico y gerontol\u00f3gico en el abordaje de las trayectorias vitales. GT\" \/>\n\t\t<meta property=\"og:url\" content=\"https:\/\/congresos.unlp.edu.ar\/12caas\/miercoles-8-de-septiemrbre\/\" \/>\n\t\t<meta property=\"article:published_time\" content=\"2021-08-24T14:11:39+00:00\" \/>\n\t\t<meta property=\"article:modified_time\" content=\"2021-09-02T14:52:36+00:00\" \/>\n\t\t<meta name=\"twitter:card\" content=\"summary\" \/>\n\t\t<meta name=\"twitter:title\" content=\"Mi\u00e9rcoles 8 de septiemrbre - 12\u00ba CONGRESO ARGENTINO DE ANTROPOLOG\u00cdA SOCIAL: &quot;El qu\u00e9-hacer antropol\u00f3gico: controversias, di\u00e1logos y compromiso social&quot;\" \/>\n\t\t<meta name=\"twitter:description\" content=\"Descripci\u00f3n de los Grupos de Trabajo 9 a 12 hs. GT 5: Antropolog\u00eda de la muerte: dilemas de un campo en expansi\u00f3n. GT 6: Antropolog\u00eda del Desarrollo y Cuesti\u00f3n Ambiental: sentidos, pr\u00e1cticas y territorios en disputa. GT 8: Cultura y envejecimiento. El qu\u00e9 -hacer antropol\u00f3gico y gerontol\u00f3gico en el abordaje de las trayectorias vitales. GT\" \/>\n\t\t<script type=\"application\/ld+json\" class=\"aioseo-schema\">\n\t\t\t{\"@context\":\"https:\\\/\\\/schema.org\",\"@graph\":[{\"@type\":\"BreadcrumbList\",\"@id\":\"https:\\\/\\\/congresos.unlp.edu.ar\\\/12caas\\\/miercoles-8-de-septiemrbre\\\/#breadcrumblist\",\"itemListElement\":[{\"@type\":\"ListItem\",\"@id\":\"https:\\\/\\\/congresos.unlp.edu.ar\\\/12caas#listItem\",\"position\":1,\"name\":\"Home\",\"item\":\"https:\\\/\\\/congresos.unlp.edu.ar\\\/12caas\",\"nextItem\":{\"@type\":\"ListItem\",\"@id\":\"https:\\\/\\\/congresos.unlp.edu.ar\\\/12caas\\\/miercoles-8-de-septiemrbre\\\/#listItem\",\"name\":\"Mi\\u00e9rcoles 8 de septiemrbre\"}},{\"@type\":\"ListItem\",\"@id\":\"https:\\\/\\\/congresos.unlp.edu.ar\\\/12caas\\\/miercoles-8-de-septiemrbre\\\/#listItem\",\"position\":2,\"name\":\"Mi\\u00e9rcoles 8 de septiemrbre\",\"previousItem\":{\"@type\":\"ListItem\",\"@id\":\"https:\\\/\\\/congresos.unlp.edu.ar\\\/12caas#listItem\",\"name\":\"Home\"}}]},{\"@type\":\"Organization\",\"@id\":\"https:\\\/\\\/congresos.unlp.edu.ar\\\/12caas\\\/#organization\",\"name\":\"12\\u00ba CONGRESO ARGENTINO DE ANTROPOLOG\\u00cdA SOCIAL: \\\"El qu\\u00e9-hacer antropol\\u00f3gico: controversias, di\\u00e1logos y compromiso social\\\"\",\"description\":\"Otro sitio m\\u00e1s de Portal de Congresos de la UNLP Sitios\",\"url\":\"https:\\\/\\\/congresos.unlp.edu.ar\\\/12caas\\\/\"},{\"@type\":\"WebPage\",\"@id\":\"https:\\\/\\\/congresos.unlp.edu.ar\\\/12caas\\\/miercoles-8-de-septiemrbre\\\/#webpage\",\"url\":\"https:\\\/\\\/congresos.unlp.edu.ar\\\/12caas\\\/miercoles-8-de-septiemrbre\\\/\",\"name\":\"Mi\\u00e9rcoles 8 de septiemrbre - 12\\u00ba CONGRESO ARGENTINO DE ANTROPOLOG\\u00cdA SOCIAL: \\\"El qu\\u00e9-hacer antropol\\u00f3gico: controversias, di\\u00e1logos y compromiso social\\\"\",\"description\":\"Descripci\\u00f3n de los Grupos de Trabajo 9 a 12 hs. GT 5: Antropolog\\u00eda de la muerte: dilemas de un campo en expansi\\u00f3n. GT 6: Antropolog\\u00eda del Desarrollo y Cuesti\\u00f3n Ambiental: sentidos, pr\\u00e1cticas y territorios en disputa. GT 8: Cultura y envejecimiento. El qu\\u00e9 -hacer antropol\\u00f3gico y gerontol\\u00f3gico en el abordaje de las trayectorias vitales. GT\",\"inLanguage\":\"es-ES\",\"isPartOf\":{\"@id\":\"https:\\\/\\\/congresos.unlp.edu.ar\\\/12caas\\\/#website\"},\"breadcrumb\":{\"@id\":\"https:\\\/\\\/congresos.unlp.edu.ar\\\/12caas\\\/miercoles-8-de-septiemrbre\\\/#breadcrumblist\"},\"datePublished\":\"2021-08-24T11:11:39-03:00\",\"dateModified\":\"2021-09-02T11:52:36-03:00\"},{\"@type\":\"WebSite\",\"@id\":\"https:\\\/\\\/congresos.unlp.edu.ar\\\/12caas\\\/#website\",\"url\":\"https:\\\/\\\/congresos.unlp.edu.ar\\\/12caas\\\/\",\"name\":\"12\\u00ba CONGRESO ARGENTINO DE ANTROPOLOG\\u00cdA SOCIAL: \\\"El qu\\u00e9-hacer antropol\\u00f3gico: controversias, di\\u00e1logos y compromiso social\\\"\",\"description\":\"Otro sitio m\\u00e1s de Portal de Congresos de la UNLP Sitios\",\"inLanguage\":\"es-ES\",\"publisher\":{\"@id\":\"https:\\\/\\\/congresos.unlp.edu.ar\\\/12caas\\\/#organization\"}}]}\n\t\t<\/script>\n\t\t<!-- All in One SEO -->\n\n","aioseo_head_json":{"title":"Mi\u00e9rcoles 8 de septiemrbre - 12\u00ba CONGRESO ARGENTINO DE ANTROPOLOG\u00cdA SOCIAL: \"El qu\u00e9-hacer antropol\u00f3gico: controversias, di\u00e1logos y compromiso social\"","description":"Descripci\u00f3n de los Grupos de Trabajo 9 a 12 hs. GT 5: Antropolog\u00eda de la muerte: dilemas de un campo en expansi\u00f3n. GT 6: Antropolog\u00eda del Desarrollo y Cuesti\u00f3n Ambiental: sentidos, pr\u00e1cticas y territorios en disputa. GT 8: Cultura y envejecimiento. El qu\u00e9 -hacer antropol\u00f3gico y gerontol\u00f3gico en el abordaje de las trayectorias vitales. GT","canonical_url":"https:\/\/congresos.unlp.edu.ar\/12caas\/miercoles-8-de-septiemrbre\/","robots":"max-image-preview:large","keywords":"","webmasterTools":{"miscellaneous":""},"schema":{"@context":"https:\/\/schema.org","@graph":[{"@type":"BreadcrumbList","@id":"https:\/\/congresos.unlp.edu.ar\/12caas\/miercoles-8-de-septiemrbre\/#breadcrumblist","itemListElement":[{"@type":"ListItem","@id":"https:\/\/congresos.unlp.edu.ar\/12caas#listItem","position":1,"name":"Home","item":"https:\/\/congresos.unlp.edu.ar\/12caas","nextItem":{"@type":"ListItem","@id":"https:\/\/congresos.unlp.edu.ar\/12caas\/miercoles-8-de-septiemrbre\/#listItem","name":"Mi\u00e9rcoles 8 de septiemrbre"}},{"@type":"ListItem","@id":"https:\/\/congresos.unlp.edu.ar\/12caas\/miercoles-8-de-septiemrbre\/#listItem","position":2,"name":"Mi\u00e9rcoles 8 de septiemrbre","previousItem":{"@type":"ListItem","@id":"https:\/\/congresos.unlp.edu.ar\/12caas#listItem","name":"Home"}}]},{"@type":"Organization","@id":"https:\/\/congresos.unlp.edu.ar\/12caas\/#organization","name":"12\u00ba CONGRESO ARGENTINO DE ANTROPOLOG\u00cdA SOCIAL: \"El qu\u00e9-hacer antropol\u00f3gico: controversias, di\u00e1logos y compromiso social\"","description":"Otro sitio m\u00e1s de Portal de Congresos de la UNLP Sitios","url":"https:\/\/congresos.unlp.edu.ar\/12caas\/"},{"@type":"WebPage","@id":"https:\/\/congresos.unlp.edu.ar\/12caas\/miercoles-8-de-septiemrbre\/#webpage","url":"https:\/\/congresos.unlp.edu.ar\/12caas\/miercoles-8-de-septiemrbre\/","name":"Mi\u00e9rcoles 8 de septiemrbre - 12\u00ba CONGRESO ARGENTINO DE ANTROPOLOG\u00cdA SOCIAL: \"El qu\u00e9-hacer antropol\u00f3gico: controversias, di\u00e1logos y compromiso social\"","description":"Descripci\u00f3n de los Grupos de Trabajo 9 a 12 hs. GT 5: Antropolog\u00eda de la muerte: dilemas de un campo en expansi\u00f3n. GT 6: Antropolog\u00eda del Desarrollo y Cuesti\u00f3n Ambiental: sentidos, pr\u00e1cticas y territorios en disputa. GT 8: Cultura y envejecimiento. El qu\u00e9 -hacer antropol\u00f3gico y gerontol\u00f3gico en el abordaje de las trayectorias vitales. GT","inLanguage":"es-ES","isPartOf":{"@id":"https:\/\/congresos.unlp.edu.ar\/12caas\/#website"},"breadcrumb":{"@id":"https:\/\/congresos.unlp.edu.ar\/12caas\/miercoles-8-de-septiemrbre\/#breadcrumblist"},"datePublished":"2021-08-24T11:11:39-03:00","dateModified":"2021-09-02T11:52:36-03:00"},{"@type":"WebSite","@id":"https:\/\/congresos.unlp.edu.ar\/12caas\/#website","url":"https:\/\/congresos.unlp.edu.ar\/12caas\/","name":"12\u00ba CONGRESO ARGENTINO DE ANTROPOLOG\u00cdA SOCIAL: \"El qu\u00e9-hacer antropol\u00f3gico: controversias, di\u00e1logos y compromiso social\"","description":"Otro sitio m\u00e1s de Portal de Congresos de la UNLP Sitios","inLanguage":"es-ES","publisher":{"@id":"https:\/\/congresos.unlp.edu.ar\/12caas\/#organization"}}]},"og:locale":"es_ES","og:site_name":"12\u00ba CONGRESO ARGENTINO DE ANTROPOLOG\u00cdA SOCIAL: &quot;El qu\u00e9-hacer antropol\u00f3gico: controversias, di\u00e1logos y compromiso social&quot; - Otro sitio m\u00e1s de Portal de Congresos de la UNLP Sitios","og:type":"article","og:title":"Mi\u00e9rcoles 8 de septiemrbre - 12\u00ba CONGRESO ARGENTINO DE ANTROPOLOG\u00cdA SOCIAL: &quot;El qu\u00e9-hacer antropol\u00f3gico: controversias, di\u00e1logos y compromiso social&quot;","og:description":"Descripci\u00f3n de los Grupos de Trabajo 9 a 12 hs. GT 5: Antropolog\u00eda de la muerte: dilemas de un campo en expansi\u00f3n. GT 6: Antropolog\u00eda del Desarrollo y Cuesti\u00f3n Ambiental: sentidos, pr\u00e1cticas y territorios en disputa. GT 8: Cultura y envejecimiento. El qu\u00e9 -hacer antropol\u00f3gico y gerontol\u00f3gico en el abordaje de las trayectorias vitales. GT","og:url":"https:\/\/congresos.unlp.edu.ar\/12caas\/miercoles-8-de-septiemrbre\/","article:published_time":"2021-08-24T14:11:39+00:00","article:modified_time":"2021-09-02T14:52:36+00:00","twitter:card":"summary","twitter:title":"Mi\u00e9rcoles 8 de septiemrbre - 12\u00ba CONGRESO ARGENTINO DE ANTROPOLOG\u00cdA SOCIAL: &quot;El qu\u00e9-hacer antropol\u00f3gico: controversias, di\u00e1logos y compromiso social&quot;","twitter:description":"Descripci\u00f3n de los Grupos de Trabajo 9 a 12 hs. GT 5: Antropolog\u00eda de la muerte: dilemas de un campo en expansi\u00f3n. GT 6: Antropolog\u00eda del Desarrollo y Cuesti\u00f3n Ambiental: sentidos, pr\u00e1cticas y territorios en disputa. GT 8: Cultura y envejecimiento. El qu\u00e9 -hacer antropol\u00f3gico y gerontol\u00f3gico en el abordaje de las trayectorias vitales. GT"},"aioseo_meta_data":{"post_id":"1289","title":null,"description":null,"keywords":null,"keyphrases":null,"primary_term":null,"canonical_url":null,"og_title":null,"og_description":null,"og_object_type":"default","og_image_type":"default","og_image_url":null,"og_image_width":null,"og_image_height":null,"og_image_custom_url":null,"og_image_custom_fields":null,"og_video":null,"og_custom_url":null,"og_article_section":null,"og_article_tags":null,"twitter_use_og":false,"twitter_card":"default","twitter_image_type":"default","twitter_image_url":null,"twitter_image_custom_url":null,"twitter_image_custom_fields":null,"twitter_title":null,"twitter_description":null,"schema":{"blockGraphs":[],"customGraphs":[],"default":{"data":{"Article":[],"Course":[],"Dataset":[],"FAQPage":[],"Movie":[],"Person":[],"Product":[],"ProductReview":[],"Car":[],"Recipe":[],"Service":[],"SoftwareApplication":[],"WebPage":[]},"graphName":"","isEnabled":true},"graphs":[]},"schema_type":"default","schema_type_options":null,"pillar_content":false,"robots_default":true,"robots_noindex":false,"robots_noarchive":false,"robots_nosnippet":false,"robots_nofollow":false,"robots_noimageindex":false,"robots_noodp":false,"robots_notranslate":false,"robots_max_snippet":null,"robots_max_videopreview":null,"robots_max_imagepreview":"large","priority":null,"frequency":null,"local_seo":null,"breadcrumb_settings":null,"limit_modified_date":false,"ai":null,"created":"2022-06-21 09:18:31","updated":"2025-06-14 06:30:25","seo_analyzer_scan_date":null,"focus_keyword":null,"additional_keywords":null,"truseo_locale":null},"aioseo_breadcrumb":"<div class=\"aioseo-breadcrumbs\"><span class=\"aioseo-breadcrumb\">\n\t\t\t<a href=\"https:\/\/congresos.unlp.edu.ar\/12caas\" title=\"Home\">Home<\/a>\n\t\t<\/span><span class=\"aioseo-breadcrumb-separator\">&raquo;<\/span><span class=\"aioseo-breadcrumb\">\n\t\t\tMi\u00e9rcoles 8 de septiemrbre\n\t\t<\/span><\/div>","aioseo_breadcrumb_json":[{"label":"Home","link":"https:\/\/congresos.unlp.edu.ar\/12caas"},{"label":"Mi\u00e9rcoles 8 de septiemrbre","link":"https:\/\/congresos.unlp.edu.ar\/12caas\/miercoles-8-de-septiemrbre\/"}],"coauthors":[],"author_meta":{"author_link":"https:\/\/congresos.unlp.edu.ar\/12caas\/author\/elenaberge\/","display_name":"elenaberge"},"relative_dates":{"created":"Publicado 5 a\u00f1os hace","modified":"Actualizado 5 a\u00f1os hace"},"absolute_dates":{"created":"Publicado el 24\/08\/2021","modified":"Actualizado el 02\/09\/2021"},"absolute_dates_time":{"created":"Publicado el 24\/08\/2021 11:11 am","modified":"Actualizado el 02\/09\/2021 11:52 am"},"featured_img_caption":"","featured_img":false,"series_order":"","_links":{"self":[{"href":"https:\/\/congresos.unlp.edu.ar\/12caas\/wp-json\/wp\/v2\/pages\/1289","targetHints":{"allow":["GET"]}}],"collection":[{"href":"https:\/\/congresos.unlp.edu.ar\/12caas\/wp-json\/wp\/v2\/pages"}],"about":[{"href":"https:\/\/congresos.unlp.edu.ar\/12caas\/wp-json\/wp\/v2\/types\/page"}],"author":[{"embeddable":true,"href":"https:\/\/congresos.unlp.edu.ar\/12caas\/wp-json\/wp\/v2\/users\/17"}],"replies":[{"embeddable":true,"href":"https:\/\/congresos.unlp.edu.ar\/12caas\/wp-json\/wp\/v2\/comments?post=1289"}],"version-history":[{"count":0,"href":"https:\/\/congresos.unlp.edu.ar\/12caas\/wp-json\/wp\/v2\/pages\/1289\/revisions"}],"wp:attachment":[{"href":"https:\/\/congresos.unlp.edu.ar\/12caas\/wp-json\/wp\/v2\/media?parent=1289"}],"curies":[{"name":"wp","href":"https:\/\/api.w.org\/{rel}","templated":true}]}}